{"id":31995,"date":"2023-12-12T17:03:39","date_gmt":"2023-12-12T16:03:39","guid":{"rendered":"https:\/\/www.racba.org\/academic\/crippa-maria-antonietta-2\/"},"modified":"2023-12-12T17:03:39","modified_gmt":"2023-12-12T16:03:39","slug":"crippa-maria-antonietta-2","status":"publish","type":"academic","link":"https:\/\/www.racba.org\/en\/academic\/crippa-maria-antonietta-2\/","title":{"rendered":"Crippa, Maria Antonietta"},"content":{"rendered":"<p>ATTIVIT\u00c0 UNIVERSITARIA E SCIENTIFICA ATTUALE<\/p>\n<p>&#8211; Nata a Cesano Maderno (Milano) il 07.05.1946, \u00e8 residente a Milano, CF CRPMNT46E47C566B, architetto e professore ordinario di Storia dell\u2019architettura nel Dipartimento di Architettura e Pianificazione (DiAP) della Facolt\u00e0 di Architettura e Societ\u00e0 dello stesso Politecnico. <\/p>\n<p>&#8211; Insegna Storia e tecnica del restauro presso la Facolt\u00e0 di Ingegneria edile-Architettura e Storia dell\u2019architettura del XX secolo-Problemi di tutela presso la Facolt\u00e0 di Architettura e Societ\u00e0, dello stesso Politecnico.<\/p>\n<p>&#8211; Membro del Collegio Docenti del Dottorato di Tecnologia e Progetto per la Qualit\u00e0 Ambientale a scala edilizia e urbana, Politecnico di Milano.<\/p>\n<p>&#8211; Dirige dal 1984 una collana di volumi di Architettura: saggi e fonti presso la casa editrice Jaca Book. Ha diretto nel passato anche una collana di architettura presso l\u2019editrice SINAI di Milano.<\/p>\n<p>&#8211; Partecipa a convegni nazionali e internazionali.<\/p>\n<p>&#8211; E\u2019 attiva anche nel campo della conservazione e del restauro di antichi edifici. <\/p>\n<p>&#8211; Attualmente, dal 1998, sovrintende al restauro generale della cattedrale di San Vigilio in Trento. Il grandioso complesso, nel centro storico della citt\u00e0, insiste su precedenti complessi basilicali, i primi dei quali risalgono al IV secolo. L\u2019attuale cattedrale romanico-gotica fu iniziata nel XIII secolo. Il restauro generale, avviato in occasione del giubileo 2000 ha riguardato il restauro del paramento lapideo esterno (e interno, non ancora attuato) in pietra, il risanamento delle coperture, riflessioni sull\u2019impianti di riscaldamento (progetto abbandonato); il restauro dell\u2019interno della Cappella del Crocefisso barocca, dove si trova il Crocefisso del Concilio di Trento. <\/p>\n<p>&#8211; E\u2019 membro di comitato editoriale e scientifico di riviste: \u201cCommunio\u201d e \u201cArte cristiana\u201d in Milano; \u201cArkos\u201d (rivista di restauro) in Genova-Firenze, \u201cTerritorio\u201d del Politecnico di Milano.<\/p>\n<p>&#8211; E\u2019 membro del Consiglio di amministrazione del Museo del Design della Triennale di Milano.<\/p>\n<p>&#8211; E\u2019 Direttore scientifico dell\u2019ISAL (Istituto per la Storia dell\u2019Arte Lombarda) con sede operativa a Cesano Maderno (Milano).<\/p>\n<p>&#8211; E\u2019 membro del Consiglio di Gestione del Consorzio Villa Reale di Monza, che ha lo scopo di valizzare Villa e parco relativo nel quadro della politica della Regione Lombardia.<\/p>\n<p>PROMEMORIA DELLE PRECEDENTI ATTIVIT\u00c0<\/p>\n<p>&#8211; Dal 1973 al 1984 \u00e8 stata contitolare dello Studio Associato di Architettura e di Urbanistica AEDIS di Seregno. Dopo il 1984 ha svolto attivit\u00e0 professionali saltuarie, perlopi\u00f9 di consulenza. In questi anni ha svolto attivit\u00e0 professionali varie, quali indagini su nuclei storici, PRG, ristrutturazioni di edifici storici; consulenze per restauri.<\/p>\n<p>&#8211; Consulenze di restauro successive all\u2019attivit\u00e0 nello studio sono state: 1985, per il restauro dell\u2019edificio municipale di Storo (Trento); 1987, per il restauro generale della chiesa di S. Ambrogio in Inverigo (Como), 1989, per il restauro generale del Santuario di S. Maria alla Noce di Inverigo; 1995, consulenza artistica per la sistemazione e l\u2019ampliamento del cimitero comunale di Carugate con progetto di nuova cappella cimiteriale; 1996, consulenza storico-artistica per il progetto di restauro e risanamento conservativo alla chiesa dei SS. Cosma e Damiano del Comune di Peschiera Borromeo (Mi).<\/p>\n<p>&#8211; Tra 1990 e 1994 ho tenuto la direzione artistica del progetto per la nuova chiesa di S. Maria in Assago (Milano).<\/p>\n<p>&#8211; Nel 1994 ha tenuto a Belo Horizonte, in Brasile, un seminario sulla Storia della citt\u00e0 europea, presso l\u2019Universit\u00e0 cattolica del Minas Gerais.<\/p>\n<p>&#8211; Dal 1994 al 1998 \u00e8 stata membro del Comitato per i Beni Culturali della Provincia autonoma di Trento; dal 1995 al 1998 \u00e8 stata contemporaneamente anche membro del Sottocomitato per i Beni Culturali della stessa provincia.<\/p>\n<p>&#8211; Tra 1998 e 2000 ha svolto consulenza artistica e il coordinamento del restauro della Certosa di Garegnano in Milano, per l\u2019anno giubilare 2000 (la pi\u00f9 importante opera finanziata nella Regione Lombardia). <\/p>\n<p>&#8211; Responsabile locale  della ricerca COFIN-MIUR 2003 sul tema: \u201cCitt\u00e0, architettura e tecnica nella cultura tradizionalista del XX secolo in Europa e in Italia: l\u2019altra modernit\u00e0\u201d (responsabile nazionale Prof. Giorgio Pigafetta).<\/p>\n<p>&#8211; Nel biennio 2001-2003, \u00e8 stata membro del Gruppo di lavoro denominato \u201cNuova Sede\u201d per la predisposizione di un DPP per il concorso internazionale di una nuova sede per la Regione Lombardia in Milano, istituito con DDG 15-2-2001, n. 3363.<\/p>\n<p>&#8211; Nel 2003-2004 membro della Giuria del Concorso Internazionale di progettazione de \u201cLa Nuova Sede della Regione Lombardia\u201d, come da relativo bando ufficiale pubblicato nel 2003.<\/p>\n<p>&#8211; Nel biennio 2002-2003 membro della Commissione Tecnico-Scientifica della Regione Lombardia, disposta con Ordinanza Commissariale dell\u20191 luglio 2002, per l\u2019orientamento e il supporto agli interventi da effettuare nel grattacielo Pirelli della Regione Lombardia, a seguito dell\u2019incidente del 18 aprile 2002.<\/p>\n<p>&#8211; Nello stesso biennio 2002-2003 membro del Gruppo di lavoro per la promozione della conoscenza e della conservazione programmata dell\u2019architettura del Novecento in Lombardia e a supporto della Commissione Tecnico Scientifica per gli interventi al grattacielo Pirelli.<\/p>\n<p>&#8211; Nel Biennio 2003-2004 membro del Gruppo di lavoro della Regione Lombardia a supporto dell\u2019Accordo di programma per la realizzazione dell\u2019intervento di recupero e valorizzazione della \u201cVilla Reale di Monza e dei Giardini di pertinenza\u201d, con Decreto n. 3309 della Giunta della Regione Lombardia.<\/p>\n<p>&#8211; Membro della Commissione Restauro del Comitato Nazionale per le celebrazioni del primo centenario della nascita di Giuseppe Terragni, istituita il giorno 17 luglio 2003 presso la Soprintendenza Regionale per i Beni e le Attivit\u00e0 Culturali della Lombardia \u2013 C.so Magenta 24, Milano.<\/p>\n<p>&#8211; E\u2019 stata direttore del Master universitario di II livello in \u201cRestauro del moderno. Istruttoria per il recupero funzionale e il restauro di monumenti di architettura del XX secolo\u201d, presso la Facolt\u00e0 di Architettura e Societ\u00e0 del Politecnico di Milano, istituito e attivato per l\u2019anno 2004-05 e 2005,-06 per l\u2019anno 2005-06 con finanziamento FSE.<\/p>\n<p>&#8211; Ha tenuto, tra 1990 e 2006, ogni anno una lezione a Parigi presso l\u2019Ecole Superieure Estienne, nel corso di una Semaine culturelle, aperta nel mese di novembre a docenti e studiosi esterni alla scuola, con tematiche diverse ogni anno.<\/p>\n<p>&#8211; Ha seguito dal 1998 al 2006, come docente responsabile, la specializzazione e il dottorato dell\u2019arch. Mestre Pedro Paulo da Silva Marques de Abreu, presso la Universitade Tecnica de Lisboa (Portogallo), dove ha anche tenuto un ciclo di lezioni e ha partecipato come membro alla Commissione universitaria del 19 gennaio 2007 per Provas de Doutoramento no ramo de Arquitectura na especialidade de Teoria da Arquitectura da Facultade de Arquitectura, dello stesso Pedro Marques de Abreu (nomina a commissario del 3 nov. 2006 a parte del Rettore, 1.a riunione della commissione il 30 novembre 2006, presso il Departamento de Asuntos Academicos della Reitoria della Universidade de Lisboa).<\/p>\n<p>&#8211; 2006-07-08 Docente Summer School \u201cSviluppo urbano e cooperazione internazionale nei pesi in via di Sviluppo\u201d con l\u2019Universit\u00e0 Alma mater di Bologna, a Bertinoro (2006-2007), a Belo Horizonte (2008).<\/p>\n<p>&#8211; 2007-08 Docente del corso di Storia dell\u2019architettura cristiana contemporanea nel Master di 1\u00b0 e2\u00b0 livello in\u201cArchitettura, Arti sacre e liturgia\u201d, Pontificia Commissione per i Beni Culturali della Chiesa, Universit\u00e0 degli Studi Europea di Roma, Ateneo Pontificio Regina Apostolorum, Roma.<\/p>\n<p>SELEZIONE DELLE PUBBLICAZIONI<\/p>\n<p>Delle pi\u00f9 di 3000 pubblicazioni prodotte si propongono qui quelle dal 2003 al 2011<\/p>\n<p>1- &#8220;Palazzo Pirelli: filosofia di un restauro&#8221;, in: &#8220;Confronti. Autonomia lombarda: le idee, i fatti, le esperienze&#8221;, n. 1, 2003, pp. 70-77;<\/p>\n<p>2- &#8220;Luoghi di vita monastica tra passato e presente; Abbazia di Chiaravalle milanese; La Certosa di Pavia&#8221;, in: C. Stroppa, L. Vaccaro (a cura di), &#8220;Ora et labora. Le Comunit\u00e0 religiose nella societ\u00e0 contemporanea&#8221;, Nomos, Busto Arsizio (Va) 2003, pp. 226-34 e 268-71;<\/p>\n<p>3- &#8220;Ideale, utopia e realt\u00e0: L&#8217;eredit\u00e0 moderna e il contesto contemporaneo&#8221;, in: C. Stroppa (a cura di), &#8220;La cultura urbana tra passato e futuro. Una ricerca sociologica a Milano, Budapest e Praga&#8221;, Franco Angeli, Milano 2003, pp. 178-96;<\/p>\n<p>4- &#8220;L&#8217;architettura nell&#8217;aurora della modernit\u00e0&#8221;, in E. Carbonell, R. Cassanelli, T. Velmans, &#8220;Il Rinascimento in Oriente e in Occidente 1250-1490&#8221;, Jaca Book, Milano 2003, pp. 230-51; ed. tedesca: &#8220;Architektur und Modernit\u00e4t am Beginn der Renaissance&#8221;, id., K. Theiss, Stuttgart 2003, pp.230-52, ed. francese: &#8220;L&#8217;architecture \u00e0 l&#8217;aube de la Renaissance&#8221;, in Id., Du Rouergue, Arles 2003, pp. 231-51; ed. spagnola: &#8220;La arquitectura en los albores de la Modernidad Renacentista&#8221;, in Id., Lunwerg, Madrid-Barcelona 2003, pp. 230-52;<\/p>\n<p>5- Testi e cura del vol. ed. tedesca: &#8220;Von der nature zur Baukunst&#8221;, ed. inglese: &#8220;Antoni Gaud\u00ec 1852-1926. From nature to Architecture&#8221;, ed. spagnola: &#8220;De la naturaleza a la arquitectura&#8221;, Taschen, K\u00f6ln, London, Los Angeles, Madrid, Paris, Tokio, 2003; pp. 96; <\/p>\n<p>6- Prefazione e cura dell&#8217;ed. italiana di: D. Giralt-Miracle, &#8220;Gaud\u00ec. La ricerca della forma. Spazio, geometria, struttura e costruzione&#8221;, Jaca Book, Milano 2003, pp. 13-15; ed. spagnola: Id (a cura di D. Giralt-Miracle), Lunwerg, Madrid-Barcelona 2003;<\/p>\n<p>7- &#8220;Per il restauro del moderno. Qualche riflessione sul riconoscimento e il progetto di restauro di architettura del Novecento&#8221;, in &#8220;Territorio&#8221; Nuova Serie, n. 26 2003, pp. 16-20;<\/p>\n<p>8- &#8220;Restauro e recupero del grattacielo Pirelli a Milano&#8221;, in &#8220;d&#8217;Architettura&#8221; n. 20, 2003, pp. 89-97;<\/p>\n<p>9- &#8220;Et\u00e0 neoclassica: Dall&#8217;Italia alla Russia&#8221;, pp. 29-37; &#8220;L&#8217;Inghilterra&#8221;, pp. 38-40; &#8220;La Francia&#8221;, pp. 46-50; &#8220;Romanticismi: Neomedievalesimo in architettura&#8221;, pp. 83-5; &#8220;La critica della citt\u00e0 industriale&#8221;, p. 30; &#8220;Realismo e impressionismo: Verso un moderno sistema dell&#8217;arte&#8221;, pp. 133-6; &#8220;Dall&#8217;eclettismo al razionalismo costruttivo in architettura&#8221;, pp. 145-9; &#8220;L&#8217;Inghilterra&#8221;, pp. 150-7, p. 164; &#8220;Parigi: La forma della citt\u00e0 borghese&#8221;, p. 196; &#8220;L&#8217;Italia unita: Linguaggi di una architettura postunitaria&#8221;, pp. 211-6; in: G. Bora, G. Fiaccadori, A. Negri, A. Nova (a cura di), &#8220;I luoghi dell&#8217;arte. Storia opere percorsi&#8221;, vol. 5, &#8220;Dall&#8217;Et\u00e0 neoclassica all&#8217;Impressionismo&#8221;, Electa-Bruno Mondadori, Milano 2003, tot. pp. 41;<\/p>\n<p>10- &#8220;La ridefinizione della citt\u00e0&#8221;, pp. 9-11; &#8220;Art nouveau, Jugendstil, Liberty&#8221;, pp. 18-9; &#8220;Tra Europa e America. Continuit\u00e0 e differenze nella nuova architettura&#8221;, pp. 30-8; &#8220;L&#8217;Europa centrale&#8221;, pp. 74-6, e pp. 80-4; &#8220;Milano&#8221;, pp. 129-30; in: G. Bora, G. Fiaccadori, A. Negri, A. Nova (a cura di), &#8220;I luoghi dell&#8217;arte. Storia opere percorsi&#8221;, vol. 6, &#8220;Nascita e sviluppi dell&#8217;arte del XX secolo&#8221;, Electa-Bruno Mondadori, Milano 2003, tot. pp. 24;<\/p>\n<p>11- &#8220;Continuit\u00e0 di forme e fluidit\u00e0 di spazi nel dialogo di Gaud\u00ec con natura e storia&#8221;, in: A. I. Lima (a cura di), &#8220;Antoni Gaud\u00ec. Capacit\u00e0 di concepire l&#8217;architettura nello spazio&#8221;, Flaccovio, Palermo 2003, pp. 15-25; <\/p>\n<p>12- &#8220;Sulla soglia del XXI secolo: spunti per un dialogo tra innovazione e tradizione in architettura&#8221;, in: AA.VV., &#8220;L\u2019immagine della citt\u00e0. Il Novecento architettonico a Bergamo&#8221;, Ordine degli Architetti, Pianificatori, Paesaggisti e Conservatori della Provincia di Bergamo, Stefanoni, Bergamo 2003, pp. 89-110;<\/p>\n<p>13- &#8220;Reversibile-compatibile: qualche riflessione su orizzonti e limiti delle procedure di intervento&#8221;, in: AA.VV., &#8220;Dalla reversibilit\u00e0 alla compatibilit\u00e0&#8221;, Atti del Convegno nell&#8217;ex-Convento di San Francesco di Conegliano Veneto, 13-14 giugno 2003, Arkos, Nardini, Milano 2004, pp. 33-44;<\/p>\n<p>14- &#8220;Monneret de Villard e le Basiliche triconche dell\u2019Egitto cristiano&#8221;, in: M. G. Sandri (a cura di), &#8220;L\u2019eredit\u00e0 di Monneret de Villard a Milano&#8221;, Atti del Convegno 26-28 novembre 2002 Milano, ed. Casa del Giglio, Firenze 2004, pp. 67-76;<\/p>\n<p>15- &#8220;Soleri. Per un\u2019architettura dall\u2019armonia cosmica&#8221;, in: A. I. Lima (a cura di), &#8220;Ri-pensare Soleri&#8221;, Jaca Book, Milano 2004, pp. 50-7;<\/p>\n<p>16- &#8220;I primi dieci anni della ricostruzione 1944-1954&#8221;, in: AA.VV., &#8220;Milano 54- 50.o anniversario della ricostruzione&#8221;, Comune di Milano, Milano 2004;<\/p>\n<p>17- Cura e vari capitoli del volume: M. A. Crippa, &#8220;Italia dall\u2019alto. Storia dell\u2019arte e del paesaggio&#8221;, Jaca Book, Milano 2004; capitoli: &#8220;Lo sguardo dall\u2019alto e l\u2019architettura&#8221;, pp. 9-48; &#8220;Monasteri, Abbazie, Conventi (dal X al XV sec.)&#8221; (con F. Zanzottera), pp. 107-34; &#8220;Grandi opere pubbliche urbane e rurali (dall\u2019XI al XV sec.)&#8221;, pp. 134-64; &#8220;Citt\u00e0 ideali, citt\u00e0 militari (dal XV al XVII sec.)&#8221;, (con F. Zanzottera), pp. 179-94; &#8220;Il teatro urbano (dal XVII al XVIII sec.)&#8221;, pp. 195-214; &#8220;Ville, palazzi, regge (dal XVI al XIX sec.)&#8221;, pp. 215-32; &#8220;Apparati&#8221;, pp. 233-256; Jaca Book, Milano 2004, tot. pp. 180; trad. tedesca: Hirmer, M\u00fcnchen 2004; traduz. francese: Cittadelle &#038; Mazenod, Paris 2004;<\/p>\n<p>18- &#8220;Trento cathedral (Italy) \u2013 The external fa\u00e7ades: diagnostic and conservation works&#8221; (con G. Alessandrini, C. Colombo, A. Sansonetti, L. Rampazzi), 10th Internationale Congress on Deterioration and Conservation of stone, Stockholm june 27- july 2, 2004, ICOMOS Sweden, Stockholm 2004, pp. 923-30;<\/p>\n<p>19- Cura (con G. Alessandrini), &#8220;Introduzione, Inquadramento storico, profilo generale del progetto, opere realizzate nel primo lotto dei lavori&#8221;, in. AA.VV., &#8220;La cattedrale di Trento&#8221;, supplento n. 11 \u201cArkos\u201d, dicembre 2005, pp. 4-28;<\/p>\n<p>20- &#8220;Habitat II +10: efficacia e contraddizioni di una rinnavata speranza progettuale&#8221;, (con  R. Mingucci), in: &#8220;Abitare il futuro: citt\u00e0, quartieri, case&#8221;- ISBN 88.7143.262.2, Be-Ma Editrice, Milano, ottobre 2005, pp. 100-11;<\/p>\n<p>21- Rel. (con A. del Conte, E. Esposito, P. Perrotta), &#8220;Applicazione di sistemi ottici per la diagnostica dello stato di adesione di rivestimenti superficiali: il caso dell\u2019edificio \u201cTrifoglio\u201d del Politecnico di Milano&#8221;, Conferenza nazionale sulle PnD organizzata dalla Associazione Nazionale Prove non Distruttive Monitoraggio Diagnostica (ANPnD), Milano 13-15 ott. 2005, CD ISBN 88-89758-02-3, 10. pp. 1-10;<\/p>\n<p>22- Cura del volume e Introduzione (con Carlo Capponi) pp. 1-13; &#8220;Ponti e la via italiana alla modernit\u00e0: architettura religiosa e sentimento del tempo&#8221;, pp. 19-56; &#8220;Dagli scritti di Gio Ponti. Sulla condizione umana, la religione, l\u2019arte sacra e le chiese&#8221;, (con Carlo Capponi), pp. 222-36, in: C. Capponi, M. A. Crippa (a cura di), &#8220;Gio Ponti e l\u2019architettura sacra. Finestre aperte sulla natura, sul mistero, su Dio&#8221;, Credito Valtellinese, Pizzi, Cinisello Balsamo (Milano) 2005;<\/p>\n<p>23- &#8220;Lo spazio sacro: la chiesa nella citt\u00e0&#8221;, AA. VV., &#8220;Cultura, teologia e storia del Cristianesimo&#8221;, New Press, Como 2005, pp. 149-161;<\/p>\n<p>24- &#8220;Una cappella d\u2019ospedale: continuit\u00e0 di moderno umanesimo in architettura&#8221;, in: AA. VV., &#8220;Gio Ponti. Meravigliosa ventura costruire chiese. La chiesa della Santa Maria Annunciata per l\u2019Ospedale San DCarlo Borromeo&#8221;, Ospedale San Carlo, Milano 2006, pp. 56-111;<\/p>\n<p>25- &#8220;Primordio, ideale, architettura razionalista&#8221;, AA. VV., &#8220;Franco Ciliberti, un teosofo tra i razionalisti&#8221;, Archivio Cattaneo, Olgiate Comasco, Como 2006, pp. 81-110;<\/p>\n<p>26- &#8220;I chiostri di Sant\u2019Eustorgio tra storia, restauro e museografia&#8221;, in: P. Biscottini, L. Crivelli (a cura di), &#8220;Il Museo Diocesano di Milano tra presente e futuro&#8221;, Museo Diocesano, Milano 2006, pp. 57-80;<\/p>\n<p>27- &#8220;La Chiesa, le chiese e l\u2019arte nella seconda met\u00e0 del XX secolo&#8221;, in: AA. VV., &#8220;L\u2019arte e Dio. La scommessa di Carlo Cattelani&#8221;, Silvana, Cinisello Balsamo (Mi) 2006, pp. 63-7;<\/p>\n<p>28- &#8220;Il restauro del moderno, problemi e casi di studio d\u2019architettura&#8221;, in \u201cArte lombarda\u201d, nn. 146-7-8, 2006, pp. 285-95;<\/p>\n<p>29- &#8220;Tradizione nella modernizzazione delle citt\u00e0 di Lombardia tra le due guerre mondiali&#8221;, in G. Pigafetta (a cura di), &#8220;Citt\u00e0, architettura, tradizione&#8221;, Alinea, Firenze 2006, pp. 10-31; <\/p>\n<p>30- &#8220;Impressioni e riflessioni: un incontro sul \u2018restauro del moderno\u2019 a Sermide&#8221;, in: G. Sibra (a cura di), &#8220;La villa dei Direttori dell\u2019architetto Renzo Zavanella. Un possibile recupero&#8221;, Politecnico di Milano DPA, House &#038; Lot, Badia Polesine (Ro) 2007, pp. 5-13; <\/p>\n<p>31- &#8220;Costruire la chiesa, costruire la modernit\u00e0&#8221;, in: C. Chenis (a cura di), &#8220;Danilo Lisi. Quattro chiese. Complessit\u00e0 dell\u2019architettura di culto&#8221;, Skira Milano 2007, pp. 127-130; <\/p>\n<p>32- &#8220;Dall\u2019antico sistema cimiteriale al nuovo Cimitero Urbano di Monza&#8221; (con F. Zanzottera) nel volume: Fabio Mangone (a cura di), &#8220;L\u2019architettura della memoria in Italia, 1750-1939&#8221;, sez. II, 3, &#8220;Eroi pubblici e ricordi privati: architetture della memoria&#8221;;<\/p>\n<p>33- (Con E. Sorbo), &#8220;Liliana Grassi. Il restauro e il recupero creativo della memoria storica&#8221;, Bonsignori editore, Roma 2007;<\/p>\n<p>34- &#8220;L\u2019architettura occidentale tra fenomenologia di spazi e singolarit\u00e0 di luoghi&#8221;, in: Joan Sureda (a cura di), R. Cassanelli (a cura di per ed. it.), &#8220;L\u2019arte occidentale. Europa Mediterraneo e mondo contemporaneo&#8221;, Jaca Book, Milano 2008;<\/p>\n<p>35- &#8220;Comunicare la modernit\u00e0 e costruire legami internazionali a Milano&#8221;, pp. 15-32; &#8220;Triennale a Milano, via italiana alla modernit\u00e0&#8221;, pp. 103-128, in: M. A. Crippa con F. Zanzottera, &#8220;Expo x Expos. Comunicare la modernit\u00e0, Le Esposizioni universali 1851-2010&#8221;, Triennale Electa, Milano 2008;<\/p>\n<p>36- &#8220;Santi segni ed epifania del sacro nell\u2019architettura di chiese e monasteri del XX secolo&#8221;, in: \u201cPalladio. Rivista di Storia Architettura e Restauro\u201d, n. 42, luglio-dicembre 2008, Istituto poligrafico della Zecca dello Stato, pp. 55-76;<\/p>\n<p>37- &#8220;Il restauro della Villa Reale di Monza. Necessit\u00e0 di un \u201ccantiere pilota\u201d&#8221;, in: \u201cConfronti. Autonomia lombarda: le idee, i fatti, le esperienze\u201d, n. 1, 2009, pp. 57-63.<\/p>\n<p>38- &#8220;Editoriale&#8221;, pp. 5-6; &#8220;Citt\u00e0 e architettura, tra modernit\u00e0 e tradizione, in Lombardia nella prima met\u00e0 del XX secolo&#8221;, pp. 17-34, in: \u201cRivista dell\u2019Istituto per la Storia dell\u2019arte Lombarca\u201d, n. 1, dic. 2010;<\/p>\n<p>39 &#8211; &#8220;L\u2019\u201caltra modernit\u00e0\u201d. Esplorazione di possibili significati&#8221;, in: AA., VV., L\u2019architettura dell\u2019<altra> modernit\u00e0, a cura di M. Docci e M. G. Turco, Atti del XXVI Congresso di Storia dell\u2019architettura, Roma, 11-13 aprile 2007, Gangemi, Roma 2010, pp. 19-25, ISBN 9788849219012;<\/p>\n<p>40- &#8220;Clonazione e post-modernit\u00e0 in architettura&#8221;, curatela e prefazione all\u2019ed. it., pp. XI-XXII, di A. Hernandez Martinez, &#8220;La clonazione architettonica&#8221;, Jaca Book, Milano 2010;<\/p>\n<p>41- &#8220;L\u2019edificio chiesa nella storia dell\u2019architettura: figura e simbolo del corpo di Cristo&#8221;, in T. Verdon, Ges\u00f9. Il corpo, il volto nell&#8217;arte. Catalogo della mostra (Torino, 1 aprile-1 agosto 2010), Silvana, Cinisello Balsamo 2010, pp. 137-44;<\/p>\n<p>42- M. A. Crippa, A. I. Lima, &#8220;Un tavolo di confronto per l\u2019attivazione di un\u2019architettura come ecologia umana&#8221;, pp. IX-XIII, M. A. Crippa, &#8220;Negli anni Sessanta dall\u2019incontro con Teilhard de Chardin l\u2019approfondimento ecologico di Soleri&#8221;, pp. 51-70, in: A. I. Lima (a cura di), &#8220;Per un\u2019architettura come ecologia umana. Studiosi a confronto. Scritti in onore di Paolo Soleri&#8221;, Jaca Book, Milano 2010;<\/p>\n<p>43- &#8220;Avvicinarsi a Soleri, A closer look at Soleri&#8221;, \u201cTerritorio\u201d Nuova serie, Rivisto del Dipartimento di Architettura e Pianificazione, Politecnico di Milano, n. 5\u00b0 2010, pp. 117-26;<\/p>\n<p>44- &#8220;I luoghi di preghiera nei nuovi spedali di Como, Legnano e Vimercate. Un progetto pilota&#8221;, in: &#8220;Confronti. Autonomia lombarda: le idee, i fatti, le esperienze&#8221;, nn. 2-3 2010, pp. 97-124;<\/p>\n<p>45- &#8220;Presentazione&#8221;, a: R. Riboldazzi (a cura di), &#8220;La costruzione della citt\u00e0 moderna. Scritti scelti dagli atti dei congressi dell\u2019IFHTP 1923-1938&#8221;, Jaca Book, Milano 2010, pp. XI-XVIII;<\/p>\n<p>46- &#8220;Per il superamento dell\u2019egemonia della nozione di spazio nella storiografia d\u2019architettura&#8221;, in: AA. VV., &#8220;La citt\u00e0 e il tempo: interpretazione e azione&#8221;, a cura di P. Bossi, S. Moroni, M. Poli, Maggioli, Santarcangelo di Romagna (RN) 2010, pp. 19-27;<\/p>\n<p>47- M. A. Crippa, &#8220;Avvicinarsi a Soleri&#8221;, n. 54 \u201cTerritorio\u201d, 2010, pp. 117-26;<\/p>\n<p>48- &#8220;Premessa&#8221; (con O. Galliani), p. 9; &#8220;Continuit\u00e0 e innovazione nel progetto d\u2019architettura&#8221;, pp. 13-28; &#8220;Gli spazi per il culto&#8221;, pp. 161-70, in: P. Galliani (a cura di), &#8220;Antonio Piva. Architettura e cultura del progetto&#8221;, Gangemi, Roma 2010;<\/p>\n<p>49- &#8220;Editoriale&#8221;, p. 5; &#8220;Civilt\u00e0 delle ville a nord di Milano: ragioni storiche e nuovo destino&#8221;, pp. 44-9; recensione a: &#8220;Nascita della storiografia e organizzazione dei saperi&#8221;, pp. 121-2, in: &#8220;Rivista per la Storia dell\u2019arte lombarda&#8221;, n. 2, aprile 2011;<\/p>\n<p>50- &#8220;A proposito di arte, architettura e sacro&#8221;, pp. 9-10; &#8220;Cesare Cattaneo, per la similitudine contro la metafora&#8221;, in: &#8220;E\u2019 Dio il vero tema. Cesare Cattaneo e il sacro&#8221;, M. A. Crippa, D. Cattaneo (a cura di), Archivio Cattaneo, Cernobbio (Como) 2011;<\/p>\n<p>51- &#8220;Continuit\u00e0, contiguit\u00e0 e divaricazione tra storia e restauro&#8221;, Napoli 26-7 ottobre 2009, Convegno internazionale &#8220;Quale storiografia per quale storia?&#8221;, (in corso di stampa);<\/p>\n<p>52- &#8220;Il lavoro dell\u2019uomo nel difficile equilibrio tra la propria fragilit\u00e0 e la forza della natura&#8221;, p. 7; &#8220;Potere tecnologico e destino umano&#8221;, pp. 42-48, \u201cCommunio\u201d Rivista internazionale di Teologia e Cultura,  n. 228, apr.-maggio-giugno 2011,  ISBN 9788816702288;<\/p>\n<p>53- &#8220;Tensione tra mito e razionalit\u00e0 nel XIX secolo&#8221;, in: S. Petrosino (a cura di), &#8220;Monumentum. L\u2019abitare, il politico, il sacro&#8221;, Collana Archivio Julien Ries per l\u2019antropologia simbolica, Jaca Book-Universit\u00e0 Cattolica, Milano 2011, pp. 209-25;<\/p>\n<p>54- (Con F. Zanzottera), &#8220;Expo 2015: domande e prospettive \/ Expo 2015: questions and future prospects&#8221;, it. e ingl., in: A. Cibic, M. A. Crippa, S. Fusina (a cura di), &#8220;Verso Expo Milano 2015&#8221;, Electa Mondadori, Milano 2011, pp. 28-35.<\/p>\n<p>Libri e articoli su Gaud\u00ec <\/p>\n<p>1- &#8220;Gaud\u00ec e il sacro&#8221; (cura e testi), catalogo della omonima mostra itinerante realizzato dall&#8217;Associazione Culturale Icaro e dal Comune di Cagliari, Bergamo 1987, pp. 38;<\/p>\n<p>2- &#8220;Antoni Gaud\u00ec o l&#8217;architettura come segno di contraddizione&#8221;, Quaderni di &#8220;The foundation for improving understanding of the arts&#8221; n. 2, Milano 1988, pp. 67-75;<\/p>\n<p>3- &#8220;L&#8217;architettura fantastica e decorativa di Antoni Gaud\u00ec&#8221;, in &#8220;Keramicos&#8221; n. 11, ag. 1989;<\/p>\n<p>4- &#8220;Mentre l&#8217;ornamento stava per diventare delitto&#8221;, in &#8220;Keramicos&#8221; n. 12, ott. 1989;<\/p>\n<p>5- &#8220;Antoni Gaud\u00ec, architetto mediterraneo&#8221;, in &#8220;Umana Avventura&#8221;, autunno 1990, pp. 53-56;<\/p>\n<p>6- &#8220;Il di-segno di una nuova monumentalit\u00e0 urbana in Antoni Gaud\u00ec&#8221;, in: AA.VV., &#8220;La nuova monumentalit\u00e0 urbana&#8221;, SAIE Bologna, ed. Faenza, Faenza 1990, pp. 54-64;<\/p>\n<p>7- &#8220;Una tradizione vivente, solidamente ragionata&#8221;, in AA.VV., &#8220;Gaud\u00ec, una proposta di libert\u00e0&#8221;, atti dell&#8217;omonimo convegno, maggio 1993, DISET, Politecnico di Milano, Milano 1994, pp. 25-34;<\/p>\n<p>8- &#8220;Antoni Gaud\u00ec, Idee per l&#8217;architettura. Scritti e pensieri raccolti dagli allievi&#8221;, a cura di Isidre Puig Boada, prefazione di Juan Bassegoda Nonell, edizione italiana, con saggio critico e apparati, Jaca Book, Milano 1994;<\/p>\n<p>9- &#8220;Gaud\u00ec tra storiografia contemporanea e operante ricerca del bello&#8221;, in: J. Berg\u00f2s, &#8220;Gaud\u00ec&#8221;, ed. it. Jaca Book, Milano 1999 (ed spagnola L\u00fcnwerg, Madrid 1999, ed. inglese London 1999, ed. francese Parigi 1999), pp. 11-17;<\/p>\n<p>10- &#8220;Introduzione, Una dimora per l&#8217;uomo nell&#8217;armonia del cosmo, Antologia di pensieri e cenni biografici&#8221;, e cura del volume: AA. VV., &#8220;Gaud\u00ec. Case, giardini e parchi&#8221;, Jaca Book, Milano 2001, anche ed. spagnola, inglese, francese e tedesca, pp. 9-10, 11-40, 99-108;<\/p>\n<p>11- &#8220;Antoni Gaud\u00ec e l&#8217;architettura della chiesa cristiana&#8221;, in: &#8220;Palladio&#8221;, n. 28, lugio-dic. 2001, pp. 89-114 ;<\/p>\n<p>12- &#8220;Un&#8217;idea di cattedrale del XX secolo in costruzione&#8221;, in &#8220;Communio&#8221; ed. it. n. 181, 2002, pp. 87-94; in &#8220;Communio&#8221; ed. francese t. XXVII 2002, pp. 95-103;<\/p>\n<p>13- &#8220;Un nuovo punto di vista per lo studio dell&#8217;architettura contemporanea: Il caso di Gaud\u00ec: tra architettura e antropologia del sacro&#8221;, in: M. A.Crippa, F. Zanzottera (a cura di), &#8220;Antoni Gaud\u00ec. Omaggio per il centenario&#8221;, Tip. Comm., Lecco 2002, pp. 9-30; &#8220;Il caso Gaud\u00ec: tra architettura e antropologia del sacro&#8221;, in: M. A. Crippa, F. Zanzottera, &#8220;Gaud\u00ec, architettura e fantasia&#8221;, Ordine degli Architetti, Pianificatori, Paesaggisti e Conservatori della Provincia di Vercelli, Gallo, Vercelli 2003, pp. 9-36; id., in: &#8220;Gaud\u00ec La fantasia hecha piedra&#8221;, Ordine degli Architetti, Pianificatori, Paesaggisti e Conservatori della Provincia di Lodi, Senzalaro, Lodi 2003, pp. 5-32;<\/p>\n<p>14- Introduzione (con J. Bassegoda) &#8220;Sacro e Razionalit\u00e0 costruttiva in Gaud\u00ec&#8221;, in: M. A. Crippa, J. Bassegoda (a cura di), &#8220;Gaud\u00ec &#8211; Spazio e segni del sacro&#8221;, ed. spagnola con testo anche inglese e ed. it., Lunwerg-Jaca Book, Madrid-Barcellona e Milano 2002, pp. 9-10 e pp. 11-24;<\/p>\n<p>15- &#8220;Sacro y profano en la obra de Gaud\u00ec&#8221;, in: D. Giralt-Miracle (a cura di), &#8220;Gaud\u00ed 2002 miscel\u00e1nea&#8221;, Planeta-Ajuntament de Barcelona, Barcelona 2002, pp. 294-311;<\/p>\n<p>16- &#8220;Gaud\u00ec e la cultura mediterranea&#8221;, in: G. Bonaccorso (a cura di), &#8220;Dossier Gaud\u00ec: ricerche, proposte, riletture&#8221;, Servizio Editoriale Universitario, Universit\u00e0 di Pisa, Dipartimento di Storia delle Arti, Pisa 2003, pp. 79-85;<\/p>\n<p>17- &#8220;Von der nature zur Baukunst, Antoni Gaud\u00ec 1852-1926&#8221;, Taschen, K\u00f6ln, London, Los Angeles, Madrid, Paris, Tokio 2003; pp. 96; ec. tedesca, inglese, francese, spagnola, catalana, italiana;<\/p>\n<p>18- Prefazione e cura dell&#8217;ed. italiana di: D. Giralt-Miracle, &#8220;Gaud\u00ec. La ricerca della forma. Spazio, geometria, struttura e costruzione&#8221;, Jaca Book, Milano 2003, pp. 13-15; ed. spagnola: Id (a cura di D. Giralt-Miracle), Lunwerg, Madrid-Barcelona 2003;<\/p>\n<p>19- &#8220;Continuit\u00e0 di forme e fluidit\u00e0 di spazi nel dialogo di Gaud\u00ec con natura e storia&#8221;, in: A. I. Lima (a cura di), &#8220;Antoni Gaud\u00ec. Capacit\u00e0 di concepire l&#8217;architettura nello spazio&#8221;, Flaccovio, Palermo 2003, pp. 48-61; <\/p>\n<p>20- &#8220;Sagrato i profano en Gaud\u00ec&#8221;, in \u201cQuaderns Fundaci\u00f2 Joan Maragall\u201d, n. 64, Barcelona ed. Claret 2003;<\/p>\n<p>21- &#8220;Attualit\u00e0 del binomio artigianato\/architettura attivo in Gaud\u00ec&#8221;, in: G. Pane (a cura di), &#8220;Attualit\u00e0 di Antoni Gaud\u00ec&#8221;, Clean, Napoli 2008;<\/p>\n<p>22- &#8220;Pane, interprete d\u2019eccezione di Antoni Gaud\u00ec&#8221;, pp. 86-91, in: S. Casiello, A. Pane, V. Russo (a cura di), &#8220;Roberto Pane tra storia e restauro. Architettura, citt\u00e0, paesaggio&#8221;, atti del convegno nazionale Napoli, 27-8 ottobre 2008, Universit\u00e0 degli Studi di Napoli Federico II, Marsilio, Venezia 2010;<\/p>\n<p>23- Cura dell\u2019edizione italiana: AA. VV., &#8220;Gaud\u00ec, La Sagrada Familia&#8221;, coordinamento: D. Giralt-Miracle, Testi di J. Bonet i Armengol, T. Cabr\u00e9, R. Casanova, M. A. Crippa, J. Faul\u00ec, D. Giralt-Miracle. Present. L. M. Sistach, Jaca Book, Milano 2010. Inoltre: M. A. Crippa, &#8220;Prefazione all\u2019edizione italiana&#8221;, p. 7 , &#8220;Il carattere religioso della cattedrale di Gaud\u00ec&#8221;, pp. 43-56. Ed. catalana: AA. VV. &#8220;La Sagrada Fam\u00edlia de Gaud\u00ed. El temple expiatori dels seus or\u00edgens fins avui&#8221;, Lunwerg, Barcelona Madrid 2010, con versione in francese. Ivi: M. A. Crippa, &#8220;El car\u00e0cter religi\u00f2s de la catedral de Gaud\u00ed&#8221;, pp. 43-56, trad. francese, pp. 277-282. Ed. castigliana: AA. VV., &#8220;La Sagrada Familia de Gaud\u00ed. El templo expiatorio desde sus or\u00edgenes hasta hoy&#8221;, Lunwerg, Barcelona Madrid 2010, con versione in inglese. Ivi: M. A. Crippa, &#8220;El car\u00e0cter religi\u00f3s de la catedral de Gaud\u00ed&#8221;, pp. 43-56, trad. inglese, pp. 277-281.<\/p>\n<p>24- &#8220;Simbolo, geometria e statica nella Sagrada Familia di Gaud\u00ec&#8221;, in: AA.VV., &#8220;Gaud\u00ec \u00e0 l\u2019Alguer&#8221;, Cagliari 2011;<\/p>\n<p>25- &#8220;Antoni Gaud\u00ec e la Sagrada Familia&#8221;, \u201cArte cristiana\u201d, n. 864, maggio-giugno 2011, pp. 197-210.<\/p>\n<p>Veure catal\u00e0 \/ Ver castellano \/ Spanish view<\/p>\n","protected":false},"template":"","rang":[144],"class_list":["post-31995","academic","type-academic","status-publish","hentry","rang-academics-corresponents"],"acf":[],"_links":{"self":[{"href":"https:\/\/www.racba.org\/en\/wp-json\/wp\/v2\/academic\/31995","targetHints":{"allow":["GET"]}}],"collection":[{"href":"https:\/\/www.racba.org\/en\/wp-json\/wp\/v2\/academic"}],"about":[{"href":"https:\/\/www.racba.org\/en\/wp-json\/wp\/v2\/types\/academic"}],"wp:attachment":[{"href":"https:\/\/www.racba.org\/en\/wp-json\/wp\/v2\/media?parent=31995"}],"wp:term":[{"taxonomy":"rang","embeddable":true,"href":"https:\/\/www.racba.org\/en\/wp-json\/wp\/v2\/rang?post=31995"}],"curies":[{"name":"wp","href":"https:\/\/api.w.org\/{rel}","templated":true}]}}