{"id":34092,"date":"2024-11-21T18:33:34","date_gmt":"2024-11-21T17:33:34","guid":{"rendered":"https:\/\/www.racba.org\/?post_type=academic&#038;p=34092"},"modified":"2024-11-21T18:34:55","modified_gmt":"2024-11-21T17:34:55","slug":"benet-i-ferran-tatxo","status":"publish","type":"academic","link":"https:\/\/www.racba.org\/en\/academic\/benet-i-ferran-tatxo\/","title":{"rendered":"Benet i Ferran, Tatxo"},"content":{"rendered":"\n<p><strong>Empresari i periodista<\/strong><\/p>\n\n\n\n<p><strong>(President i CEO de GRUP MEDIAPRO)<\/strong><\/p>\n\n\n\n<p>Nascut a Lleida el 1957, Josep Maria Benet i Ferran, m\u00e9s conegut com a Tatxo, va comen\u00e7ar la seva carrera professional fent de periodista a l\u2019aleshores Diario de L\u00e9rida i com a corresponsal d\u2019El Pa\u00eds i El Peri\u00f3dico de Catalunya. L\u2019any 1978 va ser un dels fundadors de La Boira, el setmanari independent de les terres de Lleida. El 1980 es trasllada a Barcelona per treballar a la redacci\u00f3 <a href=\"mailto:https:\/\/www.elperiodico.com\/es\/\">d&#8217;El Peri\u00f3dico de Catalunya<\/a>, on ocup\u00e0 el c\u00e0rrec de Cap d&#8217;Informaci\u00f3 Local i de Societat.<\/p>\n\n\n\n<p>El 1983 entr\u00e0 a formar part de l&#8217;equip fundacional de <a href=\"mailto:https:\/\/www.ccma.cat\/tv3\/\">Televisi\u00f3 de Catalunya<\/a> (TVC) amb el c\u00e0rrec de cap de la secci\u00f3 de Catalunya del departament d\u2019informatius. El 1987 va ser nomenat director d\u2019esports de la cadena, c\u00e0rrec que va compaginar com a responsable d\u2019esports de la FORTA, la federaci\u00f3 de televisions auton\u00f2miques d\u2019Espanya. A m\u00e9s, va impulsar la producci\u00f3 televisiva dels Jocs Ol\u00edmpics Barcelona 92, dirigint el Canal Ol\u00edmpic, un canal mereixedor del Premi Ondas Internacional.<\/p>\n\n\n\n<p>L\u2019any 1997 va ser el primer Director General d&#8217;Audiovisual Sport, empresa dedicada a la gesti\u00f3 de drets audiovisuals de clubs de futbol. Al setembre d\u2019aquell mateix any, amb Gerard Romy i Jaume Roures, creen MEDIAPRO, de la qual en va ser soci-gestor des dels inicis i actualment n\u2019\u00e9s el president i CEO.<\/p>\n\n\n\n<p>Gaireb\u00e9 30 anys despr\u00e9s, el <a href=\"mailto:https:\/\/www.mediapro.tv\/ca\">GRUP MEDIAPRO<\/a> \u00e9s l\u00edder en el sector audiovisual europeu i t\u00e9 pres\u00e8ncia arreu del m\u00f3n a trav\u00e9s de diverses seus repartides a 29 pa\u00efsos de 4 continents. El GRUP MEDIAPRO proporciona la creativitat i les solucions t\u00e8cniques necess\u00e0ries per dissenyar, produir i distribuir qualsevol projecte audiovisual o multicanal en qualsevol rac\u00f3 del planeta.<\/p>\n\n\n\n<p><strong>Col<\/strong><strong>\u00b7<\/strong><strong>leccionista d<\/strong><strong>\u2019<\/strong><strong>art i mecenes cultural<\/strong><\/p>\n\n\n\n<p>Amant de l\u2019art i la literatura, col\u00b7lecciona obres d\u2019art modern i contemporani des de fa d\u00e8cades, i la seva col\u00b7lecci\u00f3 particular reuneix peces d\u2019artistes catalans i de renom internacional com Mir\u00f3, T\u00e0pies, Plensa, Barcel\u00f3, Santi Moix, Klimt o Picasso, entre molts d\u2019altres.<\/p>\n\n\n\n<p>Fruit del seu esperit cr\u00edtic i period\u00edstic va comen\u00e7ar a adquirir peces que havien estat censurades, i d\u2019aquesta vetlla per la llibertat d\u2019expressi\u00f3 neix el <a href=\"mailto:https:\/\/www.museuartprohibit.org\/ca\">Museu de l\u2019Art Prohibit<\/a>, l\u2019\u00fanic museu del m\u00f3n dedicat a exposar obres que han estat prohibides, agredides o censurades. Inaugurat l\u2019octubre del 2023 i ubicat a la casa Garriga Nogu\u00e9s de l\u2019arquitecte Enric Sagnier, el museu exhibeix&nbsp; peces d&#8217;artistes com Warhol, Picasso, Goya, Ai Weiwei, Banksy, Gustav Klimt, Tania Bruguera, Miquel Barcel\u00f3, Haring, Chuck Close i Robert Mapplethorpe, entre d&#8217;altres.<\/p>\n\n\n\n<p>A banda de l\u2019exposici\u00f3 permanent, el programa d\u2019activitats del museu obre la porta a d\u2019altres disciplines art\u00edstiques per tal de seguir posant el focus en la censura i la llibertat d\u2019expressi\u00f3.<\/p>\n\n\n\n<p>Per refermar el seu comprom\u00eds amb Lleida i l\u2019art catal\u00e0, poc despr\u00e9s que les peces de Sixena fossin retirades del <a href=\"mailto:http:\/\/museudelleida.cat\/\">Museu de Lleida<\/a>, va cedir en dip\u00f2sit un retaule g\u00f2tic, conservat \u00edntegrament, al Museu de Lleida, i una pintura sobre taula del segle XV al Museu Dioces\u00e0 de la Seu d\u2019Urgell.<\/p>\n\n\n\n<p>Arran de la seva passi\u00f3 pels llibres i el comprom\u00eds amb la llengua catalana, el maig del 2020, en plena pand\u00e8mia, va obrir la nova la llibreria <a href=\"mailto:https:\/\/www.onallibres.cat\/\">Ona<\/a>, un espai de m\u00e9s de 1000 metres quadrats, especialitzat en llibres en catal\u00e0 i en autors catalans tradu\u00efts a altres lleng\u00fces. Ona s\u2019ha convertit en un centre cultural d\u2019alt nivell on cada dia se succeeixen presentacions, clubs de lectura, actes culturals, debats, etc, que l\u2019han convertit en un veritable temple o f\u00f2rum de la cultura catalana i en catal\u00e0 al centre de Barcelona.<\/p>\n\n\n\n<p>En el camp de la m\u00fasica tamb\u00e9 desenvolupa diverses accions, com el patronatge de joves int\u00e8rprets que es volen dedicar a la m\u00fasica cl\u00e0ssica per desenvolupar la seva formaci\u00f3 fins que s\u2019estableixen professionalment.<\/p>\n\n\n\n<p>Tamb\u00e9 t\u00e9 una estreta vinculaci\u00f3 amb la <a href=\"https:\/\/franzschubertfilh.com\/\">Franz Schubert Filharmonia<\/a><a href=\"https:\/\/franzschubertfilh.com\/\">,<\/a> una orquestra que ha gaudit des dels seus inicis d\u2019una gran rebuda per part del p\u00fablic, tant per la seva qualitat art\u00edstica com per la rellev\u00e0ncia dels seus programes. Desplega les seves temporades d\u2019abonament a Barcelona, Tarragona i Lleida, i t\u00e9 l\u2019honor de ser, des de l\u2019any 2009, l\u2019orquestra resident del Vendrell, vila natal del mestre Pau Casals. Precisament, amb la <a href=\"https:\/\/www.paucasals.org\">Fundaci\u00f3 Pau Casals<\/a>, Benet tamb\u00e9 hi col\u00b7labora econ\u00f2micament per tal d\u2019emp\u00e8nyer els projectes de l\u2019entitat.<\/p>\n\n\n\n<p>Conven\u00e7ut que l\u2019educaci\u00f3 \u00e9s un dels pilars de la societat, tamb\u00e9 col\u00b7labora amb la <a href=\"https:\/\/empiezaporeducar.org\/ca\/la-fundacion\/\">Fundaci\u00f3 ExE<\/a>, una ONG que treballa per eliminar les desigualtats educatives. \u00c9s a dir, perqu\u00e8 l&#8217;origen socioecon\u00f2mic de l&#8217;alumnat no determini l&#8217;\u00e8xit o el frac\u00e0s educatiu.<\/p>\n\n\n\n<p>Elegit acad\u00e8mic de n\u00famero protector de la Reial Acad\u00e8mia Catalana de Belles Arts de Sant Jordi el 20 de novembre de 2024, aprovant aix\u00ed la proposta en el seu dia presentada pels acad\u00e8mics de n\u00famero Bonaventura Bassegoda i Hugas, Mireia Freixa i Serra, N\u00faria L\u00f3pez-Ribalta, i Alberto Velasco i Gonz\u00e0lez.<\/p>\n\n\n\n<p>Lleida, setembre 2024.<\/p>\n","protected":false},"template":"","rang":[142],"class_list":["post-34092","academic","type-academic","status-publish","hentry","rang-academics-de-numero"],"acf":[],"_links":{"self":[{"href":"https:\/\/www.racba.org\/en\/wp-json\/wp\/v2\/academic\/34092","targetHints":{"allow":["GET"]}}],"collection":[{"href":"https:\/\/www.racba.org\/en\/wp-json\/wp\/v2\/academic"}],"about":[{"href":"https:\/\/www.racba.org\/en\/wp-json\/wp\/v2\/types\/academic"}],"wp:attachment":[{"href":"https:\/\/www.racba.org\/en\/wp-json\/wp\/v2\/media?parent=34092"}],"wp:term":[{"taxonomy":"rang","embeddable":true,"href":"https:\/\/www.racba.org\/en\/wp-json\/wp\/v2\/rang?post=34092"}],"curies":[{"name":"wp","href":"https:\/\/api.w.org\/{rel}","templated":true}]}}