{"id":23553,"date":"2023-01-12T23:40:28","date_gmt":"2023-01-12T22:40:28","guid":{"rendered":"http:\/\/novaweb.racba.org\/obra\/mirall-i-paper-blanc\/"},"modified":"2023-01-12T23:40:28","modified_gmt":"2023-01-12T22:40:28","slug":"mirall-i-paper-blanc","status":"publish","type":"obra","link":"https:\/\/www.racba.org\/en\/obra\/mirall-i-paper-blanc\/","title":{"rendered":"Mirall i paper blanc"},"content":{"rendered":"<p>Signatura: &#8220;A Casals\u201d (a tinta, a l\u2019ang. inf. esq.)<br \/>\nExposicions: EXPO. YNGLADA-GUILLOT 1989; EXPO. YNGLADA-GUILLOT 1990.<br \/>\nCAT. YNGLADA-GUILLOT 1989, p. 9, n\u00fam. 144; CAT. YNGLADA-GUILLOT 1990, p. 8, lletra A (consta amb el t\u00edtol \u201cDins del mirall\u201d); \u201cFundaci\u00f3 Ynglada Guillot. Premi del XXVII Concurs de Dibuix\u201d, La Vanguardia, dimecres 21 de juny de 1989, p. 26; PREMI YNGLADA-GUILLOT 50\u00e8 aniversari 2012, p. 112, 113 (reprodu\u00eft) i 114.<br \/>\nObservacions: Es desconeix que va succeir amb aquest dibuix que, seguint la indicaci\u00f3 de la base n\u00fam. 6 del concurs, hauria de conservar-se a la Reial Acad\u00e8mia Catalana de Belles Arts de Sant Jordi, entitat que a partir de llavors s\u2019encarrega de la Fundaci\u00f3 Ynglada-Guillot. Hem d\u2019atribuir al desconcert organitzatiu inicial i a les notables dificultats estructurals que patia llavors la instituci\u00f3, el fet que el dibuix guanyador d\u2019aquest certamen sigui l\u2019\u00fanic del qual se\u2019n desconeix la localitzaci\u00f3. L\u2019obra va ser exposada a la mostra del seg\u00fcent concurs, dins de l\u2019espai reservat perqu\u00e8 el guanyador de l\u2019edici\u00f3 anterior expos\u00e9s una selecci\u00f3 de la seva \u00faltima producci\u00f3. Excepcionalment, el llistat de les deu obres que hi va presentar es va incloure al cat\u00e0leg de 1990 (p. 8): \u201cDins del mirall\u201d (es tracta de \u201cMirall i paper blanc\u201d, premi de 1989), \u201cBodeg\u00f3\u201d, \u201cComposici\u00f3\u201d, \u201cPlat\u00f3\u201d, \u201c\u00daltim assaig\u201d, \u201cEmpord\u00e0\u201d \u201cDiscoteca\u201d, \u201cTemps de lleure\u201d, \u201cAmpolles\u201d i \u201cCopa i ampolles\u201d. No ens consta que l\u2019artista es present\u00e9s a cap altra de les edicions del concurs. Amadeu Casals, fill d\u2019un orfebre, va tenir una formaci\u00f3 autodidacta i comen\u00e7\u00e0 a pintar a finals dels anys 50. Es va dedicar fonamentalment al paisatge i a la natura morta, que desenvolup\u00e0 a trav\u00e9s de la pintura i sobre tot de l\u2019aquarel\u2022la. (Web de l\u2019artista: http:\/\/www.amadeucasalspons.com\/)<\/p>\n","protected":false},"featured_media":15540,"template":"","ubicacio":[1587],"tecnica":[2205],"classificacio":[408],"autor":[2102],"class_list":["post-23553","obra","type-obra","status-publish","has-post-thumbnail","hentry","ubicacio-desconeguda","tecnica-tinta-i-aiguada-negra-sobre-paper","classificacio-dibuix","autor-casals-pons-amadeu"],"acf":[],"_links":{"self":[{"href":"https:\/\/www.racba.org\/en\/wp-json\/wp\/v2\/obra\/23553","targetHints":{"allow":["GET"]}}],"collection":[{"href":"https:\/\/www.racba.org\/en\/wp-json\/wp\/v2\/obra"}],"about":[{"href":"https:\/\/www.racba.org\/en\/wp-json\/wp\/v2\/types\/obra"}],"wp:featuredmedia":[{"embeddable":true,"href":"https:\/\/www.racba.org\/en\/wp-json\/wp\/v2\/media\/15540"}],"wp:attachment":[{"href":"https:\/\/www.racba.org\/en\/wp-json\/wp\/v2\/media?parent=23553"}],"wp:term":[{"taxonomy":"ubicacio","embeddable":true,"href":"https:\/\/www.racba.org\/en\/wp-json\/wp\/v2\/ubicacio?post=23553"},{"taxonomy":"tecnica","embeddable":true,"href":"https:\/\/www.racba.org\/en\/wp-json\/wp\/v2\/tecnica?post=23553"},{"taxonomy":"classificacio","embeddable":true,"href":"https:\/\/www.racba.org\/en\/wp-json\/wp\/v2\/classificacio?post=23553"},{"taxonomy":"autor","embeddable":true,"href":"https:\/\/www.racba.org\/en\/wp-json\/wp\/v2\/autor?post=23553"}],"curies":[{"name":"wp","href":"https:\/\/api.w.org\/{rel}","templated":true}]}}