{"id":23572,"date":"2023-01-12T23:40:39","date_gmt":"2023-01-12T22:40:39","guid":{"rendered":"http:\/\/novaweb.racba.org\/obra\/figura-femenina-dempeus\/"},"modified":"2026-03-16T10:21:16","modified_gmt":"2026-03-16T09:21:16","slug":"figura-femenina-dempeus","status":"publish","type":"obra","link":"https:\/\/www.racba.org\/en\/obra\/figura-femenina-dempeus\/","title":{"rendered":"Sodomita"},"content":{"rendered":"\n<div class=\"wp-block-group is-vertical is-layout-flex wp-container-core-group-is-layout-8cf370e7 wp-block-group-is-layout-flex\">\n<div class=\"wp-block-group is-vertical is-layout-flex wp-container-core-group-is-layout-8cf370e7 wp-block-group-is-layout-flex\">\n<p><strong>Inventari general: <\/strong>7657 E<\/p>\n\n\n\n<p><strong>Proced\u00e8ncia:<\/strong> Form\u00e0 part de la col\u00b7lecci\u00f3 de Josep Ma. Garrut, la qual pass\u00e0 a l\u2019Acad\u00e8mia per voluntat testament\u00e0ria del finat, una vegada produ\u00efda la ren\u00fancia del MNAC (30 de desembre de 2009), instituci\u00f3 a la qual, en primera inst\u00e0ncia, anava destinada la major part de la col\u00b7lecci\u00f3 art\u00edstica al seu testament.<strong><\/strong><\/p>\n\n\n\n<p><strong>Data d\u2019ingr\u00e9s:<\/strong> 12 de juliol de 2010 (data de la signatura de l\u2019acceptaci\u00f3 de l\u2019her\u00e8ncia).<\/p>\n\n\n\n<p><strong>Inscripcions:<\/strong> A la base: segell de la casa Marco de Quart. En l\u2019etiqueta mecanografiada enganxada a la base: \u00abFidel Aguilar i Marco\/Escultor (Girona 1895-1917)\u00bb.<\/p>\n\n\n\n<p><strong>Observacions<\/strong>: Fins el 2026, aquesta pe\u00e7a tenia com a t\u00edtol \u00ab<em>Figura femenina dempeus<\/em>\u00bb.L\u2019obra no estava inclosa a l\u2019inventari de la col\u00b7lecci\u00f3 Garrut. D\u2019aquesta pe\u00e7a, com de tota la producci\u00f3 escult\u00f3rica d\u2019Aguilar en terracota, la casa Marc\u00f3 de Quart, prop de Girona, d\u2019acord amb l\u2019arquitecte Rafael Mas\u00f3 \u2014que havia estat el descobridor d\u2019Aguilar\u2014 va fer-ne una producci\u00f3 seriada notable a partir de 1917, ja mort l\u2019escultor. Algunes d\u2019aquestes obres foren presentades a l\u2019Exposici\u00f3 d\u2019Arts Decoratives i Ind\u00fastries Modernes de Par\u00eds, de 1925 (<em>D\u2019Ac\u00ed D\u2019All\u00e0,<\/em> n\u00fam. 93, setembre 1925, p. 294. Barcelona).<\/p>\n\n\n\n<p>La t\u00e8cnica de la p\u00e0tina \u00abargerata\u00bb, tal com va denominar-la Rafael Mas\u00f3, s\u2019afegia a la pe\u00e7a de terracuita feta amb la t\u00e8cnica del negre: \u00abConsisteix essencialment en recobrir l\u2019objecte que es vol decorar d\u2019una subst\u00e0ncia org\u00e0nica adient segons els casos, estearina, cera, etc., i despr\u00e9s aplicar sobre la superf\u00edcie un bany d\u2019una sal met\u00e0l\u00b7lica, susceptible d\u2019obtenir per reacci\u00f3 amb la subst\u00e0ncia org\u00e0nica el color desitjat a la temperatura escaient. Un cop preparat l\u2019objecte d\u2019aquesta manera es sotmet a alta temperatura nom\u00e9s la superf\u00edcie, per exemple mitjan\u00e7ant un bufador i aix\u00ed s\u2019obt\u00e9 la reacci\u00f3 desitjada sense que l\u2019objecte que es decora no pateixi cap conseq\u00fc\u00e8ncia perjudicial. Per acabar, es sotmet l\u2019objecte a un acabat a base d\u2019un tractament mec\u00e0nic, que alhora que el poleix, n\u2019elimina tots els residus que, formats en el proc\u00e9s anterior, no s\u2019han adherit al material b\u00e0sic. En aquest proc\u00e9s, les sals met\u00e0l\u00b7liques han esdevinguts \u00f2xids o carbonats que s\u2019han fos amb el fang i li atorguen una qualitat especial.\u00bb<\/p>\n\n\n\n<p><strong>Bibliografia: <\/strong>Vell i Nou 15-05-1916, p. 9 (reprod.); Vell i Nou 15-08-1917 i 01-09-1917; Frederic Marc\u00f3 1993; F\u00e0brega 1994; Comadira\/Tarr\u00fas 1996; sobre el llegat: V\u00e9lez 2011.<\/p>\n<\/div>\n<\/div>\n","protected":false},"featured_media":37295,"template":"","ubicacio":[405],"tecnica":[2213],"classificacio":[413],"autor":[1936],"class_list":["post-23572","obra","type-obra","status-publish","has-post-thumbnail","hentry","ubicacio-reial-academia-catalana-de-belles-arts-de-sant-jordi","tecnica-argerata","classificacio-escultura","autor-aguilar-marco-fidel"],"acf":[],"_links":{"self":[{"href":"https:\/\/www.racba.org\/en\/wp-json\/wp\/v2\/obra\/23572","targetHints":{"allow":["GET"]}}],"collection":[{"href":"https:\/\/www.racba.org\/en\/wp-json\/wp\/v2\/obra"}],"about":[{"href":"https:\/\/www.racba.org\/en\/wp-json\/wp\/v2\/types\/obra"}],"wp:featuredmedia":[{"embeddable":true,"href":"https:\/\/www.racba.org\/en\/wp-json\/wp\/v2\/media\/37295"}],"wp:attachment":[{"href":"https:\/\/www.racba.org\/en\/wp-json\/wp\/v2\/media?parent=23572"}],"wp:term":[{"taxonomy":"ubicacio","embeddable":true,"href":"https:\/\/www.racba.org\/en\/wp-json\/wp\/v2\/ubicacio?post=23572"},{"taxonomy":"tecnica","embeddable":true,"href":"https:\/\/www.racba.org\/en\/wp-json\/wp\/v2\/tecnica?post=23572"},{"taxonomy":"classificacio","embeddable":true,"href":"https:\/\/www.racba.org\/en\/wp-json\/wp\/v2\/classificacio?post=23572"},{"taxonomy":"autor","embeddable":true,"href":"https:\/\/www.racba.org\/en\/wp-json\/wp\/v2\/autor?post=23572"}],"curies":[{"name":"wp","href":"https:\/\/api.w.org\/{rel}","templated":true}]}}