{"id":24727,"date":"2023-01-12T23:53:40","date_gmt":"2023-01-12T22:53:40","guid":{"rendered":"http:\/\/novaweb.racba.org\/obra\/retrat-de-manuel-mila-i-fontanals\/"},"modified":"2023-01-12T23:53:40","modified_gmt":"2023-01-12T22:53:40","slug":"retrat-de-manuel-mila-i-fontanals","status":"publish","type":"obra","link":"https:\/\/www.racba.org\/en\/obra\/retrat-de-manuel-mila-i-fontanals\/","title":{"rendered":"Retrat de Manuel Mil\u00e0 i Fontanals"},"content":{"rendered":"<p>Donaci\u00f3 de Manuel Fux\u00e0 a l\u2019Acad\u00e8mia l\u2019any 1921.<br \/>\nManuel Fux\u00e0 fou membre d\u2019aquesta Acad\u00e8mia des del 7 de juny del 1903 i director de l\u2019Escola de Llotja del 1911 al 1920.<br \/>\nLa versi\u00f3 en marbre d\u2019aquest retrat \u00e9s al paranimf de la Universitat de Barcelona i el pag\u00e0 el professorat amb motiu de la commemoraci\u00f3 del vint-i-cinqu\u00e8 aniversari de la mort de Manuel Mil\u00e0 -que s\u2019avan\u00e7\u00e0 un any, car Mil\u00e0 havia mort el 1884-. Dins d\u2019aquesta mateixa celebraci\u00f3 se\u2019n col.loc\u00e0 un altre al Parc de la Ciutadella -on s\u2019inaugur\u00e0 el 7 de maig del 1908-. Es realitz\u00e0 com a homenatge amb motiu del Cinquantenari de la Restauraci\u00f3 dels Jocs Florals de Barcelona. Manuel Fux\u00e0 fou tamb\u00e9 l\u2019autor d\u2019un altre bust de Mil\u00e0 per al monument que la Comissi\u00f3 del Homenatge a Manuel Mil\u00e0, presidida per Felip Bertran d\u2019Amat i creada el 1909, volia dedicar-li a Vilafranca del Pened\u00e8s, la seva vila nadiua. Es f\u00e9u un concurs p\u00fablic, que result\u00e0 molt conflictiu. El guany\u00e0 Enric Monserd\u00e0 Vidal, amb escultures d\u2019Eusebi Arnau, per\u00f2 finalment el bust de Mil\u00e0 va executar-lo Fux\u00e0. El monument s\u2019inaugur\u00e0 el 30 d\u2019agost del 1912.<\/p>\n","protected":false},"featured_media":20728,"template":"","ubicacio":[405],"tecnica":[1616],"classificacio":[413],"autor":[1950],"class_list":["post-24727","obra","type-obra","status-publish","has-post-thumbnail","hentry","ubicacio-reial-academia-catalana-de-belles-arts-de-sant-jordi","tecnica-guix","classificacio-escultura","autor-fuxa-leal-manuel"],"acf":[],"_links":{"self":[{"href":"https:\/\/www.racba.org\/en\/wp-json\/wp\/v2\/obra\/24727","targetHints":{"allow":["GET"]}}],"collection":[{"href":"https:\/\/www.racba.org\/en\/wp-json\/wp\/v2\/obra"}],"about":[{"href":"https:\/\/www.racba.org\/en\/wp-json\/wp\/v2\/types\/obra"}],"wp:featuredmedia":[{"embeddable":true,"href":"https:\/\/www.racba.org\/en\/wp-json\/wp\/v2\/media\/20728"}],"wp:attachment":[{"href":"https:\/\/www.racba.org\/en\/wp-json\/wp\/v2\/media?parent=24727"}],"wp:term":[{"taxonomy":"ubicacio","embeddable":true,"href":"https:\/\/www.racba.org\/en\/wp-json\/wp\/v2\/ubicacio?post=24727"},{"taxonomy":"tecnica","embeddable":true,"href":"https:\/\/www.racba.org\/en\/wp-json\/wp\/v2\/tecnica?post=24727"},{"taxonomy":"classificacio","embeddable":true,"href":"https:\/\/www.racba.org\/en\/wp-json\/wp\/v2\/classificacio?post=24727"},{"taxonomy":"autor","embeddable":true,"href":"https:\/\/www.racba.org\/en\/wp-json\/wp\/v2\/autor?post=24727"}],"curies":[{"name":"wp","href":"https:\/\/api.w.org\/{rel}","templated":true}]}}