{"id":24728,"date":"2023-01-12T23:53:40","date_gmt":"2023-01-12T22:53:40","guid":{"rendered":"http:\/\/novaweb.racba.org\/obra\/retrat-de-victor-balaguer\/"},"modified":"2023-01-12T23:53:40","modified_gmt":"2023-01-12T22:53:40","slug":"retrat-de-victor-balaguer","status":"publish","type":"obra","link":"https:\/\/www.racba.org\/en\/obra\/retrat-de-victor-balaguer\/","title":{"rendered":"Retrat de V\u00edctor Balaguer"},"content":{"rendered":"<p>Aquest retrat forma part de la s\u00e8rie de busts de literats que foren promoguts per Francesc Matheu a trav\u00e9s de la revista La Ilustraci\u00f3 Catalana, que foren col\u00b7locats al Parc de la Ciutadella al llarg d\u2019un seguit d\u2019anys en els actes de cloenda de les cerim\u00f2nies dels Jocs Florals. Probablement devia ser una donaci\u00f3 del mateix escultor a l\u2019Acad\u00e8mia.<br \/>\nManuel Fux\u00e0 fou membre d\u2019aquesta acad\u00e8mia des del 7 de juny del 1903 i director de l\u2019Escola de Llotja del 1911 al 1920.<br \/>\nLa versi\u00f3 en marbre d\u2019aquest retrat \u00e9s al Parc de la Ciutadella. El peu que all\u00ed el sost\u00e9, una columna j\u00f2nica, \u00e9s obra de l&#8217;arquitecte Josep Puig i Cadafalch.<\/p>\n","protected":false},"featured_media":20732,"template":"","ubicacio":[405],"tecnica":[1616],"classificacio":[413],"autor":[1950],"class_list":["post-24728","obra","type-obra","status-publish","has-post-thumbnail","hentry","ubicacio-reial-academia-catalana-de-belles-arts-de-sant-jordi","tecnica-guix","classificacio-escultura","autor-fuxa-leal-manuel"],"acf":[],"_links":{"self":[{"href":"https:\/\/www.racba.org\/en\/wp-json\/wp\/v2\/obra\/24728","targetHints":{"allow":["GET"]}}],"collection":[{"href":"https:\/\/www.racba.org\/en\/wp-json\/wp\/v2\/obra"}],"about":[{"href":"https:\/\/www.racba.org\/en\/wp-json\/wp\/v2\/types\/obra"}],"wp:featuredmedia":[{"embeddable":true,"href":"https:\/\/www.racba.org\/en\/wp-json\/wp\/v2\/media\/20732"}],"wp:attachment":[{"href":"https:\/\/www.racba.org\/en\/wp-json\/wp\/v2\/media?parent=24728"}],"wp:term":[{"taxonomy":"ubicacio","embeddable":true,"href":"https:\/\/www.racba.org\/en\/wp-json\/wp\/v2\/ubicacio?post=24728"},{"taxonomy":"tecnica","embeddable":true,"href":"https:\/\/www.racba.org\/en\/wp-json\/wp\/v2\/tecnica?post=24728"},{"taxonomy":"classificacio","embeddable":true,"href":"https:\/\/www.racba.org\/en\/wp-json\/wp\/v2\/classificacio?post=24728"},{"taxonomy":"autor","embeddable":true,"href":"https:\/\/www.racba.org\/en\/wp-json\/wp\/v2\/autor?post=24728"}],"curies":[{"name":"wp","href":"https:\/\/api.w.org\/{rel}","templated":true}]}}