{"id":24788,"date":"2023-01-12T23:54:34","date_gmt":"2023-01-12T22:54:34","guid":{"rendered":"http:\/\/novaweb.racba.org\/obra\/monument-a-mossen-cinto-verdaguer\/"},"modified":"2023-01-12T23:54:34","modified_gmt":"2023-01-12T22:54:34","slug":"monument-a-mossen-cinto-verdaguer","status":"publish","type":"obra","link":"https:\/\/www.racba.org\/en\/obra\/monument-a-mossen-cinto-verdaguer\/","title":{"rendered":"Monument a Moss\u00e8n Cinto Verdaguer"},"content":{"rendered":"<p>Inscripcions: \u201cMonument al Poeta Mosen\/Jacinto Verdaguer \u201cPoesia Mistica\u201d\/Miguel Osl\u00e9\u201d (a l\u2019ang. inf. dret); \u201cREAL CIRCULO AR&#8230;\/ &#8230;POSICION PRO-HO&#8230;\/ AUTOR&#8230;Miguel Osl\u00e9\/ TITULO&#8230;Poes\u00eda m\u00edstica\/ MEDIDAS&#8230;90 x &#8230;\/ PROCEDIMIENTO&#8230;\u201d (impr\u00e9s i a tinta, en etiqueta esquin\u00e7ada del Reial Cercle Art\u00edstic enganxada al dors).<br \/>\nProced\u00e8ncia: donaci\u00f3 del Sr. Jordi Bonet Armengol, president de l&#8217;Acad\u00e8mia, que n\u2019era el propietari car l\u2019escultor mateix l\u2019hi havia regalat al seu pare, l\u2019arquitecte Llu\u00eds Bonet i Gar\u00ed.<br \/>\nData d&#8217;ingr\u00e9s: Febrer de 1999.<br \/>\nExposicions: Barcelona, Exposici\u00f3n de Pintura y Escultura Pro-hospitales, Reial Cercle Art\u00edstic, 1949, n\u00fam. 198.<br \/>\nDocumentaci\u00f3: Actes Sessi\u00f3 Plen\u00e0ria Ordin\u00e0ria de 17 de mar\u00e7 de 1999.<br \/>\nBibliografia: BIBLIOTECA D\u2019ART \u201cVELL I NOU\u201d [1921]; ELIAS 1928, p. 154 i l\u00e0m. XII; CAT. EXPO. PRO-HOSPITALES 1949, n\u00fam. 198, p. s\/n; R\u00c0FOLS 1953, II, p. 868 (fa refer\u00e8ncia al monument de Moss\u00e8n Cinto); SUBIRACHS 1986, p. 33,55,56 (reprodueix el relleu definitiu) i 137.<br \/>\nCAT. ESCULTURA 2001, p. 58 (reprod.).<br \/>\nObservacions: \u00e9s el projecte d\u2019un dels relleus del monument a Moss\u00e8n Cinto, obra de l\u2019arquitecte Josep M. Pericas, que fou el guanyador del concurs convocat per l\u2019Ajuntament de Barcelona, en qu\u00e8 col\u2022laboraren com a escultors Joan Borrell i Nicolau, que f\u00e9u l\u2019est\u00e0tua principal, i els germans Miquel i Lluci\u00e0 Osl\u00e8, que foren els autors dels relleus i de les figures al\u2022leg\u00f2riques de la poesia \u00e8pica, m\u00edstica i popular.<\/p>\n","protected":false},"featured_media":20950,"template":"","ubicacio":[405],"tecnica":[1630],"classificacio":[413],"autor":[1961],"class_list":["post-24788","obra","type-obra","status-publish","has-post-thumbnail","hentry","ubicacio-reial-academia-catalana-de-belles-arts-de-sant-jordi","tecnica-terracota","classificacio-escultura","autor-osle-i-saenz-de-medrano-miquel"],"acf":[],"_links":{"self":[{"href":"https:\/\/www.racba.org\/en\/wp-json\/wp\/v2\/obra\/24788","targetHints":{"allow":["GET"]}}],"collection":[{"href":"https:\/\/www.racba.org\/en\/wp-json\/wp\/v2\/obra"}],"about":[{"href":"https:\/\/www.racba.org\/en\/wp-json\/wp\/v2\/types\/obra"}],"wp:featuredmedia":[{"embeddable":true,"href":"https:\/\/www.racba.org\/en\/wp-json\/wp\/v2\/media\/20950"}],"wp:attachment":[{"href":"https:\/\/www.racba.org\/en\/wp-json\/wp\/v2\/media?parent=24788"}],"wp:term":[{"taxonomy":"ubicacio","embeddable":true,"href":"https:\/\/www.racba.org\/en\/wp-json\/wp\/v2\/ubicacio?post=24788"},{"taxonomy":"tecnica","embeddable":true,"href":"https:\/\/www.racba.org\/en\/wp-json\/wp\/v2\/tecnica?post=24788"},{"taxonomy":"classificacio","embeddable":true,"href":"https:\/\/www.racba.org\/en\/wp-json\/wp\/v2\/classificacio?post=24788"},{"taxonomy":"autor","embeddable":true,"href":"https:\/\/www.racba.org\/en\/wp-json\/wp\/v2\/autor?post=24788"}],"curies":[{"name":"wp","href":"https:\/\/api.w.org\/{rel}","templated":true}]}}