{"id":24806,"date":"2023-01-12T23:54:45","date_gmt":"2023-01-12T22:54:45","guid":{"rendered":"http:\/\/novaweb.racba.org\/obra\/carrer-ample-barcelona\/"},"modified":"2023-01-12T23:54:45","modified_gmt":"2023-01-12T22:54:45","slug":"carrer-ample-barcelona","status":"publish","type":"obra","link":"https:\/\/www.racba.org\/en\/obra\/carrer-ample-barcelona\/","title":{"rendered":"Carrer Ample (Barcelona)"},"content":{"rendered":"<p>Inscripcions: \u201cBarna Calle Ancha.\/Abril 1867\u201d (a tinta, a l\u2019ang. inf. esq.).<br \/>\nProced\u00e8ncia: Llegat de l\u2019autor (Arxiu RACBASJ, Carta de Llu\u00eds Rigalt a Andreu de Ferran i Francesc Miquel i Badia).<br \/>\nData ingr\u00e9s: 22 d\u2019abril de 1894 (Arxiu RACBASJ, Acta de la Sessi\u00f3 Plen\u00e0ria de 22 d\u2019abril de 1894).<br \/>\nRestauracions: Restaurat per l\u2019Estudi B 2 el 1998.<br \/>\nExposicions: VIRREINA 1956 (sense cat\u00e0leg); LLOTJA 1986; VISTES BARCELONA 1998, n\u00fam. 32.<br \/>\nBibliografia: CAT. OLL\u00c9 PINELL 1956, p. 17, n\u00fam. 3 i l\u00e0m. 15; VIRREINA 1956, p. 33 (reprod.); CAT. EXPO. LLOTJA 1986, p. 234; CAT. EXPO. RETRAT DE BARCELONA 1995, vol. I, p. 219, n\u00fam. 269 (reprod.); CAT. EXPO. VISTES BARCELONA 1998, p. 39, n\u00fam. 32 (reprod.); CAT. DUR\u00c1 2002, p. 31.<br \/>\nObservacions: Aquesta vista del carrer Ample est\u00e0 agafada des del seu comen\u00e7ament, just a la cantonada on acaba el carrer Josep Anselm Clav\u00e9, que fins al 1916 es digu\u00e9 carrer del Dormitori de Sant Francesc. Aquest \u00e9s un altre brillant exercici de perspectiva i de contrastos lluminosos, en qu\u00e8 l\u2019artista ens mostra, en un primer pla a la dreta, la pla\u00e7a del Duc de Medinaceli i el Palau del Comte de Santa Coloma. Aquest carrer llarg i giragonsejant, encara que ens pugui sorprendre per la seva estretor, quan fou urbanitzat era el carrer m\u00e9s ample de Barcelona i esdevingu\u00e9 la via principal de la ciutat al segle XVI. Abans de l\u2019obertura de la Via Laietana i de la construcci\u00f3 de l\u2019edifici de Correus, el carrer arribava fins al dels Agullers, per\u00f2 en l\u2019actualitat acaba al carrer de la Fusteria. Si comparem la imatge de Rigalt amb l\u2019actual, hi trobem tamb\u00e9 una semblan\u00e7a sorprenent. No ha canviat gaire, i fins al balc\u00f3 que fa cantonada en primer pla a l\u2019esquerra es pot veure avui pr\u00e0cticament igual. Va estar dipositat al Museu d\u2019Hist\u00f2ria de la Ciutat de Barcelona entre el juny de 1991 i el desembre de 1993.<\/p>\n","protected":false},"featured_media":21031,"template":"","ubicacio":[405],"tecnica":[2302],"classificacio":[408],"autor":[1727],"class_list":["post-24806","obra","type-obra","status-publish","has-post-thumbnail","hentry","ubicacio-reial-academia-catalana-de-belles-arts-de-sant-jordi","tecnica-llapis-tinta-negra-i-aiguada-gris-i-sepia-sobre-paper","classificacio-dibuix","autor-rigalt-i-farriols-lluis"],"acf":[],"_links":{"self":[{"href":"https:\/\/www.racba.org\/en\/wp-json\/wp\/v2\/obra\/24806","targetHints":{"allow":["GET"]}}],"collection":[{"href":"https:\/\/www.racba.org\/en\/wp-json\/wp\/v2\/obra"}],"about":[{"href":"https:\/\/www.racba.org\/en\/wp-json\/wp\/v2\/types\/obra"}],"wp:featuredmedia":[{"embeddable":true,"href":"https:\/\/www.racba.org\/en\/wp-json\/wp\/v2\/media\/21031"}],"wp:attachment":[{"href":"https:\/\/www.racba.org\/en\/wp-json\/wp\/v2\/media?parent=24806"}],"wp:term":[{"taxonomy":"ubicacio","embeddable":true,"href":"https:\/\/www.racba.org\/en\/wp-json\/wp\/v2\/ubicacio?post=24806"},{"taxonomy":"tecnica","embeddable":true,"href":"https:\/\/www.racba.org\/en\/wp-json\/wp\/v2\/tecnica?post=24806"},{"taxonomy":"classificacio","embeddable":true,"href":"https:\/\/www.racba.org\/en\/wp-json\/wp\/v2\/classificacio?post=24806"},{"taxonomy":"autor","embeddable":true,"href":"https:\/\/www.racba.org\/en\/wp-json\/wp\/v2\/autor?post=24806"}],"curies":[{"name":"wp","href":"https:\/\/api.w.org\/{rel}","templated":true}]}}