{"id":34367,"date":"2025-02-07T13:27:05","date_gmt":"2025-02-07T12:27:05","guid":{"rendered":"https:\/\/www.racba.org\/?post_type=obra&#038;p=34367"},"modified":"2025-02-12T12:50:11","modified_gmt":"2025-02-12T11:50:11","slug":"crist-a-la-columna","status":"publish","type":"obra","link":"https:\/\/www.racba.org\/en\/obra\/crist-a-la-columna\/","title":{"rendered":"Crist a la columna"},"content":{"rendered":"\n<div class=\"wp-block-group is-vertical is-layout-flex wp-container-core-group-is-layout-8cf370e7 wp-block-group-is-layout-flex\">\n<p><strong>Inventari general: <\/strong>4720 E<\/p>\n\n\n\n<p><strong>Proced\u00e8ncia<\/strong>: Col\u00b7lecci\u00f3 particular de Maria Llu\u00efsa Granero. Adquirida pel seu marit, Enric Galcer\u00e0, al mercat dels Encants de Barcelona entorn del 1950. Donaci\u00f3 a la RACBASJ. Dipositada i retornada pel Museu Frederic Mar\u00e8s.<\/p>\n\n\n\n<p><strong>Data d\u2019ingr\u00e9s:<\/strong> 26 d\u2019abril de 2022<\/p>\n\n\n\n<p><strong>Signatura: <\/strong>No en t\u00e9.<\/p>\n\n\n\n<p><strong>Inscripcions: <\/strong>No en t\u00e9.<\/p>\n\n\n\n<p><strong>Estat de conservaci\u00f3 de l\u2019obra:<\/strong> Segons l\u2019informe em\u00e8s pel Museu Frederic Mar\u00e8s, la pe\u00e7a es troba en bon estat de conservaci\u00f3. Presenta diverses fissures d\u2019origen (cocci\u00f3 del fang?), aix\u00ed com la p\u00e8rdua del dit petit de la m\u00e0 dreta del Crist. T\u00e9 diverses taques, esquitxades i brut\u00edcia superficial.<\/p>\n\n\n\n<p><strong>Restauracions:<\/strong> La pe\u00e7a va ser restaurada el 2022 per l\u2019acad\u00e8mic de n\u00famero Francesc Fajula i Pellicer.<\/p>\n\n\n\n<p><strong>Observacions: <\/strong>Sembla un model previ a una obra definitiva o, simplement, una pe\u00e7a d\u2019estudi.<\/p>\n<\/div>\n","protected":false},"featured_media":34368,"template":"","ubicacio":[405],"tecnica":[1630],"classificacio":[413],"autor":[2044],"class_list":["post-34367","obra","type-obra","status-publish","has-post-thumbnail","hentry","ubicacio-reial-academia-catalana-de-belles-arts-de-sant-jordi","tecnica-terracota","classificacio-escultura","autor-anonim"],"acf":[],"_links":{"self":[{"href":"https:\/\/www.racba.org\/en\/wp-json\/wp\/v2\/obra\/34367","targetHints":{"allow":["GET"]}}],"collection":[{"href":"https:\/\/www.racba.org\/en\/wp-json\/wp\/v2\/obra"}],"about":[{"href":"https:\/\/www.racba.org\/en\/wp-json\/wp\/v2\/types\/obra"}],"wp:featuredmedia":[{"embeddable":true,"href":"https:\/\/www.racba.org\/en\/wp-json\/wp\/v2\/media\/34368"}],"wp:attachment":[{"href":"https:\/\/www.racba.org\/en\/wp-json\/wp\/v2\/media?parent=34367"}],"wp:term":[{"taxonomy":"ubicacio","embeddable":true,"href":"https:\/\/www.racba.org\/en\/wp-json\/wp\/v2\/ubicacio?post=34367"},{"taxonomy":"tecnica","embeddable":true,"href":"https:\/\/www.racba.org\/en\/wp-json\/wp\/v2\/tecnica?post=34367"},{"taxonomy":"classificacio","embeddable":true,"href":"https:\/\/www.racba.org\/en\/wp-json\/wp\/v2\/classificacio?post=34367"},{"taxonomy":"autor","embeddable":true,"href":"https:\/\/www.racba.org\/en\/wp-json\/wp\/v2\/autor?post=34367"}],"curies":[{"name":"wp","href":"https:\/\/api.w.org\/{rel}","templated":true}]}}