{"id":35415,"date":"2025-07-28T10:38:17","date_gmt":"2025-07-28T08:38:17","guid":{"rendered":"https:\/\/www.racba.org\/?post_type=obra&#038;p=35415"},"modified":"2025-07-28T14:50:30","modified_gmt":"2025-07-28T12:50:30","slug":"gerardo-abad-conde","status":"publish","type":"obra","link":"https:\/\/www.racba.org\/en\/obra\/gerardo-abad-conde\/","title":{"rendered":"Gerardo Abad Conde (1881-1936)"},"content":{"rendered":"\n<div class=\"wp-block-group is-vertical is-layout-flex wp-container-core-group-is-layout-8cf370e7 wp-block-group-is-layout-flex\">\n<p><strong>Inventari<\/strong>: Ba001<\/p>\n\n\n\n<p><strong>Cognom\/T\u00edtol\/Descripci\u00f3<\/strong>: Abad Conde<\/p>\n\n\n\n<p><strong>Nom\/Pa\u00eds<\/strong>: Gerardo<\/p>\n\n\n\n<p><strong>\u00c0rea Geografia<\/strong>: Desconeguda.<\/p>\n\n\n\n<p><strong>Inscripcions<\/strong>: En un paper enganxat al revers de la fotografia: &#8220;ABAD CONDE, Gerardo\/Diputado Cortes Constituyentes\/1931&#8221; (a llapis).<\/p>\n\n\n\n<p><strong>Data \/ \u00c8poca<\/strong>: 1931 c.&nbsp;&nbsp;&nbsp;&nbsp;&nbsp;&nbsp;&nbsp;&nbsp;&nbsp;&nbsp;&nbsp;&nbsp;&nbsp;&nbsp;&nbsp;&nbsp;&nbsp;&nbsp;&nbsp; <\/p>\n\n\n\n<p><strong>Data publ\/N\u00fam.<\/strong>: 1931 c.&nbsp;&nbsp;&nbsp;&nbsp;&nbsp;&nbsp;&nbsp;&nbsp;&nbsp;&nbsp;&nbsp;&nbsp;&nbsp;&nbsp;&nbsp;&nbsp;&nbsp;&nbsp;&nbsp;&nbsp;&nbsp;&nbsp;&nbsp;&nbsp;&nbsp;&nbsp;&nbsp;&nbsp;&nbsp;&nbsp;&nbsp;&nbsp;&nbsp;&nbsp;&nbsp;&nbsp;&nbsp;&nbsp;&nbsp;&nbsp;&nbsp;&nbsp;&nbsp;&nbsp;&nbsp;&nbsp;&nbsp;&nbsp;&nbsp;&nbsp;<\/p>\n\n\n\n<p><strong>Fot\u00f2graf\/ autor\/a<\/strong>: No consta<\/p>\n\n\n\n<p><strong>T\u00e8cnica\/material<\/strong>: Fotografia ; gelatina i plata ; blanc i negre. Vertical. Positiu.<\/p>\n\n\n\n<p><strong>Suport<\/strong>: Paper fotogr\u00e0fic.&nbsp;&nbsp;&nbsp;&nbsp;&nbsp;&nbsp;&nbsp;&nbsp;&nbsp;&nbsp;&nbsp;&nbsp;&nbsp;&nbsp;&nbsp;&nbsp;&nbsp;&nbsp;&nbsp;&nbsp;&nbsp;&nbsp;&nbsp;&nbsp;&nbsp;&nbsp;&nbsp;&nbsp;&nbsp;&nbsp;&nbsp;&nbsp;&nbsp;&nbsp;&nbsp;&nbsp;&nbsp;&nbsp;<\/p>\n\n\n\n<p><strong>Estat de conservaci\u00f3<\/strong>: La fotografia presenta taques d&#8217;humitat.<\/p>\n\n\n\n<p><strong>Observacions\/ descripci\u00f3 \/ hist\u00f2ria-context<\/strong>: Fotografia enganxada parcialment a un paper suport de major grand\u00e0ria de color ocre. Abad Conde nasqu\u00e9 a Corunya el 8 d&#8217;agost de 1881 i mor\u00ed a Madrid el 10 de setembre de 1936. Una figura rellevant en el camp de l\u2019advocacia i la pol\u00edtica, va ser ministre de Marina durant la Segona Rep\u00fablica Espanyola.<\/p>\n\n\n\n<p>Es va llicenciar en Dret i va exercir com a advocat a la Corunya, ocupant a m\u00e9s la c\u00e0tedra de Legislaci\u00f3 Mercantil i Legislaci\u00f3 Mar\u00edtima a l&#8217;Escola de Comer\u00e7 d&#8217;aquesta ciutat i en la de Vigo. A m\u00e9s, va ser director de l&#8217;Escola N\u00e0utica Pol\u00edticament, va pert\u00e0nyer primerament al Partit Republic\u00e0 Aut\u00f2nom de Coru\u00f1a, del que va ser secretari en 1908, i, en la segona d\u00e8cada del segle XX, es va integrar en el Partit Republic\u00e0 Radical d&#8217;Alejandro Lerroux (1864-1849). Va ser regidor de la Corunya en diverses legislatures, ocupant l&#8217;ajuntament entre els anys 1918-1919. Va participar, en 1930, en el Pacte de Lestrove. Amb l&#8217;arribada de la Segona Rep\u00fablica va ser nomenat sotssecretari del Ministeri de Comunicacions. A les eleccions generals espanyoles de 1931 es presenta per la Corunya, per\u00f2 no resulta escolli; no obstant aix\u00f2, en la repetici\u00f3 de les eleccions a Lugo, uns mesos despr\u00e9s, sort\u00ed com a diputat per aquesta prov\u00edncia.<\/p>\n\n\n\n<p><strong>Personatges<\/strong>:<strong> <\/strong>Gerardo Abad Conde (1881-1936).<\/p>\n\n\n\n<p><strong>Proced\u00e8ncia<\/strong>: Fons de la revista <em>La Hormiga de Oro<\/em>, RACBASJ.<\/p>\n<\/div>\n","protected":false},"featured_media":35429,"template":"","ubicacio":[405],"tecnica":[2926],"classificacio":[2907],"autor":[2011],"class_list":["post-35415","obra","type-obra","status-publish","has-post-thumbnail","hentry","ubicacio-reial-academia-catalana-de-belles-arts-de-sant-jordi","tecnica-gelatina-i-plata","classificacio-fotografia","autor-anonim-1a-meitat-segle-xx"],"acf":[],"_links":{"self":[{"href":"https:\/\/www.racba.org\/en\/wp-json\/wp\/v2\/obra\/35415","targetHints":{"allow":["GET"]}}],"collection":[{"href":"https:\/\/www.racba.org\/en\/wp-json\/wp\/v2\/obra"}],"about":[{"href":"https:\/\/www.racba.org\/en\/wp-json\/wp\/v2\/types\/obra"}],"wp:featuredmedia":[{"embeddable":true,"href":"https:\/\/www.racba.org\/en\/wp-json\/wp\/v2\/media\/35429"}],"wp:attachment":[{"href":"https:\/\/www.racba.org\/en\/wp-json\/wp\/v2\/media?parent=35415"}],"wp:term":[{"taxonomy":"ubicacio","embeddable":true,"href":"https:\/\/www.racba.org\/en\/wp-json\/wp\/v2\/ubicacio?post=35415"},{"taxonomy":"tecnica","embeddable":true,"href":"https:\/\/www.racba.org\/en\/wp-json\/wp\/v2\/tecnica?post=35415"},{"taxonomy":"classificacio","embeddable":true,"href":"https:\/\/www.racba.org\/en\/wp-json\/wp\/v2\/classificacio?post=35415"},{"taxonomy":"autor","embeddable":true,"href":"https:\/\/www.racba.org\/en\/wp-json\/wp\/v2\/autor?post=35415"}],"curies":[{"name":"wp","href":"https:\/\/api.w.org\/{rel}","templated":true}]}}