{"id":37352,"date":"2026-03-16T12:47:26","date_gmt":"2026-03-16T11:47:26","guid":{"rendered":"https:\/\/www.racba.org\/?post_type=obra&#038;p=37352"},"modified":"2026-03-16T12:50:45","modified_gmt":"2026-03-16T11:50:45","slug":"diploma-dingres-de-vicent-rodes-com-a-soci-corresponent-de-la-la-sociedad-patriotica-del-fomento-de-la-ilustracion","status":"publish","type":"obra","link":"https:\/\/www.racba.org\/en\/obra\/diploma-dingres-de-vicent-rodes-com-a-soci-corresponent-de-la-la-sociedad-patriotica-del-fomento-de-la-ilustracion\/","title":{"rendered":"Diploma d\u2019ingr\u00e9s de Vicent Rodes com a soci corresponent de la \u00abLa Sociedad Patri\u00f3tica del Fomento de la Ilustraci\u00f3n\u00bb"},"content":{"rendered":"\n<div class=\"wp-block-group is-vertical is-layout-flex wp-container-core-group-is-layout-8cf370e7 wp-block-group-is-layout-flex\">\n<div class=\"wp-block-group is-vertical is-layout-flex wp-container-core-group-is-layout-8cf370e7 wp-block-group-is-layout-flex\">\n<p><strong>Inventari general: <\/strong>11030 G<\/p>\n\n\n\n<p><strong>Proced\u00e8ncia: <\/strong>Donaci\u00f3 d\u2019Enric Oliv\u00e9 i Serret, acad\u00e8mic corresponent per Tarragona, i de la seva esposa Sra. Maria Rosa Elias Arcalis.<\/p>\n\n\n\n<p><strong>Data d\u2019ingr\u00e9s: <\/strong>17 de novembre de 2025.<\/p>\n\n\n\n<p><strong>Inscripcions: <\/strong>Al motiu decoratiu que figura a la part superior central de l\u2019estampa, dins de la representaci\u00f3 d\u2019un llibre obert, es pot llegir: \u00abCONSTITUCI\u00d3N | ART 5\u00ba. | Todos los Espa | \u00f1oles son admi- |sibles a los empleos y cargos | p\u00fablicos, seg\u00fan su merito y | capacidad\u00bb.<\/p>\n\n\n\n<p>El text gravat i en algunes ocasions manuscrit: \u00abLA SOCIEDAD PATRIOTICA | DEL FOMENTO DE LA ILUSTRACI\u00d3N | ha nombrado socio <em>correspondiente <\/em>[escrit a m\u00e0, amb tinta de color negre] \u00e0 D. <em>Jose Rodes y Aries <\/em>[escrit a m\u00e0, amb tinta de color negre] | Reus <em>4 <\/em>[escrit a m\u00e0, amb tinta de color s\u00e8pia] de <em>Mayo <\/em>[escrit a m\u00e0, amb tinta de color s\u00e8pia] de 184 <em>7 <\/em>[escrit a m\u00e0, amb tinta de color s\u00e8pia] | EL PRESIDENTE. | Bern \u201c do Torroja [signat a m\u00e0, amb tinta de color s\u00e8pia] | El Secretario. | Buenav. ra Llobet [escrit a m\u00e0, amb tinta de color negre]\u00bb.<\/p>\n\n\n\n<p><strong>Estat de conservaci\u00f3: <\/strong>Bo. El paper est\u00e0 una mica brut i ondulat.<\/p>\n\n\n\n<p><strong>Observacions: <\/strong>\u00c9s el diploma d\u2019ingr\u00e9s de Vicent Rodes a la Sociedad Patri\u00f3tica del Fomento de la Ilustraci\u00f3n. No s\u2019ha trobat informaci\u00f3 concreta sobre aquesta associaci\u00f3, per\u00f2 s\u00ed que se sap que hi havia d\u2019altres amb la mateixa missi\u00f3. Com la que es va fundar a Barcelona l\u2019any 1837 que, amb l\u2019objectiu de garantir una educaci\u00f3 de qualitat, va posar en marxa iniciatives com la creaci\u00f3 de l\u2019Institut Barcelon\u00e8s, un centre d\u2019escolaritzaci\u00f3 que buscava ser l\u2019avantguarda del seu moment. Crida l\u2019atenci\u00f3 d\u2019aquesta estampa que el nom del soci sigui \u00abJose Rodes i Aries\u00bb i no \u00abVicent Rodes i Aries\u00bb. Se sap que el pare de l\u2019artista es deia Jos\u00e9 (Aries Herrero) i no hi ha confirmaci\u00f3 que Vicent tingu\u00e9s germans. Es creu en la hip\u00f2tesi que hi ha hagut una confusi\u00f3 a l\u2019hora d\u2019escriure el nom.<\/p>\n\n\n\n<p><strong>Bibliografia<\/strong>:<\/p>\n\n\n\n<ul class=\"wp-block-list\">\n<li>RODULFO, Eusebi (1837). <em>Discurso de inaguraci\u00f3n que, al hacerse la apertura solemne de la Sociedad de Fomento de la Ilustraci\u00f3n creada por el Escmo. Ayuntamiento Constitucional. <\/em>Barcelona: Impremta Antoni Begnes. Tamb\u00e9 disponible en l\u00ednia a: Google Books. <a href=\"https:\/\/books.google.cat\/books?vid=BNC:1001959470&amp;printsec=frontcover&amp;redir_%20esc=y#v=onepage&amp;q&amp;f=false\">https:\/\/books.google.cat\/books?vid=BNC:1001959470&amp;printsec=frontcover&amp;redir_ esc=y#v=onepage&amp;q&amp;f=false<\/a> [Consulta: 24-11-2025].<\/li>\n\n\n\n<li>PASCUAL GARNER\u00cdA, S., T\u00c9BAR MARTINEZ, P. (2018). <em>Vicente Rodes Aries. El estudio del natural<\/em>. Alacant: Consorci dels Museus de la Generalitat Valenciana.<\/li>\n<\/ul>\n<\/div>\n<\/div>\n","protected":false},"featured_media":37353,"template":"","ubicacio":[405],"tecnica":[3029],"classificacio":[1653],"autor":[2044],"class_list":["post-37352","obra","type-obra","status-publish","has-post-thumbnail","hentry","ubicacio-reial-academia-catalana-de-belles-arts-de-sant-jordi","tecnica-gravat-calcografic-sobre-paper","classificacio-estampa","autor-anonim"],"acf":[],"_links":{"self":[{"href":"https:\/\/www.racba.org\/en\/wp-json\/wp\/v2\/obra\/37352","targetHints":{"allow":["GET"]}}],"collection":[{"href":"https:\/\/www.racba.org\/en\/wp-json\/wp\/v2\/obra"}],"about":[{"href":"https:\/\/www.racba.org\/en\/wp-json\/wp\/v2\/types\/obra"}],"wp:featuredmedia":[{"embeddable":true,"href":"https:\/\/www.racba.org\/en\/wp-json\/wp\/v2\/media\/37353"}],"wp:attachment":[{"href":"https:\/\/www.racba.org\/en\/wp-json\/wp\/v2\/media?parent=37352"}],"wp:term":[{"taxonomy":"ubicacio","embeddable":true,"href":"https:\/\/www.racba.org\/en\/wp-json\/wp\/v2\/ubicacio?post=37352"},{"taxonomy":"tecnica","embeddable":true,"href":"https:\/\/www.racba.org\/en\/wp-json\/wp\/v2\/tecnica?post=37352"},{"taxonomy":"classificacio","embeddable":true,"href":"https:\/\/www.racba.org\/en\/wp-json\/wp\/v2\/classificacio?post=37352"},{"taxonomy":"autor","embeddable":true,"href":"https:\/\/www.racba.org\/en\/wp-json\/wp\/v2\/autor?post=37352"}],"curies":[{"name":"wp","href":"https:\/\/api.w.org\/{rel}","templated":true}]}}