{"id":30729,"date":"2023-12-12T16:49:22","date_gmt":"2023-12-12T15:49:22","guid":{"rendered":"https:\/\/www.racba.org\/academic\/bonet-i-armengol-jordi-2\/"},"modified":"2023-12-12T16:49:22","modified_gmt":"2023-12-12T15:49:22","slug":"bonet-i-armengol-jordi","status":"publish","type":"academic","link":"https:\/\/www.racba.org\/es\/academic\/bonet-i-armengol-jordi\/","title":{"rendered":"Bonet i Armengol, Jordi"},"content":{"rendered":"<p>Barcelona, 1925-2022.<\/p>\n<p>Doctor arquitecto.<br \/>\nDiplomado en Housing Construction (USA, 1961).<br \/>\nComendador de la Orden de San Gregorio el Magno (1981).<br \/>\nArquitecto director y coordinador de las obras del Templo Expiatorio de la Sagrada Familia desde 1985.<br \/>\nAcad\u00e9mico de la Reial Acad\u00e8mia Catalana de Belles Arts de Sant Jordi desde el 18 de diciembre de 1985, en que fue aceptada la propuesta presentada por los acad\u00e9micos de n\u00famero \u00c0ngel F\u00e0brega Grau, Joan Antoni Maragall Noble, Frederic Mar\u00e8s Deulovol y Frederic Udina Martorell. Ingres\u00f3 el 22 de abril de 1987 con la lectura de su discurso \u00abL&#8217;arquitectura al servei de la m\u00fasica\u00bb.<br \/>\nPremio Ciutat de Barcelona &#8211; Restauraci\u00f3 (1987).<br \/>\nCruz de Sant Jordi de la Generalitat de Catalunya (1990).<br \/>\nMiembro de la Junta de Museus de Catalunya desde 1991.<br \/>\nPremio Dom\u00e8nech i Montaner del Institut d&#8217;Estudis Catalans (1999).<br \/>\nPatr\u00f3n de las Fundaciones Temple Expiatori de la Sagrada Fam\u00edlia (1968), Pau Casals (1986) y Orfe\u00f3 Gracienc (1990).<br \/>\nMiembro del Pontificium Consilium pro Laicis. Patr\u00f3n de la Fundaci\u00f3 Gala Salvador Dal\u00ed. Vice-Presidente de Omnium Cultural.<br \/>\nMiembro de la Societat Catalana d&#8217;Estudis Hist\u00f2rics i Ordenaci\u00f3 del Territori.<\/p>\n<p>Cargos que ha ocupado:<br \/>\n&#8211; Presidente de la Reial Acad\u00e8mia Catalana de Belles Arts de Sant Jordi desde el 21 de octubre de 1998.<br \/>\n&#8211; Director General del Patrimonio Cultural y Art\u00edstico de la Generalitat de Catalunya.<br \/>\n&#8211; Secretario General de la Conferencia Internacional Cat\u00f3lica de Escoltismo.<br \/>\n&#8211; Presidente del Movimento Scout Cat\u00f3lico de Espa\u00f1a.<br \/>\n&#8211; Presidente del Patronato de los monasterios de Sant Cugat del Vall\u00e8s, Sant Pere de Rodes y Santa Mar\u00eda de Vilabertr\u00e1n.<br \/>\n&#8211; Presidente del Patronato de los Museos de Solsona, Val d&#8217;Ar\u00e0n y Prat de la Riba de Castellter\u00e7ol.<br \/>\n&#8211; Vocal de la Comisi\u00f3n de Urbanismo de Catalu\u00f1a, de las Juntas del Orfe\u00f3 Catal\u00e0, Centre Excursionista de Catalunya, Col\u00b7legi Oficial d&#8217;Arquitectes de Catalunya i Balears, Conferencia de las Organizaciones Cat\u00f3licas Internacionales.<\/p>\n<p>Obras realizadas:<br \/>\n&#8211; Viviendas: Caixa Postal (Barcelona); La Cantonada (Barcelona); Cooperativa Viviendas Sagrat Cor de Jes\u00fas; Cooperativa de Viviendas Agrupaci\u00f3 de Joventut; Ben\u00e9fico Constructora Sant Medir (Barcelona); diversas casas unifamiliares en la Cerdanya, Maresme y Costa Brava.<br \/>\n&#8211; Oficinas: Aiscondel (Barcelona); Cr\u00e8dit Andorr\u00e0 (Andorra).<br \/>\n&#8211; Industrias: Perfumer\u00eda Puig (Barcelona); Perfumer\u00eda Dana (Granollers).<br \/>\n&#8211; Escuelas: Regina Carmeli y San Gregorio (Barcelona); Joan XXIII (Hostalets de Baleny\u00e0); Pompeu Fabra (Vilanova del Cam\u00ed).<br \/>\n&#8211; Hoteles y residencias: Hotel Moixer\u00f3 (La Cerdanya); Casal Bellesguard; Monasterio de San Mat\u00edas; Residencia del Milenario (Barcelona).<br \/>\n&#8211; Iglesias: Sant Medir (Barcelona); Mare de D\u00e9u de Montserrat (Badalona); La Forteza (Anoia); Les Escaldes (Andorra); Monasterio de Sant Benet (Montserrat).<br \/>\n&#8211; Auditorios: Pau Casals (El Vendrell); Orfe\u00f3 Gracienc (Barcelona); Municipal de Tortosa.<br \/>\n&#8211; Restauraciones: Departament d&#8217;Economia i Finances; Fundaci\u00f3 Enciclop\u00e8dia Catalana.<br \/>\n&#8211; Urbanismo: Diversos planes parciales y Plan General de Ordenaci\u00f3n de La Molina.<\/p>\n<p>Exposiciones: Gaud\u00ed (Par\u00eds, 1961); Mil\u00b7lenium (1988); Splendor Valles (1991).<\/p>\n<p>Publicaciones: \u00abL&#8217;arquitectura al servei de la m\u00fasica\u00bb (1986); \u00abTemple de la Sagrada Fam\u00edlia\u00bb (1992); \u00abL&#8217;\u00faltim Gaud\u00ed\u00bb (2000); \u00abL&#8217;aportaci\u00f3 cultural i cient\u00edfica de l&#8217;Institut d&#8217;Estudis Catalans, 1907-1997\u00bb (2001); \u00abL&#8217;architettura consacrata di Antonio Gaud\u00ed. La Sagrada Familia de Barcelona\u00bb, Chiesa (Mil\u00e1n), marzo 1995; \u00abIl fratello di Gaud\u00ed\u00bb, Chiesa, marzo 1997. Centenares de art\u00edculos para revistas y emisoras de radio y televisi\u00f3n nacionales y extranjeras.<\/p>\n<p>Ha pronunciado conferencias en Estados Unidos de Am\u00e9rica, Canad\u00e1, Argentina, China, Jap\u00f3n, Francia, Alemania, Italia, B\u00e9lgica, Suiza, Rusia, Marruecos, M\u00e9xico, Austria, etc.<\/p>\n","protected":false},"template":"","rang":[142],"class_list":["post-30729","academic","type-academic","status-publish","hentry","rang-academics-de-numero"],"acf":[],"_links":{"self":[{"href":"https:\/\/www.racba.org\/es\/wp-json\/wp\/v2\/academic\/30729","targetHints":{"allow":["GET"]}}],"collection":[{"href":"https:\/\/www.racba.org\/es\/wp-json\/wp\/v2\/academic"}],"about":[{"href":"https:\/\/www.racba.org\/es\/wp-json\/wp\/v2\/types\/academic"}],"wp:attachment":[{"href":"https:\/\/www.racba.org\/es\/wp-json\/wp\/v2\/media?parent=30729"}],"wp:term":[{"taxonomy":"rang","embeddable":true,"href":"https:\/\/www.racba.org\/es\/wp-json\/wp\/v2\/rang?post=30729"}],"curies":[{"name":"wp","href":"https:\/\/api.w.org\/{rel}","templated":true}]}}