{"id":30731,"date":"2023-12-12T16:49:22","date_gmt":"2023-12-12T15:49:22","guid":{"rendered":"https:\/\/www.racba.org\/academic\/ferrater-i-lambarri-carlos-2\/"},"modified":"2023-12-12T16:49:22","modified_gmt":"2023-12-12T15:49:22","slug":"ferrater-i-lambarri-carlos","status":"publish","type":"academic","link":"https:\/\/www.racba.org\/es\/academic\/ferrater-i-lambarri-carlos\/","title":{"rendered":"Ferrater i Lambarri, Carlos"},"content":{"rendered":"<p>. Nace en Barcelona el 22 de noviembre de 1944.<br \/>\n. Doctor arquitecto y Catedr\u00e1tico de proyectos arquitect\u00f3nicos de la U.P.C. y Director de la C\u00e1tedra Blanca de Barcelona.<br \/>\n. El 20 de septiembre de 2000 fue elegido acad\u00e9mico de n\u00famero por la secci\u00f3n de arquitectura de la Reial Acad\u00e8mia Catalana de Belles Arts de Sant Jordi, aprobando as\u00ed la propuesta en su d\u00eda presentada por los acad\u00e9micos de n\u00famero Jordi Bonet Armengol, Josep M. Fargas Falp y Leopoldo Gil Nebot. Ley\u00f3 su discurso de ingreso (\u00abOrnamentaci\u00f3 i transversalitat\u00bb) el 21 de junio de 2001.<br \/>\n. Investido Doctor Honoris causa por la Universidad de Trieste.<br \/>\n. En el a\u00f1o 2006 constituye con Xavier Mart\u00ed, Luc\u00eda Ferrater y Borja Ferrater la sociedad Office of Architecture in Barcelona (OAB), con N\u00faria Ayala como Directora de Proyectos.<br \/>\n. Premio Nacional de Arquitectura 2009 por su trayectoria, otorgado por el Ministerio de Vivienda.<br \/>\n. Desde el a\u00f1o 2000 ha recibido cuatro premios FAD, el Premio Ciudad de Barcelona en sus ediciones de 1999 y 2008, el premio Internacional de arquitectura Brunel 2005, Dinamarca y el premio BigMat en 2009.<br \/>\n. Ha sido finalista del Premio Mies van der Rohe en dos ocasiones. Ha recibido el Premio Ciudad de Madrid, el Premio Nacional de Arquitectura espa\u00f1ola 2001, el premio Dedalo Minosse 2006 en Vicenza, el premio D\u00e9cada 2006 y el premio Internacional Flyer 2007, entre otros.<br \/>\n. Premio internacional del RIBA 2008 a su monograf\u00eda de la Editorial MP.<br \/>\n. Ha recibido una menci\u00f3n de la X Bienal Espa\u00f1ola de Arquitectura y Urbanismo en 2009.<br \/>\n. Ha sido invitado en el Pabell\u00f3n Internacional y en el Pabell\u00f3n Espa\u00f1ol de la Bienal de Venecia 2004, por el MOMA de Nueva York a la exposici\u00f3n \u201cOn site: New Architecture in Spain\u201d y por exponer monogr\u00e1ficamente su obra en el Crown Hall, IIT de Chicago, en el Museo de Bellas Artes de Bilbao, en el Instituto Tecnol\u00f3gico de Israel, en el Colegio de Arquitectos de Catalunya, y en la Fundaci\u00f3n del Colegio de Arquitectos de Madrid.<br \/>\n. Es autor entre otras obras de las 3 manzanas en la Villa Ol\u00edmpica de Barcelona; la Villa Ol\u00edmpica del Valle Hebr\u00f3n, el Hotel Rey Juan Carlos I, el Palacio de Congresos de Catalunya, el Auditorio de Castell\u00f3n, el Instituto Cient\u00edfico y el Jard\u00edn Bot\u00e1nico de Barcelona, el Real Club de Golf El Prat, edificios en el Paseo de Gracia, la Estaci\u00f3n Intermodal de Zaragoza, el edificio MediaPro en Barcelona, la torre Aquileia en Venecia, el Parque de las Ciencias en Granada y el Paseo Mar\u00edtimo de la Playa de Poniente de Benidorm, distinguido con el primer premio de los VIII Premios Cer\u00e1mica ASCER, y las sedes de GISA y FGC en Barcelona.<br \/>\n. En la actualidad realiza, entre otras obras, el Centro Cultural des Jacobins en Le Mans, la Casa AA en Sant Cugat, la Biblioteca de Vila-real, un edificio de oficinas en Barcelona, la ciudad de la M\u00fasica en Sabadell, bodegas en Toro, viviendas en Abandoibarra y el Hospital IMQ en Zorrozaure en Bilbao, los edificios intermodal y multimodal en el Aeropuerto de Barcelona, el Aeropuerto de Murcia, la intervenci\u00f3n paisaj\u00edstica en el yacimiento de Atapuerca en Burgos, la Torre World Trade Center de Cornell\u00e0, y un complejo de oficinas junto al r\u00edo Sena en Par\u00eds.<\/p>\n<p>PREMIOS<br \/>\n2010<br \/>\n. Premio FOPA (Federaci\u00f3n de Obras P\u00fablicas y Auxiliares de la provincia de Alicante) a la obra con mejor integraci\u00f3n en el entorno y respeto al medioambiente 2009.<br \/>\n. Premio VII Bienal Iberoamericana. Edificio Azahar de Castell\u00f3n, seleccionada constituyendo el Panorama Iberoamericano de Arquitectura y Urbanismo entre las 35 obras de Arquitectura y Urbanismo.<br \/>\n. Premio Aplus a la Arquitectura de Espacios P\u00fablicos e Infraestructuras por el Paseo Mar\u00edtimo de la Playa de Ponent de Benidorm.<br \/>\n. Menci\u00f3n Especial del Premio Europeo de Espacio P\u00fablico Urbano de 2010 por el Paseo Mar\u00edtimo de la Playa de Poniente de Benidorm.<br \/>\n. Premio Nacional de Arquitectura 2009 por su trayectoria, otorgado por el Ministerio de Vivienda.<br \/>\n. Premio 2010 de la revista Wallpaper. Best-Lit Loos por el edificio Roca Barcelona Gallery.<\/p>\n<p>2009<br \/>\n. Premio Ciutat de Barcelona 2008 de Arquitectura y Urbanismo por el Campus Audiovisual de la UPF y la Torre Imagina, sede de la productora Mediapro.<br \/>\n. Primer premio en los VIII Premios Cer\u00e1mica de Arquitectura organizados por ASCER por el Paseo Mar\u00edtimo de la Playa de Poniente de Benidorm (Alicante).<br \/>\n. Primer Premio BigMat de Arquitectura 2009 con el Edificio Mediapro en el Campus Audiovisual.<br \/>\n. Menci\u00f3n en la X Bienal Espa\u00f1ola de Arquitectura y Urbanismo por el Edificio Mediapro en el Campus Audiovisual.<br \/>\n. Seleccionado como finalista en los Premios D\u00e9cada 1999-2009 por el Jard\u00ed Bot\u00e0nic de Barcelona.<br \/>\n. Finalista en los IX Premios Saloni con el Edificio Mediapro en el Campus Audiovisual.<br \/>\n. Finalista Premio Ascensores ENOR con el Edificio Mediapro en el Campus Audiovisual.<br \/>\n. Finalista Premios FAD 2009 con el Edificio Mediapro en el Campus Audiovisual.<br \/>\n. Finalista del Premio de Arquitectura Espa\u00f1ola 2009 con el Edificio Mediapro en el Campus Audiovisual.<br \/>\n. Finalista en los European Copper in Architecture Awards 14 con el Edificio Mediapro en el Campus Audiovisual (segundo lugar).<\/p>\n<p>2008<br \/>\n. I Premio de arquitectura Aluminier-Technal en obra residencial por el edificio de viviendas en la Plaza Lesseps.<br \/>\n. Finalista VIII edici\u00f3n de los premios Saloni de arquitectura por el edificio Vertix.<br \/>\n. Finalista premios Lamp Lighting Solution 2008 por el Edificio Intermodal en el Aeropuerto de Barcelona.<br \/>\n. Premio Riba International Book Award 2008 architectural practice category.<br \/>\n. Segundo premio en el I Premio Arquitectura con Bloques 08, por el Real Club de Golf El Prat.<br \/>\n. Finalista Premios FAD 2008 por el Edificio Intermodal del Aeropuerto de Barcelona.<br \/>\n. I Premio Ex Aequo en la 2\u00aa Triennal de Arquitectura y Urbanismo del Baix Llobregat, en la categor\u00eda \u201cNueva planta de equipamientos y servicios\u201d por el Edificio Intermodal del Aeropuerto del Prat de Llobregat.<br \/>\n. Finalista Premio de Arquitectura con Bloques de Hormig\u00f3n 2008 organizado por Normabloc (Asociaci\u00f3n Nacional de Fabricantes de Bloques y Mamposter\u00eda de Hormig\u00f3n) con las 4 viviendas unifamiliares en Reina Elisenda, Barcelona.<\/p>\n<p>2007<br \/>\n. Finalista Premio Big Mat por la intervenci\u00f3n en una manzana del ensanche de Barcelona.<br \/>\n. Premio Aluminnier Technal 2007 por la rehabilitaci\u00f3n del antiguo edificio BASF de Barcelona.<br \/>\n. Palacio de Congresos de la Expo, Sevilla (16.02.07).<br \/>\n. Menci\u00f3n VII Premios Saloni de Arquitectura 2007 por \u201cCasa en el Delta del Ebro\u201d.<br \/>\n. Seleccionado en la \u00abTriennal d\u2019Arquitectura de l\u2019Ebre (2004-2006)\u00bb por Casa para fot\u00f3grafo en el Delta del Ebro.<br \/>\n. Premio de la \u00abArquitectura de les comarques de Girona\u00bb por Hotel Empord\u00e0 Golf.<br \/>\n. Primer premio FAD 2007 ex-aequo en intervenciones ef\u00edmeras por la Exposici\u00f3n \u00abEscher: el arte de lo imposible\u00bb.<br \/>\n. Premio Flyer 2007 por el Edificio Intermodal en el Aeropuerto de Barcelona.<br \/>\n. Menci\u00f3n especial en la IX Bienal de Arquitectura 2007 por Casa en el Delta del Ebro.<\/p>\n<p>2006<br \/>\n. Primer premio ASPRIMA 2006 al mejor desarrollo de car\u00e1cter tur\u00edstico por el Proyecto Paseo Mar\u00edtimo de Benidorm.<br \/>\n. Premio Dedalo Minosse Alla Committenza di Architettura, Sesta Edizione 2005\/2006 por la Estaci\u00f3n Intermodal Zaragoza-Delicias.<br \/>\n. Premio \u201c2006 Best Overseas Conference Centre\u201d. Premios meetings &#038; Incentive Travel Insutry 2006 (M&#038;T Awards) por el Palacio de Congresos de Catalu\u00f1a.<br \/>\n. Premio Quatrium de Arquitectura en la 6\u00aa edici\u00f3n de los Premios Quatrium.<br \/>\n. Selecci\u00f3n \u00abPremi D\u00e8cada\u00bb a la obra edificio de viviendas en la avenida Foix.<br \/>\n. Premio D\u00e8cada 1996-2006 por la obra Casa Triginer.<\/p>\n<p>2005<br \/>\n. Finalista Premios FAD por el Real Club de Golf El Prat.<br \/>\n. Finalista Premio Construmat por la Estaci\u00f3n Intermodal Zaragoza-Delicias.<br \/>\n. Menci\u00f3n Especial XIII PREMIOS OBRAS CEMEX por el Auditorio de Castell\u00f3n de la Plana.<br \/>\n. Menci\u00f3n IV edici\u00f3n Premios de Arquitectutra de Ibiza y Formentera, por la Casa Tagomago.<br \/>\n. Premio Brunel 2005 (Dinamarca) por la Estaci\u00f3n Intermodal Zaragoza Delicias.<br \/>\n. Primer Premio 3\u00aa Bienal de Arquitectura del Vall\u00e9s por el Real Club de Golf El Prat.<\/p>\n<p>2004<br \/>\n. Premio Bienal de Arquitectura del Vall\u00e9s 2005, por edificio de viviendas en Sant Cugat del Vall\u00e9s.<br \/>\n. Selecci\u00f3n Premios FAD de Arquitectura por el Centre de Serveis Socials.<br \/>\n. Finalista Premios FAD de Arquitectura por el edificio del Instituto Bot\u00e1nico para el CSIC en Barcelona.<br \/>\n. Premio FAD de arquitectura por la Estacion Intermodal Zaragoza-Delicias.<\/p>\n<p>2003<br \/>\n. Finalista Premios Fad 2003 por el edificio de viviendas i oficinas Estudio Carlos Ferrater.<\/p>\n<p>2002<br \/>\n. Finalista II Bienal Europea del paisaje por el Jard\u00edn Bot\u00e1nico de Barcelona.<br \/>\n. Finalista Premios FAD de Arquitectura 2002 por la nueva sede de Internacional Decaux en Madrid y por edificio de viviendas en Sant Cugat.<br \/>\n. Premio Ayuntamiento de Madrid por la obra Internacional Decaux.<\/p>\n<p>2001<br \/>\n. Seleccionado en la II Bienal Iberoamericana de Arquitectura e Ingenier\u00eda Civil, 2000. Ciudad de M\u00e9xico.<br \/>\n. Selecci\u00f3n VI Bienal de Arquitectura Espa\u00f1ola por el Palacio de Congresos de Catalu\u00f1a.<br \/>\n. Finalista Premios Construmat 2001 por el Palacio de Congresos de Catalu\u00f1a.<br \/>\n. Selecci\u00f3n II Premio Europeo del Paisaje \u201cRosa Barba\u201d por el Jard\u00edn Bot\u00e1nico de Barcelona.<br \/>\n. Finalista European Union Prize for Contemporary Architecture Mies van der Rohe 2001 por el Jard\u00edn Bot\u00e1nico de Barcelona.<br \/>\n. Premio Nacional de Arquitectura Espa\u00f1ola 2001, por el Palacio de Congresos de Catalu\u00f1a.<\/p>\n<p>2000<br \/>\n. Premio Bonaplata 1999 por la Nueva Sede de Fisersa en Figueras.<br \/>\n. Premio Ciutat de Barcelona 1999 por el Jard\u00edn Bot\u00e1nico de Barcelona.<br \/>\n. Premio FAD de la opini\u00f3n 2000 por el Jard\u00edn Bot\u00e1nico de Barcelona.<br \/>\n. Premio FAD 2000 por el Jard\u00edn Bot\u00e1nico de Barcelona.<\/p>\n<p>1999<br \/>\n. Finalista premio FAD de Arquitectura por Casa Alonso-Planas.<br \/>\n. Finalista premios FAD de Interiorismo por la M\u00fatua de Abogados de Catalu\u00f1a.<br \/>\n. Premio TERRITORIO 1999 de Levante-EMV por el edificio IMPIVA en Castell\u00f3n de la Plana.<\/p>\n<p>1998<br \/>\n. Premio FAD de la Opini\u00f3n de Arquitectura por los Estudios de cine Arruga en Barcelona.<\/p>\n<p>1997<br \/>\n. Premio Nacional de Arquitectura Construmat 97 por la sede del IMPIVA en Castell\u00f3n de la Plana.<br \/>\n. Finalista Premios FAD 1997 por una Vivienda unifamiliar en Vallvidrera.<\/p>\n<p>1996<br \/>\n. Premio de Arquitectura COACV 1994-1995 por la sede de IMPIVA en Castell\u00f3n de la Plana.<br \/>\n. Finalista Premio Mies van der Rohe 1996 por la sede de IMPIVA en Castell\u00f3n de la Plana.<br \/>\n. Finalista Premio IBERFAD por la sede de IMPIVA en Castell\u00f3n de la Plana.<br \/>\n. Menci\u00f3n especial de los Premis Restauraci\u00f3 de los V Premis Bonaplata por el Consell Comarcal del Baix Llobregat. Asociaci\u00f3n del Museo de la Ciencia y de la T\u00e9cnica y Arqueolog\u00eda de Catalu\u00f1a.<\/p>\n<p>1994<br \/>\n. Menci\u00f3n Premios FAD 1993 por Casa-Estudio en Llampaies. Gerona.<br \/>\n. III Bienal de Arquitectura Espa\u00f1ola por casa-estudio en Llampaies. Gerona.<\/p>\n<p>1993<br \/>\n. Premio Nacional de Arquitectura Construmat 93 por el Hotel Juan Carlos I, en Barcelona.<br \/>\n. Finalista Premio Ciudad de Barcelona por las tres manzanas en el ensanche Cerd\u00e1 y por el<br \/>\nHotel Juan Carlos I.<br \/>\n. Menci\u00f3n Premio Nacional de Arquitectura Construmat 93 por las Tres manzanas en el<br \/>\nensanche Cerd\u00e0.<br \/>\n. Finalista Premios FAD de Interiorismo 1992 por el Restaurante Lola.<\/p>\n<p>1992<br \/>\n. Finalista Premio Mies van der Rohe 1992 por el Club N\u00e1utico del Estartit, Gerona.<br \/>\n. Finalista Premio FAD de Arquitectura 1991 por el Club N\u00e1utico del Estartit, Gerona.<br \/>\n. II Bienal de Arquitectura Espa\u00f1ola, Club N\u00e1utico del Estartit, Gerona.<\/p>\n<p>1991<br \/>\n. Finalista Premio Nacional de Arquitectura Construmat 91 por el edificio Garb\u00ed en Estartit, Gerona.<\/p>\n<p>1990<br \/>\n. Finalista Premio FAD de Arquitectura 1989 por el Polideportivo en Ametlla del Vall\u00e9s y por la Vivienda unifamiliar en el Paseo del Molinet en Estartit, Gerona.<br \/>\n. Selecci\u00f3n Bienal de Arquitectura Espa\u00f1ola por la vivienda unifamiliar Guix de la Meda en Estartit, Gerona.<\/p>\n<p>1989<br \/>\n. Finalista Premio Nacional de Arquitectura Construmat 89 por el conjunto de viviendas en Sant Just Desvern.<br \/>\n. Finalista Premios FAD de Arquitectura 1988 por el conjunto de viviendas en Sant Just Desvern y el Edificio Garb\u00ed en Estartit, Gerona.<\/p>\n<p>1987<br \/>\n. Premio Nacional de Arquitectura Construmat 87 por el edificio de viviendas en la calle de Bertr\u00e1n 113, Barcelona.<\/p>\n<p>1984<br \/>\n. Finalista Premio FAD de Restauraci\u00f3n 1983 por el Parque Torreblanca.<\/p>\n<p>1983<br \/>\n. Premio FAD de la Opini\u00f3n de Arquitectura 1982 por el edificio de viviendas en la calle de Bertr\u00e1n 67, Barcelona.<\/p>\n<p>1981<br \/>\n. Finalista Premio FAD de Interiorismo 1980 por el local Tapicer\u00edas Rabanal de Barcelona.<\/p>\n<p>1977<br \/>\n. Trofeo Prisma del FAD. Establecimiento Mito. Barcelona.<\/p>\n<p>1973<br \/>\n. Medalla de Plata por el Pabell\u00f3n Aiscondel de la Feria del Campo de Madrid.<br \/>\n. Selecci\u00f3n FAD de Interiorismo 73. Stand Hogarhotel. Barcelona.<br \/>\n. Selecci\u00f3n en el Concurso Internacional de la UIA 1973: Barrio protot\u00edpico de 25 Ha en el centro de Santiago de Chile.<\/p>\n<p>BIBLIOGRAF\u00cdA<br \/>\nLibros<br \/>\n. \u00abCasas y habitantes\u00bb. Carlos Ferrater. Editorial Actar. 2008. Espa\u00f1ol.<br \/>\n. \u00abSyinchronizing and geometry. Paisaje, Arquitectura &#038; Construcci\u00f3n\u00bb. Carlos Ferrater &#038; Asociados (OAB). Editorial Actar. 2006. Ingl\u00e9s-espa\u00f1ol.<br \/>\n. \u00abKkaplankaya. Ridge community: Central and east Ridge Areas\u00bb. Carlos Ferrater. OAB. Editorial Actar. 2007. Ingl\u00e9s.<br \/>\n. \u00abTorho. Isometr\u00edas\u00bb. Ed. Carlos Ferrater, Borja Ferrater, Vicens Sarrablo. 2009. Espa\u00f1ol.<\/p>\n<p>Monograf\u00edas<br \/>\n. \u00abEl nuevo Jard\u00edn Bot\u00e1nico de Barcelona\u00bb. Ayuntamiento de Barcelona\/IMPU. 1989. Catal\u00e1n.<br \/>\n. \u00abTres mansanes vora la Vila Ol\u00edmpica. L&#8217;Eixample Mar\u00edtim de Barcelona\u00bb. Unitat Operativa de Planejament\/Mediterr\u00e0nia de Promocions i Gestions Immobili\u00e0ries, S.A. 1989. Catal\u00e1n.<br \/>\n. \u00abCarlos Ferrater\u00bb. En \u00abDocumentos de Arquitectura\u00bb, n\u00ba 8, COAAO. 1989. Espa\u00f1ol.<br \/>\n. \u00abCarlos Ferrater\u00bb. En \u00abCat\u00e1logos de Arquitectura Contempor\u00e1nea\u00bb. Introducci\u00f3n de W. Curtis. Editorial Gustavo Gili. 1989. Espa\u00f1ol.<br \/>\n. \u00abCarlos Ferrater. Obras y proyectos 90\u2019s\u00bb. Editorial Electa. 1993. Espa\u00f1ol.<br \/>\n. \u00abCarlos Ferrater. Pieza especial\u00bb. Torho. 1994. Espa\u00f1ol.<br \/>\n. \u00abCarlos Ferrater\u00bb. Ignasi de Sol\u00e0-Morales. COAC. 1995. Espa\u00f1ol.<br \/>\n. \u00abMateriality\u00bb. Joan Guibernau, arquitecto asociado a J. M. Montaner. Torho. Val. Cementos. 1997. Espa\u00f1ol-ingl\u00e9s.<br \/>\n. \u00abCarlos Ferrater\u00bb. Introducci\u00f3n W.Curtis. Editorial Actar, 1998. Ingl\u00e9s.<br \/>\n. \u00abCarlos Ferrater. Building a public building. Progetti di edifici pubbllici\u00bb. Introducci\u00f3n A. Dacosta. Editorial Logos, 1999. Ingl\u00e9s-italiano.<br \/>\n. \u00abCarlos Ferrater\u00bb. Editorial Actar, 2000. Espa\u00f1ol.<br \/>\n. \u00abCarlos Ferrater\u00bb. Editorial Munilla. 2000. Espa\u00f1ol.<br \/>\n. \u00abM\u00e1s grueso que el papel\u00bb. Editorial Actar. 2000. Espa\u00f1ol o ingl\u00e9s.<br \/>\n. \u00abTC Cuadernos, Valencia. Ediciones generales de la construcci\u00f3n\u00bb. N\u00ba 53, Valencia. 2002. Espa\u00f1ol.<br \/>\n. \u00abCarlos Ferrater. Works and Projects\u00bb. Introducci\u00f3n A. Pizza. Massimo Preziosi. 1\u00aa edici\u00f3n. Ed. Electa. Phaidon Press, 2002. Ingl\u00e9s.<br \/>\n. \u00abScalae. Documentos peri\u00f3dicos de Arquitectura. Carlos Ferrater\u00bb. Scalae, 2003. Espa\u00f1ol.<br \/>\n. \u00abMaterialidad\u00bb. Carlos Ferrater &#8211; Joan Sabat\u00e9. Barcelona. Torho, S.A. Dist. Actar. 2003. Espa\u00f1ol.<br \/>\n. \u00ab2G\u00bb. N\u00ba 32. Editorial Gustavo Gili, Barcelona. 2004. Espa\u00f1ol.<br \/>\n. \u00abCarlos Ferrater OAB\u00bb. Editorial M. Padura. 2006. Espa\u00f1ol-ingl\u00e9s-italiano-portugu\u00e9s.<br \/>\n. \u00abCarlos Ferrater. Opere e progetti\u00bb, vol. 1. Introducci\u00f3n A. Pizza. Massimo Preziosi. 2\u00aa edici\u00f3n. Editorial Electa. Mil\u00e1n, 2007. Italiano.<br \/>\n. \u00abCarlos Ferrater. Opere e progetti\u00bb, vol 2. Editorial Electa. 2007. Italiano.<\/p>\n<p>EXPOSICIONES<br \/>\n1971 \u00abInstant City\u00bb, de Ferrater, De Prada y Bendito, paradigma de la arquitectura ef\u00edmera.<br \/>\n1980 \u00abPremios FAD de Arquitectura e Interiorismo 1979\u00bb, Fundaci\u00f3n Mir\u00f3, Barcelona.<br \/>\n1983 \u00abPremios FAD de Arquitectura 1982\u00bb, Fundaci\u00f3n Mir\u00f3, Barcelona.<br \/>\n1984 \u00abObras y proyectos 1980-1984\u00bb, Corporaci\u00f3n Metropolitana de Barcelona. \u00abEl dibujo de los arquitectos\u00bb, COAC, Barcelona. \u00abParque Torreblanca\u00bb, Ayuntamiento de Sant Feliu de Llobregat. \u00abEl arquitecto y las zonas verdes\u00bb, COAC, Barcelona. \u00abPremios FAD de Arquitectura 1983\u00bb, Fundaci\u00f3n Mir\u00f3, Barcelona.<br \/>\n1986 \u00abTendencia y actitudes de la arquitectura catalana actual\u00bb, Universidad de Chile, Facultad de Arquitectura y Urbanismo. \u00abArquitectura p\u00fablica en Catalu\u00f1a 1980-1985\u00bb, Comisi\u00f3n Catalana del V Centenario del Descubrimiento de Am\u00e9rica\/COAC, itinerarante por pa\u00edses de Sudam\u00e9rica. \u00abLa maison individuelle\u00bb, UIA, Atenas. \u00abCongreso de Cultura Catalana. \u00c1mbito artes pl\u00e1sticas\u00bb, itinerante. \u00abCatalu\u00f1a Centro de Arte. Arte de los a\u00f1os 80\u00bb, Gerona.<br \/>\n1987 \u00abArquitectura cotidiana\u00bb, Construmat 87, Stand COAC, recinto ferial, Barcelona.<br \/>\n1988 \u00abOcho a\u00f1os de arquitectura para el deporte\u00bb, Generalitat de Catalunya, Direcci\u00f3 General d&#8217;Esports\/COAC. \u00abPremios FAD de Arquitectura\u00bb, vest\u00edbulo de la Estaci\u00f3n de Francia, Barcelona. \u00abBa\u00f1olas se proyecta\u00bb, Consorcio Villa Ol\u00edmpica\/Ayuntamiento de Ba\u00f1olas, COAC Gerona.<br \/>\n1990 \u00abPremios FAD de Arquitectura 1989\u00bb, Mercado de las Flores, Barcelona. \u00abPremios Construmat 1989\u00bb, recinto ferial, Barcelona. \u00abMetroppole 90\u00bb, Pavillon de l&#8217;Arsenal, Par\u00eds, exposici\u00f3n itinerante por Estocolmo, Londres y Barcelona. \u00abBa\u00f1olas Villa Ol\u00edmpica\u00bb, COAC\/Consorcio de la Villa Ol\u00edmpica de Ba\u00f1olas. \u00abDesign in Catalonia\u00bb, BCD, Audiovisual de la exposici\u00f3n itinerante por Mil\u00e1n, Berl\u00edn, Estocolmo, Nagoya, Nueva York y Stuttgart. \u00abArquitectura y urbanismo en Barcelona\u00bb, Nantes. \u00abBarcelona ponte guapa &#8211; M\u00e1s que nunca\u00bb, Masques et mailles, Festival les Allum\u00e9es, Nantes CRAC\/ARDEPA, Association regionale pour la diffusion et la promotion de l&#8217;architecte. \u00abArquitectura mediterr\u00e1nea en la Comunidad Valenciana\u00bb, Universidad Polit\u00e9cnica de Tilburg\/COA de la Comunidad Valenciana. \u00abBarcelona, la ciudad y el 92\u00bb, Dep\u00f3sito de las Aguas, Barcelona.<br \/>\n1991 \u00abContemporary Architectural Drawings: Donations to the Avery Library Centennial Archive\u00bb, Columbia University, Nueva York. \u00abLa rehabilitaci\u00f3n del Ensanche en marcha, 1987-1991\u00bb, Casa Elizalde, Barcelona. \u00abMuestra de diez a\u00f1os de arquitectura espa\u00f1ola\u00bb, I Bienal de Arquitectura Espa\u00f1ola, Universidad de Comillas, Santander, UIMP\/MOPT. \u00abArquitectura: Apuntes de vista\u00bb, Galer\u00eda Antonio de Barnola, Barcelona. \u00abBarcelona 1981-1992. Transformazioni urbane e realizzazioni sportive per le olimpiade\u00bb, Estudi Associat d&#8217;Arquitectura Progetti Integrati, Venecia, itinerante. \u00abItinerarios de arquitectura catalana 1984-1991\u00bb, COAC Gerona. \u00abDocumentos de arquitectura\u00bb, COA de Andaluc\u00eda Oriental, delegaci\u00f3n de Almer\u00eda, itinerante por los Colegios de Arquitectos de Espa\u00f1a. \u00abPremios FAD de Arquitectura\u00bb, Mercado de las Flores, Barcelona. \u00abBarcelona, la ciudad y el 92\u00bb, itinerante por el Casino de la Exposici\u00f3n de Sevilla, Bienal de Arquitectura del Giardino di Castello, Venecia y Berl\u00edn. \u00abConstrumat 91\u00bb, recinto ferial, Barcelona.<br \/>\n1992 \u00abBarcelona, la ciudad y el 92\u00bb, itinerante, Palacio de Congresos de Florencia, Ente EUR Palacio de la Civilit\u00e1 Italiana de Roma. \u00abLa mirada del arquitecto\u00bb, itinerante, edici\u00f3n I Bienal de Zaragoza de Arquitectura y Urbanismo. \u00abMuestra de Arquitectura. La vivienda unifamiliar en Menorca 1950-1990\u00bb, COA de Baleares, Menorca. \u00abBarcelona 93\u00bb, COAC Barcelona. \u00abEspacio Nuevo Jard\u00edn Bot\u00e1nico de Barcelona\u00bb, Estadio Ol\u00edmpico, Barcelona. \u00abLa mirada del arquitecto: anotaciones, paisajes, impresiones\u00bb, COAC. \u00abExposici\u00f3n Consorcio para la Organizaci\u00f3n de Madrid capital europea de la Cultura 1992\u00bb, Centro Cultural Conde Duque, Madrid. \u00abEl jard\u00edn habitado\u00bb, Galer\u00eda Antonio de Barnola, Barcelona. \u00abTradici\u00f3n y cambio en la Arquitectura de Seis Ciudades Europeas\u00bb.<br \/>\n1993 \u00abSoluciones constructivas para la arquitectura de hoy\u00bb, Stand del COAC en Construmat. \u00abPremios Construmat 1993\u00bb, Palacio de Congresos, Stand ITEC. \u00abConcurso de Proyectos para el Jard\u00edn Bot\u00e1nico de Galicia\u00bb, Casa da Conga, Santiago de Compostela. \u00abPremios FAD de Arquitectura 92\u00bb, Park G\u00fcell, Barcelona. \u00abII Bienal de Arquitectura de Santander 1991-1992\u00bb, Universidad Internacional Men\u00e9ndez Pelayo, Santander. \u00abPremios Mies van der Rohe\u00bb, pabell\u00f3n Mies van der Rohe, Barcelona. \u00abCatalu\u00f1a arquitectura contempor\u00e1nea\u00bb, Galer\u00eda La Casona, Universidad de Chile. \u00abMonogr\u00e1fica Carlos Ferrater 1983-1993\u00bb, COA de Madrid. \u00abMonogr\u00e1fica Carlos Ferrater 90&#8217;s\u00bb, Galer\u00eda Antonio de Barnola, Barcelona.<br \/>\n1994 \u00abII Bienal de Arquitectura Espa\u00f1ola 1991-1992\u00bb, Arquer\u00eda de los Nuevos Ministerios, Madrid. \u00abA New Generation in Spanish Architecture\u00bb, Architectural Association School of Architecture, Londres. \u00abPinturas y dibujos de arquitectos\u00bb, Galer\u00eda Tretze, Ventall\u00f3, Gerona. \u00abMonogr\u00e1fica Carlos Ferrater\u00bb, sede de la demarcaci\u00f3n de Valencia del COA de la Comunidad Valenciana. \u00abMonogr\u00e1fica Carlos Ferrater\u00bb, COA de Zaragoza. \u00abPremios FAD de Arquitectura 1993\u00bb, Park G\u00fcell\/COAC. \u00abJourney Through Spain\u00bb, Museo de la Ciencia y la T\u00e9cnica de Chicago\/Ministerio de Comercio y Turismo. \u00abII Bienal de Arquitectura de Olinda\u00bb, Recife, Brasil.<br \/>\n1995 \u00abMonogr\u00e1fica Carlos Ferrater\u00bb, COAC de L\u00e9rida. \u00abArquitecturas para el nuevo siglo\u00bb, Stand Construmat del COAC. \u00abMonogr\u00e1fica Carlos Ferrater\u00bb, Sala Picasso, COAC de Barcelona. \u00abPremios Mies van der Rohe\u00bb. \u00abIII Bienal de Arquitectura Espa\u00f1ola\u00bb, Universidad Pontificia de Comillas. \u00abPremios FAD de Arquitectura\u00bb, Mercado de las Flores, Barcelona.<br \/>\n1996 \u00abMonogr\u00e1fica Carlos Ferrater\u00bb, Caja de Galicia, La Coru\u00f1a. \u00abArquitectura en Catalu\u00f1a en la era democr\u00e1tica\u00bb, Centro de Arte Santa M\u00f3nica, Generalitat de Catalunya\/UIA. \u00abHome sweet home\u00bb, UIA Barcelona, Stand Torho, Barcelona. \u00abLess is more\u00bb, UIA\/COAC, Barcelona. \u00abPremios IBERFAD 1996\u00bb, Facultad de Derecho, Barcelona. \u00abArquigraf\u00edas. Arquitectura y ciudad. Una visi\u00f3n desde el proceso proyectual\u00bb, Centro C\u00edvico Pati Llimona, Barcelona. \u00abMuestra de Arquitectura Espa\u00f1ola 1985-1994. La arquitectura espa\u00f1ola en las \u00faltimas bienales\u00bb, UIA, Atarazanas, Barcelona.<br \/>\n1997 \u00abPremios Mies van der Rohe\u00bb, Pabell\u00f3n Mies van der Rohe, Barcelona. \u00abPremios FAD de Arquitectura\u00bb, Mercado de las Flores, Barcelona. \u00abPavillon Mies van der Rohe\u00bb, Institut Fran\u00e7ais d&#8217;Architecture, Par\u00eds.<br \/>\n1999 \u00abBarcelona 1979-2004, del desarrollo a la ciudad de calidad. La Barcelona verde\u00bb, Colegio de Aparejadores. \u00abLa Barcelona urbana\u00bb, COAC. \u00abVisiones del paisaje. Proyectos e investigaci\u00f3n 1994-1999. I Bienal del paisaje &#8211; Rehacer paisajes\u00bb, ETSAB. \u00abPaisajes rehechos. Obra profesional 1994-1999. I Bienal del Paisaje\u00bb, COAC. \u00abVenice. The New Architecture\u00bb, itinerante por Palermo, Viena, Par\u00eds, Berl\u00edn, Hamburgo, Rotterdam, Barcelona y Sudam\u00e9rica. \u00abArquitectura portuaria en las comarcas de Gerona. Puertos de la Generalitat\u00bb, Sala de Exposiciones COAC Gerona. \u00abPremios FAD de Arquitectura\u00bb, Convento de los \u00c1ngeles, Barcelona. \u00abMonogr\u00e1fica Carlos Ferrater\u00bb, COA de Galicia, demarcaci\u00f3n de Pontevedra.<br \/>\n2008 Exposici\u00f3n \u00abCarlos Ferrater &#038; Asociados. Fondo te\u00f3rico de un proceder pr\u00e1ctico\u00bb en la Fundaci\u00f3n del Colegio de Arquitectos de Madrid.<\/p>\n<p>CONFERENCIAS Y MESAS REDONDAS<br \/>\n1984 \u00abLos espacios verdes\u00bb, locales del FAD, Barcelona.<br \/>\n1985 \u00abObras y proyectos recientes de Carlos Ferrater\u00bb, Sala de exposiciones del COAC, Gerona. \u00abIntegraci\u00f3n de la Arquitectura en el paisaje\u00bb, \u00abArquitectura y jard\u00edn\u00bb y \u00abParque Torreblanca\u00bb, en el III Curso de Paisajismo y jardiner\u00eda, Instituci\u00f3n Catalana de Estudios Agrarios, curso 85-86, Barcelona.<br \/>\n1986 \u00abObras y proyectos de Carlos Ferrater\u00bb, COAC Tarragona. \u00abObras y proyectos de Carlos Ferrater\u00bb, COA de Cantabria. \u00abEl lugar (The place), sobre la base de obras y proyectos propios\u00bb, Architectural Association School of Architecture, AA, Londres. Mesa redonda VII Semana Cultural en la ETSAB \u00abLa tercera generaci\u00f3n, la arquitectura de los a\u00f1os 50 y 60 en Europa\u00bb, ETSAB\/UPC\/COAC; participantes: C. Ferrater, E. Miralles, J.M. Montaner y G. Mora.<br \/>\n1988 \u00abLos edificios de la calle de Bertr\u00e1n\u00bb, Escuela de Dise\u00f1o Elisava, Barcelona. \u00abVivienda-ciudad, espacio intermedio\u00bb en las Jornadas Internacionales de Arquitectura y Urbanismo. \u00abVivienda y ciudad\u00bb, COA Vasco-Navarro. \u00abObra reciente\u00bb, ciclo de charlas-coloquio \u00abArquitectura reciente catalana\u00bb, COA de Andaluc\u00eda Oriental. \u00abProyectos y obras recientes\u00bb, ciclo de conferencias de arquitectos espa\u00f1oles en el COA de Canarias, Tenerife. \u00abLa arquitectura en el paisaje. Sumisi\u00f3n o rebeld\u00eda\u00bb, en el Curso de Postgrado de Arquitectura del Paisaje de la ETSAB. \u00abEl paisaje\u00bb, ETSAB.<br \/>\n1989 Conferencia en el Ciclo de Conferencias 1989 del COA de Andaluc\u00eda Oriental, Almer\u00eda. Conferencia en el Curso de Tercer Ciclo \u00abCr\u00edtica a la arquitectura de los ochenta\u00bb, ETSAB\/UPC\/COAC.<br \/>\n1990 \u00abObra reciente\u00bb, Universidad de Navarra. \u00abProyectos en Pueblonuevo\u00bb, ETSAB. Ciclo \u00abMesas redondas del Milenio de Catalu\u00f1a\u00bb con el tema \u00abEl futuro de la arquitectura\u00bb. \u00abProyectos ol\u00edmpicos\u00bb, Asociaci\u00f3n de M\u00e1sters de Promotores Inmobiliarios y Constructores, ETSAB. \u00abObra reciente\u00bb en el ciclo \u00abArquitectos catalanes\u00bb, COA de Extremadura, Badajoz. \u00abViviendas al lado del mar\u00bb, Escuela Eina, Barcelona. \u00abEdificio Garb\u00ed en Estartit\u00bb, ETSAB. \u00ab\u00daltimos proyectos\u00bb, COA de Canarias, Gran Canaria.<br \/>\n1991 \u00ab\u00daltimos proyectos\u00bb, COA de la Rioja. \u00abHotel Torre Melina\u00bb, ETSAB. \u00ab\u00daltimos proyectos\u00bb, en el ciclo de conferencias de arquitectos catalanes, COA Vasco-Navarro\/Museo de Navarra. \u00abArquitectura y paisaje\u00bb, en el curso de doctorado de la ETSAB.<br \/>\n1992 \u00ab\u00daltimas obras y proyectos\u00bb, ETSA de Madrid. \u00abViviendas unifamiliares\u00bb, Escuela Eina, Barcelona. \u00abArquitectura contempor\u00e1nea\u00bb, COA de la Comunidad Valenciana, Alicante. \u00abGrandes proyectos y viviendas\u00bb, curso Proyectos V, ETSAB. Mesa redonda \u00abEl nuevo Jard\u00edn Bot\u00e1nico de Barcelona\u00bb; participantes: Carlos Ferrater, Isabel Figueras, Ramon Folch, Josep Montserrat, Joan Roig; moderador: Josep M. Guillumet; Comisi\u00f3n de Urbanismo de la Demarcaci\u00f3n de Barcelona con la colaboraci\u00f3n del Jard\u00edn Bot\u00e1nico de Barcelona, Sala de actos del COAC, Barcelona. \u00ab\u00daltimas obras y proyectos\u00bb, ciclo de conferencias \u00abArquitectura espa\u00f1ola\u00bb, COA de Valladolid. \u00abHoteles y proyectos a gran escala\u00bb, en el \u00abVI European Convention Best Western\u00bb, Hotel Princesa Sof\u00eda, Barcelona. Conferencia en las \u00abJornadas de arquitectura, Barcelona 92\u00bb, ETSA de La Coru\u00f1a. Mesa redonda en las \u00abJornadas de arquitectura, Barcelona 92\u00bb, ETSA de La Coru\u00f1a, octubre 1992.<br \/>\n1993 \u00ab\u00daltimos proyectos\u00bb, Escuela Eina, Barcelona. \u00abLa peque\u00f1a dimensi\u00f3n\u00bb, C\u00e1tedra Munta\u00f1ola, ETSAB. \u00abHotel Rey Juan Carlos I\u00bb, conferencia en la Escuela de Hosteler\u00eda de la Generalitat de Catalunya, Sitges. \u00ab\u00daltimos proyectos\u00bb, ETSA de San Sebasti\u00e1n. Conferencia en el ciclo \u00abSoluciones constructivas para la arquitectura de hoy\u00bb, vocal\u00eda de tecnolog\u00eda de la demarcaci\u00f3n del COAC. \u00abTres manzanas y Hotel Juan Carlos I\u00bb, en el COAC. \u00abBot\u00e1nico Barcelona \/ Bot\u00e1nico Santiago\u00bb, en la Escuela de Agricultura. \u00abClub N\u00e1utico del Estartit\u00bb, Polit\u00e9cnico de Lausana, Suiza. \u00ab\u00daltimas obras y proyectos\u00bb, en el Paraninfo de la Universidad de Oviedo, COA de Asturias. \u00abLa gran dimensi\u00f3n\u00bb, en el COA de Arag\u00f3n. \u00abMesa t\u00e9cnica, profesional y universitaria sobre el AVE en Zaragoza\u00bb, Paraninfo de la Universidad de Zaragoza, Universidad de Zaragoza\/Fundaci\u00f3n Ferrocarriles Espa\u00f1oles. \u00abEl edificio hotelero\u00bb dentro del Programa de Postgrado de Arquitectura y Turismo, UPC\/COA de Baleares. Mesa redonda dentro del Programa de Postgrado de Arquitectura y Turismo: Federico Correa, Miquel Espinet, Carlos Ferrater; moderador: Ricard Pi\u00e9. \u00abCuatro proyectos en Barcelona\u00bb, COA de Madrid. \u00ab\u00daltimas obras\u00bb, Escuela LAI de Barcelona. \u00abLa trayectoria y el estilo\u00bb, Escuela Elisava, Barcelona. Debate \u00abLa construcci\u00f3n del espacio ajardinado\u00bb dentro del ciclo \u00abSoluciones constructivas para la arquitectura de hoy\u00bb, COAC, Barcelona. Conferencia en el seminario \u00abArquitectura Espa\u00f1ola Contempor\u00e1nea\u00bb de la Universidad Pontificia Bolivariana, Medell\u00edn, Colombia.<br \/>\n1994 \u00abExtra efterl\u00e4sining. Carlos Ferrater. Slides on his latest works 1981-1994\u00bb, Estocolmo, Suecia. \u00abArquitectura en ausencia de escala\u00bb, curso de doctorado C\u00e1tedra Munta\u00f1ola, ETSAB. \u00abEntre la peque\u00f1a y la gran dimensi\u00f3n\u00bb, COA de Cantabria, Santander. \u00ab\u00daltimas obras y proyectos\u00bb, COA de la Comunidad Valenciana. \u00abDe qu\u00e9 tama\u00f1o es esta casa\u00bb, ETSA de Valencia. \u00abTres manzanas en el ensanche de Barcelona\u00bb, C\u00e1tedra de Proyectos segundo curso, ETSAB. \u00abHotel Rey Juan Carlos I\u00bb, Escuela DIAC. Conferencia en la Capilla de Santa \u00c1gueda \u00abLos antecedentes del proyecto de la avenida Foix\u00bb, en el \u00e1mbito de la exposici\u00f3n \u00abNew Projects\u00bb en el Sal\u00f3n del Tinell, Barcelona. \u00abAusencia de escalas\u00bb, en el curso de verano de arquitectura \u00abLas escalas del paisaje\u00bb, Universidad Internacional Men\u00e9ndez Pelayo, Santander. \u00abUn gran hotel y una vivienda unifamiliar\u00bb, ciclo de Arquitectura de Barcelona, Colegio Mayor de Monterols. \u00abLa idea de dimensi\u00f3n en la arquitectura contempor\u00e1nea\u00bb, en el II Congreso de Arquitectura \u00abLa idea de la modernidad en la arquitectura contempor\u00e1nea\u00bb, Ja\u00e9n. \u00abEn ausencia de escala\u00bb, en el Paraninfo de la ETSA de Sevilla, clausura del curso. \u00abLa utop\u00eda Cerd\u00e1. Tres manzanas en el ensanche Cerd\u00e1\u00bb, dentro del \u00abII Congreso de la vivienda, la experiencia hist\u00f3rica\u00bb, Sal\u00f3n de actos de la ETSA de Valladolid. \u00abBarcelona desde el cielo\u00bb, charla magistral \u00abArquitectura frente al mar\u00bb, en la \u00abIX Bienal Panamericana de Arquitectura de Quito\u00bb, Colegio de Arquitectos de Ecuador. \u00ab\u00daltimas obras y proyectos\u00bb, COA de Andaluc\u00eda Oriental, Almer\u00eda. \u00abEntre la peque\u00f1a y la gran dimensi\u00f3n\u00bb y \u00abAusencia de escala\u00bb en el \u00abIV Foro Internacional de la Universidad de C\u00f3rdoba\u00bb, Argentina.<br \/>\n1995 \u00abTres bloques en el Ensanche\u00bb, en el II curso de formaci\u00f3n arquitect\u00f3nica, Colegio Mayor de Monterols. \u00abTecnolog\u00eda y arquitectura\u00bb, Universidad de Gerona, Departamento de Arquitectura e Ingenier\u00eda de la Construcci\u00f3n, Escuela de Aparejadores, Gerona. \u00abObras y proyectos recientes\u00bb, ETSA de Granada. \u00abDel conocimiento cient\u00edfico al conocimiento de la experiencia\u00bb, C\u00e1tedra Munta\u00f1ola, ETSAB. \u00ab92-94, a\u00f1os de diversidad\u00bb en las Jornadas Culturales 94\/95 de la Escuela de Artes y Oficios Art\u00edsticos, Generalitat de Catalunya, Olot. \u00abThicker than paper. Cinco arquitectos europeos\u00bb, Amsterdam Academy, Holanda. Conferencia \u00ab+ grueso que las ideas\u00bb, encuentro de todas las Escuelas de Arquitectura de B\u00e9lgica, Institut Sup\u00e9rieur d&#8217;Architecture Saint-Luc de Wallonie, B\u00e9lgica. \u00abEntre el conocimiento cr\u00edtico y el conocimiento de la experiencia\u00bb, COAC L\u00e9rida. \u00abArquitectura ef\u00edmera el a\u00f1o 1970\u00bb, Escuela Elisava. Conferencia en la sede de la Demarcaci\u00f3n de Castell\u00f3n de la Plana, Comisi\u00f3n de Cultura. Conferencia en el seminario \u00abInicios\u00bb en un Colegio de Arquitectura e Ingenier\u00eda de Costa Rica. \u00abTama\u00f1o natural\u00bb, Universidad Pontificia Bolivariana, Medell\u00edn, Colombia. \u00abInicios: documentos en el origen\u00bb, Sala Picasso del COAC con motivo de la exposici\u00f3n \u00abCarlos Ferrater\u00bb. Mesa redonda-debate en el Segundo Congreso de Arquitectos de Catalu\u00f1a \u00abFormaci\u00f3n del arquitecto\u00bb, con J. Alonso (presidente COAC), C. Ferrater, A. Fort y J. Gal\u00e1n; moderador J. Avellaneda. \u00abEscala urbana. La construcci\u00f3n en la base del proyecto\u00bb, COA\/Caja de Galicia. \u00ab\u00daltimas obras\u00bb, en el COAC Tarragona. Conferencias en el \u00abV Foro Internacional de la Universidad de C\u00f3rdoba\u00bb, Argentina.<br \/>\n1996 Conferencia en el Curso Internacional de Proyectos \u00abProyectar la costa\u00bb (Designing the shoreline), Centro Internacional de Proyectos, UPC. \u00abLa estructura profesional como extensi\u00f3n de la propia forma de trabajar\u00bb, Generalitat de Catalunya, Departamento de Trabajo, Barcelona. Conferencia en el seminario \u00abFuturas infrastructuras tur\u00edsticas\u00bb, Sal\u00f3n de Convenciones de La Pedrera, Turismo de Barcelona. \u00abEvoluci\u00f3n y s\u00edntesis\u00bb, FAUUSP, Facultad de Arquitectura y Urbanismo, Universidad de Sao Paulo, Brasil. \u00abCuatro viviendas unifamiliares, cuatro edificios p\u00fablicos\u00bb, Facultade de Belas Artes de Sao Paulo, Brasil. \u00ab\u00daltimas obras y proyectos\u00bb dentro del ciclo \u00abArquitectura Contempor\u00e1nea 1996\u00bb, Centro Cultural Parque de Espa\u00f1a, Rosario, Argentina. \u00abProyectos y obras en Barcelona 92-96\u00bb, Centro Cultural Espa\u00f1ol, Buenos Aires, Argentina. \u00ab\u00daltimas obras y proyectos\u00bb, FADU, Buenos Aires, Argentina. \u00abEl proyecto en zonas de fronteras. El valor de los intersticios\u00bb en el curso de arquitectura \u00abSobre el territorio insular: movilidad y actividad\u00bb, Junta de Aguas, Las Palmas de Gran Canaria. Conferencia en la ETSA de La Coru\u00f1a.<br \/>\n1997 Ponencia \u00abArquitectura y habitantes\u00bb en \u00abI Jornadas sobre Espacio P\u00fablico: Familia y Vivienda\u00bb, Consejer\u00eda de familia, mujer y juventud, Xunta de Galicia. \u00abPrimeras Jornadas de reflexi\u00f3n para revitalizar el Ensanche\u00bb, mesa redonda \u00abIdeas para proyectar en el Ensanche\u00bb, ProEixample SA, presidente O. Bohigas, moderador J.M. Huertas, ponentes Borja Carreras, Josep Blanchart, Ernest Compta, J.L. N\u00fa\u00f1ez y Carlos Ferrater. Conferencia \u00abBarcelona\u00bb, Colegio Mayor de Monterols. Ciclo de conferencias con motivo de la III Bienal de Arquitectura Espa\u00f1ola en Sevilla; conferencia de clausura del ciclo \u00abVisi\u00f3n a trav\u00e9s de la obra construida. Conclusiones sobre la selecci\u00f3n de la IV Bienal\u00bb. Ponencia \u00abObra constru\u00edda\u00bb en las \u00abI Jornadas sobre vivienda\u00bb, ETSA de San Sebasti\u00e1n. \u00abEscala urbana\u00bb, Congreso IA, Conferencia Europea de 1997, COAC. \u00abBarcelona, the post-Olympic city\u00bb, conferencia \u00abPaisaje\u00bb, sala de actos Hotel Dante de Barcelona. \u00abArquitecturas frente al mar\u00bb, curso en el Centro Mediterr\u00e1neo de la Universidad de Granada. \u00abMemoria y experiencia vividas en Barcelona\u00bb, Proyectos V-VI, ETSAB. Conferencia en el curso \u00abEl detalle constructivo\u00bb, ETSA de Valencia. Encuentro con los estudiantes de la Universidad Javeriana de Bogot\u00e1, charla y debate, Estudio Bertr\u00e1n 67, Barcelona. \u00abProyectar el Ensanche\u00bb, conferencia Curso Inaugural 1997-1998, ETSAB (UPC). \u00abArte, Arquitectura y Abstracci\u00f3n\u00bb, COA de Galicia. \u00abProyectos junto al mar\u00bb, taller de C\u00e9sar Portela dentro de la IV Bienal de Arquitectura, Auditorio de la Fundaci\u00f3n Bot\u00edn en el Curso de verano, Santander. \u00abBarcelona-Fragmentos\u00bb, Casa Coll y Reg\u00e1s, Matar\u00f3. \u00abA vista de p\u00e1jaro\u00bb, TU de Berl\u00edn, Alemania. \u00abQu\u00e9 es una vivienda\u00bb, curso Proyectos V-VI, ETSAB. \u00abUna visi\u00f3n personal de Barcelona para profesores y estudiantes de Sarajevo, ETSAB. \u00abDal pubblico al privato\u00bb, Facultad de Arquitectura de Venecia. \u00abBarcelona centro de la periferia\u00bb, Torre de Malta, Citadelle. Conferencia en el ciclo \u00abArchitecture et urbanisme: la part de l&#8217;art \/ la part de la technique\u00bb, AERA, Toulouse, Francia.<br \/>\n1998 \u00abSeis proyectos seis\u00bb, Architectural Association of Ireland, Dubl\u00edn. \u00abMaterialidad\u00bb, con motivo de la presentaci\u00f3n del libro, Colegio de Aparejadores y Arquitectos T\u00e9cnicos, Barcelona. Mesa redonda \u00abLa pr\u00e1ctica profesional internacional y la libre\u00bb, COAC. \u00abLa segunda transformaci\u00f3n, Pueblonuevo y Frente de mar\u00bb, jornadas organizadas por AAUC\/COAC. Mesa redonda \u00abLas escalas de la arquitectura. Propuestas para Pueblonuevo\u00bb A. Font, C. Teixidor, R. Fayos, P. Serra, C. Ferrater; moderador J.M. Vilanova. Presentaci\u00f3n del CD-ROM de la IV Bienal de Arquitectura del Pabell\u00f3n Mies van der Rohe. Presidente de la mesa redonda \u00abNorte-sur-este-oeste: estado de la arquitectura espa\u00f1ola\u00bb, dentro de los actos de la IV Bienal de Arquitectura de Barcelona. Sesi\u00f3n de debate \u00abEn defensa de la arquitectura\u00bb en el COAC Barcelona. \u00abVanguardia y Patrimonio: \u00daltimas experiencias\u00bb en el Encuentro Internacional \u00abLa Arquitectura y las ciudades del siglo XXI. Tercer milenio\u00bb, Palacio de Congresos, Valencia, Unesco. \u00abObras y proyectos recientes\u00bb, COA Vasco-Navarro. \u00abLas obras de Carlos Ferrater\u00bb, Reuni\u00f3n del Concreto 1998, Cartagena de Indias, Colombia. \u00abBarcelona-Venezia\u00bb en el Seminario Internacional del Paisaje, Universidad de Gerona. \u00abArquitectura y ciudad\u00bb y mesa redonda con Enrique Browne y Paulo Mendez da Rocha, Biblioteca Nacional, Madrid. \u00abA veces las cosas no son lo que parecen\u00bb, Reuni\u00f3n del Concreto 1998, Cartagena de Indias, Colombia. Charla \u00abBienal de Arquitectura Espa\u00f1ola\u00bb y mesa redonda con V\u00edctor P\u00e9rez Escolano y Antonio Cruz, Sevilla. \u00abXXI Cursillo sobre la intervenci\u00f3n en el patrimonio arquitect\u00f3nico. El patromonio industrial: viejas estructuras, nuevas actuaciones\u00bb, Sala de actos del COAC. \u00abLa relaci\u00f3n de la arquitectura en la ciudad\u00bb, I Bienal Iberoamericana, Alcal\u00e1 de Henares.<br \/>\n1999 \u00abEl proyecto contempor\u00e1neo, coordenadas\u00bb, Navarra. \u00abIglesias siglo XXI\u00bb, curso inaugural de Proyectos II, ETSAB. \u00abLa utilizaci\u00f3n de la madera en la arquitectura\u00bb, Escuela de Arquitectura Ramon Llull. Mesa redonda y presentaci\u00f3n del libro \u00abCarlos Ferrater\u00bb, Cooperativa de Arquitectos, ponentes: R. Prat, M. Gausa, B. Figueras, M. Planas. Conferencia \u00abPropuesta para el nuevo frente mar\u00edtimo de Barcelona\u00bb, COAC, Programa \u00abNueva Arquitectura. Los actuales proyectos supermanzanas de Barcelona\u00bb. Conferencia \u00abEl nuevo jard\u00edn bot\u00e1nico de Barcelona\u00bb y presentaci\u00f3n del libro \u00abCarlos Ferrater\u00bb, Arquer\u00edas de los Nuevos Ministerios, Madrid. Conferencia en el Curso Residencial, COAC. Conferencia en el \u00abForum of Contemporary Art. St. Louis Missouri\u00bb, lecci\u00f3n magistral \u00abPaisaje-sistemas-luz-materialidad\u00bb en el paraninfo de la Washington University. Clases y correcciones en las aulas del proyecto de la Facultad de Arquitectura de la Universidad de Saint Louis. Mesa redonda y debate sobre los proyectos del \u00abConcurso de Sarriguren\u00bb, Escuela de Arquitectura de Pamplona. Conferencia \u00abEl bot\u00e1nico de Barcelona\u00bb, m\u00e1ster del Paisaje \u00abTopograf\u00edas\u00bb, ETSAB. Conferencia \u00abVenezia-Barcelona\u00bb dentro del seminario \u00abLand Architecture\u00bb en el \u00abDipartimento di progettazione architettonica, laboratorio di progettazione architettonica III\u00bb de Renato Bocchi, en el ex Cotonificio Veneziano. Conferencia inaugural \u00abPatrimonio, pasado y futuro\u00bb y apertura del congreso \u00abII Encuentro Iberoamericano Forum UNESCO &#8211; Universidad y Patrimonio\u00bb en el aula magna de la FADU de Buenos Aires. Conferencia inaugural del curso en la Escuela de Arquitectura de Valencia. Conferencia \u00abCarlos Ferrater. Obra\u00bb dictada por Joan Guibernau, COA de Galicia, Vigo. Conferencia \u00abPaisaje-sistemas-luz-materialidad\u00bb (PSLM 2), Escuela de la Salle, Universidad Ramon Llull, Barcelona. Conferencia \u00abLandscape-systems-light-materiality\u00bb (PSLM 3), The Berlage Institute, Amsterdam. Conferencia \u00abPaisaje-sistemas-luz-materialidad\u00bb (PSLM 4), COAC, demarcaci\u00f3n Barcelona, delegaci\u00f3n de Osona. Conferencia \u00abEl jard\u00edn Bot\u00e1nico\u00bb, coloquio \u00abMontjuic, obras y proyectos actuales\u00bb, Escuela de pr\u00e1ctica profesional Jos\u00e9 Luis Sert, COAC. Conferencia \u00abPSLM 5\u00bb, ciclo de conferencias \u00abArquitectura espa\u00f1ola actual\u00bb, ETSA\/Universidad de Valladolid\/COA, demarcaci\u00f3n Valladolid. Conferencia \u00abPSLM 6\u00bb, Palma de Mallorca. Conferencia \u00abEl jard\u00edn Bot\u00e1nico\u00bb, Escuela Eina, Barcelona.<br \/>\n2007 Mesa redonda y presentaci\u00f3n de la exposici\u00f3n \u00abSincronizar la Geometr\u00eda. Carlos Ferrater &#038; Asociados (OAB)\u00bb en la Fundaci\u00f3n Museo de Bellas Artes de Bilbao. Participaci\u00f3n en el simposio internacional \u00abArquitecturas para la M\u00fasica\u00bb en el Palacio de la M\u00fasica Catalana en la conmemoraci\u00f3n de su centenario.<br \/>\n2010 Dentro del ciclo \u00abArquitectures\u00bb organizado por las Bibliotecas de Barcelona, conferencia-coloquio \u00abL&#8217;arquitectura com continent de cultura\u00bb.<\/p>\n<p>BIBLIOGRAF\u00cdA<br \/>\nMONOGRAF\u00cdAS<br \/>\n. \u00abCarlos Ferrater\u00bb. Introducci\u00f3n W. Curtis, Ed. Actar. 1998.<br \/>\n. \u00abCarlos Ferrater. Cat\u00e1logos de Arquitectura Contempor\u00e1nea\u00bb. Introducci\u00f3n de W. Curtis, Editorial Gustavo Gili. 1989.<br \/>\n. \u00abCarlos Ferrater\u00bb. Documentos de Arquitectura n\u00ba 8, COAAO. 1989.<br \/>\n. \u00abCarlos Ferrater. Obras y proyectos 90,s\u00bb, Editorial Electa. 1993.<br \/>\n. \u00abEl nuevo jard\u00edn bot\u00e1nico de Barcelona\u00bb. Ayuntamiento de Barcelona\/IMPU. 1989.<br \/>\n. \u00abTres mansanes vora la Vila Ol\u00edmpica. L&#8217;eixample mar\u00edtim de Barcelona\u00bb. Unitat Operativa de Planejament \/ Mediterr\u00e0nia de Promocions i Gestions Imm, SA. 1989.<br \/>\n. \u00abCarlos Ferrater\u00bb. Pieza especial. 1994.<br \/>\n. \u00abCarlos Ferrater. Ignasi de Sol\u00e0-Morales\u00bb. COAC. 1995.<br \/>\n. \u00abMateriality. J.M. Montaner. Thorho\u00bb. Val. Cementos. 1997.<br \/>\n. \u00abCarlos Ferrater\u00bb. Introducci\u00f3n W. Curtis. Editorial Actar, 1998.<br \/>\n. \u00abCarlos Ferrater\u00bb. Editor Manuel Padura. Reconocido como el gran libro de arquitectura publicado en 2008.<\/p>\n<p>CAP\u00cdTULOS DE LIBROS<br \/>\n. \u00abAnnual of Architecture 12\u00bb, Ed. Atrium, 1989, pp. 160-163.<br \/>\n. \u00abArco Colour. Houses\u00bb, Arco Editorial, 1997, pp. 5-61.<br \/>\n. \u00abArquitectura a Catalunya. L&#8217;era democr\u00e0tica 1988-1996\u00bb, Generalitat de Catalunya\/UIA, 1999, pp. 67, 103, 176, 113, 181.<br \/>\n. \u00abArquitectura al detalle\u00bb, COA\/ETSA de Valencia, 1997, pp. 10.3-10.13.<br \/>\n. \u00abArquitectura espa\u00f1ola contempor\u00e1nea. La d\u00e9cada de los 80\u00bb, Editorial Gustavo Gili, 1990.<br \/>\n. \u00abArquitectura y el control de los elementos\u00bb, Balmes Ed. 1996.<br \/>\n. \u00abArquitectura. Obra p\u00fablica a Catalunya 1980-1985\u00bb. Comisi\u00f3n Catalana del V Centenario del Descubrimiento de Am\u00e9rica. Generalitat de Catalunya\/COAC, 1988, p. 90.<br \/>\n. \u00abArquitectura en los 90, Comunidad Valenciana, Premios COACV 1990-1995\u00bb, COACV\/Generalitat Valenciana, 1998, pp. 114-119.<br \/>\n. \u00abArquitectura sanit\u00e0ria i de serveis socials a Catalunya\u00bb, Departament de Sanitat i Seguretat Social, Generalitat de Catalunya, pp. 160-161.<br \/>\n. \u00abArchitectural Design\u00bb, Links Ed., 1997.<br \/>\n. \u00abArchitectural Houses\u00bb, Vols. 1, 3, 4 i 5, Ed. Atrium, 1992.<br \/>\n. \u00abArquitecturas recientes 1990-1994\u00bb, Universidade de Santiago de Compostela, pp. 244-245.<br \/>\n. \u00abAtlas de plantas\u00bb, Editorial Gustavo Gili, 1997, pp. 22-23.<br \/>\n. \u00abBarcelona 1980-1992. Arquitectura y ciudad\u00bb, Editorial Gustavo Gili, 1990, pp. 41, 208-224.<br \/>\n. \u00abBarcelona. La segona renovaci\u00f3\u00bb, Ajuntament de Barcelona, 1997, pp. 30-34, 40-43, 47-48, 52-57.<br \/>\n. \u00abBarcelona 1981-1992\u00bb, Alinea Editrici, pp. 168, 196.<br \/>\n. \u00abBarcelona Ol\u00edmpica. La ciutat renovada\u00bb, HOLSA, pp. 37, 230, 248-249, 262-264.<br \/>\n. \u00abBarcelone\u00bb, Ed. du Moniteur, Par\u00eds, 1992, pp. 136, 143, 153.<br \/>\n. \u00abBaum and Wohnen\u00bb, 1993.<br \/>\n. \u00abBauten f\u00fcr Handel Gewerbe\u00bb, \u00darsula y Andrea Steinhilber, 1994.<br \/>\n. \u00abBCN cirtta olimpica\u00bb, 1992, pp. 142, 146.<br \/>\n. \u00abBienal de Arquitectura y Urbanismo de Zaragoza\u00bb, Electa, 1993.<br \/>\n. \u00abCasas ib\u00e9ricas\u00bb, n\u00fam. 36, Aspan, 1995, pp. 34-39, 40-47.<br \/>\n. \u00abCasas mediterr\u00e1neas\u00bb, Editorial Gustavo Gili, 1986.<br \/>\n. \u00abCasas mediterr\u00e1neas Costa Brava 2\u00bb, Editorial Gustavo Gili, 1994, pp. 14-19, 72-79.<br \/>\n. \u00abCat\u00e1logos de Arquitectura Contempor\u00e1nea 1990-92\u00bb, Editorial Gustavo Gili, 1994, pp. 50-57.<br \/>\n. \u00abEcological Architecture. Tendencias bioclim\u00e1ticas y arquitectura del paisaje en el a\u00f1o 2000\u00bb, Loft Publicaciones, 1999, pp. 56-59.<br \/>\n. \u00abEls centres sanitaris de la Generalitat\u00bb, Departament de Sanitat i Seguretat Social, Generalitat de Catalunya, 1984.<br \/>\n. \u00abEnciclopedia universal europeo-americana Espasa-Calpe\u00bb. Separata del Suplemento Anual 1981-1982 \u00abArquitectura 1981-1982\u00bb, p. 21. Separata del Suplemento anual 1983-1984 \u00abArquitectura 1983-1984\u00bb, p. 73.<br \/>\n. \u00ab50 Centres d&#8217;Assist\u00e8ncia Prim\u00e0ria\u00bb, Departament de Sanitat i Seguretat Social, Generalitat de Catalunya.<br \/>\n. \u00abConcorso Europea 50 chiese per Roma 2000\u00bb, L&#8217;Arca Edizione, 1994, p. 234.<br \/>\n. \u00abConstruir con acero: Arquitectura en Espa\u00f1a\u00bb, Ensidesa, 1994, pp. 288-291.<br \/>\n. \u00abDieci anni di architettura spagnola 1987-1996\u00bb, Electa, Mil\u00e1n, 1999, pp. 250-251.<br \/>\n. \u00abDVA-Architektur\u00bb, Fru\u00fahjahr, 1994, p. 12.<br \/>\n. \u00abEl arte de construir\u00bb, Valenciana de Cementos, 1999.<br \/>\n. \u00abEuropean Masters. Interiorismo\u00bb, Ed. Atrium, 1987.<br \/>\n. \u00abFloor Plan Atlas\u00bb, Ed. Birkh\u00e4user, pp. 22-23.<br \/>\n. \u00abHabitatge i context urb\u00e0 a l&#8217;arquitectura catalana\u00bb, COAC, 1992, pp. 94-95.<br \/>\n. \u00abHabitatge assequible. La proposta de l&#8217;IMPSOL\/Vivienda asequible. La propuesta del IMPSOL\u00bb, IMPSOL, 1997, p. 71.<br \/>\n. \u00abHousing Architecture\u00bb, volum IV, 1993.<br \/>\n. \u00abPaisajistas\u00bb, Ed. de Horticultura, 1994, pp. 12-19.<br \/>\n. \u00abPrivate Houses\u00bb, Technical Chamber of Greece, 1988.<br \/>\n. \u00abLa rehabilitaci\u00f3 de l&#8217;Eixample, 1987-1991\u00bb, Ajuntament de Barcelona\/Metro 3, p. 74.<br \/>\n. \u00abL&#8217;obra a fer\u00bb, Publicacions de la Diputaci\u00f3 de Barcelona, 1988, pp. 86-87.<br \/>\n. \u00abMaison individuelle\u00bb, Chambre Tecnique de Grece, 1998, pp. 208-209.<br \/>\n. \u00abMies van der Rohe Award for European Architecture 1992\u00bb, Ed. Com. of the European Communities\/Fundaci\u00f3 Mies van der Rohe, pp. 64-67.<br \/>\n. \u00abMies van der Rohe Award for European Architecture 1996\u00bb, Electa, Mil\u00e1n, 1997, pp. 60-63.<br \/>\n. \u00abModern Architecture since 1900\u00bb, W. Curtis, 1996.<br \/>\n. \u00abNew Architecture Sports facilities\u00bb, Ed. Atrium, 1993, pp. 150-159.<br \/>\n. \u00abObres i projectes 1984\u00bb, Ajuntament de Barcelona, 1985.<br \/>\n. \u00abProcessos urban\u00edstics a Catalunya i Rossell\u00f3-Llenguadoc\u00bb, 1988.<br \/>\n. \u00abProjectar la ciutat metropolitana. Obres, plans i projectes 1981-1986\u00bb, Publicacions de la Corporaci\u00f3 Metropolitana de Barcelona, pp. 182-185.<br \/>\n. \u00abSquares\u00bb, Ed. Atrium, 1993.<br \/>\n. \u00abUrban spaces\u00bb, I i III, Ed. Asensio, 1994.<br \/>\n. \u00abLa Villa Ol\u00edmpica Barcelona 1992\u00bb, Editorial Gustavo Gili, 1991, pp. 116-119.<br \/>\n. \u00abUrbanisme a Barcelona\u00bb, Ajuntament de Barcelona, 1999, pp. 14, 15, 20, 27, 83, 116-117, 119, 217.<br \/>\n. \u00abVuit anys d&#8217;arquitectura de l&#8217;esport\u00bb, Departament de la Presid\u00e8ncia, Direcci\u00f3 General de l&#8217;Esport, Generalitat de Catalunya, 1988.<\/p>\n<p>CAT\u00c1LOGOS<br \/>\n. \u00abCat\u00e1logo de inter\u00e9s art\u00edstico y monumental. Conjunto residencial\u00bb, Publicaci\u00f3n del Ayuntamiento de Sant Just Desvern, 1984.<br \/>\n. \u00abArquitectura Obra p\u00fablica a Catalunya 1980-1985\u00bb.<br \/>\n. \u00abItineraris d&#8217;arquitectura catalana 1984-1991\u00bb, COAC.<br \/>\n. \u00abArquitectura quotidiana\u00bb, Exposici\u00f3 Construmat 1987, Vocalia de Cultura COA\/Caixa d&#8217;Arquitectes, abril 1987.<br \/>\n. \u00abVuit anys de l&#8217;arquitectura de l&#8217;esport\u00bb, Departament de la Presid\u00e8ncia, Direcci\u00f3 General de l&#8217;Esport, Generalitat de Catalunya, 1988.<br \/>\n. \u00ab69 projectes al carrer Ferran\u00bb, INFAD\/Ajuntament de Barcelona\/Associaci\u00f3 de comerciants i ve\u00efns del carrer Ferran, 1989.<br \/>\n. \u00abArquitectura contempor\u00e0nia a Menorca\u00bb, COA de Balears\/Ajuntament de Sant Llu\u00eds\/Institut Menorqu\u00ed d&#8217;Estudis, 1991.<br \/>\n. \u00abPrimer Festival Internacional d&#8217;Infoarquitectura, 18 febrero\/9 marzo 1997\u00bb.<br \/>\n. \u00abBarcelona posat&#8217;t guapa\u00bb, Festival des Allumees, Nantes, octubre 1990.<br \/>\n. \u00abUrbanismo y Arquitectura Metroppole 90\u00bb, Pavillon de l&#8217;Arsenal, Par\u00eds, marzo 90.<br \/>\n. \u00abJornadas de Arquitectura Mediterr\u00e1nea en la Comunidad Valenciana celebradas en Utrecht\u00bb, Universidad Polit\u00e9cnica Tilburg\/COA de la Comunidad Valenciana.<br \/>\n. \u00abContemporary Architectural Drawings. Donations to the Avery Library Centennial Archive\u00bb, Press of California.<br \/>\n. \u00abBarcelona 1979 i 2004. Del desenvolupament a la ciutat de qualitat\u00bb, Ajuntament de Barcelona\/COAC Dem. Barcelona\/Col. Aparelladors i Arquitectes T\u00e8cnics\/Col. Enginyers Industrials, 1999.<br \/>\n. \u00ab98 Memoria de Actividades Fundaci\u00f3n Valencia III Milenio. La arquitectura y las ciudades en el siglo XXI\u00bb, junio 1999.<br \/>\n. \u00abI Muestra 10 a\u00f1os de Arquitectura espa\u00f1ola 1980-1990\u00bb, CSCAE\/MOPT\/UIMP\/Banco Hipotecario Espa\u00f1ol.<br \/>\n. \u00abMuestra de Arquitectura espa\u00f1ola 1991-1993\u00bb, MONT\/UIMO\/Consejo Superior de Arquitectura de Espa\u00f1a, julio 1994.<br \/>\n. \u00abPrivate Houses de la Exposici\u00f3n de Atenas\u00bb, Gobierno griego, 1988.<br \/>\n. \u00abGolf de l&#8217;Empord\u00e0\u00bb, 1988.<br \/>\n. \u00abBienal Zaragoza, Arquitectura y Urbanismo\u00bb, Itinerancia Edici\u00f3n 72 Seminario.<br \/>\n. \u00abMuestra de Arquitectura. La vivienda unifamiliar en Menorca 1950-1990\u00bb, COA de Baleares, Menorca, 1992.<br \/>\n. \u00abMies van der Rohe Award for European Architecture 1992\u00bb, Ed. Com. of the European Communities\/Fundaci\u00f3 Mies van der Rohe, pp. 64-67.<br \/>\n. \u00abEl jard\u00edn habitado\u00bb, Galer\u00eda Antonio de Barnola, 1992.<br \/>\n. \u00abLa mirada del arquitecto\u00bb, Edici\u00f3 I Bienal de Zaragoza de Arquitectura y Urbanismo.<br \/>\n. \u00abMuseo de Arte Contempor\u00e1neo Concurso Internacional\u00bb, Gobierno de Arag\u00f3n, 1993.<br \/>\n. \u00abObras y proyectos. Carlos Ferrater 90&#8217;s\u00bb. Galer\u00eda Antonio de Barnola, Ed. Electa, 1993.<br \/>\n. \u00abSolucions constructives per a l&#8217;arquitectura d&#8217;avui\u00bb, COAC, 1993.<br \/>\n. \u00abLa construcci\u00f3 de l&#8217;espai enjardinat. Tres illes a l&#8217;Eixample Cerd\u00e0\u00bb.<br \/>\n. \u00abII Bienal Arquitectura Espa\u00f1ola 1991-1992\u00bb, MOPT\/Consejo Superior de Arquitectos de Espa\u00f1a\/UIMP, Club N\u00e1utico Estartit, julio 1993.<br \/>\n. \u00abCatalu\u00f1a Arquitectura Contempor\u00e1nea\u00bb, Departamento de Historia y Teor\u00eda de la Unidad de Extensi\u00f3n de la Facultad de Arquitectura y Urbanismo de la Universidad de Chile, COA Chile\/COAC, 1993.<br \/>\n. \u00abIII Bienal Arquitectura Espa\u00f1ola 1993-1994\u00bb, MOPT\/Consejo Superior Arquitectos de Espa\u00f1a\/UIMP, septiembre 1995.<br \/>\n. \u00abArquitectura per al nou segle\u00bb, Construmat\/COAC, 1995.<br \/>\n. \u00abVenezia &#8216;La Nuova Architettura'\u00bb, Biblioteca Skira, 1999.<br \/>\n. \u00abBarcelona 1979-2004\u00bb, 1999.<br \/>\n. \u00abEl arte de construir\u00bb, Valenciana de Cementos\/CICB, 1999.<br \/>\n. \u00abV Bienal de Arquitectura Espa\u00f1ola 1997-1998\u00bb, Arruga Movi Studio.<br \/>\n. \u00abMies van der Rohe Award for European Arthitecture 1996\u00bb, Electa, Mil\u00e1n, pp. 60-63.<br \/>\n. \u00abArquitectura portu\u00e0ria a les comarques de Girona\u00bb, 1999.<\/p>\n<p>GUIAS<br \/>\n. \u00abArquitectura de Barcelona\u00bb, COAC, Barcelona, 1990. J.E. Hern\u00e1ndez-Cros, G. Mora, X. Pouplana. Edificio de viviendas calle Bertr\u00e1n 67 (menci\u00f3n edificio calle Bertr\u00e1n 113).<br \/>\n. \u00abBarcelone, barroque et moderne. L&#8217;exuberance catalane\u00bb, Gu\u00eda Autrement, Par\u00eds, 1985. (Calle Bertr\u00e1n 67 y 113).<br \/>\n. \u00abEl Pa\u00eds. Gu\u00eda para peatones\u00bb, Vicente Pat\u00f3n, 22 diciembre 1985. (Calle Bertr\u00e1n 113).<br \/>\n. \u00abGu\u00eda Barcelona\u00bb.<br \/>\n. \u00abSvensk-Byggtj\u00e4nsts Bygguide\u00bb, 1990. (Sant Just-avenida Pearson).<br \/>\n. \u00abGuia d&#8217;Arquitectura Contempor\u00e0nia: Barcelona i la seva \u00e0rea territorial 1928-1990\u00bb. (Edificio Bertr\u00e1n 67).<br \/>\n. \u00abGu\u00eda de Arquitectura de Barcelona\u00bb, Jap\u00f3n, 1992.<br \/>\n. \u00abBarcelona 1929-1994\u00bb, Colecci\u00f3n Gu\u00eda de Arquitectura, Editorial Gustavo Gili, 1995. Antoni Gonz\u00e1lez\/Rafael Lacuesta. (Hotel, tres manzanas, Valle de Hebr\u00f3n).<br \/>\n. \u00abArquitectura de Espa\u00f1a &#8211; Guide Architecture of Spain 1929-1996\u00bb. Carlos Flores L\u00f3pez\/Xavier G\u00fcell Guix. Fundaci\u00f3n Caja de Arquitectos, 1996. [Bertr\u00e1n 67 (96), Bertr\u00e1n 113 (96 rese\u00f1a), Tres manzanas (118), Hotel Juan Carlos I (110), viviendas Can Marcet (117 rese\u00f1a), Consell Comarcal Llobregat (129), Impiva (163), Edificio El Puerto (172 rese\u00f1a), Edificio Garb\u00ed (172 rese\u00f1a), Club N\u00e1utico Estartit (172), y Escuela El Rieral (171 rese\u00f1a)].<br \/>\n. \u00abGu\u00eda de Arquitectura de Espa\u00f1a 1920-2000\u00bb, Ra\u00fal Rispa, Tanais Ed., Ministerio de Fomento, Direcci\u00f3n General de Arquitectura y Urbanismo, 1998. (Fichas 162-B62, 172, 173, 193, GI II, GI L2 192, GI 8, 325 CS I).<br \/>\n. \u00abGu\u00eda de Arquitectura de Menorca\u00bb. (Casa Guibernau, p. 130; pabell\u00f3n municipal de deportes, p. 213).<\/p>\n<p>V\u00cdDEOS<br \/>\n. \u00abQu\u00e8 \u00e9s el disseny?\u00bb, Departament d&#8217;Ensenyament, Generalitat de Catalunya, 1985.<br \/>\n. \u00abTV3 Dise\u00f1o\u00bb, presentaci\u00f3n sobre programa dise\u00f1o industrial como presidente de ADI-FAD, 1985.<br \/>\n. Direcci\u00f3n v\u00eddeo \u00ab25 Anys de Disseny Industrial\u00bb, ADI-FAD, 1987.<br \/>\n. \u00abCadena 10\u00bb, TV1, programa de arte, reportaje de los edificios de la calle Bertr\u00e1n, 1986.<br \/>\n. \u00abSelecci\u00f3 d&#8217;espais p\u00fablics en l&#8217;arquitectura catalana, COAC\/ETSAB\/\u00bbla Caixa\u00bb, 1987; obra: Parque Torreblanca.<br \/>\n. Filmaci\u00f3n programa Juan Luis Bu\u00f1uel, enviado especial TV francesa Channel 2: \u00abLos conquistadores espa\u00f1oles\u00bb, 1992.<br \/>\n. \u00abCompostela descobrase\u00bb, Consorcio de la ciudad de Santiago de Compostela; responsable Alfonso Penela, 1993.<br \/>\n. \u00abFragments\u00bb, F\u00e8lix Riera; obra: Hotel Juan Carlos I, 1993.<br \/>\n. Muestra de v\u00eddeos \u00abLa arquitectura captada\u00bb, ETSA Valencia\/UPC\/COACV, febrero 1994.<br \/>\n. \u00abLa Escuela de Barcelona o &#8216;El s\u00f3lido encanto de la arquitectura'\u00bb, v\u00eddeo monogr\u00e1fico, duraci\u00f3n 26&#8217;, productora La General, febrero 1994.<br \/>\n. Canal + Lo m\u00e1s, \u00abUna casa ecol\u00f3gica en Lampaies\u00bb, 1994.<br \/>\n. \u00abLa memoria secreta de los edificios\u00bb, F\u00e8lix Riera, TV3, CF Intervenci\u00f3n \u00abEl misteri de les esgl\u00e9sies visig\u00f2tiques d&#8217;\u00c9gara\u00bb, 1994.<br \/>\n. \u00abDocumentos de Arquitectura Contempor\u00e1nea\u00bb, monogr\u00e1fico Carlos Ferrater, productora Mas, 1996.<\/p>\n<p>CD-ROM<br \/>\nCD-ROM Punto de informaci\u00f3n en el COA de Gu\u00eda Multimedia de arquitectura contempor\u00e1nea de Barcelona, vol. 1, El \u00e1rea metropolitana; obras: Consell Comarcal, Parque Torreblanca-Ametlla.<\/p>\n<p>PUBLICACIONES PERI\u00d3DICAS<br \/>\n. Abitare, Mil\u00e1n. 1972, n\u00ba 103 \/ 1995, n\u00ba 343, p. 124-131.<br \/>\n. AD. 1989, n\u00ba 20, p. 122-126.<br \/>\n. AIT, London. 1997, n\u00ba 5, p. 62-67.<br \/>\n. ALICER. Asociaci\u00f3n para el dise\u00f1o cer\u00e1mico, Valencia, 1998.<br \/>\n. AMC, Par\u00eds. 1985, n\u00ba 8, p. 30 \/ 1990, n\u00ba 10.<br \/>\n. AQ. 1989, n\u00ba 5, p. 56-63.<br \/>\n. Arquitectos, Colegio Arquitectos Andaluc\u00eda Oriental. 1989, n\u00ba 5, p. 56-63.<br \/>\n. Arquitectos, Madrid. 1993, n\u00ba 132 \/ 1995, n\u00ba 138, p. 60-89 \/ 1997, n\u00ba 143 \/ 1999, n\u00ba 150, p. 72-73.<br \/>\n. Arquitectura, Madrid. 1972, n\u00ba 157, p. 44 \/ 1989, n\u00ba 278-279.<br \/>\n. Arquitectura Viva, Madrid. 1990, n\u00ba 13, p. 66 \/ 1991, n\u00ba 20, p. 74 \/ 1991, n\u00ba 21, p. 72-75 \/ 1992, n\u00ba 25, p. 6-10, 12-15, 22-25 \/  1993, n\u00ba 28, p. 22-25 \/ Anuario, 1993, Madrid, p. 122-125 \/ 1993, n\u00ba 30, p. 9 \/ 1995, n\u00ba 43, p. 76 \/ 1995, n\u00ba 44, p. 80-85 \/  1996, n\u00ba 49, p. 9 \/ 1997, n\u00ba 56, p. 34-41 \/ 1998, n\u00ba 58, p. 9 \/ 1999, n\u00ba 63, p. 81 \/ 1999, n\u00ba 67, p. 7.<br \/>\n. Arquitectura y Cr\u00edtica. Pasajes, Madrid. 1999, n\u00ba 5, p. 22-28, 45.<br \/>\n. Architecture, Par\u00eds. 1996, setembre, p. 171.<br \/>\n. Architectural Review, Londres. 1988, n\u00ba 9, p. 64-66 \/ 1992, n\u00ba 1146, p. 40-43 \/ 1996, n\u00ba 1187, p. 29-30.<br \/>\n. Architecture Cree, Par\u00eds, 1972.<br \/>\n. L&#8217;Architecture d&#8217;aujourd&#8217;hui, Par\u00eds. 1987, n\u00ba 252 \/ 1999, n\u00ba 323, p. 34-37, 51-53.<br \/>\n. Architecture mediterran\u00e9e. 1993, n\u00ba 40, p. 195-197.<br \/>\n. Ardi, Barcelona. 1988, n\u00ba 2, p. 76-81 \/ 1993, n\u00ba 32, p. 124-129.<br \/>\n. Arte y Cemento, Bilbao. 1972, n\u00ba 949, p. 36-51 \/ 1983, n\u00ba 1372, p. 48-49 \/ 1991, n\u00ba 7, p. 70-81 \/ 1992, n\u00ba 13, p. 104-107 \/  1998, n\u00ba 1831, p. 76-81.<br \/>\n. AU, Sao Paulo. 1997, A\u00f1o 12, p. 62-68.<br \/>\n. A+U, Tokyo. 1997, n\u00ba 318, p. 112-117, 118-121.<br \/>\n. A&#038;V, Madrid. 1987, n\u00ba 11, p. 76-78, 88 \/ 1990, n\u00ba 22, p. 52-54 \/ 1990, n\u00ba 24, p. 6 \/ 1992, n\u00ba 33, p. 10, 16, 68, 78-81 \/ 1992, n\u00ba 37, p. 94-96 \/ 1993, n\u00ba 41, p. 58-61 \/ Anuario 1994, Espa\u00f1a 1995, Anuario, Yearbook 1995, Madrid, n\u00ba 51-52, p. 58-61 \/ Monograf\u00edas, Espa\u00f1a 1996 \/ Anuario, Yearbook 1996, Madrid, n\u00ba 86-88, p. 86-88 \/ 1997, n\u00ba 60 Casas espa\u00f1olas\/Spanish Houses, p. 80-83 \/ 1997, n\u00ba 67, Houses improved, p. 82-85 \/ 1998, n\u00ba 62, p. 81 \/ 1980, n\u00ba 69-70, Anuario, Yearbook, p. 122-125 \/ 1999, n\u00ba 75-76, Yearbook, p. 120-123.<br \/>\n. AXXIS Arquitectura, Colombia. 1995, n\u00ba 35, p. 8-12.<br \/>\n. Barcelona verda, Ajuntament, Barcelona. 1998, n\u00ba 56, p. 9 \/ 1999, n\u00ba 63, p. 11 \/ 1999, n\u00ba 64, p. 11.<br \/>\n. BASSA, COAC, Santa Cruz de Tenerife. 1989, n\u00ba 10.<br \/>\n. Bauwelt, Berl\u00edn. 1995, n\u00ba 44 \/ 1996, n\u00ba 41, p. 2338-2339 \/ 1998, n\u00ba 30, p. 1683.<br \/>\n. Building design, Londres. 1992, n\u00ba 1089, p. 17.<br \/>\n. Capita selecta, 1995.<br \/>\n. Casa Viva, Barcelona. 1986, n\u00ba 50, p. 36-42 \/ 1986, n\u00ba 52, p. 12-18 \/ 1988, n\u00ba 73, p. 20-23 \/ 1991, n\u00ba 107, p. 76-79 \/ 1993, n\u00ba 121, pp. 90-103 \/ 1994, n\u00ba 139, 70-77 \/ 1998, n\u00ba 12, p. 32-43 \/ 1998, n\u00ba 16, p. 80-87 \/ 2000, n\u00ba 32, p. 83-92.<br \/>\n. Casa Vogue, Madrid. 1989, n\u00ba 1, p. 166 \/ 1989, n\u00ba 3, p. 100-109 \/ 1989, n\u00ba 7, p. 86-91 \/ 1990, n\u00ba 12, p. 70-77.<br \/>\n. Casabella, Mil\u00e1n. 1996, n\u00ba 638, p. 44-51.<br \/>\n. Catalonia, Barcelona. 1987, n\u00ba 2.<br \/>\n. CIC Construcci\u00f3n, Barcelona. 1997, n\u00ba 304, p. 58-63.<br \/>\n. City Magazine. 1987, n\u00ba 29 \/ 1987, n\u00ba 32.<br \/>\n. Constructiva, pavimentos 99, Barcelona. 1999, 2\u00ba semestre, p. 22, 51.<br \/>\n. Construire in Laterizio, Mil\u00e1n. 1990, n\u00ba 18, p. 448-453 \/ 1992, n\u00ba 27, p. 197-205 \/ 1994, n\u00ba 37, p. 32-35 \/ 1994, n\u00ba 40, p. 320-323.<br \/>\n. Construire, Mil\u00e1n. 1997, n\u00ba 169, p. 106-107.<br \/>\n. Creativity News, Barcelona. 1993, n\u00ba 9, p. 88-89 \/ Annual 2, 1994.<br \/>\n. Cuadernos de Arquitectura y Urbanismo, Barcelona. 1971, n\u00ba 83 \/ 1972, n\u00ba 94, p. 71-79.<br \/>\n. D&#8217;A, COA de Balears. 1992, n\u00ba 9, p. 74-81.<br \/>\n. De Architect, Gravenhage. 1996, n\u00ba 63, p. 47.<br \/>\n. Db. 1991, n\u00ba 7, p. 26-64.<br \/>\n. Dda dos, detalles de arquitectura, Madrid. 1996, 114-123, 124-130.<br \/>\n. De dise\u00f1o, Barcelona. 1996, n\u00ba 6, p. 48-55.<br \/>\n. Debats, Barcelona. 1998, n\u00ba 62-63, p. 113-116.<br \/>\n. Detail, Munich. 1996, n\u00ba 2772 F, p. 46-48.<br \/>\n. Dise\u00f1o de la ciudad, Barcelona. 1996, n\u00ba 4, p. 43-45.<br \/>\n. Dise\u00f1o Interior, Madrid. 1991, n\u00ba 1, presentaci\u00f3n \/ 1991, n\u00ba 6, p. 64-69 \/ 1992, n\u00ba 17, p. 64-69 \/ 1992, n\u00ba 21, p. 15 \/ 1993, n\u00ba 30 \/ 1994, n\u00ba 4, p. 14-19 \/ 1994, n\u00ba 35, p. 36-41 \/ 1994, n\u00ba 37, p. 86-89 \/ 1995, n\u00ba 47, p. 18-25 \/ 1996, n\u00ba 50, p. 57 \/ 1996, n\u00ba 51, p. 50 \/ 1996, n\u00ba 52, p. 37 \/ 1999, n\u00ba 88, p. 88-89.<br \/>\n. Donna, Mil\u00e1n. 1987, n\u00ba 75, p. 84-91, 146-153.<br \/>\n. Domus, Mil\u00e1n. 1999, n\u00ba 817, p. 42-43.<br \/>\n. El Croquis, Madrid. 1985, n\u00ba 21, p. 29, 47 \/ 1985, n\u00ba 22, p. 39-45 \/ 1986, n\u00ba 27, p. 60-69 \/ 1987, n\u00ba 31, p. 121-127 \/ 1993, n\u00ba 62-63, Arquitectura espa\u00f1ola 93, p. 198-203 \/ 1994, n\u00ba 70, Arquitectura espa\u00f1ola 94, p. 118-127 \/ 1996, n\u00ba 76, Arquitectura espa\u00f1ola 95, p. 150-159 \/ 1997, n\u00ba 81-82, Arquitectura espa\u00f1ola 96 \/ 1998,  n\u00ba  , p. 166-173, 174-181 \/ 1998, n\u00ba 90, Arquitectura espa\u00f1ola 97-98, p. 130-135.<br \/>\n. El H\u00edbrido, Zaragoza. 1996, n\u00ba 3, p. 37-45.<br \/>\n. El Pa\u00eds, 16.10.1999. Babelia. Arquitectura, p. 20.<br \/>\n. Elle, Madrid. 1987, n\u00ba 12, p. 224-227.<br \/>\n. Empord\u00e0, Gerona. 1999, enero.<br \/>\n. Eupalinos, Barcelona. 1999, p. 5.\/012-015.<br \/>\n. Frames, Faenza. 1993, n\u00ba 2, p. 26-34.<br \/>\n. Garden. 1993, n\u00ba 1, p. 23-27.<br \/>\n. Habitar, Quito. 1995, n\u00ba 40, p. 49 \/ 1995, n\u00ba 41, p. 18-22.<br \/>\n. Hauser, Hamburgo. 1994, n\u00ba 4, p. 46-49.<br \/>\n. Hogar y moda. 1986, n\u00ba 2029, p. 36-41.<br \/>\n. Informaci\u00f3 i debat, Barcelona. 1998, n\u00ba 1169-11, p. 4 \/ 1999, n\u00ba 1222-11, p. 25 \/ 1999, n\u00ba 1227-11, p. 35-36.<br \/>\n. Interiors, Nueva York. 1993, n\u00ba noviembre, p. 57-61.<br \/>\n. Internacional, Madrid. 1985, p. 45-47.<br \/>\n. Interni, Mil\u00e1n. 1987, n\u00ba 369 \/ 1989, n\u00ba 392, p. 40-45 \/ 1990, n\u00ba 401, p. 18-21 \/ 1992, n\u00ba 418, p. 94-97 \/ 1992, n\u00ba 421, p. 112-115 \/ 1992, Interni dossier \/ 1993, n\u00ba 427, p. 76-79 \/ 1993, n\u00ba 431, p. 88-89.<br \/>\n. Jano. 1976, n\u00ba 42.<br \/>\n. Konstruktief. 1995, n\u00ba 2, p. 6, 12, 13, 32-38.<br \/>\n. L&#8217;Informatiu, Barcelona. 1994, n\u00ba 55, p. 15-19 \/ 1999, n\u00ba 148, p. 26-34.<br \/>\n. Lookout, Fuengirola. 1989, p. 80-81.<br \/>\n. Maison Jardin, 1990.<br \/>\n. Nikkei Architecture, Tokyo. 1992, n\u00ba 7-20, p. 138-139 \/ 1992, n\u00ba 8-3, p. 108.<br \/>\n. Noticreto, Colombia. 1998, n\u00bam. 49, p. 20-26.<br \/>\n. Nuevo estilo, Madrid. 1989, n\u00ba 141, p. 100-105 \/ 1992, n\u00ba 170, p. 138-155 \/ 1994, n\u00ba 197, p. 71-77.<br \/>\n. Oficinas, Barcelona. 1992, n\u00ba 174, p. 69-74.<br \/>\n. On, Barcelona. 1980, n\u00ba 17, p. 8-11 \/ 1980, n\u00ba 21, p. 20-22 \/ 1981, n\u00ba 25, p. 20-21 \/ 1982, n\u00ba 34, p. 25-27 \/ 1983, n\u00ba 43, p. 20-23 \/ 1983, n\u00ba 44, p. 8-11 \/ 1984, n\u00ba 52, p. 76-79 \/ 1985, n\u00ba 63, monogr\u00e1fico, p. 9-48 \/ 1986, n\u00ba 71, p. 41-45 \/ 1986, n\u00ba 75, p. 17-23 \/ 1989, n\u00ba 100, p. 154, 188, 216, 228, 236 \/ 1989, n\u00ba 103, p. 120-125, 174-179 \/ 1989, n\u00ba 108, p. 104-126 \/ 1990, n\u00ba 114 \/ 1990, n\u00ba 116 \/ 1992, n\u00ba 134, p. 142-149 \/ 1992, n\u00ba 138, p. 188-195 \/ 1993, n\u00ba 142, p. 182-183 \/ 1994, n\u00ba 149, p. 100-105 \/ 1994, n\u00ba 153, p. 14-15 \/ 1996, n\u00ba 175, p. 158-167 \/ 1996, n\u00ba 176, p. 198, 221 \/ 1997, n\u00ba 184, p. 140-149 \/ 1998, Premios FAD, p. 56-59 \/ 1999, n\u00ba 203 (1), p. 114-115, 224-233 \/ 1999, Premios FAD 1999.<br \/>\n. Ottagono. 1987, n\u00ba 87.<br \/>\n. Process Architecture, Tokyo. 1995, n\u00ba 57.<br \/>\n. Progetto. 1998, n\u00ba 4, p. 24-25.<br \/>\n. Projecto Design, Sao Paulo. 1997, n\u00ba 211, p. 58, 65.<br \/>\n. Quaderns d&#8217;Arquitectura i Urbanisme, Barcelona. 1981, n\u00ba 144, p. 43 \/ 1983, n\u00ba 156, p. 28-29 \/ 1985, n\u00ba 165 \/ 1991, n\u00ba 187 \/ 1991, n\u00ba 188-189, Gu\u00eda de arquitectura contempor\u00e1nea \/ 1992, n\u00ba 191, p. 90-95 \/ 1992, n\u00ba 194, p. 52-55, 96-105 \/ 1995, n\u00ba 207-208-209, p. 86-89 \/ 1996, n\u00ba 211, p. 16-25 \/ 1998, n\u00ba 220, p. 77-82 \/ 1998, n\u00ba 221, p. 102-103.<br \/>\n. Raum. 1989, n\u00ba 4-5, p. 106-112.<br \/>\n. Regesa. Consell Comarcal Barcelon\u00e8s. 1998, p. 27.<br \/>\n. Revista. 1971, n\u00ba 5, p. 26-33.<br \/>\n. Revista de la construcci\u00f3, Barcelona. 1996, n\u00ba 56, p. 94 \/ 1997, n\u00ba 67, p. 86.<br \/>\n. SD, Tokyo. 1990, n\u00ba 9005.<br \/>\n. Sites, Nueva York. 1988, n\u00ba 20, p. 67 \/ 1992, n\u00ba 24, p. 100-103.<br \/>\n. Summa + 14, Buenos Aires. 1995, agosto\/septiembre, p. 66-69.<br \/>\n. T\u00e9cnica de la Construcci\u00f3n. 1983, n\u00ba 14, p. 66-69.<br \/>\n. Tect\u00f3nica, Madrid. N\u00ba 1, Fachadas ligeras 1, p. 20, 70-81.<br \/>\n. Technique &#038; Architecture, Par\u00eds. 1996, n\u00ba 426, p. 77-79.<br \/>\n. Topos. 1994, n\u00ba 7, p. 77-83.<br \/>\n. Via Arquitectura, COA Valencia. 1998, n\u00ba 03-V2, p. 56-61 \/ 1999, n\u00ba 04-V1 \/ 1999, n\u00ba 05-V, p. 88-93 \/ 1999, n\u00ba 06-V, p. 40-45.<br \/>\n. Ville Giardini. 1987, n\u00ba 215, p. 2-9.<br \/>\n. Wam, Barcelona. 1996, n\u00ba 1-2, p. 61-63.<\/p>\n","protected":false},"template":"","rang":[142],"class_list":["post-30731","academic","type-academic","status-publish","hentry","rang-academics-de-numero"],"acf":[],"_links":{"self":[{"href":"https:\/\/www.racba.org\/es\/wp-json\/wp\/v2\/academic\/30731","targetHints":{"allow":["GET"]}}],"collection":[{"href":"https:\/\/www.racba.org\/es\/wp-json\/wp\/v2\/academic"}],"about":[{"href":"https:\/\/www.racba.org\/es\/wp-json\/wp\/v2\/types\/academic"}],"wp:attachment":[{"href":"https:\/\/www.racba.org\/es\/wp-json\/wp\/v2\/media?parent=30731"}],"wp:term":[{"taxonomy":"rang","embeddable":true,"href":"https:\/\/www.racba.org\/es\/wp-json\/wp\/v2\/rang?post=30731"}],"curies":[{"name":"wp","href":"https:\/\/api.w.org\/{rel}","templated":true}]}}