{"id":30745,"date":"2023-12-12T16:49:26","date_gmt":"2023-12-12T15:49:26","guid":{"rendered":"https:\/\/www.racba.org\/academic\/fontbona-i-de-vallescar-francesc-2\/"},"modified":"2023-12-12T16:49:26","modified_gmt":"2023-12-12T15:49:26","slug":"fontbona-i-de-vallescar-francesc","status":"publish","type":"academic","link":"https:\/\/www.racba.org\/es\/academic\/fontbona-i-de-vallescar-francesc\/","title":{"rendered":"Fontbona i de Vallescar, Francesc"},"content":{"rendered":"<p>Barcelona, 1948.<br \/>\nDoctor en Historia Moderna por la Universidad de Barcelona.<br \/>\nElegido acad\u00e9mico de n\u00famero por la secci\u00f3n de pintura de la Reial Acad\u00e8mia Catalana de Belles Arts de Sant Jordi el 16 de diciembre de 1987, aprobando as\u00ed la propuesta en su d\u00eda presentada por los acad\u00e9micos de n\u00famero Joan Ainaud de Lasarte, Joan Antoni Maragall Noble,  y Joan Vila Grau. Ley\u00f3 su discurso de ingreso (\u00abElogi de l&#8217;Acad\u00e8mia\u00bb) el 7 de junio de 1989. Acad\u00e9mico conservador del museo y miembro de la Junta de Gobierno entre 1995 y 2003; y desde 2019.<br \/>\nMiembro numerario del Institut d&#8217;Estudis Catalans (Secci\u00f3n Hist\u00f3rico-Arqueol\u00f3gica) (desde 1992).<br \/>\nHonorary Associate de The Hispanic Society of America, de Nueva York (desde 1993).<br \/>\nAcad\u00e9mico correspondiente de la Real Academia de Bellas Artes de San Telmo, de M\u00e1laga (desde 1990).<br \/>\nMiembro de las Juntas de Calificaci\u00f3n, Valoraci\u00f3n y Exportaci\u00f3n de Bienes del Patrimonio Hist\u00f3rico, del Ministerio de Cultura (1990-2002) y de la Generalitat de Catalunya (desde 1983). Presidente de esta Junta (desde 2002).<br \/>\nPresidente del Comit\u00e9 de Selecci\u00f3n del Sal\u00f3n de Anticuarios de Barcelona (desde 2002).<br \/>\nHa sido miembro de la Junta de Museus de Catalunya y de su Comisi\u00f3n Executiva (1991-2002).<br \/>\nMiembro del patronato del Institut Amatller d\u2019Art Hisp\u00e0nic de Barcelona.<br \/>\nDirector de la Unidad Gr\u00e1fica de la Biblioteca de Catalunya (desde 1995). Conservador de los Grabados, Dibujos y Mapas de la Biblioteca de Catalunya (1978-95).<br \/>\nResponsable de la secci\u00f3n de arte de la Gran Enciclop\u00e8dia Catalana (1970-77), y redactor desde 1968. <\/p>\n<p>Autor, entre diversos otros libros, de:<br \/>\n. \u00abLa crisi del Modernisme art\u00edstic\u00bb, Curial, Barcelona 1975 (Premio de la Cr\u00edtica Serra d&#8217;Or de Ensayo y Premio del Institut d&#8217;Estudis Catalans).<br \/>\n. \u00abEl paisatgisme a Catalunya\u00bb, Destino, Barcelona 1979 (Premio del Institut d&#8217;Estudis Catalans).<br \/>\n. \u00abAnglada-Camarasa\u00bb (con F. Miralles), Pol\u00edgrafa, Barcelona 1981.<br \/>\n. \u00abDel Neoclassicisme a la Restauraci\u00f3 (1808-1888)\u00bb, vol. VI de la \u00abHist\u00f2ria de l&#8217;art catal\u00e0\u00bb, Edicions 62, Barcelona 1983.<br \/>\n. \u00abDel Modernisme al Noucentisme\u00bb (con F. Miralles), vol. VII de la \u00abHist\u00f2ria de l&#8217;art catal\u00e0\u00bb, Edicions 62, Barcelona 1985.<br \/>\n. \u00abLa xilografia a Catalunya entre 1800 i 1823\u00bb, Biblioteca de Catalunya, Barcelona 1992 [1993].<br \/>\n. \u00abCat\u00e0leg del Museu de la Reial Acad\u00e8mia Catalana de Belles Arts de Sant Jordi. I-Pintura\u00bb (con Victoria Dur\u00e1), Reial Acad\u00e8mia Catalana de Belles Arts de Sant Jordi, Barcelona 1999. (Premio ACCA -Associaci\u00f3 Catalana de Cr\u00edtics d\u2019art- a la mejor publicaci\u00f3n del a\u00f1o).<br \/>\n. \u00abJosep Mompou. Biografia i cat\u00e0leg de la seva obra\u00bb, Ed. Mediterr\u00e0nia, Barcelona 2000.<br \/>\n. \u00abCarles Mani, escultor male\u00eft\u00bb, Diputaci\u00f3 de Tarragona-Viena, Barcelona 2004.<br \/>\n. \u00abFrancesc Torras Armengol\u00bb, Caixa de Terrassa-Lunwerg, Barcelona 2005.<br \/>\n. \u00abManolo Hugu\u00e9\u00bb (Cronolog\u00eda de Llu\u00efsa Sala Tubert), Museo de Arte Contempor\u00e1neo Esteban Vicente, Segovia 2006.<br \/>\n. \u00abAnglada-Camarasa. Dibujos. Cat\u00e1logo razonado\u00bb (con F. Miralles). Editorial Mediterr\u00e0nia, Barcelona 2006.<\/p>\n<p>Direcci\u00f3n de las obras:<br \/>\n. \u00abInventari d\u2019artistes catalans que participaren als Salons de Par\u00eds fins l\u2019any 1914\u00bb, Biblioteca de Catalunya, Barcelona 1986.<br \/>\n. \u00abEl llibre d&#8217;or de l&#8217;art catal\u00e0\u00bb, El Peri\u00f3dico, Barcelona 1997.<br \/>\n. \u00abEl Romanticisme a Catalunya\u00bb (con Manuel Jorba), Proa, Barcelona 1999.<br \/>\n. \u00abRepertori d\u2019exposicions individuals d\u2019art a Catalunya (fins a l\u2019any 1938)\u00bb, Institut d\u2019Estudis Catalans, Barcelona 1999.<br \/>\n. \u00abRepertori de cat\u00e0legs d\u2019exposicions col\u00b7lectives d\u2019art a Catalunya (fins a l\u2019any 1938)\u00bb, Institut d\u2019Estudis Catalans, Barcelona 2002.<br \/>\n. \u00abEl Modernisme\u00bb, Edicions L\u2019Isard, Barcelona 2002-2004, 5 vol\u00famenes. (Premio ACCA -Associaci\u00f3 Catalana de Cr\u00edtics d\u2019art- a la mejor publicaci\u00f3n del a\u00f1o).<\/p>\n<p>Coautor, entre otras obras, de:<br \/>\n. \u00abEl museo de arte. Proyecto de planificaci\u00f3n. Sus posibilidades en Barcelona\u00bb, Joven C\u00e1mara, Barcelona 1972.<br \/>\n. \u00abHist\u00f2ria de Catalunya\u00bb, Aedos, Barcelona 1972.<br \/>\n. \u00abTierras de Espa\u00f1a. Catalu\u00f1a\u00bb, Fundaci\u00f3n Juan March, Madrid-Barcelona 1978.<br \/>\n. \u00abHistoire de la Catalogne\u00bb, Privat, Toulouse 1982.<br \/>\n. \u00abEl Grabado en Espa\u00f1a\u00bb, Summa Artis, Madrid 1988.<br \/>\n. \u00abLa pittura spagnola\u00bb, Electa, Milano 1995.<br \/>\n. \u00abHist\u00f2ria de la Cultura Catalana\u00bb. Vol\u00famenes IV al VII. Barcelona: Edicions 62, 1994-1996.<br \/>\n. \u00abEl M\u00f3n de Camb\u00f3. Perman\u00e8ncia i canvi en el seu 125\u00e8 aniversari\u00bb, Institut Camb\u00f3, Barcelona 2001.<br \/>\n. \u00abArtistes catalans. Pintors. Romanticisme i Realisme en el segle XIX\u00bb, Nova Catalunya Edicions, Barcelona 2008. <\/p>\n<p>Ha participado en congresos o ha impartido conferencias en Austin (Texas), Tokyo, Par\u00eds, Nancy, Castres, Roma, Zurich, Andorra, Madrid, Gij\u00f3n, Oviedo, M\u00e1laga, Sevilla, Santander, Santillana del Mar, Reinosa, Bilbao, San Sebasti\u00e1n, El Escorial, Zaragoza, Valencia, Alicante, Novelda, Castell\u00f3n de la Plana, Palma de Mallorca, Murcia, Albacete, Badajoz, Toulouse, Marne-la-Vall\u00e9e, Granada, etc., as\u00ed como en Barcelona, Gerona, Tarragona, Reus, L\u00e9rida, Vic, Tortosa, Granollers, Sabadell, etc. <\/p>\n<p>Ha prologado exposiciones en Tokyo, Kobe, Estocolmo, Par\u00eds, Burdeos, Agen, Nancy, Bruselas, Londres, Venecia, Brescia, Lisboa, \u00c1msterdam, Ginebra, Nueva York, Cleveland, Alburquerque (New Mexico), Madrid, Bilbao, Oviedo, Sevilla, Valencia, Alicante, Palma de Mallorca, Barcelona, Gerona, Reus, Vilafranca del Pened\u00e9s, Tosa de Mar, etc. <\/p>\n<p>Ha colaborado en publicaciones como \u00abGazette de Beaux-Arts\u00bb y \u00abPerspective. La r\u00e9vue de l&#8217;INHA)\u00bb (Par\u00eds), \u00abSansaisha\u00bb (Tokyo), \u00abBolet\u00edn del Museo del Prado\u00bb, \u00abGoya\u00bb, \u00abArchivo Espa\u00f1ol de Arte\u00bb, \u00abCuenta y Raz\u00f3n\u00bb, \u00abMundo Hisp\u00e1nico\u00bb, \u00abAwr\u00e2k\u00bb y \u00abDescubrir el arte\u00bb (Madrid), \u00abSeminario de Arte Aragon\u00e9s\u00bb (Zaragoza-Huesca-Teruel), \u00abLi\u00f1o\u00bb (Oviedo), \u00abSaitabi\u00bb y \u00abEl Temps\u00bb (Valencia), \u00abTrasd\u00f3s\u00bb (Santander), \u00abEducatio siglo XXI\u00bb (Murcia), \u00abEstudios Pro-Arte\u00bb, \u00abD&#8217;Art\u00bb, \u00abButllet\u00ed de la Reial Acad\u00e8mia Catalana de Belles Arts de Sant Jordi\u00bb, \u00abRevista de Catalunya\u00bb, \u00abL&#8217;Aven\u00e7\u00bb, \u00abDestino\u00bb, \u00abSerra d&#8217;Or\u00bb, \u00abCatalan Historical Review\u00bb (IEC), \u00abCultura\/s La Vanguardia\u00bb (Barcelona), etc. y en los peri\u00f3dicos \u00abLa Vanguardia\u00bb, \u00abAvui\u00bb, \u00abDiario de Barcelona\u00bb, \u00abEl Peri\u00f3dico\u00bb, \u00abEl Pa\u00eds\u00bb, \u00abEl Noticiero Universal\u00bb, \u00abEl Observador\u00bb (Barcelona), \u00abDiari d&#8217;Andorra\u00bb, \u00abEl Peri\u00f2dic d&#8217;Andorra\u00bb (Andorra la Vella) y \u00abDie Welt\u00bb (Bonn).<\/p>\n","protected":false},"template":"","rang":[142],"class_list":["post-30745","academic","type-academic","status-publish","has-post-thumbnail","hentry","rang-academics-de-numero"],"acf":[],"_links":{"self":[{"href":"https:\/\/www.racba.org\/es\/wp-json\/wp\/v2\/academic\/30745","targetHints":{"allow":["GET"]}}],"collection":[{"href":"https:\/\/www.racba.org\/es\/wp-json\/wp\/v2\/academic"}],"about":[{"href":"https:\/\/www.racba.org\/es\/wp-json\/wp\/v2\/types\/academic"}],"wp:featuredmedia":[{"embeddable":true,"href":"https:\/\/www.racba.org\/es\/wp-json\/wp\/v2\/media\/7845"}],"wp:attachment":[{"href":"https:\/\/www.racba.org\/es\/wp-json\/wp\/v2\/media?parent=30745"}],"wp:term":[{"taxonomy":"rang","embeddable":true,"href":"https:\/\/www.racba.org\/es\/wp-json\/wp\/v2\/rang?post=30745"}],"curies":[{"name":"wp","href":"https:\/\/api.w.org\/{rel}","templated":true}]}}