{"id":30754,"date":"2023-12-12T16:49:27","date_gmt":"2023-12-12T15:49:27","guid":{"rendered":"https:\/\/www.racba.org\/academic\/aguade-i-clos-jordi-2\/"},"modified":"2023-12-12T16:49:27","modified_gmt":"2023-12-12T15:49:27","slug":"aguade-i-clos-jordi","status":"publish","type":"academic","link":"https:\/\/www.racba.org\/es\/academic\/aguade-i-clos-jordi\/","title":{"rendered":"Aguad\u00e9 i Clos, Jordi"},"content":{"rendered":"<p>Barcelona, 1925-2021.<br \/>\nSe form\u00f3 como ceramista en el taller de Josep Llorens Artigas, donde fue su disc\u00edpulo durante diez a\u00f1os. En este per\u00edodo colabor\u00f3 en diversas cer\u00e1micas esmaltadas que realizaron Josep Llorens Artigas y Joan Mir\u00f3. Su aprendizaje se complet\u00f3 en el taller de Philippe Rouard (Par\u00eds) y en el de Tyra Lundgrens y Gocken Jobs (Suecia).<br \/>\nSu primera exposici\u00f3n se hizo en el a\u00f1o 1947, en Barcelona.<br \/>\nSu dedicaci\u00f3n a las peque\u00f1as series de cer\u00e1mica de uso fue constante desde sus inicios. Sus dise\u00f1os obtuvieron diversas distinciones, entre las que destaca la Medalla de Oro del Estado de Baviera en 1980. Colabor\u00f3 con artistas como Andr\u00e9 Ricard, Javier Mariscal, Perico Pastor, Sybilla, Eul\u00e0lia Coma, Mart\u00edn de Az\u00faa, entre otros.<br \/>\nEl a\u00f1o 1960 fund\u00f3, junto a Jordi Vilanova, Aureli Bisbe, Joan Vila Grau y Jordi Bonet, el grupo La Cantonada.<br \/>\nCon el pintor Joan Vila Grau realiz\u00f3 una serie de murales de cer\u00e1mica, como el del Colegio de M\u00e9dicos en Barcelona, el de las Cavas Codorniu en Sant Sadurn\u00ed d&#8217;Anoia, el de las Autopistas en Lleida, etc. Tambi\u00e9n realiz\u00f3 un conjunto de plafones de cer\u00e1mica de peque\u00f1o formato que se mostraron en diversas exposiciones.<br \/>\nEn el campo de la investigaci\u00f3n pl\u00e1stica se dedic\u00f3 a explorar las posibilidades de los esmaltes sobre piezas de torno de formas muy sobrias. Sus obras se encuentran en los museos de Artes Decorativas de Barcelona, Valencia, Coburg (Alemania), Fitzwilliam Museum de Cambridge (Inglaterra).<br \/>\nTambi\u00e9n se dedic\u00f3 a trabajar piezas con aplicaci\u00f3n de esmaltes cocidos en alta temperatura, en atm\u00f3sfera neutra de oxidaci\u00f3n y en atm\u00f3sfera de reducci\u00f3n.<br \/>\nFue elegido acad\u00e9mico de n\u00famero por la secci\u00f3n de artes suntuarias y visuales de la Reial Acad\u00e8mia Catalana de Belles Arts de Sant Jordi el d\u00eda 15 de enero de 2003, aceptando la propuesta presentada por los acad\u00e9micos de n\u00famero Fernando Boneu Companys, \u00c0ngel F\u00e0brega Grau y Josep M. Garrut Rom\u00e0. Ley\u00f3 su discurso de ingreso el 21 de mayo de 2003, que lleva por t\u00edtulo \u00abL&#8217;art del fang i el foc\u00bb.<\/p>\n","protected":false},"template":"","rang":[142],"class_list":["post-30754","academic","type-academic","status-publish","hentry","rang-academics-de-numero"],"acf":[],"_links":{"self":[{"href":"https:\/\/www.racba.org\/es\/wp-json\/wp\/v2\/academic\/30754","targetHints":{"allow":["GET"]}}],"collection":[{"href":"https:\/\/www.racba.org\/es\/wp-json\/wp\/v2\/academic"}],"about":[{"href":"https:\/\/www.racba.org\/es\/wp-json\/wp\/v2\/types\/academic"}],"wp:attachment":[{"href":"https:\/\/www.racba.org\/es\/wp-json\/wp\/v2\/media?parent=30754"}],"wp:term":[{"taxonomy":"rang","embeddable":true,"href":"https:\/\/www.racba.org\/es\/wp-json\/wp\/v2\/rang?post=30754"}],"curies":[{"name":"wp","href":"https:\/\/api.w.org\/{rel}","templated":true}]}}