{"id":30966,"date":"2023-12-12T16:50:42","date_gmt":"2023-12-12T15:50:42","guid":{"rendered":"https:\/\/www.racba.org\/academic\/fajula-i-pellicer-francesc-2\/"},"modified":"2023-12-12T16:50:42","modified_gmt":"2023-12-12T15:50:42","slug":"fajula-i-pellicer-francesc","status":"publish","type":"academic","link":"https:\/\/www.racba.org\/es\/academic\/fajula-i-pellicer-francesc\/","title":{"rendered":"Fajula i Pellicer, Francesc"},"content":{"rendered":"<p>Nace en San Juan de las Abadesas (Gerona), el 13 de noviembre de 1945. Est\u00e1 casado y tiene dos hijos.<\/p>\n<p>Estudios y cursos<br \/>\n. 1950 Estudios primarios en la Escuela P\u00fablica de San Juan de las Abadesas.<br \/>\n. 1959 Estudios art\u00edsticos en la Escuela de Artes y Oficios de Olot: dibujo, modelado, talla, etc.<br \/>\n. 1960 Se traslada a Barcelona. Trabaja en el taller del escultor Enric Monjo. Durante dos cursos asiste a la Escuela de Artes y Oficios de Barcelona (Lonja).<br \/>\n. 1963 Ingresa en la Escuela Superior de Bellas Artes de San Jorge de Barcelona.<br \/>\n. 1967 Acaba la carrera en la Escuela Superior de Bellas Artes de San Jorge de Barcelona.<br \/>\n. 1970 Viaja a Italia. En Urbino asiste a las clases de Historia del Arte en la Facolt\u00e0 de Lettere, y en el Istituto d&#8217;Arte a las clases de escultura, dibujo y antropolog\u00eda. Viaja por el centro y norte de Italia. Conoce la obra de diferentes escultores contempor\u00e1neos: Manz\u00fa, Marini, Greco, Giacometti, Pomodoro, etc.<br \/>\n. 1971 Nuevo viaje a Italia. Clases de escultura en la Accademia Pietro Vannucci de Perugia.<br \/>\n. 1978 Empieza la carrera de arquitecto en la Escuela T\u00e9cnica Superior de Arquitectura de Barcelona.<br \/>\n. 1979 Cursos de Doctorado en la Facultad de Bellas Artes de Barcelona.<br \/>\n. 1980 Cursos de Doctorado en la Escuela T\u00e9cnica Superior de Arquitectura de Barcelona.<br \/>\n. 1985 Obtiene el t\u00edtulo de Doctor per la Facultad de Bellas Artes de Barcelona.<br \/>\n. 1988 Curso monogr\u00e1fico \u00abSeguridad e Higiene en la Construcci\u00f3n\u00bb. Colegio de Arquitectos de Catalu\u00f1a.<br \/>\n. 1989 Curso \u00abPuig y Cadafalch\u00bb. Fundaci\u00f3n \u00abLa Caixa\u00bb.<br \/>\n. 1990 Acaba la carrera de arquitecto en la Escuela T\u00e9cnica Superior de Arquitectura de Barcelona.<br \/>\n. 1991 Proyecto de fin de carrera en la ETSAB. Obtiene la calificaci\u00f3n de notable.<br \/>\n. 1992 Primer curso de \u00abIniciaci\u00f3n a la actividad profesional de arquitecto\u00bb, COAC, Barcelona. \u00abXV cursillo de intervenci\u00f3n en el patrimonio arquitect\u00f3nico\u00bb, COAC, Barcelona.<br \/>\n. 1993  \u00abXVI cursillo de intervenci\u00f3n en el patrimonio arquitect\u00f3nico\u00bb, COAC, Barcelona.<br \/>\n. 1994 \u00abXVII cursillo de intervenci\u00f3n en el patrimonio arquitect\u00f3nico\u00bb, COAC, Barcelona.   <\/p>\n<p>Becas<br \/>\n. 1963 Beca de estudios en la Escuela Superior de Bellas Artes de San Jorge de Barcelona.<br \/>\n. 1964 Beca de estudios en la Escuela Superior de Bellas Artes de San Jorge de Barcelona.<br \/>\n. 1965 Beca de estudios en la Escuela Superior de Bellas Artes de San Jorge de Barcelona.<br \/>\n. 1971 Beca de la Fundaci\u00f3n de Arte Castellblanch, para cursar estudios de escultura en la Accademia Pietro Vannucci de Perugia (Italia).<\/p>\n<p>Premios y reconocimientos<br \/>\n. 1965 Primer premio concedido por la Escuela Superior de Bellas Artes de Barcelona a las mejores obras de sus alumnos que participan en el concurso \u00abEl Deporte en las Bellas Artes\u00bb, celebrado en Barcelona.<br \/>\n. 1972 Premio especial, Medalla de Bronce, IV Bienal \u00abEl Deporte en las Bellas Artes\u00bb celebrado en Madrid.<br \/>\n. 1981 Segundo premio en el concurso de ideas para la construcci\u00f3n de los \u00abGigantes de Gracia\u00bb de Barcelona.<br \/>\n. 1984 Gana el concurso de ideas para la remodelaci\u00f3n del paseo \u00c1ngel Guimer\u00e1 de Ribas de Freser, por unanimidad de los miembros del jurado.<br \/>\n. 2002 Elegido acad\u00e9mico correspondiente por San Juan de las Abadesas (Gerona)  de la Real Academia Catalana de Bellas Artes de San Jorge el 17 de abril, aprobando as\u00ed la propuesta en su d\u00eda presentada por los acad\u00e9micos de n\u00famero Jordi Bonet Armengol, Leopoldo Gil Nebot y Antoni Pladevall Font.<br \/>\n. 2006 Gana el concurso convocado para realizar el monumento al abate Oliba con motivo del octavo centenario como abate del monasterio de Ripoll.<br \/>\n. 2008 Pasa a la categor\u00eda de acad\u00e9mico de n\u00famero por la secci\u00f3n de escultura de la Real Academia Catalana de Bellas Artes de San Jorge, el d\u00eda 17 de abril, en que fue aprobada la propuesta presentada por los acad\u00e9micos de n\u00famero Jordi Bonet Armengol, Josep Bracons Clap\u00e9s, y Antoni Pladevall Font. Ingres\u00f3 el 19 de noviembre, leyendo el discurso \u00abEl museu del Monestir de Sant Joan de les Abadesses. La seva formaci\u00f3 i instal\u00b7laci\u00f3 del seu contingut\u00bb. Don\u00f3 la obra \u00abBusto de Juan XXIII\u00bb.<\/p>\n<p>Obra de escultura<br \/>\n. 1965 \u00abEscultura de madera\u00bb, San Juan de las Abadesas. \u00abJuan XXIII\u00bb, tierra cocida, 55 x 15 x 12 cm., San Juan de las Abadesas.<br \/>\n. 1966 \u00abRelieves\u00bb, tallas de madera de roble, 204 x 140 x 6 cm., puertas de la sacrist\u00eda del monasterio de San Juan de las Abadesas. \u00abMeta\u00bb, terracota, 45 x 20 x 35 cm., colecci\u00f3n del autor. \u00abCabeza\u00bb, piedra arenisca, 40 x 28 x 32 cm., colecci\u00f3n Parera, Barcelona.<br \/>\n. 1967 \u00abEscultura de piedra arenisca\u00bb, 120 x 35 x 37 cm., San Juan de las Abadesas. \u00abEscultura de madera\u00bb, 85 x 28 x 32 cm., reforma del presbiterio de Queralbs. \u00abEscultura de madera\u00bb, 83 x 42 x 31 cm., colecci\u00f3n particular. \u00abEscultura de madera\u00bb, 125 x 37 x 32 cm., colecci\u00f3n particular.<br \/>\n. 1968 \u00abEscultura de alabastro\u00bb, 130 x 35 x 32 cm., edificio p\u00fablico, Vic. \u00abEsculturas de hierro\u00bb, fanales p. A. Emma, San Juan de las Abadesas.<br \/>\n. 1969 \u00abRelieve de piedra arenisca\u00bb, 46 x 31 x 10 cm., colecci\u00f3n J. Gonz\u00e1lez, Barcelona.<br \/>\n. 1970 \u00abRelieve de alabastro\u00bb, 65 x 32 x 8 cm., colecci\u00f3n Nino, San Juan de las Abadesas. \u00abFanales\u00bb, hierro, 60 x 20 x 20 cm., colecci\u00f3n Piqu\u00e9 y Jover, Barcelona.<br \/>\n. 1971 \u00abDonna\u00bb, refractario, 35 x 12 x 14 cm., Palazzo Comunale, Perugia (Italia). \u00abAbraccio\u00bb, gres refractario, 60 x 40 x 35 cm., colecci\u00f3n Virgilio Coletti, Perugia (Italia). \u00abMadre e figlio\u00bb, gres, 70 x 52 x 58 cm., colecci\u00f3n Bruno Orfei, Gualdo Tadino (Italia). \u00abMamma Nora\u00bb, terracota, 30 x 14 x 18 cm., colecci\u00f3n Hermanno, Sao Paolo (Brasil). \u00abSlancio\u00bb, terracota, 75 x 28 x 22 cm., colecci\u00f3n Savorelli, Verona (Italia). \u00abDonna\u00bb, terracota, 30 x 22 x 18 cm., colecci\u00f3n Lemhler, Sidney (Australia). \u00abSosta\u00bb, terracota, 35 x 24 x 14 cm., colecci\u00f3n Cripman, Amsterdam (Holanda). \u00abRitratto\u00bb, terracota, 32 x 22 x 18 cm., colecci\u00f3n del autor. \u00abRelieves de Cavallera\u00bb, madera de roble, 70 x 30 x 15 cm., San Miguel de Cavallera.<br \/>\n. 1972 \u00abComposici\u00f3n Pur\u00edsima Sangre\u00bb, poli\u00e9ster, 416 x 210 x 55 cm., parroquia calle Viladomat n\u00ba 78, Barcelona. \u00abFamilia\u00bb, piedra calc\u00e1rea, 210 x 90 x 35 cm., parroquia calle Viladomat n\u00ba 78, Barcelona. \u00abAltar y amb\u00f3n\u00bb, m\u00e1rmol rojo Alicante; altar 210 x 95 x 75 cm. y amb\u00f3n 120 x 50 x 45 cm., parroquia calle Viladomat n\u00ba 78, Barcelona. \u00abVirgen\u00bb, poli\u00e9ster, 158 x 110 x 65 cm., nuevo templo en Sant Pau de Seg\u00faries. \u00abRelieve simb\u00f3lico\u00bb, poli\u00e9ster, 150 x 55 x 15 cm., nuevo templo en Sant Pau de Seg\u00faries. \u00abPila\u00bb, piedra, hierro y hormig\u00f3n, 120 x 30 x 40 cm., nuevo templo en Sant Pau de Seg\u00faries. \u00abAmb\u00f3n\u00bb, madera, hierro y hormig\u00f3n, 125 x 40 x 45 cm., nuevo templo en Sant Pau de Seg\u00faries. \u00abPila\u00bb, poli\u00e9ster y mosaico, 85 x85 x 65 cm., nuevo templo en Sant Pau de Seg\u00faries. \u00abV\u00eda Crucis\u00bb, relieves de poli\u00e9ster, 145 x 62 x 12 cm., Queralbs. \u00abRetrato de M. Jos\u00e9 Beaskoa\u00bb, m\u00e1rmol de Carrara, 60 x 28 x 32 cm., colecci\u00f3n Beaskoa, Sant Cugat del Vall\u00e9s.<br \/>\n. 1973 \u00abParada 2\u00bb, poli\u00e9ster, 85 x 23 x 12 cm., colecci\u00f3n Agust\u00ed Montal, Barcelona. \u00abMemorial Pon\u00e7 de Monells\u00bb, yeso para bronce, 180 x 92 x 80 cm., portal de San Mateo, San Juan de las Abadesas. \u00abCandelabros\u00bb, hierro, 110 x 40 x 12 cm., Sant Pau de Seg\u00faries. \u00abLampioni\u00bb, hierro, 112 x 55 x 40 cm., Queralbs. \u00abPlaza Mayor\u00bb, relieves de terracota, 208 x 56 x 8 cm., colecci\u00f3n Vila, San Juan de las Abadesas.<br \/>\n. 1974 \u00abMaternidad\u00bb, poli\u00e9ster, 250 x 120 x 110 cm., colegio Maristas, Gerona. \u00abIngredientes\u00bb, relieve, gres refragtario, 33 m2, sede social del Gremio de Pasteleros, Barcelona. \u00abCuatro elementos\u00bb, terracota, 160 x 40 x 8 cm., colecci\u00f3n Fossas, San Juan de las Abadesas. \u00abRetrato Anna Bosch\u00bb, terracota, 50 x 38 x 25 cm., colecci\u00f3n Bosch, Madrid. \u00abBienvenidos\u00bb, relieve, terracota, 45 x 38 x 8 cm., colecci\u00f3n Garriga, San Juan de las Abadesas.<br \/>\n. 1975 \u00abPassitea\u00bb, m\u00e1rmol de Yugoslavia, tama\u00f1o natural, colecci\u00f3n Conde de Marl\u00e9s, Ripoll. \u00abPassitea 2\u00bb, tierra cocida, 60 x 42 x 25 cm., colecci\u00f3n Conde de Merl\u00e9s, Barcelona.<br \/>\n. 1976 \u00abRelieve\u00bb, terracota, 135 x 48 x 10 cm., colecci\u00f3n Sunyer, San Juan de las Abadesas. \u00abTramontana\u00bb, bronce, 180 x 45 x 50 cm., Jard\u00edn de Rama, Ripoll. \u00abRetrato S. Espona\u00bb, gres, 80 x 50 x 8 cm., colecci\u00f3n Fundaci\u00f3n Espona, Barcelona. \u00abDanza\u00bb, gres, 40 x 30 x 30 cm., colecci\u00f3n Bosch y Alzina, Barcelona.<br \/>\n. 1977 \u00abRestauraci\u00f3n retablo g\u00f3tico San Agust\u00edn\u00bb, alabastro, 187 x 93 x 20 cm, figuras, 65 x 25 x 17 cm., encargo de la Diputaci\u00f3n de Gerona, Monasterio de San Juan de las Abadesas. \u00abFigura yacente\u00bb, piedra arenisca, 75 x 35 x 28 cm., colecci\u00f3n Achurra, Bilbao. \u00ab\u00cdmpetu vertical\u00bb, poli\u00e9ster, 65 x 20 x 16 cm., colecci\u00f3n particular. \u00abDafnis\u00bb, poli\u00e9ster y limaduras, colecci\u00f3n Vila, San Juan de las Abadesas. \u00abOrfeo\u00bb, alabastro, colecci\u00f3n J. Sol\u00e1, Barcelona. \u00abTrial 1\u00bb, materia sint\u00e9tica. \u00abTrial 2\u00bb, tierra cocida, colecci\u00f3n Bosch y Alzina, Barcelona. \u00abMar\u00eda peat\u00f3n\u00bb, terracota y color, colecci\u00f3n Esteve, Vic. \u00abLlegada\u00bb, terracota, 36 x 21 x 13 cm., colecci\u00f3n del autor. \u00abNi\u00f1o, mujer y silla\u00bb, poli\u00e9ster, colecci\u00f3n Casademunt, San Juan de las Abadesas. \u00abDomingo de ramos\u00bb, terracota y color, relieve. \u00abDomingo de ramos\u00bb, terracota. \u00abMaternidad en la ventana\u00bb, terracota. \u00abPensativa\u00bb, terracota. \u00abLas hadas eran&#8230;\u00bb, terracota, colecci\u00f3n Victoria de los \u00c1ngeles, Barcelona. \u00abLa manilla\u00bb, terracota, colecci\u00f3n del autor. \u00abHacia misa\u00bb, gres. \u00abDos generaciones\u00bb, gres, colecci\u00f3n Beaskoa, Sant Cugat del Vall\u00e9s. \u00abNi\u00f1a en el aire\u00bb, gres. \u00abNoviazgo\u00bb, terracota. \u00abOjeando\u00bb, terracota. \u00abPuerta a la vida\u00bb, terracota. \u00abDesalojo\u00bb, terracota, colecci\u00f3n J. Masdeu, San Juan de las Abadesas. \u00abEnfrentamiento\u00bb, terracota, colecci\u00f3n B. Pujol, San Juan de las Abadesas. \u00abOpresi\u00f3n\u00bb, terracota, colecci\u00f3n del autor. \u00abBalc\u00f3n peque\u00f1o\u00bb, terracota, colecci\u00f3n Bosch, Barcelona. \u00abDespu\u00e9s de la fiesta\u00bb, gres. \u00abNi\u00f1o\u00bb (estudio), terracota, 41 x 22 x 37 cm., colecci\u00f3n del autor. \u00abEstudio\u00bb, terracota. \u00abRetrato\u00bb, gres. \u00abRetrato\u00bb, m\u00e1rmol de Carrara. \u00abRetrato\u00bb, bronce. \u00abHomenaje a la Toscana\u00bb, alabastro. \u00abMarinada\u00bb, bronce, 185 x 50 x 45 cm.<br \/>\n. 1978 \u00abDanza\u00bb, terracota, 40 x 25 x 22 cm., colecci\u00f3n Forn, Barcelona. \u00abFigura\u00bb, alabastro, 50 x 15 x 12 cm., colecci\u00f3n Illa, Barcelona. \u00abArc\u00e1ngel\u00bb, madera de tilo, 70 x 25 x 20 cm., colecci\u00f3n Caralt, Barcelona.<br \/>\n. 1979 \u00abRetrato de Pau Casals\u00bb, bronce, 35 x 22 x 25 cm., v\u00eda p\u00fablica, Vic. \u00abVisitaci\u00f3n\u00bb, relieve, gres, 73 x 39 x 10 cm., hospital de Lourdes, Barcelona. \u00abG\u00f3lgota\u00bb, relieve, gres, 89 x 89 x 10 cm., hospital municipal, San Juan de las Abadesas.<br \/>\n. 1980 \u00abGigantes de San Juan\u00bb, cart\u00f3n, madera y ropa, 305 cm., Ayuntamiento, San Juan de las Abadesas. \u00abMaternidad de pie\u00bb, gres, 105 x 40 x 35 cm., local p\u00fablico, Tarrasa. \u00abMaternidad\u00bb, gres, 70 x 35 x 30 cm., colecci\u00f3n Barnils, Sant Cugat del Vall\u00e9s. \u00abPau Casals\u00bb, bronce. \u00abTeresita\u00bb, colecci\u00f3n Calvo, San Juan de las Abadesas. \u00abMaestro\u00bb, gres, colecci\u00f3n Franch, San Juan de las Abadesas. \u00abEstudio\u00bb, gres, colecci\u00f3n privada. \u00abCristo\u00bb, gres, colecci\u00f3n privada. \u00abPaso de gigantes\u00bb, gres, colecci\u00f3n del autor. \u00abPasacalle\u00bb, gres, colecci\u00f3n Hern\u00e1ndez, San Juan de las Abadesas. \u00abCaballitos\u00bb, gres, colecci\u00f3n privada. \u00abSardana\u00bb, gres, colecci\u00f3n privada. \u00abVelada\u00bb, gres, colecci\u00f3n privada. \u00abLeyenda de B. Mir\u00f3\u00bb, gres, 152 x 92 x 5 cm., colecci\u00f3n Mart\u00ed Homs, San Juan de las Abadesas. \u00abLa paz\u00bb, gres, colecci\u00f3n privada. \u00abPaz herida\u00bb, gres, colecci\u00f3n Freixa, San Juan de las Abadesas. \u00abPaz muerta\u00bb, gres, colecci\u00f3n privada. \u00abEpifan\u00eda\u00bb, gres, colecci\u00f3n Esteve, San Juan de las Abadesas. \u00abSi no fuera\u00bb, gres, 55 x 38 x 7 cm., colecci\u00f3n A. Vinuesa, Valencia. \u00ab\u00cdcaro\u00bb, gres, 62 x 40 x 7 cm., colecci\u00f3n L. Mayor, Barcelona. \u00abLa Ribera\u00bb, gres, colecci\u00f3n privada. \u00abAntepasados\u00bb, gres. \u00abSoledad\u00bb, gres. \u00abCabezada\u00bb, gres.<br \/>\n. 1981 \u00abColumna simb\u00f3lica\u00bb, alabastro, 200 x 50 x 55 cm., local p\u00fablico, Figueras. \u00abGigantes de Hostoles\u00bb, cart\u00f3n, madera y ropa, 300 cm., Ayuntamiento, Planas de Hostoles. \u00abMisterio\u00bb, relieve, gres, 60 x 52 cm., colecci\u00f3n Oriol, San Juan de las Abadesas.<br \/>\n. 1983 \u00abProfeta\u00bb, gres y enea, 161 x 65 x 40 cm., monasterio, San Juan de las Abadesas.<br \/>\n. 1984 \u00abMedalla conmemorativa 50 aniversario restauraci\u00f3n Baile de los Pavordes\u00bb, plata, di\u00e1metro 20 cm., Ayuntamiento, San Juan de las Abadesas. \u00abRessurrexit 1\u00bb, yeso para bronce, 210 x 60 x 10 cm., colecci\u00f3n del autor.<br \/>\n. 1985 \u00abMarinada del coral\u00bb, alabastro, 155 x 60 x 52 cm., Begur.<br \/>\n. 1987 \u00abMemorial Emma\u00bb, relieve, piedra calc\u00e1rea pulida, 168 x 88 x 12 cm., monasterio, San Juan de las Abadesas. \u00abChampagnat\u00bb, gres de alta temperatura, 200 x 180 x 125 cm., colegio Valldemia, Matar\u00f3. \u00abChico sentado\u00bb, gres, 130 x 65 x 40 cm., colecci\u00f3n del autor.<br \/>\n. 1988 \u00abMural Helena\u00bb, gres ceramizado, 410 x 140 x 7 cm., Playa de las Am\u00e9ricas, Tenerife, Canarias.<br \/>\n. 1990 \u00abTres sarc\u00f3fagos\u00bb, piedra calc\u00e1rea, 93 x 42 x 38 cm., claustro de la catedral, Vic. \u00abRessurrexit 2\u00bb, gres &#8216;xamotat&#8217;, 156 x 165 x 35 cm., Calders.<br \/>\n. 1991 \u00abRetrato Sr. Valero\u00bb, bronce, 35 x 22 x 24 cm., colecci\u00f3n Valero, L\u00e9rida. \u00abMaternidad\u00bb, piedra calc\u00e1rea, 140 x 51 x 27 cm., monasterio de Sant Benet, Montserrat.<br \/>\n. 1992 \u00abAmadeo\u00bb, gres, 170 x 65 x 45 cm., santuario, Nuria.<br \/>\n. 1993 \u00abPasajes\u00bb, cuatro relieves, gres refragtario, 119 x 76 x 10 cm., catedral, Vic. \u00abRetrato Salvador Moreno\u00bb, relieve, gres, 58 x 45 x 5 cm., colecci\u00f3n particular, M\u00e9xico D.F., M\u00e9xico.<br \/>\n. 1994 \u00abMonumento M. de Champagnat\u00bb, cinco figuras tama\u00f1o natural, gres, monasterio de Bellpuig, Avellanas.<br \/>\n. 1995 \u00abBoceto Monumento a la sardana\u00bb, ciudad &#8216;pubilla&#8217;, San Juan de las Abadesas.<br \/>\n. 1996 \u00abMonumento a la sardana\u00bb, gres de alta temperatura, 308 x206 x 10 cm., jardines de Sant Pol, San Juan de las Abadesas. \u00abImagen San Gregorio Taumaturgo\u00bb, gres, 220 cm. de altura, parroquia titular, Barcelona.<br \/>\n. 1997 \u00abNacimiento\u00bb, gres, tama\u00f1o natural, monasterio de Santa Mar\u00eda, Ripoll. \u00abS\u00edmbolos sacramentos\u00bb, tierra cocida, relieves, 35 x 35 cm., parroquia San Gregorio Taumaturgo, Barcelona.<br \/>\n. 1998 \u00abMonolito a Folch y Torres\u00bb, piedra calc\u00e1rea y bronce, 190 x 120 x 80 cm., camino de los Degollados, Montserrat.<br \/>\n. 2000 \u00abMemorial autores cultura popular\u00bb, piedra calc\u00e1rea, 120 x 120 x 30 cm., camino de los Degollados, Montserrat.<br \/>\n. 2002 \u00abSan Esteban\u00bb, madera, 120 cm., iglesia parroquial, Llanars.<br \/>\n. 2005 \u00abSan Pedro\u00bb, tierra cocida policromada, 360 cm. de altura, retablo mayor de la iglesia parroquial, Vacarisas.<br \/>\n. 2006 Proyecto escult\u00f3rico, cuatro versiones, para la capilla de las Mercedes, Templo de la Sagrada Familia, Barcelona.<br \/>\n. 2007 Proyecto escult\u00f3rico para el monumento al abate Oliba en Ripoll.<\/p>\n<p>Dise\u00f1os y proyectos arquitect\u00f3nicos<br \/>\n. 1966 Dise\u00f1o y proyecto de restauraci\u00f3n de la capilla del Prat, San Juan de las Abadesas. Colabora en la restauraci\u00f3n de la sacrist\u00eda del monasterio, San Juan de las Abadesas.<br \/>\n. 1967 Reordenaci\u00f3n presbiterio iglesia Queralbs.<br \/>\n. 1968 Colabora con el arquitecto mexicano Jos\u00e9 Blas Ocejo en el dise\u00f1o y construcci\u00f3n de la fuente-monumento al m\u00fasico Jaume Nun\u00f3 en la plaza de la abadesa Emma, San Juan de las Abadesas. Colabora con el arquitecto Francesc Vayreda en la decoraci\u00f3n de la iglesia, Sant Pau de Seg\u00faries.<br \/>\n. 1972 Dise\u00f1o de elementos decorativos, simb\u00f3licos y mobiliarios para un edificio p\u00fablico, Barcelona.<br \/>\n. 1973 Reforma espacios y proyectos de escalera e instalaci\u00f3n del museo del monasterio, San Juan de las Abadesas.<br \/>\n. 1978 Instalaci\u00f3n del retablo g\u00f3tico de alabastro de San Agust\u00edn en un \u00e1bside del monasterio, San Juan de las Abadesas.<br \/>\n. 1980 Construcci\u00f3n gigantes de la poblaci\u00f3n, San Juan de las Abadesas.<br \/>\n. 1982 Colabora en el dise\u00f1o y la construcci\u00f3n de elementos y espacios para las ceremonias de homenaje al conde Guifr\u00e9 el Piloso, con motivo del traslado de sus restos, San Juan de las Abadesas. Escenograf\u00eda y piezas escult\u00f3ricas del montaje de la obra teatral Savonarola de Michel Suffran, para Inteatrex, Palam\u00f3s.<br \/>\n. 1986 Proyecto de remodelaci\u00f3n de la sala nueva del Museo del Monasterio, San Juan de las Abadesas.<br \/>\n. 1987 Proyectos de espacios ef\u00edmeros y montajes para los actos de conmemoraci\u00f3n del XI centenario de la fundaci\u00f3n del monasterio, San Juan de las Abadesas.<br \/>\n. 1989 Participa con el equipo del arquitecto V\u00edctor Argent\u00ed en la elaboraci\u00f3n de un proyecto para el concurso de ideas para la construcci\u00f3n del nuevo Museo de la Acr\u00f3polis de Atenas.<br \/>\n. 1992 Proyecto y construcci\u00f3n del nuevo edificio de la Casa de la Vila, San Juan de las Abadesas, con el arquitecto Xavier de la Presa Mayol.<br \/>\n. 2004 Proyecto y construcci\u00f3n de la reforma de la cubierta de la antigua iglesia de San Pedro de Ripoll, con el arquitecto Xavier de la Presa, en previsi\u00f3n de su destino definitivo a museo.<br \/>\n. 2006 Proyecto del parque de la Muralla, San Juan de las Abadesas.<br \/>\n. 2007 Proyecto de remodelaci\u00f3n y rehabilitaci\u00f3n de las fachadas de la manzana del parque de la Muralla, San Juan de las Abadesas.<\/p>\n<p>Exposiciones<br \/>\n. 1966 Colectiva alumnos de la Escuela Superior de Bellas Artes de San Jorge de Barcelona en Bruselas. Colectiva en el vest\u00edbulo de la Escuela Superior de Bellas Artes de San Jorge de Barcelona.<br \/>\n. 1970 Exposici\u00f3n individual, Centro Universitario, Urbino, Italia.<br \/>\n. 1971 Exposici\u00f3n individual Sala San Severo de Piazza, Palazzo dei Priori, Perugia, Italia (adquisici\u00f3n escultura para el consistorio de la ciudad). Exposici\u00f3n individual Casa di Raffaello, Urbino, Italia.<br \/>\n. 1972 Invitado en la exposici\u00f3n \u00abPeque\u00f1a escultura\u00bb, Valladolid.<br \/>\n. 1973 Invitado en la exposici\u00f3n \u00abUna obra en marcha\u00bb, vest\u00edbulo del Palau de la M\u00fasica Catalana (la Fundaci\u00f3n de Arte Castellblanch adquiere \u00abCabeza\u00bb).<br \/>\n. 1977 Exposici\u00f3n individual galer\u00eda de arte Sant Pol, San Juan de las Abadesas.<br \/>\n. 1980 Exposici\u00f3n individual galer\u00eda de arte Sant Pol, San Juan de las Abadesas.<br \/>\n. 1986 Exposici\u00f3n colectiva itinerante por Perpi\u00f1\u00e1n, Ceret, Prada de Conflent, Gerona, Ripoll y San Juan de las Abadesas.<br \/>\n. 1990 Exposici\u00f3n selecci\u00f3n de dibujos sexto curso, ETSAB, Sala de Exposiciones, Escuela T\u00e9cnica Superior de Arquitectura de Barcelona.<br \/>\n. 1993 Exposici\u00f3n selecci\u00f3n de proyectos fin de carrera 1987-1992, Colegio de Arquitectos de Catalu\u00f1a, demarcaci\u00f3n de Gerona, itinerante por Gerona, Palam\u00f3s, Olot y Figueras.<\/p>\n<p>Actividad docente<br \/>\n. Desde 1982 hasta 1995 es profesor auxiliar en la Facultad de Bellas Artes de la Universidad de Barcelona, y desde 1995 es profesor titular de universidad en la misma facultad.<br \/>\n. Actualmente forma parte del equipo del programa de doctorado \u00abArte p\u00fablico y regeneraci\u00f3n urbana\u00bb que se imparte en la facultad de Bellas Artes y que ha obtenido el calificativo de \u00abmenci\u00f3n de calidad\u00bb.<br \/>\n. Ha sido escogido o nombrado para diversos cargos o actividades acad\u00e9micas de la facultad y de la Divisi\u00f3n I de la Universidad de Barcelona.<\/p>\n<p>Otras actividades<br \/>\n. Desde su fundaci\u00f3n es miembro de la Junta del Monasterio de San Juan de las Abadesas.<br \/>\n. Ha impartido conferencias sobre intervenci\u00f3n en el patrimonio art\u00edstico, la escultura en el espacio urbano, y sobre la restauraci\u00f3n de Puig y Cadafalch en el monasterio de San Juan de las Abadesas, dentro de los actos conmemorativos del A\u00f1o Puig y Cadafalch 2001.<br \/>\n. Particip\u00f3 como profesor invitado en la Universidad Catalana de Verano en Prada de Conflent, agosto 2002.<br \/>\n. Public\u00f3 en el n\u00ba 15 de \u00abVitel\u00b7la\u00bb un art\u00edculo sobre las m\u00e9nsulas g\u00f3ticas en el campanario de San Pedro de Ripoll, halladas realizando la obra de la cubierta de la iglesia.<br \/>\n. Actualmente est\u00e1 trabajando en la redacci\u00f3n de un informe sobre las condiciones y criterios para la mejora de la imagen urbana del casco antiguo de San Juan de las Abadesas.<\/p>\n<p>Bibliograf\u00eda<br \/>\n. Esteve, J. \u00abEl retablo g\u00f3tico de Sant Agust\u00ed\u00bb. ARA n\u00ba 69 y 70. Madrid, 1975.<br \/>\n. Esteve, J. \u00abEl retaule g\u00f2tic de Sant Agust\u00ed. Monestir de Sant Joan de les Abadesses\u00bb. Ed. Junta del monestir. Imatges\/1 Baronal. Sant Joan de les Abadesses, 1975.<br \/>\n. Camps i Arboix, J.; Camprub\u00ed, R. \u00abEl Ter\u00bb. Ed. Destino. Barcelona, 1976.<br \/>\n. Cirici Pellicer, A. \u00abDues esgl\u00e9sies rom\u00e0niques: Queralbs i Fustany\u00e0\u00bb. Ed. L. Mart\u00ednez. Barcelona, 1978.<br \/>\n. Fabr\u00e9, J. \u00abCent escultures a la intemp\u00e8rie\u00bb. Pres\u00e8ncia, n\u00ba 662. Girona, 1984.<br \/>\n. Ribas Piera, M. \u00abJardins de Catalunya\u00bb. Edicions 62. Barcelona, 1991.<\/p>\n","protected":false},"template":"","rang":[142],"class_list":["post-30966","academic","type-academic","status-publish","hentry","rang-academics-de-numero"],"acf":[],"_links":{"self":[{"href":"https:\/\/www.racba.org\/es\/wp-json\/wp\/v2\/academic\/30966","targetHints":{"allow":["GET"]}}],"collection":[{"href":"https:\/\/www.racba.org\/es\/wp-json\/wp\/v2\/academic"}],"about":[{"href":"https:\/\/www.racba.org\/es\/wp-json\/wp\/v2\/types\/academic"}],"wp:attachment":[{"href":"https:\/\/www.racba.org\/es\/wp-json\/wp\/v2\/media?parent=30966"}],"wp:term":[{"taxonomy":"rang","embeddable":true,"href":"https:\/\/www.racba.org\/es\/wp-json\/wp\/v2\/rang?post=30966"}],"curies":[{"name":"wp","href":"https:\/\/api.w.org\/{rel}","templated":true}]}}