{"id":30994,"date":"2023-12-12T16:50:48","date_gmt":"2023-12-12T15:50:48","guid":{"rendered":"https:\/\/www.racba.org\/academic\/borras-i-roca-josep-m-2\/"},"modified":"2023-12-12T16:50:48","modified_gmt":"2023-12-12T15:50:48","slug":"borras-i-roca-josep-m","status":"publish","type":"academic","link":"https:\/\/www.racba.org\/es\/academic\/borras-i-roca-josep-m\/","title":{"rendered":"Borr\u00e0s i Roca, Josep M."},"content":{"rendered":"<p>Terrassa, 23.03.1958.<\/p>\n<p>Formaci\u00f3n acad\u00e9mica<br \/>\n1976-1980 Estudios de Derecho en la Universitat Aut\u00f2noma de Barcelona<br \/>\n1980-1983 Estudios de M\u00fasica Antigua y fagot en la Schola Cantorum de Basilea y en la Musik Akademie Basel (Suiza)<br \/>\n1995 Profesor superior de fagot en el Conservatori Superior de Barcelona<br \/>\n1996 Finalizaci\u00f3n de los cursos de Doctorado en la UAB<br \/>\n2009 Doctor en Musicolog\u00eda por la UAB<\/p>\n<p>Situaci\u00f3n profesional actual<br \/>\nDirector general de la Escola Superior de M\u00fasica de Catalunya, ESMUC<\/p>\n<p>Trayectoria docente principal<br \/>\n1984-2008 Profesor de flauta de pico y fagot del Conservatori de M\u00fasica de Badalona<br \/>\n1991-2001 Profesor de fagot del Conservatori de M\u00fasica de Terrassa<br \/>\n2001-2008 Jefe del Departamento de M\u00fasica Antigua del ESMUC<br \/>\n2001-2008 Profesor de fagot hist\u00f3rico del ESMUC<br \/>\n2008-2011 Director Acad\u00e9mico del ESMUC<br \/>\n2011-2018 Director General del ESMUC<br \/>\n2004-2017 Profesor de metodolog\u00edas de la investigaci\u00f3n, organolog\u00eda y fagot hist\u00f3rico en la Schola Cantorum de Basilea (Suiza)<\/p>\n<p>Otras actividades docentes<br \/>\n1989-2018 Profesor en el Curso Internacional de M\u00fasica Antigua de Daroca. Instituci\u00f3n Fernando el Cat\u00f3lico<br \/>\n1991-2004 Profesor en los cursos de M\u00fasica Antigua de la Generalitat de Catalunya en Poblet, La Seu d&#8217;Urgell y Sant Feliu de Gu\u00edxols<br \/>\n1994-2004 Profesor en el Curso Internacional de M\u00fasica Antigua organizado por la Fundaci\u00f3 La Caixa en C\u00e1diz, Castell\u00f3n, Valladolid, Tenerife&#8230;<br \/>\n2005-2014 Profesor en los cursos de Interpretaci\u00f3n Hist\u00f3rica Manuel de Falla. Universidad de Granada-Festival Manuel de Falla<br \/>\n2008 Profesor en el Curso sobre Did\u00e1ctica de la Interpretaci\u00f3n Hist\u00f3rica. Aula de M\u00fasica de la Universidad de Alcal\u00e1<br \/>\n1993-1999 Profesor de fagot en la Jove Orquestra Nacional de Catalunya (JONC)<br \/>\n2011-2018 Director del m\u00e1ster universitario \u00abMusicologia i Interpretaci\u00f3 de la M\u00fasica Antiga\u00bb (UAB\/ESMUC)<br \/>\nTambi\u00e9n ha sido profesor de fagot moderno del curso internacional de Cervera-Bellpuig, y de organolog\u00eda, fagot hist\u00f3rico y metodolog\u00eda en la Universidad Men\u00e9ndez Pelayo de Santander, en la Universidad de las Artes de M\u00e9xico (UNAM) y en la Universidad de Salamanca<\/p>\n<p>Actividad investigadora<br \/>\nDesde 1995 Miembro de la Societat Catalana de Musicologia del Institut d&#8217;Estudis Catalans (IEC)<br \/>\nDesde 2008 Miembro del Consell Cient\u00edfic del Museu de la M\u00fasica de Barcelona<br \/>\nDesde 2008 Miembro del grupo consolidado de investigaci\u00f3n del ESMUC<br \/>\n2014-2017 Miembro de la comisi\u00f3n de expertos en el patrimonio musical catal\u00e1n del Departament de Cultura de la Generalitat de Catalunya<br \/>\n2011-2014 Proyectos de I+D financiados en convocatorias p\u00fablicas. \u00abM\u00fasica en Espa\u00f1a en la Edad Moderna: composici\u00f3n, recepci\u00f3n e interpretaci\u00f3n\u00bb. Universidad de La Rioja<\/p>\n<p>Publicaciones<br \/>\nJosep Borr\u00e0s y Antonio Ezquerro, \u00abChirim\u00edas en Calatayud: principio y final de un proceso constructivo\u00bb en \u00abRevista de Musicolog\u00eda\u00bb, XXII\/2 (1999)<br \/>\nJosep Borr\u00e0s, \u00abConstructors d&#8217;intruments de vent-fusta a Barcelona, entre 1742 i 1826\u00bb (2001), Revista Catalana de Musicologia, I<br \/>\nJosep Borr\u00e0s y otros, \u00abBarcelona 1700. Dansa i m\u00fasica: la construcci\u00f3 d&#8217;instruments de vent i els orgues\u00bb (2009), Institut de Cultura de Barcelona, Museu de Barcelona<br \/>\nJosep Borr\u00e0s, \u00abEl baix\u00f3 a la Pen\u00ednsula Ib\u00e8rica\u00bb (tesis doctoral), UAB, 2009<br \/>\nJosep Borr\u00e0s y otros, \u00abLa m\u00fasica en el Diario de Barcelona entre 1792 i 1850\u00bb. Editorial Calambur (en prensa)<\/p>\n<p>Participaci\u00f3n en congresos<br \/>\n10-20 de mayo de 2013. Congreso Tom\u00e1s Luis de Victoria Italia-Espa\u00f1a. Fundaci\u00f3n Cini-Venecia. Seminario: \u00abThe role of wind instruments in Victoria&#8217;s context\u00bb<br \/>\nNoviembre de 2016. \u00abThe other voices: The roule of wind instruments in Victoria&#8217;s polifony\u00bb. Congreso dedicado a Cervantes. Universidad de Pensilvania. Kislak Center<br \/>\nMayo de 2018. \u00abEl baj\u00f3n hispano: aspectos organol\u00f3gicos, musicales e hist\u00f3ricos\u00bb. Primera c\u00e1tedra de organolog\u00eda de la UNAM de M\u00e9xico y de la Escuela de Restauraci\u00f3n.<\/p>\n<p>Tesis doctorales dirigidas<br \/>\n\u00abThe Proud Bassoon. Character in 19 century bassoon\u00bb (codirector). Doctoranda: Aurea Dom\u00ednguez. Universidad de Helsinki, 2013<br \/>\n\u00abEl so esclatant. Una aproximaci\u00f3 al repertori i als usos de la trompeta a Catalunya al primer quart del segle XVIII\u00bb. Doctorando: Carles Herruz. UAB, 2016<br \/>\n\u00abUne fl\u00fbte de Cristal. Les flautes de vidre de Claude Laurent (1774-1849)\u00bb. Doctoranda: Montserrat Gasc\u00f3n Castillo. UAB, 2017<br \/>\nParticipaci\u00f3n en el tribunal de 21 tesis doctorales<\/p>\n<p>Actividad musical como int\u00e9rprete<br \/>\nGrupos estables<br \/>\n1985-1995 Barcelona Consort<br \/>\n1985-2001 Orquestra de Cambra del Teatre Lliure dirigida por Josep Pons<br \/>\n1987-2018 Hesperion XX y Le Concert des Nations dirigidos por Jordi Savall<br \/>\n1995-2008 Ensemble Zefiro dirigido por Alfredo Bernardini<\/p>\n<p>Colaboraciones puntuales y como solista<br \/>\nOrquestra Ciutat de Barcelona (A. Ros Marb\u00e0 \/ S. Mas)<br \/>\nConcentus Musicus Wien (N. Harnoncourt)<br \/>\nClemencic Consort<br \/>\nZurich Chamber Orquestre<br \/>\nEscolania de Montserrat (I. Segarra \/ J. A. Piqu\u00e9<br \/>\nThe English Concert (Trevor Pinnock)<br \/>\nLa Chapelle Royale (F. Herrewegue)<br \/>\nEl Concierto Espa\u00f1ol (E. Moreno)<br \/>\nLos Ministriles de Marcias<\/p>\n<p>Actualmente colabora con el organista Javier Artigas<\/p>\n<p>Premios y distinciones<br \/>\nPremio Midiem de Cannes de 1994 al mejor disco de m\u00fasica barroca con solista: Vivaldi Concertos for Oboe&#038;Basson<br \/>\nEstreno en Barcelona del concierto para fagot y orquesta de Joan Guinjoan con la orquesta del Teatre Lliure<br \/>\nEstrena en \u00e9poca contempor\u00e1nea el concierto para dos fagots de Carles Bagu\u00e9 con la orquesta 1750<br \/>\nPrimer estreno y grabaci\u00f3n con instrumentos hist\u00f3ricos del concierto para fagot de Anselm Viola con la orquesta Musica Aeterna de Bratislava<br \/>\nColaboraci\u00f3n en m\u00e1s de 100 grabaciones discogr\u00e1ficas para sellos como Harmonia Mundi, Sony, Auvidis Astree, Alia Vox, Glossa, etc.<br \/>\nElegido acad\u00e9mico de n\u00famero de la Reial Acad\u00e8mia Catalana de Belles Arts de Sant Jordi el 17 de febrero de 2021, aceptando as\u00ed la propuesta en su d\u00eda presentada por los acad\u00e9micos C\u00e8sar Calmell Piguillem, Edmon Colomer Soler, Mireia Freixa Serra, Albert Guinovart Mingacho y Josep Munta\u00f1ola Thornberg<\/p>\n<p>Idiomas: Catal\u00e1n, castellano, ingl\u00e9s, franc\u00e9s, alem\u00e1n e italiano<\/p>\n","protected":false},"template":"","rang":[142],"class_list":["post-30994","academic","type-academic","status-publish","hentry","rang-academics-de-numero"],"acf":[],"_links":{"self":[{"href":"https:\/\/www.racba.org\/es\/wp-json\/wp\/v2\/academic\/30994","targetHints":{"allow":["GET"]}}],"collection":[{"href":"https:\/\/www.racba.org\/es\/wp-json\/wp\/v2\/academic"}],"about":[{"href":"https:\/\/www.racba.org\/es\/wp-json\/wp\/v2\/types\/academic"}],"wp:attachment":[{"href":"https:\/\/www.racba.org\/es\/wp-json\/wp\/v2\/media?parent=30994"}],"wp:term":[{"taxonomy":"rang","embeddable":true,"href":"https:\/\/www.racba.org\/es\/wp-json\/wp\/v2\/rang?post=30994"}],"curies":[{"name":"wp","href":"https:\/\/api.w.org\/{rel}","templated":true}]}}