{"id":30995,"date":"2023-12-12T16:50:49","date_gmt":"2023-12-12T15:50:49","guid":{"rendered":"https:\/\/www.racba.org\/academic\/bajet-i-royo-bonaventura-2\/"},"modified":"2023-12-12T16:50:49","modified_gmt":"2023-12-12T15:50:49","slug":"bajet-i-royo-bonaventura","status":"publish","type":"academic","link":"https:\/\/www.racba.org\/es\/academic\/bajet-i-royo-bonaventura\/","title":{"rendered":"Bajet i Royo, Bonaventura"},"content":{"rendered":"<p>Barcelona, 24 de septiembre de 1942.<\/p>\n<p>FORMACI\u00d3N<br \/>\nEscolan\u00eda de Montserrat.<br \/>\nLiceo Franc\u00e9s.<br \/>\nUniversidad de Barcelona. Derecho (no finalizada la licenciatura).<br \/>\n1975.- Diplomado IESE, curso PADE.<\/p>\n<p>EXPERIENCIA PROFESIONAL. Mundo financiero: Gesti\u00f3n de patrimonios y de cr\u00e9dito.<br \/>\n1972.- Administrador y propietario de Cr\u00e9dito Peninsular S.A.<br \/>\n1973-2020.- Administrador de Laude Compa\u00f1\u00eda Inversora S.A.<br \/>\n1978.- Administrador de Cr\u00e9dito Atl\u00e1ntico S.A.<br \/>\n1980-2020.- Presidente, administrador y socio mayoritario de Ferrer &#038; Saret Viajes S.L.<br \/>\n1984-2020.- Administrador de Uni Kronos S.L.<br \/>\n1987.- Agente representante de Banque Priv\u00e9e Edmond de Rothschild (de Suiza y Luxemburgo) en Andorra y Espa\u00f1a.<br \/>\n1987-2010.- Form\u00f3 parte de los consejos de administraci\u00f3n de las sociedades andorranas Pyr\u00e8n\u00e8es S.A. y CATSA (Cooperativa Andorrana de Tabacs).<br \/>\n1987.- C\u00f3nsul Honorario de Letonia en Catalu\u00f1a, Valencia, Arag\u00f3n y Baleares, cargo del que pidi\u00f3 el relevo por necesidades del servicio.<br \/>\n1989.- Fundador, administrador y socio mayoritario de la gestora de patrimonios Profigest SGC, S.A. asociado a Banque Pasche, S.A. de Ginebra.<br \/>\n2004-2020.- Administrador de Kronos on the Beach S.L.<br \/>\n2010-2020.- Miembro del consejo de administraci\u00f3n de la gestora de patrimonios andorrana Universal Gesti\u00f3 S.A.<\/p>\n<p>ACTIVIDADES CULTURALES. Promotor y mecenazgo:<br \/>\n1957.- Fundador de la primera Orquestra Germinans.<br \/>\n1982.- Mecenazgo y organizaci\u00f3n del primer concurso internacional de composici\u00f3n Joan Cererols.<br \/>\n1986.- Presidente de la Fundaci\u00f3 Jaume Call\u00eds. Edici\u00f3n de obras jur\u00eddicas y promotor del diccionario jur\u00eddico catal\u00e1n, actualmente propiedad del IEC.<br \/>\n1987.- Fundador de la orquesta Gaudeamus, para formar profesionalmente a j\u00f3venes m\u00fasicos.<br \/>\n1998.- Promoci\u00f3n de la exposici\u00f3n \u00abArtistas Letones en Catalu\u00f1a\u00bb, celebrada con motivo de la exposici\u00f3n \u00abLet\u00f2nia a Catalunya\u00bb en la Casa Elizalde del 6 al 18 de octubre de 1998.<br \/>\n1998.- Miembro del jurado en el premio de composici\u00f3n musical para celebrar el 90\u00ba aniversario del Institut d&#8217;Estudis Catalans.<br \/>\n1999.- Miembro del jurado en el comit\u00e9 de concesi\u00f3n de becas de investigaci\u00f3n \u00abJourn\u00e9es Romanes\u00bb en Saint-Michel de Cuix\u00e0 (julio).<br \/>\n2001.- Homenaje a Monse\u00f1or Higini Angl\u00e8s, en el Pontificio Instituto de M\u00fasica Sacra de Roma.<br \/>\n2001.- Presidente de los amigos de Mozart de Barcelona.<br \/>\n2002.- Homenaje centenario Mn. Jacint Verdaguer en Folgueroles.<br \/>\n2003.- Promoci\u00f3n de la exposici\u00f3n \u00abLet\u00f2nia , Art i Pa\u00eds\u00bb con motivo de la exposici\u00f3n de pintura y fotograf\u00eda de artistas letones en la Casa de Cultura de Girona del 20 junio al 15 julio.<br \/>\n2006-2014.- Premio de canto a j\u00f3venes int\u00e9rpretes en el concurso Josep Mirabent Magrans, de Sitges.<br \/>\n2010.- Miembro fundador de la Associaci\u00f3 Catalana d\u2019Estudis d\u2019Emblem\u00e0tica, Art i Societat, que naci\u00f3, seg\u00fan sus Estatutos, para \u00abdar difusi\u00f3n de las humanidades en diferentes instituciones y dar experiencia a nuevos licenciados en Historia del Arte. Promover conferencias y visitas guiadas al patrimonio catal\u00e1n\u00bb.<br \/>\n2012-2020.- Miembro del consejo editorial de la revista Emblecat, publicaci\u00f3n de estudios de investigaci\u00f3n.<br \/>\n2014.- Contribuci\u00f3n a la VIII Biennal de Fotograf\u00eda Xavier Miserachs.<br \/>\n2015-2016.- Contribuci\u00f3n en la \u00d2pera de Sarri\u00e0 para facilitar una orquesta que acompa\u00f1e las representaciones de la temporada.<br \/>\n2019.- Patrocinio en Ars Nostrum Edicions. Publicaci\u00f3n del libro \u00abMariano Andreu. Biografia i cat\u00e0leg raonat\u00bb.<\/p>\n<p>HONORES<br \/>\n2008.- Investido Caballero de la Orden de San Gregorio el Magno en la ciudad del Vaticano.<br \/>\n2021.- Elegido acad\u00e9mico de n\u00famero protector de la Reial Acad\u00e8mia Catalana de Belles Arts de Sant Jordi, aprobando as\u00ed la propuesta en  su d\u00eda presentada por los acad\u00e9micos Francesc Fontbona de Vallescar, Mireia Freixa Serra y Josep Munta\u00f1ola Thornberg.<\/p>\n<p>ASISTENCIA A CONGRESOS Y JORNADAS<br \/>\n1994.- UNIVERSIDAD MEN\u00c9NDEZ PELAYO (Santander). \u00abLibros para ver, libros para leer: del Salterio al Libro de Horas\u00bb. Director: Dr. Joaqu\u00edn Yarza.<br \/>\n1996.- UNIVERSIDAD MEN\u00c9NDEZ PELAYO (Santander). \u00abLa imagen del poder en la Europa de la Edad Moderna: de Tiziano a Goya\u00bb. Curso magistral por el director del Museo del Prado: Dr. Fernando Checa.<br \/>\n2000.- UNIVERSIDAD DE GRANADA. \u00abXIII Congreso Espa\u00f1ol de Historia del Arte. Ante el nuevo milenio, ra\u00edces culturales, proyecci\u00f3n y actualidad del Arte Espa\u00f1ol\u00bb, Granada 31 de octubre-3 de noviembre de 2000.<br \/>\n2000-2001.- INSTITUT DE CI\u00c8NCIES DE L&#8217;EDUCACI\u00d3 DE LA UNIVERSITAT DE BARCELONA. \u00abModernitats. Art i cultures contempor\u00e0nies\u00bb. Secretaria del ICE: Sra. Carmen Buis\u00e1n Serradell.<br \/>\n2010.- FUNDACI\u00d3 CULTURAL ROCAMORA y ASSOCIACI\u00d3 PER L&#8217;ESTUDI DEL MOBLE (Barcelona). \u00abJornadas profesionales: El mueble y los interiores desde Carlos IV a la \u00e9poca isabelina. Nuevos estudios\u00bb. Barcelona, sede de la Fundaci\u00f3 Cultural Rocamora, 29-30 de mayo de 2010. <\/p>\n<p>ASOCIADO:<br \/>\nCercle Eq\u00fcestre, Cercle Gran Teatre del Liceu, Rotary Club, Associaci\u00f3 per a l\u2019Estudi del Moble, Amics dels Museus de Catalunya y Club Su\u00eds, entre otros.<\/p>\n<p>Barcelona, 2021.<\/p>\n","protected":false},"template":"","rang":[142],"class_list":["post-30995","academic","type-academic","status-publish","has-post-thumbnail","hentry","rang-academics-de-numero"],"acf":[],"_links":{"self":[{"href":"https:\/\/www.racba.org\/es\/wp-json\/wp\/v2\/academic\/30995","targetHints":{"allow":["GET"]}}],"collection":[{"href":"https:\/\/www.racba.org\/es\/wp-json\/wp\/v2\/academic"}],"about":[{"href":"https:\/\/www.racba.org\/es\/wp-json\/wp\/v2\/types\/academic"}],"wp:featuredmedia":[{"embeddable":true,"href":"https:\/\/www.racba.org\/es\/wp-json\/wp\/v2\/media\/8245"}],"wp:attachment":[{"href":"https:\/\/www.racba.org\/es\/wp-json\/wp\/v2\/media?parent=30995"}],"wp:term":[{"taxonomy":"rang","embeddable":true,"href":"https:\/\/www.racba.org\/es\/wp-json\/wp\/v2\/rang?post=30995"}],"curies":[{"name":"wp","href":"https:\/\/api.w.org\/{rel}","templated":true}]}}