{"id":30998,"date":"2023-12-12T16:50:49","date_gmt":"2023-12-12T15:50:49","guid":{"rendered":"https:\/\/www.racba.org\/academic\/bizot-beatrice-2\/"},"modified":"2023-12-12T16:50:49","modified_gmt":"2023-12-12T15:50:49","slug":"bizot-beatrice","status":"publish","type":"academic","link":"https:\/\/www.racba.org\/es\/academic\/bizot-beatrice\/","title":{"rendered":"Bizot, B\u00e9atrice"},"content":{"rendered":"<p>Mil\u00e1n, 1966.<\/p>\n<blockquote class=\"wp-embedded-content\" data-secret=\"ikfwkHwE2C\"><p><a href=\"https:\/\/www.beatricebizot.com\/\">obras<\/a><\/p><\/blockquote>\n<p><iframe class=\"wp-embedded-content\" sandbox=\"allow-scripts\" security=\"restricted\" style=\"position: absolute; clip: rect(1px, 1px, 1px, 1px);\" title=\"&#8220;obras&#8221; &#8212; Beatrice Bizot\" src=\"https:\/\/www.beatricebizot.com\/embed\/#?secret=ikfwkHwE2C\" data-secret=\"ikfwkHwE2C\" width=\"600\" height=\"338\" frameborder=\"0\" marginwidth=\"0\" marginheight=\"0\" scrolling=\"no\"><\/iframe><\/p>\n<p>1998 Delta College de Michigan, Departamento de escultura, E.U.A.<br \/>\n1997 Center for the Arts de Midland, Michigan, E.U.A.<br \/>\n1992 Accademia di Belle Arti della Brera, Mil\u00e1n, Italia.<br \/>\n1991 ESJ Lille et Maitr\u00eese d\u2019Histoire Paris IV Sorbonne.<\/p>\n<p>\u2022 Exposiciones individuales<br \/>\n2014 Veus silencioses a la ciutat, Universitat Rovira i Virgili, Tarragona, Espa\u00f1a.<br \/>\n2013 Interioridad, Galerie Mots Passants, Etretat, Francia.<br \/>\nKorespondaz Museo de Architecturea, Wroclaw, Polonia.<br \/>\n2012 Korespondaz Jiri Kolar Beatrice Bizot, Veletrzni pal\u00e1c, Galerie Nationale de Praga, Rep\u00fablica Checa.<br \/>\n2012 Formig\u00f3 desarmat, Galeria Pinyol, Reus, Espa\u00f1a.<br \/>\n2011 Passages, Galerie INSULA, Ile d\u2019Yeu, Francia.<br \/>\n2010 Bronzes et ciments d\u00e9sarm\u00e9s, Galerie LEE, 9, rue de Visconti, Par\u00eds, Francia.<br \/>\nCreaci\u00f3n de \u201cLes Portes\u201d, obra p\u00fablica para el nuevo tanatorio de Torredembarra, Espa\u00f1a.<br \/>\n2009 Cimientos de humanidad, Barcelona Design Hotel, Barcelona, Espa\u00f1a.<br \/>\n2007 Extracte de la ciutat, Galeria Carme Espinet, Barcelona, Espa\u00f1a.<br \/>\n2006 Ciutat blanca, Museu d&#8217;Art Modern de Tarragona, Espa\u00f1a.<br \/>\nMirades de mar, Cala Tamarit, Tarragona, Espa\u00f1a.<br \/>\n2004 Rencontre, Espace culturel des Minimes, Compi\u00e8gne, Francia.<br \/>\nSculptures, Hotel de ville, Le Havre, Francia.<br \/>\n2001 Sculptures, Galerie LEE, 9, rue de Visconti, Par\u00eds, Francia.<br \/>\n1999 Gallery 22, Cincinnati, Ohio, E.U.A.<\/p>\n<p>\u2022 Exposiciones colectivas<br \/>\n2014 Retrospective 2014, Espace Nungesser et Coli, Etretat, Francia.<br \/>\n2013 El fons d\u2019art del port de Tarragona. 25 anys, Tarragona, Espa\u00f1a.<br \/>\n2013 Del gris a l\u2019Oxyd, Torre Vella, Salou, Espa\u00f1a.<br \/>\n2013 10 artistes x T\u00e0pies, Museu d&#8217;Art Modern, Tarragona, Espa\u00f1a.<br \/>\n2012 Bienal contemporary art fair, Museu d&#8217;Art Modern, Tarragona, Espa\u00f1a.<br \/>\nQuartiers d\u2019\u00e9t\u00e9, Galeria Insula, Par\u00eds, Francia.<br \/>\n2010 Biennal d&#8217;art contemporani, Museu d&#8217;Art Modern, Tarragona, Espa\u00f1a.<br \/>\n2009 Eros+Ismes, Tinglado 4, Tarragona, Espa\u00f1a.<br \/>\nI Centre d\u2019art contemporani LASALA, Vilanova,  Espa\u00f1a.<br \/>\nFeria de arte contempor\u00e1neo en Vigo (Galicia, Espa\u00f1a).<br \/>\nGaleria ARTGN, Tarragona.<br \/>\n2008 Colectiva Galeria ARTGN, Tarragona, Espa\u00f1a.<br \/>\nFeria de Arte Contemp\u00e1raneo Le Tryptique, Angers, Francia.<br \/>\nGaleria Lee, Par\u00eds.<br \/>\nFira d&#8217;art contemporani FIART, Val\u00e8ncia.<br \/>\n2008. Museu d&#8217;Art Modern, Tarragona, Espa\u00f1a.<br \/>\n2007. Feria de arte contempor\u00e1neo ST-ART, Strasbourg, Galeria LEE, Par\u00eds.<br \/>\nCreaci\u00f3n de tres monumentos escult\u00f3ricos en un espacio p\u00fablico para el puerto de Tarragona, barrio del Serrallo, Espa\u00f1a.<br \/>\n2005 Telax. Galeria Pinyol, Reus, Espa\u00f1a.<br \/>\nExposici\u00f3 anual, Mercat Vell, Sitges, Espa\u00f1a.<br \/>\n2004 Salon d\u2019Automne, Par\u00eds, Francia.<br \/>\nSculptures Hotel de ville, Le Havre, Francia.<br \/>\n2003 Salon des Artistes Fran\u00e7ais, Par\u00eds, Francia.<br \/>\nCentenario del Salon d\u2019Automne, Par\u00eds, Francia.<br \/>\nBronzes, Galerie La main du Jour, Senlis, Francia.<br \/>\n8 artistas, Saint-Jean-aux-Bois, Francia.<br \/>\n2001 Maison ouverte, Compi\u00e8gne, Francia.<br \/>\n1998 Midland Artist Guild, Center for the Arts de Midland, Michigan, E.U.A.<br \/>\nFine arts exhibition, Bloomfield Hills, Detroit, E.U.A.<br \/>\n1997 Midland Artist Guild, Midland, Michigan, E.U.A.<br \/>\nGreat Lakes Art Exhibition, Center for the Arts, Midland, Michigan, E.U.A.<br \/>\nWomen\u2019s Work Art Exhibit, Center for the Arts, Midland, Michigan, E.U.A.<br \/>\nAll Area Show, Saginaw, E.U.A.<br \/>\n1996 Midland Artist Guild, Midland, E.U.A.<br \/>\nGreat Lakes Art Exhibit, Midland, Michigan, E.U.A.<\/p>\n<p>Premios<br \/>\n2012 Biennal Museu d&#8217;Art Modern de Tarragona. Menci\u00f3n de honor premio Juli Antoni de escultura.<br \/>\n2011 Galeria Pinyol. Acc\u00e9ssit de escultura 19 Premio TELAX.<br \/>\n1997 Merit award for sculpture. Midland Artist Guild, Michigan, E.U.A.<br \/>\nBlasy Electric award for sculpture. Great Lakes Art exhibition. Center for the Arts de Midland, Michigan, E.U.A.<br \/>\nBest of show for sculpture. Women\u2019s Work Art Exhibit Center for the Arts de Midland, Michigan, E.U.A.<\/p>\n<p>Obra en colecciones<br \/>\nTanatorio de Torredembarra, Espa\u00f1a: Conjunto escult\u00f3rico inaugurado en 2010.<br \/>\nPort de Tarragona (barrio del Serrallo): 3 monumentos escult\u00f3ricos inaugurados en octubre de 2007.<br \/>\nMuseu d&#8217;Art Modern de Tarragona, Espa\u00f1a.<br \/>\nColecci\u00f3n del Center for the Arts, Midland, Michigan, E.U.A.<br \/>\nColecciones privadas en Francia, E.U.A, Italia, Rep\u00fablica Checa y Espa\u00f1a.<\/p>\n<p>Elegida acad\u00e9mica de n\u00famero de la Reial Acad\u00e8mia Catalana de Belles Arts de Sant Jordi el 21 de septiembre de 2022, aprobando as\u00ed la propuesta en su d\u00eda presentada por los acad\u00e9micos Francesc Fajula Pellicer, Mireia Freixa Serra y Francesc Fontbona de Vallescar.<\/p>\n","protected":false},"template":"","rang":[142],"class_list":["post-30998","academic","type-academic","status-publish","hentry","rang-academics-de-numero"],"acf":[],"_links":{"self":[{"href":"https:\/\/www.racba.org\/es\/wp-json\/wp\/v2\/academic\/30998","targetHints":{"allow":["GET"]}}],"collection":[{"href":"https:\/\/www.racba.org\/es\/wp-json\/wp\/v2\/academic"}],"about":[{"href":"https:\/\/www.racba.org\/es\/wp-json\/wp\/v2\/types\/academic"}],"wp:attachment":[{"href":"https:\/\/www.racba.org\/es\/wp-json\/wp\/v2\/media?parent=30998"}],"wp:term":[{"taxonomy":"rang","embeddable":true,"href":"https:\/\/www.racba.org\/es\/wp-json\/wp\/v2\/rang?post=30998"}],"curies":[{"name":"wp","href":"https:\/\/api.w.org\/{rel}","templated":true}]}}