{"id":31000,"date":"2023-12-12T16:50:49","date_gmt":"2023-12-12T15:50:49","guid":{"rendered":"https:\/\/www.racba.org\/academic\/bofill-i-levi-anna-2\/"},"modified":"2023-12-12T16:50:49","modified_gmt":"2023-12-12T15:50:49","slug":"bofill-i-levi-anna","status":"publish","type":"academic","link":"https:\/\/www.racba.org\/es\/academic\/bofill-i-levi-anna\/","title":{"rendered":"Bofill i Levi, Anna"},"content":{"rendered":"<p>Compositora y arquitecta, nacida en Barcelona en 1944.<br \/>\nDe 1950 a 1959 realiz\u00f3 los estudios de piano y teor\u00eda musical con Jordi Albareda y la Academia Caminals.<br \/>\nEn 1959 y 1960 estudi\u00f3 composici\u00f3n musical con Josep Cerc\u00f3s y Xavier Montsalvatge.<br \/>\nDe 1968 a 1972 trabaj\u00f3 el an\u00e1lisis y la composici\u00f3n musical con J. M. Mestres-Quadreny, y posteriormente estudi\u00f3 el desarrollo de las estructuras musicales a lo largo de la historia hasta las modernas concepciones de la aplicaci\u00f3n de la matem\u00e1tica de la probabilidad, a la vez que estudiaba Teor\u00eda de la Probabilidad con el matem\u00e1tico Eduard Bonet.<br \/>\nEl a\u00f1o 1975 obtuvo el Doctorado en Arquitectura por la Escola T\u00e8cnica Superior d\u2019Arquitectura de Barcelona con la tesis \u201cGeneraci\u00f3n geom\u00e9trica de formas arquitect\u00f3nicas y urbanas\u201d.<br \/>\nEl mismo a\u00f1o tambi\u00e9n inici\u00f3 estudios de m\u00fasica electroac\u00fastica en el laboratorio Phonos de Barcelona, con Llu\u00eds Callejo y Gabriel Brncic.<br \/>\nEl a\u00f1o 1982 particip\u00f3 en las Jornadas Internacionales de Nueva M\u00fasica en Sitges con Luigi Nono, Mestres-Quadreny, Joan Guinjoan y Cohri\u00fan Aharonian.<br \/>\nEl a\u00f1o 1983 particip\u00f3 en un taller de Luigi Nono en Barcelona.<br \/>\nTradujo \u201cM\u00fasica i Arquitectura\u201d de Iannis Xenakis al catal\u00e1n.<br \/>\nEl a\u00f1o 1985 realiz\u00f3 investigaci\u00f3n musical con una beca de la CIRIT, en el Centre d\u2019Etudes de Math\u00e9mathique et Automates Musicales (CEMAMU), Par\u00eds, dirigido por Iannis Xenakis.<br \/>\nDe 1984 a 1991 dej\u00f3 de trabajar en m\u00fasica durante unos a\u00f1os (porque necesitaba trabajar a dedicaci\u00f3n exclusiva en su estudio de arquitectura) y en 1992 volvi\u00f3 a la m\u00fasica para trabajar en inform\u00e1tica musical con Xavier Serra en el Departamento de Inform\u00e1tica Musical del Laboratorio Phonos de Barcelona. En este centro trabaj\u00f3 en el entorno de los ordenadores NeXT creados en la Universidad de Stanford (E.U.A.) y en el entorno de programaci\u00f3n gr\u00e1fica MAX del IRCAM de Par\u00eds.<br \/>\nSus obras han sido programadas en ciudades espa\u00f1olas y en otras ciudades como Par\u00eds, Berl\u00edn, Londres, Nueva York, M\u00e9xico, Santiago de Chile, Buenos Aires, Roma, etc., y en festivales y congresos de m\u00fasica contempor\u00e1nea.<br \/>\nHa escrito y trabajado tanto en m\u00fasica como en arquitectura.<\/p>\n<p>Durante diez a\u00f1os fue miembro del jurado del premio de dibujo Joan Mir\u00f3 y miembro del jurado del Festival de Teatro de Sitges en diversas ocasiones.<br \/>\nEn 2009 recibi\u00f3 la Medalla al Treball President Maci\u00e0, de la Generalitat de Catalunya, por su actividad como compositora y como arquitecta.<br \/>\nEn 2010, la Fundaci\u00f3 Caixa Catalunya dentro del ciclo \u00abCelebracions\u00bb le dedic\u00f3 un concierto-homenaje, con las obras \u00abAndata e ritorno\u00bb, \u00abMat\u00e8ria nua\u00bb, \u00abEuropa 1945\u00bb, \u00abSpirals III\u00bb (estreno) y \u00abSeptet de set sous\u00bb. Con el Barcelona Modern Project, director Marc Moncus\u00ed, con Quim Oll\u00e9, flauta; Na\u00fcm Monterde, clarinete; Francesc Vidagany, percusi\u00f3n; David Casanova, piano; Marcos S\u00e1nchez, guitarra; Ala Voronkova, viol\u00edn; Lito Iglesias, violoncelo; y Cristina Segura, mezzosoprano.<\/p>\n<p>ACTIVIDADES EN EL CAMPO DE LA M\u00daSICA Y PUBLICACIONES<br \/>\n\u2022 1971. Invitada en el \u00abXI Festival Internacional de m\u00fasica de Barcelona\u00bb con el estreno de \u00abEsclat\u00bb, por el Conjunt Catal\u00e0 de M\u00fasica Contempor\u00e0nia, dirigido por Jos\u00e9 Mar\u00eda Franco Gil, en el Palau de la M\u00fasica de Barcelona, estreno mundial.<br \/>\n\u2022 1972-73. Imparte el curso \u00abM\u00fasica i Arquitectura\u00bb, Escola de Disseny Eina, Barcelona.<br \/>\n\u2022 1974. Invitada en el \u00abII Festival de m\u00fasica de vanguardia de San Sebasti\u00e1n\u00bb con la obra \u00abEsclat\u00bb.<br \/>\n\u2022 1975. Art\u00edculo \u00abLa creaci\u00f3 musical\u00bb, en el libro \u00abHomenatge a Gabriel Ferrater\u00bb, Barcelona.<br \/>\n\u2022 1975. Invitada a las \u00abSerenates al Barri G\u00f2tic, XI Cicle Estiu 75\u00bb, al concierto de piano de Carles Santos, en el Antic Hospital de la Santa Creu, el mi\u00e9rcoles 3 de septiembre de 1975, con la obra \u00abPoema per a pianoforte\u00bb, estreno mundial.<br \/>\n\u2022 1976. Invitada al concierto de presentaci\u00f3n de \u00abPhonos\u00bb en el \u00abXVI Festival Internacional de M\u00fasica de Barcelona\u00bb con el estreno de \u00abEspai sonor VII\u00bb.<br \/>\n\u2022 1976. Invitada al concierto de presentaci\u00f3n del GIC (Grup Instrumental Catal\u00e0) dirigido por Carles Santos, en un homenaje a Robert Gerhard y obras del mismo (Libra), de Josep Cerc\u00f3s, Joaquim Homs, A. Lewin-Richter, Carles Santos y Mestres-Quadreny, con la obra \u00abQuartet\u00bb.<br \/>\n\u2022 1978. Invitada a las \u00abSetmanes Catalanes a Berl\u00edn\u00bb con el estreno de \u00abSeptet de set sous\u00bb.<br \/>\n\u2022 1978. Ingreso en la Associaci\u00f3 Catalana de Compositors (ACC).<br \/>\n\u2022 1981. Invitada en la \u00abI Mostra de M\u00fasica Catalana Contempor\u00e0nia\u00bb organizada por la ACC, con el estreno de \u00abTrio\u00bb.<br \/>\n\u2022 1982. Art\u00edculo \u00abPrimeres Jornades Internacionals de Nova M\u00fasica\u00bb, en \u201cEl instrumento musical\u201d, n\u00fam. 15.<br \/>\n\u2022 1983. Traducci\u00f3n al catal\u00e1n y pr\u00f3logo de \u201cM\u00fasica i Arquitectura\u201d de Iannis Xenakis, Ed. Antoni Bosch, Barcelona.<br \/>\n\u2022 1983. Estreno de \u00abUrfaust\u00bb, con texto de Goethe, m\u00fasica en colaboraci\u00f3n con J. M. Berenguer, y realizaci\u00f3n de la escenograf\u00eda y direcci\u00f3n esc\u00e9nica de Ricard Salvat, en el Paranimf de la Universitat Central de Barcelona, primera vez que se abre al p\u00fablico para ver teatro.<br \/>\n\u2022 1984. Realizaci\u00f3n de la m\u00fasica para \u00abFills d\u2019un deu menor\u00bb, texto de Marc Medoff, direcci\u00f3n de Ricard Salvat.<br \/>\n\u2022 1985. Investigaci\u00f3n sobre \u00abRelaciones espacio-tiempo en la m\u00fasica contempor\u00e1nea\u00bb, beca CIRIT (Generalitat de Catalunya), Par\u00eds, CEMAMU, direcci\u00f3n I. Xenakis.<br \/>\n\u2022 1987. Socia fundadora de la asociaci\u00f3n \u201cAmics de la M\u00fasica de Barcelona\u201d.<br \/>\n\u2022 1992. Estreno internacional de \u00abStudio per a piano n\u00ba 1 i n\u00ba 3\u00bb, por Aurelio Viribay en el \u00abVIII Congreso Internacional de Women in Music\u00bb, Bilbao.<br \/>\n\u2022 1995. Mesa redonda sobre teatro en el ciclo \u00abNoves Autores\u00bb, Sala Beckett, Barcelona, 19 de junio.<br \/>\n\u2022 1996. Redacci\u00f3n del dossier \u201cLes compositores en la Hist\u00f2ria de la M\u00fasica\u201d, publicado por la Secretaria de la Dona de la USTEC, 8 de marzo, con M. Cinta Montagut.<br \/>\n\u2022 1996. Taller \u00abDona i M\u00fasica\u00bb en las jornadas \u00abXX Anys de Feminisme a Catalunya\u00bb, mayo.<br \/>\n\u2022 1996. Presentaci\u00f3n revista USTEC en la Casa Elizalde, Barcelona, mayo 1996, y en la Escola de M\u00fasica, Tarragona, noviembre.<br \/>\n\u2022 1996. M\u00fasica incidental \u201cSomnis d\u2019una nit d\u2019estiu\u201d (en colaboraci\u00f3n con J. M. Mestres-Quadreny) para el espect\u00e1culo de marionetas, sombras y danza de Empar Rosell\u00f3 y Quentin Cemence estrenado en T\u00e0rrega.<br \/>\n\u2022 1996\/97. Conferencia \u201cLas compositoras en la Historia de la M\u00fasica\u201d, noviembre 1996 en C\u00f3rdoba; enero 1997 en el Conservatori Municipal de Lleida.<br \/>\n\u2022 1997. Entrevista a J. M. Mestres-Quadreny, curso \u00abEines de creaci\u00f3 musical\u00bb, Institut de l\u2019Audiovisual, UPF, Centre de Cultura Contempor\u00e0nia de Barcelona, mayo.<br \/>\n\u2022 1997. Presentaci\u00f3n del concierto \u00abDones compositores al segle XX\u00bb y estreno en Barcelona de \u00abStudio per a pianoforte n\u00ba 1 i n\u00ba 3\u00bb por Liliana Mafiotte. 18 de diciembre.<br \/>\n\u2022 1997. Direcci\u00f3n musical ciclo de conferencias dramatizadas \u00abCartografies del desig I. 15 escriptores i el seu m\u00f3n\u00bb, Barcelona.<br \/>\n\u2022 1998. Direcci\u00f3n musical ciclo de conferencias dramatizadas \u00abCartografies del desig II. 11 escriptores i el seu m\u00f3n\u00bb, Barcelona.<br \/>\n\u2022 1998. Art\u00edculo \u00abLes compositores en la hist\u00f2ria de la m\u00fasica\u00bb en el n\u00fam. 2 de la revista de la Associaci\u00f3 Catalana de Compositors, marzo.<br \/>\n\u2022 1998. Presentaci\u00f3n de la selecci\u00f3n musical de \u00abCartografies del desig II\u00bb, Casa Elizalde, Barcelona, 18 de marzo.<br \/>\n\u2022 1998. Introducci\u00f3n al disco de Josep Maria Mestres-Quadreny, Ars Harmonica, Serie Phonos, CD n\u00fam. 1, AH038.<br \/>\n\u2022 1998. Texto \u00abLa m\u00fasica de \u2018Cartografies del desig'\u00bb en \u00abCartografies del desig, quinze escriptores i el seu m\u00f3n\u00bb, Ed. Proa la mirada, Barcelona, 1998.<br \/>\n\u2022 1998. Realizaci\u00f3n musical del montaje po\u00e9tico musical \u201cRes no et ser\u00e0 pres\u201d en homenaje a Maria Merc\u00e8 Mar\u00e7al, en el \u00abEspai\u00bb, escenograf\u00eda Magda Puyo y Pep Duran.<br \/>\n\u2022 1998. Texto \u00abLa recuperaci\u00f3 d\u2019un llegat que ens pertany\u00bb, en \u00abHomenatge a Maria Merc\u00e8 Mar\u00e7al\u00bb, Ed. Emp\u00faries, Barcelona, diciembre. ISBN 84-7596-625-X.<br \/>\n\u2022 1999. Texto \u00abLa m\u00fasica de &#8216;Cartografies del desig II'\u00bb en el libro \u00abMem\u00f2ria de l\u2019aigua (Onze escriptores i el seu m\u00f3n)\u00bb, Ed. Proa la mirada, Barcelona, 1999 y coordinaci\u00f3n del CD incluido \u00abDeu compositores i el seu m\u00f3n\u00bb.<br \/>\n\u2022 1999. Estreno de \u00abMezquita\u00bb con texto de M. Cinta Montagut, en el C\u00edrculo de Bellas Artes de Madrid.<br \/>\n\u2022 2000. Art\u00edculo \u00abLes Compositores. Apunts per a una reflexi\u00f3\u00bb en \u00abEl contemporani\u00bb, n\u00fam. 20, Ed. Afers, enero-abril. ISSN 1133-519X.<br \/>\n\u2022 2000. Estreno de \u00abNote per un diario\u00bb, 9 instrumentos (flauta, obo\u00e9, clarinete, fagot, cuarteto de cuerda y clavic\u00e9mbalo), marzo, Orquesta de C\u00e1mara de Pamplona, directora Alicia Coduras, 28 de marzo, Madrid, iglesia de San Ignacio.<br \/>\n\u2022 2000. Estreno de \u00abSimile\u00bb para dos pianos, con Clavel Cabeza y Mar G. Barrenechea en el \u00abIII Encuentro de mujeres en la m\u00fasica\u00bb en M\u00e9xico D.F., mayo.<br \/>\n\u2022 2000. Presentaci\u00f3n de \u00abMem\u00f2ria de l\u2019aigua\u00bb en el Club Dona, abril.<br \/>\n\u2022 2000. Estreno de \u00abSe d\u2019arder e d\u2019amar\u00bb para recitador y flauta de pico (Albert Mestres y Joan Izquierdo), Eina Escola de disseny i art, Barcelona, 10 abril.<br \/>\n\u2022 2000. Publicaci\u00f3n de \u00abStudio per a pianoforte n\u00ba 1 i n\u00ba 3\u00bb por Liliana Maffiotte, en Avuim\u00fasica. Col\u00b7lecci\u00f3 de M\u00fasica Catalana Contempor\u00e0nia, vol. 2.<br \/>\n\u2022 2000. Programa \u00abPerfils\u00bb de Catalunya M\u00fasica (con Raimon Colomer), tres sesiones: 7, 21 y 28 de noviembre, de 19 a 21 horas.<br \/>\n\u2022 2000. Estreno de \u00abArtifici mar\u00ed\u00bb para piano, encargo de Jean Pierre Dupuy para el recital \u00abFemmes compositeurs des r\u00e9gions d\u2019Espagne\u00bb, Conservatorio de m\u00fasica de Perpi\u00f1\u00e1n, Francia, 27 de noviembre.<br \/>\n\u2022 2001. Participaci\u00f3n en el ciclo \u00abM\u00fasica XXI\u00bb de la SGAE y editorial Clivis con \u00abEnigma\u00bb, 6 de febrero.<br \/>\n\u2022 2001. Participaci\u00f3n en el homenaje a Teresa Borr\u00e0s en la SGAE, con \u00abEl Blanc del Blau\u00bb, por Montse Masseguer, piano, 16 de febrero.<br \/>\n\u2022 2001. Estreno del noneto \u00abNote per un diario\u00bb, en Madrid, dirigido por Alicia Coduras, 7 de marzo.<br \/>\n\u2022 2001. Presentaci\u00f3n del concierto homenaje a Iannis Xenakis, en el Auditori de la Universitat Pompeu Fabra.<br \/>\n\u2022 2001. Estreno de \u00abSolo lo justo\u00bb en Madrid, 21 de abril.<br \/>\n\u2022 2001. Concierto de Liliana Maffiotte \u00abDones compositores d&#8217;Europa\u00bb, en la iglesia parroquial de Sant Feliu de Llobregat, con \u00abStudio per pianoforte n\u00ba 3\u00bb, 9 de marzo.<br \/>\n\u2022 2002. Publicaci\u00f3n \u00abJosep Maria Mestres-Quadreny\u00bb, en colaboraci\u00f3n con Oriol P\u00e9rez Trevi\u00f1o, Col. Compositors Catalans, n\u00fam. 11, Generalitat de Catalunya, Departament de Cultura, Ed. Proa, Barcelona 2002, ISBN 84-8437-344-4. Cap\u00edtulo \u00abAn\u00e0lisi de l\u00bbEstro Aleatorio&#8217; i de les &#8216;Sonades sobre fons negre'\u00bb.<br \/>\n\u2022 2002. Presentaci\u00f3n del libro sobre Josep Maria Mestres-Quadreny de la editorial Proa, en la SGAE, 20 de febrero.<br \/>\n\u2022 2002. Coordinaci\u00f3n del concierto \u00abM\u00fasica de compositores a la hist\u00f2ria\u00bb, dentro de los actos del 8 de marzo del Ajuntament de Sant Just Desvern, recital de Montse Massaguer y Montse Sol\u00e0. Tocan \u00abStudio per a pianoforte n\u00ba 3\u00bb y la canci\u00f3n \u00abMezquita\u00bb, 10 de marzo.<br \/>\n\u2022 2002. Estreno de \u00abLejos de nada\u00bb, quinteto de cuerda, en Getxo (Bilbao) por el Quinteto Cl\u00e1sico de Pamplona, 11 de marzo, dentro del \u00abFestival de m\u00fasica de mujeres\u00bb.<br \/>\n\u2022 2002. Se programa \u00abSolo lo justo\u00bb por la soprano Pilar Jurado, en Getxo (Bilbao), 15 de marzo, dentro del \u00abFestival de m\u00fasica de mujeres\u00bb.<br \/>\n\u2022 2002. Estreno de \u00abLa Vida \u00bfpor qu\u00e9 no?\u00bb por el Grup XXI dirigido por Peter Bacchus, 17 de abril, en el CCCB dentro del ciclo Avuim\u00fasica.<br \/>\n\u2022 2002. \u00abLejos de nada\u00bb en Madrid por el Quinteto Cl\u00e1sico de Pamplona, el 8 de mayo.<br \/>\n\u2022 2002. Estreno de \u00abAndata e ritorno\u00bb por Liliana Maffiotte en el Nick Havana, el 28 de mayo.<br \/>\n\u2022 2002. Estreno en Girona de \u00abSe d&#8217;arder e d&#8217;amar\u00bb por Joan Izquierdo (flautas dulces) y Albert Mestres (recitador), 14 de septiembre, en el Festival de M\u00fasica Contempor\u00e0nia.<br \/>\n\u2022 2002. Estreno en Roma de \u00abLa Nit\u00bb y \u00abDansa Obliqua\u00bb por Ricardo Descalzo, piano, el 30 de octubre en la Accademia di Spagna, en San Pietro in Montorio, dentro del ciclo \u00abNuovi Spazi Musicali\u00bb coordinados por la compositora Ada Gentile, vicedirectora del Conservatorio de M\u00fasica de Santa Cecilia.<br \/>\n\u2022 2002. Estreno en Barcelona de \u00abRitrovo\u00bb por el cuarteto de cuerda de la OCB, el 13 de noviembre, dentro del ciclo Avuim\u00fasica de la ACC.<br \/>\n\u2022 2002. Se toca \u00abCadaqu\u00e9s\u00bb por Rafel Esteve y Marta Fiol dentro del ciclo \u00abDe nosaltres a vosaltres. Pensant en l&#8217;Anna (homenatge a Anna Ricci)\u00bb, noviembre, sala peque\u00f1a del Palau de la M\u00fasica y \u00abSe d&#8217;arder e d&#8217;amar\u00bb por Joan Izquierdo y Albert Mestres.<br \/>\n\u2022 2002. Aparezco citada en el art\u00edculo de M. Cinta Montagut \u00abLas mujeres en la historia de la m\u00fasica: una aproximaci\u00f3n\u00bb, en la revista \u00abEufon\u00eda de did\u00e1ctica de la m\u00fasica\u00bb, n\u00fam. 25, junio.<br \/>\n\u2022 2003. \u00abLa m\u00fasica de las compositoras del siglo XX a nuestros d\u00edas\u00bb, concierto en Pamplona de la Orquesta de C\u00e1mara de Pamplona, directora Alicia Coduras. Se toca \u00abNote per un diario\u00bb. Febrero.<br \/>\n\u2022 2003. Concierto de piano y voz en el Centro Cultural Conde Duque, Madrid, Marta Kn\u00f6rr, mezzosoprano; Aurelio Viribay, piano; in memoriam de Mar\u00eda Escribano. Se toca \u00abStudio per a pianoforte n\u00ba 3\u00bb. 25 de febrero.<br \/>\n\u2022 2003. \u00abLa m\u00fasica de las compositoras del siglo XX a nuestros d\u00edas\u00bb. Segundo concierto. Orquesta de C\u00e1mara de Pamplona, directora Alicia Coduras. Se toca \u00abNote per un diario\u00bb. 8 de marzo.<br \/>\n\u2022 2003. \u00abIII Festival de Mujeres en la M\u00fasica de Getxo\u00bb, primer concierto. Tr\u00edo flauta, guitarra y violoncelo (Antonio Arias, Jos\u00e9 Luis Rodrigo, Dimitar Furnadjiev), Escuela de m\u00fasica Andr\u00e9s Isasi, Las Arenas, Getxo. Se toca \u00abLa vita \u00e9\u00bb. 10 de marzo.<br \/>\n\u2022 2003. \u00abIII Festival de Mujeres en la M\u00fasica de Getxo. Compositoras siglo XIX al XXI\u00bb, concierto de piano por Mar\u00eda Jos\u00e9 Mart\u00edn. Se toca \u00abTocs de fum\u00bb y \u00abEn un Chassaigne\u00bb. Getxo, 24 marzo.<br \/>\n\u2022 2003. \u00abLa historia de la m\u00fasica en clave femenina II\u00bb, Escuela de m\u00fasica Luis Morondo, Bara\u00f1ain. Concierto de piano por Mar\u00eda Jos\u00e9 Mart\u00edn. Se toca \u00abTocs de fum\u00bb y \u00abEn un Chassaigne\u00bb. 25 marzo.<br \/>\n\u2022 2003. Centro Cultural Conde Duque. \u00abLas mujeres en la m\u00fasica\u00bb. Tr\u00edo de flauta, guitarra y violoncel (Antonio Arias, Jos\u00e9 Luis Rodrigo, Dimitar Furnadjiev). Se toca \u00abLa vita \u00e9\u00bb. 8 de abril.<br \/>\n\u2022 2003. Art\u00edculo \u00abReflexions sobre m\u00fasica i arquitectura, en mem\u00f2ria de Iannis Xenakis i d&#8217;Antoni Gaud\u00ed\u00bb, en la revista de la ACC, \u00abM\u00fasica d&#8217;ara\u00bb, n\u00fam. 5, 2002. DL B-47820-2002, ISSN 1138-6002.<br \/>\n\u2022 2003. Publicaci\u00f3n del art\u00edculo \u00abIannis Xenakis, art i ci\u00e8ncia\u00bb en \u00abEl contemporani\u00bb, n\u00fam. 28. Ed. Afers, Valencia, 2003. ISSN 1133-519X.<br \/>\n\u2022 2003. Publicaci\u00f3n en la revista \u00abCuadernos de Veruela\u00bb, n\u00fam. 4, del art\u00edculo \u00abLas compositoras, apuntes para una reflexi\u00f3n\u00bb, Zaragoza, 2002. ISSN 1.139-9.740. DL Z-2794-97.<br \/>\n\u2022 2003. Estreno de \u00abEl fluir de les pedres\u00bb de 2001, por Manuel Mij\u00e1n, saxo, y Sebasti\u00e1n Marin\u00e9, piano, en el \u00abXXIII Festival BBK. M\u00fasicas actuales\u00bb,  Museo Guggenheim, Bilbao, el 3 de diciembre.<br \/>\n\u2022 2004. Publicaci\u00f3n de \u00abIannis Xenakis, art i ci\u00e8ncia\u00bb en la revista de la ACC, \u00abM\u00fasica d&#8217;ara\u00bb, n\u00fam. 6, 2003. DL B-5123-1998. ISSN 1138-6002.<br \/>\n\u2022 2004. Estreno de \u00abIdentidades\u00bb para violocelo solo por Dimitar Furdnajev en el Centro Cultural Conde Duque de Madrid, homenaje a Marisa Ozaita.<br \/>\n\u2022 2004. Estreno en Getxo de \u00abTre per tre\u00bb para tr\u00edo de viento (flauta, clarinet y fagot), 15 de abril.<br \/>\n\u2022 2004. \u00abTre per tre\u00bb, en la SGAE, Madrid, 17 de abril.<br \/>\n\u2022 2004. Concierto \u00abDones Compositores\u00bb en Girona, por M. \u00c0ngels Mir\u00f3, soprano, y M. Rosa Ribas, piano. Se toca \u00abDesig\u00bb.<br \/>\n\u2022 2005. Estreno en Espa\u00f1a de \u00abSimile\u00bb, dos pianos, Getxo, Bilbao, 11 de marzo, por Carmen Cuesta y \u00c1lvaro Guijarro.<br \/>\n\u2022 2005. Estreno de \u00abIn duplice filar\u00bb (flauta y piano), por Antonio Arias y Gerardo L\u00f3pez, en Getxo, Bilbao, 12 de marzo.<br \/>\n\u2022 2005. \u00abIn duplice filar\u00bb, en Estella, 15 de marzo.<br \/>\n\u2022 2005. \u00abSimile\u00bb, dos pianos, Carmen Cuesta y \u00c1lvaro Guijarro, en el Auditorio de Conde Duque de Madrid, 1 de abril.<br \/>\n\u2022 2005. \u00abDesig\u00bb, en el concierto de Rosa Ribas y \u00c0ngels Mir\u00f3, piano y voz, en el CCD, Centre de Cultura de Dones de la Bonnemaison. Abril.<br \/>\n\u2022 2005. Estreno de \u00abGirotondo\u00bb por Gratiniano Murcia, temporada Avuim\u00fasica, CCCB. Mayo.<br \/>\n\u2022 2005. Participaci\u00f3n en \u00abQu\u00e8 c*** t\u00e9 a veure la m\u00fasica amb la ind\u00fastria i el feminisme, en un centre d&#8217;art?\u00bb, en el Arts Santa M\u00f2nica, para el programa \u00ab\u00c0udio\u00bb con R\u00e0dio Paca. Barcelona, 25 al 28 de octubre.<br \/>\n\u2022 2005. Cap\u00edtulo \u00abMontsalvatge como pedagogo\u00bb en el libro \u00abXavier Montsalvatge, homenaje a un compositor\u00bb, Ed. Lorenzo Caballer, Edita Fundaci\u00f3n Autor,  SGAE, Madrid, 2005. ISBN 84-8048-658-9.<br \/>\n\u2022 2006. Estreno de \u00abObjectes per tromb\u00f3\u00bb, por Ricardo Casero, de la OBC, en el ciclo Avuim\u00fasica de la ACC. Auditorio de la SGAE, 26 de enero.<br \/>\n\u2022 2006. Participaci\u00f3n en la mesa redonda de presentaci\u00f3n del CD de Gabriel Brncic, en el Auditorio de la SGAE, 16 de febrero, Barcelona.<br \/>\n\u2022 2006. Estreno de \u00abEuropa 1945\u00bb, por el Grupo Encuentros dirigido por Alicia Terzi\u00e1n, en el auditorio del MACBA, 17 de febrero, Barcelona.<br \/>\n\u2022 2006. Concierto en la Fundaci\u00f3n Canal del duo de flauta y piano, Antonio Arias y Gerardo L\u00f3pez, dentro del ciclo \u00abMujeres en la M\u00fasica\u00bb. Tocan \u00abIn duplice filar\u00bb. 8 de marzo, Madrid.<br \/>\n\u2022 2006. Estreno de \u00abSuite de Tamanrasset\u00bb, para guitarra, por Ren\u00e9 Mora, en Getxo, Bilbao, en el \u00abVI Festival de Mujeres en la M\u00fasica\u00bb, 18 de marzo.<br \/>\n\u2022 2006. Miembro del jurado del \u00abIr Concurso Internacional de Creaci\u00f3n Musical para Mujeres Compositoras de la Fundaci\u00f3n Magistralia\u00bb, con Zulema de la Cruz, compositora; Graciane Finzi, compositora y profesora en el Conservatorio de M\u00fasica de Par\u00eds; Grazyna Ptrokonska-Nawratil, compositora polaca y profesora; Inma Shara, directora de orquesta; y Marta Cureses, music\u00f3loga de la Universidad de Oviedo, en Oviedo, Asturias, 25 de mazo.<br \/>\n\u2022 2006. Estreno de \u00abCaracolas, homenaje a Dolores Malumbres\u00bb, para flauta, fagot, guitarra, violoncelo y piano, con Teresa Arinero, flauta; Jos\u00e9 Manuel Rausell, fagot; Carlos Blanco, guitarra; Claudia Gabrielli, violoncelo; y Eca Fontalba, piano. Logro\u00f1o, Conservatorio de M\u00fasica, 28 de abril.<br \/>\n\u2022 2006. Concierto \u00abDones Compositores\u00bb. Tocan \u00abDesig\u00bb, por M. \u00c0ngels Mir\u00f3 y M. Rosa Ribas, auditorio Acad\u00e8mia de Belles Arts, Sabadell, 4 de mayo.<br \/>\n\u2022 2006. Estreno de \u00abLa calle es el destino de los perros\u00bb, por Montse Sol\u00e0, soprano; Barbara Held, flauta; Pilar Subir\u00e0, percusi\u00f3n; y Jesusa Andany, actriz. Texto de M. Cinta Montagut. En el concierto \u201cCarrer\u201d del miniciclo de la ACC \u201cLlocs de Pas\u201d, dentro del ciclo Avuim\u00fasica 2005\/2006.<br \/>\n\u2022 2006. Crea, dirige y monta el concierto interdisciplinar \u00abCarrer\u00bb, dentro del cicle \u201cLlocs de Pas\u201d de la temporada Avuim\u00fasica de la ACC, en el Auditorio del MACBA, 2005\/2006.<br \/>\n\u2022 2006. Estreno de \u00abNit del 19\u00bb, por Montse Sol\u00e0, soprano, y Manel Ortega, contrabajo, en La Cova del Salnitre de Collbat\u00f3 (Montserrat).<br \/>\n\u2022 2006. Estreno de \u00abNit del 19\u00bb, en el concierto \u201cAgut i greu\u201d, duo de Marta Fiol, soprano, y Rafael Esteve, contrabajo, para la presentaci\u00f3n del CD, en el Festival Sincr\u00f2nic de Lleida, en el auditorio de \u201cLa Caixa\u201d, el 14 de octubre.<br \/>\n\u2022 2017. Estreno de \u00abSpirals II\u00bb (flauta, clarinete, fagot, piano, viol\u00edn, viola, violoncelo) por el Grup T\u00e0ctum, dirigido por Enric Ferrer, en el Auditori de Barcelona, 20 de marzo. X Temporada Avuim\u00fasica.<br \/>\n\u2022 2007. \u201cFestival en clau catalana\u201d, concierto Montse Sol\u00e0, Manel Ortega. Tocan \u00abCadaqu\u00e9s\u00bb, Lleida, Auditori Municipal Enric Granados, 10 de marzo.<br \/>\n\u2022 2007. Concierto \u201cDones compositores\u201d, M. \u00c0ngels Mir\u00f3 y M. Rosa Ribas. Tocan \u00abDesig\u00bb, Consell de Dones Districte de Sants-Montju\u00efc, 14 de marzo.<br \/>\n\u2022 2007. Estreno de \u00abAnimatia (pro vita selvatica in discrimine)\u00bb (clarinete, fagot, trompeta, viol\u00edn, viola, violoncelo, contrabajo) por el conjunto instrumental de la OBC, en el Auditori de Barcelona, 5 de abril. X Temporada Avuim\u00fasica.<br \/>\n\u2022 2007. En el \u00abFestival de Mujeres en la M\u00fasica\u00bb, Escuela de m\u00fasica Andr\u00e9s Isasi, Getxo, se toca \u00abEl fluir de les pedres\u00bb, por Manuel Mij\u00e1n y Sebasti\u00e1n Marin\u00e9, 20 de abril.<br \/>\n\u2022 2007. Recital de Joan Izquierdo en Hochschule fur Musik und Darstellende Kunst (http:\/\/www.hfmdk-frankfurt.de) de Frankfurt an Main, 28 de marzo. Toca \u00abAlternanze\u00bb.<br \/>\n\u2022 2007. Participaci\u00f3n en la mesa redonda sobre \u201cMujeres compositoras\u201d, en el Aula Magna de la Universidad de Oviedo, dentro del Ciclo \u201cActualidad a debate\u201d, con Zulema de la Cruz, Marta Cureses de la Vega y Alessandra Bellino. 24 de abril.<br \/>\n\u2022 2007. En el concierto de flauta y piano, de Antonio Arias y Gerardo L\u00f3pez Laguna, se toca \u00abIn duplice filar\u00bb, en el Centro Cultural Nicol\u00e1s Salmer\u00f3n, Madrid, 31 de mayo.<br \/>\n\u2022 2007. Estreno de \u00abDepresi\u00f3n\u00bb, para bajo y piano, dentro del concierto \u201cAfectes II\u201d, coordinado por Eduardo Diago, del miniciclo interdisciplinar \u201cLlocs de Pas\u201d del ciclo Avuim\u00fasica, de la ACC. Auditori del MACBA, Barcelona, 27 de junio.<br \/>\n\u2022 2007. Grabaci\u00f3n en \u00abPapers de m\u00fasica\u00bb de Capellades del CD \u00abAlea arborea\u00bb, obras m\u00edas para piano con Jean-Pierre Dupuy y el t\u00e9cnico Llu\u00eds Soler. Agosto. Realizamos la postproducci\u00f3n y la masterizaci\u00f3n en el estudio de Llu\u00eds en Lloret de Mar. El CD se presenta el 30 de octubre, despu\u00e9s del concierto en la sala Beckett.<br \/>\n\u2022 2007. Mesa redonda sobre \u201cQu\u00e8 ofereixen les institucions i qu\u00e8 demanen els creadors?\u201d con los componentes del ciclo de conciertos y productores de los CD \u00ab4X4\u00bb, Albert Mestres Emili\u00f3, Iban Beltran (escritores y productores del ciclo), los compositores Ximo Cano, Manel Ribera y Ramon Humet y los directores de escena Gl\u00f2ria Bala\u00f1\u00e0 y Raquel Tom\u00e1s. En la SGAE, el 24 de octubre.<br \/>\n\u2022 2007. Clase en la ESMUC (Escola Superior de M\u00fasica de Catalunya) para presentar mi obra, 30 octubre. Y grabaci\u00f3n de una entrevista para el programa del Canal 33 \u00abNydia\u00bb.<br \/>\n\u2022 2007. Concierto-espect\u00e1culo \u00abAlea arborea\u00bb, monogr\u00e1fico de obras m\u00edas para piano, tocado por Jean-Pierre Dupuy. Direcci\u00f3n esc\u00e9nica de Gl\u00f2ria Bala\u00f1\u00e0, actor Jordi Collet, poemas de Cinta Montagut y Nicole Brossard. Sala Beckett de Barcelona, 30 de octubre. El concierto incluye: \u00abAndata e ritorno\u00bb, \u00abArtifici mar\u00ed\u00bb, \u00abEn un Chassaigne Fr\u00eares negre de mitja cua\u00bb, \u00abAlea arborea\u00bb (estreno), \u00abEl blanc del blau\u00bb y \u00abPoema per pianoforte\u00bb.<br \/>\n\u2022 2008. \u00abFestival Ellas Crean\u00bb, 4\u00aa edici\u00f3n, 22 de febrero a 8 de marzo. Concierto de Solistas de la Orquesta y Coro de la Comunidad de Madrid. Directora: Gloria Isabel Ramos Triano. Se toca \u00abNote per un diario\u00bb, con el estreno de la parte IV. Museo Nacional Centro de Arte Reina Sof\u00eda. Auditorio 400. (Nuevo auditorio de la ampliaci\u00f3n del museo realizada por Jean Nouvel). El 6 de marzo (con obras de Iluminada P\u00e9rez Frutos, Gloria Isabel Ramos Triano, Mercedes Zabala, Marisa Manchado, Mar\u00eda Escribano, Zuri\u00f1e Guerenabarrena y Pilar Jurado).<br \/>\n\u2022 2008. Estreno en Barcelona de \u00abSuite de Tamanrasset\u00bb por Mauricio Carrasco, guitarrista residente en Ginebra. En la temporada Avuim\u00fasica de la ACC, Barcelona, Auditori SGAE, 13 de marzo.<br \/>\n\u2022 2008. Estreno en Barcelona de \u00abMat\u00e8ria nua\u00bb, para clarinete en sib y percusi\u00f3n, por Josep Fuster y Gratiniano Murcia. XI Temporada Avuim\u00fasica de la ACC, en el Auditori del MACBA, 6 de marzo.<br \/>\n\u2022 2008. Participaci\u00f3n como presidenta del jurado del \u00abII Concurso Internacional Magistralia de Creaci\u00f3n Musical para Mujeres Compositoras\u00bb. Gij\u00f3n, 15, 16 y 17 de mayo. Jurado compuesto adem\u00e1s por Odaline de la Mart\u00ednez, directora de orquesta y compositora; Wioletta Zabek, viol\u00edn solista de la Orquesta Sinf\u00f3nica de Castilla y Le\u00f3n; y Alessandra Bellino, compositora italiana.<br \/>\n\u2022 2008. Participaci\u00f3n en la mesa redonda \u201cQue aportan las mujeres compositoras\u201d en el Conservatorio de M\u00fasica de Oviedo. Con Cinta Montagut; Alessandra Bellino, compositora y ganadora del \u00abI Concurso Internacional Magistralia de Creaci\u00f3n Musical para Mujeres Compositoras\u00bb; Camino S. de la Guerra, presidenta de Magistralia; y Odaline de la Mart\u00ednez, directora de orquesta y compositora, afincada en Londres.<br \/>\n\u2022 2008. Se toca \u00abEl fluir de les pedres\u00bb, saxo y piano, por Manuel Mij\u00e1n y Sebasti\u00e1n Marin\u00e9, en el Auditorio del Centro Autorizado Profesional de M\u00fasica Pizzicato, en Tres Cantos (Madrid). Asociaci\u00f3n de Mujeres en la M\u00fasica, 31 de mayo.<br \/>\n\u2022 2008. Estreno de \u00abFra le otto e le nove\u00bb para soprano, acorde\u00f3n, piano y contrabajo. Montse Sol\u00e0, piano; Miguel \u00c1ngel Maestro, acorde\u00f3n; Carlos Silva, piano; y Manel Ortega, contrabajo. En el auditorio del MACBA, 2 y 3 de julio, dentro del concierto interdisciplinar \u00abEl senyor dels tres barrets\u00bb, dirigido por Sergio Fidemraizer, y con los actores Jesusa Andany y Gerard Alrlandes, del miniciclo \u00abLlocs de Pas\u00bb, de la Temporada Avuim\u00fasica de la ACC.<br \/>\n\u2022 2008. Miembro del jurado del \u00abXIX Premio J\u00f3venes Compositores\u00bb, Fundaci\u00f3n Autor\/CDMC 2008, Madrid, 16 de octubre.<br \/>\n\u2022 2008. Estreno de \u00abAires (homaggio a Francesca Caccini)\u00bb, en diciembre, por el quinteto de metales de la OBC, en el Auditori del MACBA de Barcelona, dentro de la Temporada Avuim\u00fasica.<br \/>\n\u2022 2009. Conferencia \u00abGeneraci\u00f3n de formas: el espacio habitable, el tiempo para pensar\u00bb. \u00abGeneration of forms: space to inhabit, time to think. Schelling Lecture on Arts and Humanities\u00bb. Akademie der Bildenden K\u00fcnste, M\u00fcnchen, Alemania, 27 de enero.<br \/>\n\u2022 2009. Conferencia \u00abAlea arborea\u00bb. Instituto Cervantes. Munich, 28 de enero.<br \/>\n\u2022 2009. Seminario con los estudiantes de la profesora de Filosof\u00eda y Est\u00e9tica M. Isabel Pe\u00f1a Aguado, en la Academia de Bellas Artes de Munich, Alemania, 26 de enero.<br \/>\n\u2022 2009. Aparezco en el cat\u00e1logo de \u00abCompositors catalans\u00bb publicado por Edicions de la Caixa de Catalunya.<br \/>\n\u2022 2009. Aparezco en el libro publicado por el CDMC \u00abCompositoras espa\u00f1olas: la creaci\u00f3n musical femenina en Espa\u00f1a desde la Edad Media hasta nuestros d\u00edas\u00bb. INAEM.<br \/>\n\u2022 2009. La Generalitat de Catalunya le otorga la \u00abMedalla al Treball President Maci\u00e0\u00bb, 5 de mayo.<br \/>\n\u2022 2009. Participa en \u00abEncontres 09\u00bb organizado por Albert Tugues en el ACEC (Ateneu de Barcelona) en un coloquio sobre \u00abLes avanguardes, avui\u00bb, con la poeta Chantal Maillard, 7 de mayo.<br \/>\n\u2022 2009. La obra \u00abQuartet\u00bb (1976) est\u00e1 en la exposici\u00f3n \u00abDerivas de la Geometr\u00eda. Raz\u00f3n y orden en la abstracci\u00f3n espa\u00f1ola, 1950-75\u00bb, del 29 de mayo al 13 de septiembre en la Fundaci\u00f3n Museo Oteiza de Alzuza, Pamplona. (Facs\u00edmil del esquema y audio).<br \/>\n\u2022 2009. Rese\u00f1ada en el libro \u00abDerivas de la Geometr\u00eda (Raz\u00f3n y orden en la abstracci\u00f3n espa\u00f1ola, 1950-75)\u00bb de Mariano Navarro, Jos\u00e9 Iges y Santos Zunzunegui, en edici\u00f3n triling\u00fce (castellano, euskera e ingl\u00e9s) por la Fundaci\u00f3n Museo Oteiza. ISBN 978-84-936588-2-3.<br \/>\n\u2022 2009. Estreno de \u00abAgon\u00eda\u00bb (2&#8217;30\u00bb), para tenor y cuarteto de cuerda, para participar en \u00abLloc de Pas\u00bb coordinado por Mariona Vila, \u00abAproximaci\u00f3n al Primer Fausto\u00bb, de Pessoa. Auditori del MACBA, 26 y 27 de junio.<br \/>\n\u2022 2009. Participaci\u00f3n en el concierto \u00abFemina Cl\u00e1sica 09\u00bb, en apoyo del \u00abD\u00eda Internacional contra la Violencia de g\u00e9nero\u00bb, con \u00abSis per quatre\u00bb por el Duo Vela, en el Centro Cultural Nicol\u00e1s Salmer\u00f3n, Madrid, 28 de octubre. Organizado por la SGAE, la Fundaci\u00f3n Autor, la Asociaci\u00f3n de Mujeres en la M\u00fasica y el \u00c1rea de Gobierno de las Artes del Ayuntamiento de Madrid.<br \/>\n\u2022 2009. Miembro del jurado del premio \u201cVI Concurso Internacional de Miniaturas electroac\u00fasticas\u201d, con Eduardo Polonio y Javier \u00c1lvarez. C\u00e1diz, 19 de noviembre.<br \/>\n\u2022 2009. \u00abPoema per pianoforte\u00bb incluido en el concierto de Jean-Pierre Dupuy, en el Aula de M\u00fasica de la Universidad de Alcal\u00e1 de Henares, Cursos de Especializaci\u00f3n musical, 28 de noviembre.<br \/>\n\u2022 2009. Publicaci\u00f3n del libro \u00abGeneration of forms: Space to Inhabit, Time to Think. K\u00fcnstlerische Formgebung: Raum zum Wohnen, Zeit f\u00fcr Reflexion. The Schelling Lectures on the Arts and Hunabities.\u00bb Edited by Mar\u00eda Isabel Pe\u00f1a Aguado. Deutscher Kunstverlag. Akademie der Bildenden K\u00fcnste M\u00fcnchen. Berl\u00edn, M\u00fcnchen. 2009. ISBN 978-3-422-06916-9.<br \/>\n\u2022 2009. Conferencia \u00abCompositores a la Hist\u00f2ria de la M\u00fasica\u00bb. En el CIRD de Cornell\u00e0, 2 de diciembre.<br \/>\n\u2022 2010. Grabaci\u00f3n de un monogr\u00e1fico en Radio Nacional 2, Prado del Rey, Madrid, por \u00abArs Sonora\u00bb, con Miguel \u00c1lvarez Fern\u00e1ndez y Marta Cureses, 15 de febrero.<br \/>\n\u2022 2010. XII Temporada Avuim\u00fasica, concierto de \u00f3rgano, por Bernat Bailb\u00e9. Toca \u00abLa Settimana enigmistica\u00bb, iglesia de Sant Antoni dels Franciscans, 18 de marzo.<br \/>\n\u2022 2010. \u00abConcert-homenatge a la Pedrera\u00bb, el 19 de abril, con presentaci\u00f3n de Marta Cureses y Helena Mart\u00edn Nieva. Y concierto por \u00abBarcelona Modern Project\u00bb, con \u00abAndata e ritorno\u00bb, \u00abMat\u00e8ria nua\u00bb, \u00abEuropa 1945\u00bb, \u00abSpirals III\u00bb (estreno) y \u00abSeptet de set sous\u00bb. Director Marc Moncus\u00ed. Con Quim Oll\u00e9, flauta; N. Monterde, clarinete; F. Vidagany, percusi\u00f3n; D. Casanova, piano; M. S\u00e1nchez, guitarra; Ala Voronskova, viol\u00edn; Lito Iglesias, violoncelo; y Cristina Segura, mezzosoprano. Grabaci\u00f3n por Llu\u00eds Soler de Solfa.<br \/>\n\u2022 2010. Concierto de la Ensemble ACC, director Dom\u00e8nec G. de la R\u00fabia. Estreno \u00abIpse (a Hipatia di Alessandria)\u00bb, en el Auditori de Barcelona, 20 de junio.<br \/>\n\u2022 2010. Direcci\u00f3n: Estreno de \u00abLloc de Pas\u00bb, \u00abVenezia XVI: Verticals, horitzontals i pioneres\u00bb, dirigido per mi, gui\u00f3n de M. C. Montagut, con textos de poetas y escritoras y escritores italianos de la \u00e9poca traducidos por M. C. Montagut. Se estrena \u00abV. Franca Gratulatio\u00bb por el cuarteto de flautas dulces Frullato, en el Auditori del MACBA, 2 y 3 de junio.<br \/>\n\u2022 2010. Publicaci\u00f3n del art\u00edculo \u00abL\u2019art i la ci\u00e8ncia es retroben\u00bb, en el cat\u00e1logo de la exposici\u00f3n de Josep M. Mestres-Quadreny \u201cDe Cop de poma a Tr\u00e0nsit boreal, m\u00fasica, art, ci\u00e8ncia i pensament\u201d, en Arts Santa M\u00f2nica de Barcelona.<br \/>\n\u2022 2010. Presentaci\u00f3n del libro de Josep M. Mestres-Quadreny, \u00abCi\u00e8ncia i art en progr\u00e9s\u00bb. Arts Santa M\u00f2nica. Barcelona, 2 de noviembre.<br \/>\n\u2022 2010. Estreno de \u00abLe retour \u00e0 la raison\u00bb y \u00abAutoportrait\u00bb, para piano de juguete, m\u00fasica para las pel\u00edculas mudas de Man Ray dentro del concierto \u00abCreations Musicales avanc\u00e9es et installations sonores. Autour de l\u2019oevre cin\u00e9matographique de Man Ray\u00bb, de Jean-Pierre Dupuy en el Festival de M\u00fasica de Perpi\u00f1\u00e1n, 17 de noviembre.<br \/>\n\u2022 2011. Publicaci\u00f3n del CD monogr\u00e1fico \u00abAnna Bofill Levi. M\u00fasica de cambra\u00bb, por Barcelona Modern Project, director Marc Moncus\u00ed. Grabaci\u00f3n en vivo del concierto del 19 de abril de 2010 en La Pedrera de Barcelona.<br \/>\n\u2022 2011. Difusi\u00f3n por las Redes Locales de Televisi\u00f3n del Programa \u00abMiralls de Dones\u00bb, dedicado a mi.<br \/>\n\u2022 2011. Citada en el art\u00edculo sobre Dones Compositores a Catalunya, \u201cAutonomia musical\u201d, por Mercedes Conde Pons, \u00abRevista Musical Catalana\u00bb, n\u00fam. 316, febrero.<br \/>\n\u2022 2011. Art\u00edculo que me cita en \u00abLa Vanguardia\u00bb por Maricel Chavarria: \u00abEllas se las componen\u00bb, 8 de marzo.<br \/>\n\u2022 2011. Presentaci\u00f3n de mi documental de \u00abMiralls de Dones\u00bb, en Ripollet, por los actos en torno al 8 de marzo, en el Centre Cultural, 28 de marzo. Presentaci\u00f3n a cargo de Imma Moraleda, presidenta del \u00c0rea d\u2019Igualtat i Ciutadania de la Diputaci\u00f3 de Barcelona.<br \/>\n\u2022 2011. Concierto de la Temporada Avuim\u00fasica de la ACC, se toca \u00abTre per tre\u00bb, para tr\u00edo de viento, por el tr\u00edo de viento de la OBC (Dolors Chiralt, obo\u00e9; Larry Passin, clarinete; Thomas Greaves, fagot). SGAE, 31 de marzo.<br \/>\n\u2022 2011. Participaci\u00f3n en la mesa redonda \u00abMujer y piano: de lo privado a lo p\u00fablico\u00bb, con Sara Guti\u00e9rrez y Magaly Ruiz. Y en el concierto de piano de Elena de Santos, con \u00abAndata e ritorno\u00bb, 17 de abril. Getxo, Festival Mujeres en la M\u00fasica.<br \/>\n\u2022 2011. Participaci\u00f3n en la mesa redonda \u201cCl\u00e0ssiques i contempor\u00e0nies del piano a quatre mans\u201d, con M. Cinta Montagut y Cruz L\u00f3pez de Rego. Y en el concierto de piano a cuatro manos del Duo Vela (Eul\u00e0lia y Ester Vela) con \u00abSis per quatre\u00bb, 19 de mayo, Asociaci\u00f3n Mujeres en la M\u00fasica OFF Arteria, Auditori SGAE, Barcelona.<br \/>\n\u2022 2011. Participaci\u00f3n en el \u00abCircuito Electrovisiones\u00bb, Media, M\u00e9xico. Con \u00abPunto y seguido\u00bb. Jard\u00edn Sonoro\/Ciclo de piezas multicanal: Ciclo III \u201cPost-relatos y nuevas formas po\u00e9ticas\u201d, 14-30 junio. Comisariado por Arturo Moya, en la Fonoteca Nacional de M\u00e9xico D.F.<br \/>\n\u2022 2021. Estreno de \u00abComplicitats\u00bb en la sala Manuel de Falla de la SGAE, Madrid. Ciclo conciertos Asociaci\u00f3n Mujeres en la M\u00fasica, 31 de enero. Ana Isabel G\u00f3mez, flauta; y Francisco Cabanillas, saxo. Del Nuevo Ensemble de Segovia.<br \/>\n\u2022 2012. Participaci\u00f3n en el TIMC (Taller de Interpretaci\u00f3n Musical) dirigido por Jean Pierre Dupuy, con la obra abierta \u00abEl silencio transcurre\u00bb, para piano, sobre un poema de M. C. Montagut. Madrid, Centro Cultural Paco Rabal, 3-4 de marzo.<br \/>\n\u2022 2012. Invitada a participar en la mesa redonda \u201cMujer y m\u00fasica vocal: int\u00e9rpretes y autoras\u201d en el XII Festival Mujeres en la M\u00fasica. Getxo, Bilbao, 21 abril.<br \/>\n\u2022 2012. Invitada al concierto del Tr\u00edo Brouwer, en el XII Festival Mujeres en la M\u00fasica, con \u00abIdentitats\u00bb para violoncelo solo (por Elena Solanes). Getxo, Bilbao, 21 abril.<br \/>\n\u2022 2012. Participaci\u00f3n en el concierto de la Asociaci\u00f3n Mujeres en la M\u00fasica con \u00abArtifici mar\u00ed\u00bb, por Jean-Pierre Dupuy, en la Sala Mompou de la SGAE, Barcelona, 10 de mayo.<br \/>\n\u2022 2012. Concierto del Tr\u00edo Brouwer, en la Asociaci\u00f3n Mujeres en la M\u00fasica, Valencia, SGAE. Interpretan \u00abIdentitats (I &#8211; II &#8211; III)\u00bb para violoncelo solo, Elena Solanes, 5 de junio.<br \/>\n\u2022 2012. Estreno de \u00abEl silencio transcurre\u00bb por Jean Pierre Dupuy en el Centro Cultural Paco Rabal, Madrid, junio.<br \/>\n\u2022 2012. Estreno de \u00abAmbulare un caelum\u00bb, por Cristina Garc\u00eda Banegas (organista uruguayana), en el concierto del ciclo \u00abConcerts dels orgues de Catalunya\u00bb, en la iglesia de Santa Mar\u00eda de Cadaqu\u00e9s, 9 de agosto. Se graba en CD por Solfa Recordings y en DVD por Igor Cortadellas.<br \/>\n\u2022 2012. Estreno en Espa\u00f1a de \u00abAutoportrait\u00bb y \u00abLe r\u00e8tour \u00e0 la raison\u00bb por Jean Pierre Dupuy en el espect\u00e1culo \u00abProyecto Man Ray\u00bb del Festival de Alicante, septiembre.<br \/>\n\u2022 2012. Se interpreta \u00abIdentitats\u00bb en el concierto de la Temporada M\u00fasica d\u2019Ara de la ACC, por Elena Solanes, violoncelista. Auditori Mompou, SGAE, Barcelona, 8 de noviembre.<br \/>\n\u2022 2012. Estrena de \u00abSpazio frammentato\u00bb por Eufemia Mascolo, para la serie de conciertos \u00abIncontri con le compositrici\u00bb, de la Fondazione Donne in M\u00fasica-Adkins Chiti, en Trevi nel Lazio, 8 de noviembre. Otros conciertos 9, 10, 11 de noviembre y 4 de diciembre en Roma, Alatri, Fiuggi (Roma) y Badia di Santa Maria in Mejulanum, Corropoli.<br \/>\n\u2022 2012. Estreno de \u00abRitorno in casa\u00bb, obra para ensemble por Nuevo Ensemble de Segovia, directora Flores Chaviano. Auditorio de la Academia de Bellas Artes de San Fernando, Madrid, 24 de noviembre.<br \/>\n\u2022 2012. Estreno de las piezas \u00abTresquem pel fum\u00bb y \u00abEls bartonells enjogassats\u00bb para el \u00f3rgano de Cadaqu\u00e9s, por Anne Maria Roz\u00e9s Daric, dentro del concierto de \u00f3rgano \u201cEls aires nadalencs d\u2019ahir i d\u2019avui\u201d. Iglesia de Santa Mar\u00eda de Cadaqu\u00e9s,  domingo 16 de diciembre.<br \/>\n\u2022 2012. Art\u00edculo \u00abAires\u00bb (2008), quinteto de metales, en el libro \u201c15 Compositoras espa\u00f1olas de hoy\u201d a cargo de Rosa Mar\u00eda Rodr\u00edguez Hern\u00e1dez, Ed. Piles, Valencia, p\u00e1ginas 55 a 104.<br \/>\n\u2022 2013. Participaci\u00f3n en el TIMC (Taller de Interpretaci\u00f3n de M\u00fasica Contempor\u00e1nea) dirigido por Jean-Pierre Dupuy, con una ponencia sobre \u00abEl silencio transcurre\u00bb. Real Academia de Bellas Artes de San Fernando, Madrid, 15 de febrero.<br \/>\n\u2022 2013. Participaci\u00f3n en el \u00abV-Day (One billion rising-Barcelona 2013)\u00bb con \u00abPunto y seguido\u00bb en la Pla\u00e7a de la Catedral de Barcelona, 14 de febrero.<br \/>\n\u2022 2013. Se toca \u00abRitorno in casa\u00bb, por Nuevo Ensemble de Segovia, directora Flores Chaviano, en el concierto de la AMM en los Teatros del Canal, 8 de marzo.<br \/>\n\u2022 2013. Fiuggi 5th and 6th July 2013. European Meeting for WIMUST (Women in Music Uniting Strategies for Talent). El 6 de julio, Eufemia Mascolo toca \u00abSpazio frammentato\u00bb, para contrabajo.<br \/>\n\u2022 2013. Presentaci\u00f3n del concierto de \u00f3rgano por Pau Rubi\u00f3 Bofill, clausura del 42 Festival de M\u00fasica de Cadaqu\u00e9s, 18 de agosto, iglesia de Santa Mar\u00eda.<br \/>\n\u2022 2013. \u00abEl silencio transcurre\u00bb, por Idoia Rodr\u00edguez, Sala Mompou, SGAE, Barcelona, AMM\/Fundaci\u00f3 Autor, Barcelona, 17 de octubre. Con presentaci\u00f3n del concierto por mi misma y Jean Pierre Dupuy. Obras de Lily Boulanger, Sonia Mej\u00edas, Marie J\u00e4ell, Anna Bofill, Dolores Malumbres, Beatriz Arzamendi y Galina Ustvolskaya. Todo un \u00e9xito. Sale cr\u00edtica de Jorge de Persia en \u00abLaVanguardia\u00bb del martes 22.<br \/>\n\u2022 2013. Estreno de \u00abLa bolsa o la vida II\u00bb, para saxo alto y tromb\u00f3n, con Emil Sein y Dani Anarte, en Guadalajara, Auditorio de Ibercaja, Asociaci\u00f3n Mujeres en la M\u00fasica, 21 de octubre.<br \/>\n\u2022 2013. \u00abLa bolsa o la vida II\u00bb en Madrid, Auditorio Manuel de Falla, SGAE\/Fundaci\u00f3n Autor, per Emil Sein y Dani Anarte, AMM, 22 de octubre.<br \/>\n\u2022 2013. \u00abLa bolsa o la vida II\u00bb en Valencia, por Emil Sein y Dani Anarte, Auditorio SGAE, 5 de noviembre. Y \u00abObjectes\u00bb para tromb\u00f3n solo, per Dani Anarte, en el mismo concierto.<br \/>\n\u2022 2013. \u00abEl fluir de les pedres\u00bb, por Grupo Sax Ensemble, M\u00edriam Castellanos, saxof\u00f3n alto; y Kayoko Morimoto, piano. M\u00fasica para el Tercer Milenio, Fundaci\u00f3n Sax Ensemble, Centro Cultural Nicol\u00e1s Salmer\u00f3n, Madrid, 15 de noviembre.<br \/>\n\u2022 2013. Estreno de m\u00fasica incidental electroac\u00fastica \u00abPtolomeo II\u00bb, para la exposici\u00f3n de Pere Bell\u00e9s \u00abEl periple del set\u00bb, en el Museu de l\u2019Empord\u00e0 de Figueres, 22 de noviembre.<br \/>\n\u2022 2013. Estreno de \u00abAlea itineribus\u00bb, para clavic\u00e9mbalo. Teresa Chenlo, C\u00e1diz, Festival de M\u00fasica Espa\u00f1ola, 23 de noviembre.<br \/>\n\u2022 2013. Estreno de \u00abLa bolsa o la vida I\u00bb, para clarinete en sib y electroac\u00fastica, Luis Fern\u00e1ndez Castell\u00f3, Auditori Mompou, SGAE, Barcelona, 3 de diciembre.<br \/>\n\u2022 2013. Art\u00edculo \u201cM\u00fasica per Ptolemeu\u201d en el cat\u00e1logo de la exposici\u00f3n de Pere Bell\u00e8s en el Museu de l&#8217;Empord\u00e0, diciembre, con CD incluido.<br \/>\n\u2022 2014. Creaci\u00f3n radiof\u00f3nica de M. Cinta Montagut y Anna Bofill \u00abSue\u00f1o y Realidad: poetas traducidas por otra poeta\u00bb, en \u00abDoble fondo\u00bb, un programa de Sergio Blardony y Pilar Mart\u00edn para Radio C\u00edrculo del C\u00edrculo de Bellas Artes de Madrid. 12 febrero, 16:00 horas. www.doblefondo.ifidma.com\/works\/programa-005\/.<br \/>\n\u2022 2014. \u00abEl silencio transcurre\u00bb, por Idoia Rodr\u00edguez, con danza por Gisela, en Santa Maria de Palautordera, 8 de marzo.<br \/>\n\u2022 2014. Presentaci\u00f3n libro \u00abClotilde Cerd\u00e0\u00bb de Isabel Segura, en Cuina del Centre de Cultura de Dones Bonnemaison de Barcelona, 15 de abril.<br \/>\n\u2022 2014. Participaci\u00f3n en la mesa redonda con Merc\u00e8 Capdevila sobre nuestra obra compositiva, en el Festival de Mujeres en la M\u00fasica de Getxo (Bilbao), y \u00abLa bolsa o la vida I\u00bb, para clarinete y electroac\u00fastica, por Luis Fern\u00e1ndez Castell\u00f3, en el mismo festival, 10 de mayo.<br \/>\n\u2022 2014. \u00abAlea Itineribus\u00bb, programada en el Conservatorio de Madrid, Mar\u00eda Teresa Chenlo, en \u00abCl\u00e1sicos de Verano\u00bb, 3 de julio.<br \/>\n\u2022 2014. \u00abDesori\u00bb, Juan Jim\u00e9nez y Antonio Moreno, estreno en el festival Sirga, en Ca Don Ventura de Flix, 11 de julio.<br \/>\n\u2022 2014. \u00abSis peces per a orgue barroc\u00bb, Neil Cowley, Festival de M\u00fasica de Cadaqu\u00e9s, 12 de agosto.<br \/>\n\u2022 2014. \u00abDual I\u00bb, programada en el concierto de Mas i Mas, por Ester Vela y violinista en el Museu d\u2019Hist\u00f2ria de la Ciutat, 12 de octubre.<br \/>\n\u2022 2014. \u00abAndata e ritorno\u00bb, por Abel Figueredo, piano, en el Festival Internacional de M\u00fasica de La Habana, 18 de noviembre.<br \/>\n\u2022 2014.  \u00abSuite de Tamanrasset\u00bb, por Carlos Ernesto Varona, guitarra, en el Festival Internacional de M\u00fasica de La Habana, 18 de noviembre.<br \/>\n\u2022 2014. \u00abRitorno in casa\u00bb, por Nuevo Ensemble de Segovia, directora Flores Chaviano, en el Festival Internacional de M\u00fasica de La Habana, 20 de noviembre.<br \/>\n\u2022 2014. \u00abSpazio frammentato II\u00bb, estreno por Manuel Guill\u00e9n, viol\u00edn, en el Auditorio de la Diputaci\u00f3n de C\u00e1diz, Festival de M\u00fasica Espa\u00f1ola, Taller de Compositoras, 22 de noviembre.<br \/>\n\u2022 2014. \u00abSis peces per a orgue barroc\u00bb, por Neil Cowley, programado en el concierto de la iglesia de Sant Just Desvern, 30 noviembre.<br \/>\n\u2022 2014. \u00abPunto y seguido\u00bb y proyecto \u00abPtolomeu I\u00bb, electroac\u00fastica sola, programados en el concierto del sal\u00f3n de actos de la Universidad Aut\u00f3noma de Madrid, Facultad de Filosof\u00eda, en el \u201cCongreso Espacios Sonoros y Audiovisuales\u201d, 3 de diciembre.<br \/>\n\u2022 2014. Conferencia \u201cM\u00fasica-Arquitectura (Generaci\u00f3n de formas)\u201d, para el \u201cCongreso Internacional Espacios Sonoros 2014\u201d, de la Facultad de Filosof\u00eda de la UAM de Madrid, 5 de diciembre.<br \/>\n\u2022 2014. Homenaje de la SGAE en Madrid por mis 70 a\u00f1os, con Claudio Prieto (que muere poco despu\u00e9s), 16 de diciembre.<br \/>\n\u2022 2014. Homenaje junto con Josep Maria Mestres-Quadreny, de Jean-Pierre Dupuy, por el aniversario de los 70 y 85, respectivamente. Interpreta \u00abPoema per pianoforte\u00bb, \u00abEl silencio transcurre\u00bb y estrena \u00abPiano i&#8230;I, II, III, IV\u00bb, con electroac\u00fastica. Claustro del Arts Santa M\u00f2nica, 16 de diciembre.<br \/>\n\u2022 2015. \u00abEl fluir de les pedres\u00bb, por Antonio C\u00e1novas, saxo, y Elena Migu\u00e9lez, piano, programado en el concierto del AMM en Guadalajara, 23 de enero.<br \/>\n\u2022 2015. Clases en el m\u00e1ster de Arte Sonoro en la Facultad de Bellas Artes. 10 sesiones y ejercicios. Febrero y marzo.<br \/>\n\u2022 2015. \u00abEnigma\u00bb, programada en \u00abLloc de Pas\u00bb de Eduardo Diago de la ACC, 12 de marzo.<br \/>\n\u2022 2015. \u00abCielo de plomo II\u00bb, Iv\u00e1n Herranz y Francisco Monta\u00f1\u00e9s, percusionistas, con electroac\u00fastica, Sala Mompou, SGAE, Avuim\u00fasica, Barcelona, 19 de marzo.<br \/>\n\u2022 2015. \u00abLos sonidos del silencio. Aproximaci\u00f3n a la historia de la creaci\u00f3n musical de las mujeres\u00bb. Libro que se presenta en la librer\u00eda Alibri de Barcelona, con Helena Mart\u00edn Nieva, Joan Izquierdo y yo misma, 15 de abril.<br \/>\n\u2022 2015. Entrevista en Catalunya R\u00e0dio con Albert Torrens, por el libro \u00abLos sonidos del silencio\u00bb en el programa \u201cNotes de Cl\u00e0ssica\u201d, 12 de mayo.<br \/>\n\u2022 2015. Entrevista de Mery Barranco en eTV, en el programa \u00abL\u00ednia de Serveis\u00bb, por el libro \u00abLos sonidos del silencio\u00bb, 4 de mayo.<br \/>\n\u2022 2015. Presentaci\u00f3n de \u00abLos sonidos del silencio\u00bb en Madrid. Librer\u00eda \u201cEl Argonauta\u201d, con Carmen Cecilia Pi\u00f1ero Gil, Joaquina Labajo y Cruz L\u00f3pez de Rego, 6 de mayo.<br \/>\n\u2022 2015. Presentaci\u00f3n de \u00abLos sonidos del silencio\u00bb en Madrid en la librer\u00eda \u201cMujeres &#038; C\u00eda, la librer\u00eda\u201d, con Cruz L\u00f3pez de Rego.<br \/>\n\u2022 2015. \u00abSpazio frammentato II\u00bb se programa en el Festival Mujeres en la M\u00fasica de Getxo, Bilbao, por Manuel Guill\u00e9n, viol\u00edn. Escuela Andr\u00e9s Isasi, 9 de mayo.<br \/>\n\u2022 2015. \u00abSpazio frammentato II\u00bb se programa en la iglesia de Nuestra Se\u00f1ora de la Asunci\u00f3n de Zarzalejo, Comunidad de Madrid, por Manuel Guill\u00e9n, viol\u00edn, en los \u201cCl\u00e1sicos de verano\u201d, 14 de agosto.<br \/>\n\u2022 2015. Entrevista con Gina Tosas de la revista \u00abVall de Vers\u00bb, 25 de septiembre.<br \/>\n\u2022 2015. Presentaci\u00f3n de \u201cXenakis electroac\u00fastico\u201d, Festival Zepelin, CCCB de Barcelona, 16 de octubre.<br \/>\n\u2022 2015. Presentaci\u00f3n de \u00abLos sonidos del silencio\u00bb, por Helena Mart\u00edn Nieva, Joan Izquierdo y yo misma, con recital de Montserrat Gim\u00e9nez Mas, piano; Rosa Ribas, piano; \u00c0ngels Mir\u00f3, soprano; Joan Izquierdo, flautas de pico; y Albert Mestres, recitador. Se toca \u00abEn un Chassaigne fr\u00eares negre de mitja cua\u00bb y \u00abSe d\u2019arder e d\u2019amar\u00bb, Teatre La Cuina, Centre de Cultura de Dones Francesca Bonnemaison, 23 de octubre.<br \/>\n\u2022 2015. \u00abP\u00e1jaros y motores\u00bb, para ensemble, estreno en el Auditori del Conservatori Superior de M\u00fasica de Barcelona por Ensemble Diapas\u00f3n, dirigido por Dom\u00e8nec M. Gonz\u00e1lez de la R\u00fabia, 5 de noviembre.<br \/>\n\u2022 2015. Participaci\u00f3n en el \u00abTaller de Compositoras\u00bb. Presentaci\u00f3n de \u00abLos sonidos del silencio\u00bb, con M. C. Montagut. Festival Internacional de M\u00fasica Espa\u00f1ola de C\u00e1diz. Auditorio Pedro Mu\u00f1oz Seca. El Puerto de Santa Mar\u00eda, C\u00e1diz, 14 de noviembre.<br \/>\n\u2022 2015. \u00abAqu\u00ed no hay mar\u00bb, para orquesta, estreno en el Festival de M\u00fasica Espa\u00f1ola de C\u00e1diz, Auditorio Pedro Mu\u00f1oz Seca de El Puerto de Santa Mar\u00eda, por la Orquesta de C\u00f3rdoba dirigida por Juan Luis P\u00e9rez, 14 de noviembre.<br \/>\n\u2022 2015. Programa \u00abNexes: creadores d\u2019ahir i d\u2019avui\u00bb. I programa \u00abL\u00ednia de servei\u00bb, con Mery Barranco, en colaboraci\u00f3n con M. C. Montagut por eTV, 23 de noviembre.<br \/>\n\u2022 2015. \u00abEl fluir de les pedres\u00bb, para saxo y piano, programada en el COMA\u201915, Festival de la Asociaci\u00f3n de Compositores de Madrid, por D\u00fao Saxperience, Antonio C\u00e1novas, saxo, y Elena Migu\u00e9lez, piano, 28 de noviembre.<br \/>\n\u2022 2015. Presentaci\u00f3n de \u00abLos sonidos del silencio\u00bb, por Gotzone Higuera y yo misma, con audici\u00f3n de obras de compositoras en CD y \u00abItineraris\u00bb para violoncelo solo, por Bel\u00e9n Fern\u00e1ndez, en la Sala del Azkuna Centroa \u201cLa Alh\u00f3ndiga\u201d de Bilbao, 3 de diciembre.<br \/>\n\u2022 2015. Escritura de la conferencia en la UAM de Madrid, para publicar en las actas del \u00abCongreso Internacional de Espacios Sonoros 2014\u00bb.<br \/>\n\u2022 2016. Programa \u00abNexes: creadores d\u2019ahir i d\u2019avui. II programa. L\u00ednia de servei\u00bb, con Mery Barranco, en colaboraci\u00f3n con M. C. Montagut, por eTV, lunes 25 de enero.<br \/>\n\u2022 2016. Grabaci\u00f3n del programa \u201cSolistes\u201d de Juan Vives en Catalunya M\u00fasica, 29 de enero.<br \/>\n\u2022 2016. Conversaci\u00f3n con Gabriel Brncic en la Sala Isidor C\u00f2nsul de Can Ginestar dentro del ciclo del Centre d\u2019Interpretaci\u00f3 del Municipi, en Sant Just Desvern, 8 de febrero.<br \/>\n\u2022 2016. \u00abM\u00fasica-Arquitectura (generaci\u00f3n de formas)\u00bb. En \u00abEspacios sonoros y audiovisuales 2014. Experimentaci\u00f3n sensorial y escucha activa\u00bb. Centro Superior de Investigaci\u00f3n y Promoci\u00f3n de la M\u00fasica y Departamento Interfacultativo de M\u00fasica, Universidad Aut\u00f3noma de Madrid. ISBN 978-84-608-8201-5.<br \/>\n\u2022 2016. La Escola T\u00e8cnica Superior d\u2019Arquitectura de Barcelona edita mi tesis doctoral para difusi\u00f3n en la red de Biblioteques Universit\u00e0ries del 23 de febrero al 10 de marzo.<br \/>\n\u2022 2016. Escritura de \u00abPassanelles-Adagio-Bofill\u00bb para participar en el concierto de celebraci\u00f3n del concurso de pasanillas, en el que Francesc Llongueres toca una obra para orquesta invitando a 12 m\u00fasicos\/compositores relacionados con Cadaqu\u00e9s. Entrega 7 de marzo.<br \/>\n\u2022 2016. Clase \u201cMet\u00e0fores espacials a la m\u00fasica\u201d en el m\u00e1ster \u00abArt Sonor\u00bb en la Facultad de Bellas Artes de Barcelona, 7\/14 abril.<br \/>\n\u2022 2016. Estreno de \u00abPassanelles\u00bb, Francesc Llongueres, m\u00fasicos de la Orquestra Llongueres i de Cadaqu\u00e9s, Sala Ateneu, Cadaqu\u00e9s, 16 abril.<br \/>\n\u2022 2016. Programa \u00abNexes: creadores d\u2019ahir i d\u2019avui. III programa. L\u00ednia de servei\u00bb, con Mery Barranco, en colaboraci\u00f3n con M. C. Montagut, por eTV, abril.<br \/>\n\u2022 2016. Estreno de \u00abAlter-altera\u00bb, para electroac\u00fastica sola, en el festival Mixtur, Fabra i Coats, Barcelona + Entrevista por Mar\u00eda. (Conozco a Sabrina Ma y le env\u00edo \u00abGirotondo\u00bb).<br \/>\n\u2022 2016. Conferencia \u00abConocer la otra historia de la m\u00fasica\u00bb, UAM, Madrid, 3 mayo.<br \/>\n\u2022 2016. Elegida en la \u00abCall for scores\u00bb de Risuonanze 2016 con \u00abObjectes\u00bb para tromb\u00f3n, Rocco Rescigno, Festival Risuonanze, Tricesimo, Villa Miotti de Braida, 20 mayo.<br \/>\n\u2022 2016. Programa \u00abNexes: creadores d\u2019ahir i d\u2019avui. IV programa. L\u00ednia de servei\u00bb, con Mery Barranco, por eTV, junio.<br \/>\n\u2022 2016. Diario \u00abAra\u00bb, suplemento \u00abAra Diumenge\u00bb, entrevista Anna Bofill \u201cMenys WhatsApp i m\u00e9s utopies\u201d, por Raquel Alba, 18 septiembre.<br \/>\n\u2022 2016. Semanario \u00abEmpord\u00e0\u00bb, reportaje con Anne Marie \u00abSonoritat \u00fanica i contempor\u00e0nia\u00bb, por Cristina Vil\u00e0, martes 20 de septiembre.<br \/>\n\u2022 2016. Jean-Pierre Dupuy toca \u00abPoema per a pianoforte\u00bb en el concierto en el Auditori del EMMDM de Manacor, Palma de Mallorca, 4 octubre.<br \/>\n\u2022 2016. Encargo de un art\u00edculo para la Revista-Programma de Risuonanze 2017.<br \/>\n\u2022 2016. Invitada a la tertulia \u201cEl fluir de les pedres\u201d en el Laberinto de Ariadna con Felipe S\u00e9rvulo y Josep Cornad\u00f3, en ACEC, 28 octubre.<br \/>\n\u2022 2016. Isabel Segura me hace una larga entrevista para el archivo de las Jornades Catalanes de la Dona de 1976, 8 noviembre.<br \/>\n\u2022 2016. Estreno de mi cuarteto de cuerda \u00abCrits\u00bb por el Cuarteto de la Habana en el Teatro Mu\u00f1oz Seca, El Puerto de Santa Mar\u00eda, C\u00e1diz, dentro del Taller de Compositoras del Festival de M\u00fasica Espa\u00f1ola de C\u00e1diz.<br \/>\n\u2022 2017. Programa \u00abNexes: creadores d\u2019ahir i d\u2019avui. V programa. L\u00ednia de servei\u00bb, con Mery Barranco, en colaboraci\u00f3n con M. C. Montagut, por eTV, enero.<br \/>\n\u2022 2017. Programa \u00abNexes: creadores d\u2019ahir i d\u2019avui. VI programa. L\u00ednia de servei\u00bb, con Mery Barranco, en colaboraci\u00f3n con M. C. Montagut, por eTV, marzo.<br \/>\n\u2022 2017. Presentaci\u00f3n del \u201cConcert solidari per ajudar els refugiats\u201d con obras de compositoras en el CMMB (Conservatori Municipal de M\u00fasica de Barcelona), 9 marzo.<br \/>\n\u2022 2017. Se toca \u00abIdentitats\u00bb, por Bel\u00e9n Fern\u00e1ndez del Ensemble Kuraia, en el ciclo de conciertos \u00abL\u00edmites de la identidad\u00bb, Centro Cibeles, 18 abril.<br \/>\n\u2022 2017. Curso \u201cM\u00fasica i arquitectura\u201d en el m\u00e1ster de Arte Sonoro en la Facultad de Bellas Artes de Barcelona. 20 y 27 abril. Y participaci\u00f3n como miembro del jurado del Trabajo Final de M\u00e1sters, 2 de junio.<br \/>\n\u2022 2017. Estreno de \u00abMar senza fondo (omaggio a Gaspara Stampa e alle sue Rime d\u2019Amore)\u00bb, para flauta y piano. (2016, 7\u2019). Encargo del Festival Risuonanze 2017. Reana de Luca, piano, y Tommaso Bisiak, flauta. Auditorio di Pasian di Prato, Udine, 18 junio.<br \/>\n\u2022 2017. Publicaci\u00f3n de \u00abMusica, architettura, numero e messaggio\u00bb, en la Rivista\/Programma \u00abRisuonanze 2017, incontri di nuove musiche\u00bb a cargo de Paolo Longo y Stefano Procaccioli. L\u2019Orto della Cultura Casa Editrice, Pasian di prato, Udine.<br \/>\n\u2022 2017. Presentaci\u00f3n del libro \u201cLos sonidos del silencio\u201d y concierto de obras m\u00edas electroac\u00fasticas con estreno de \u00abCamins\u00bb, en el Sirga Festival, iglesia vieja de Ginestar, 23 septiembre.<br \/>\n\u2022 2017. Estreno de \u00abCorpi d\u2019acqua\u00bb, para dos pianos y percusi\u00f3n, encargo del Festival de M\u00fasica Espa\u00f1ola de C\u00e1diz, por Emmanuela Piemonti, piano; Mar\u00eda Dolores Gait\u00e1n, piano; Carolina Alcaraz, percusi\u00f3n; y Ver\u00f3nica Cagigao Bautista, percusi\u00f3n (Ensemble M\u00fasica Viva), Gran Teatro Falla de C\u00e1diz, 18 noviembre.<br \/>\n\u2022 2017. Estreno de \u00abTransit\u00bb para flauta de pico y electroac\u00fastica, por Joan Izquierdo. Temporada M\u00fasica d\u2019Ara, ACC, Sala Mompou, SGAE, Barcelona, 9 noviembre.<br \/>\n\u2022 2017. Participaci\u00f3n en las Jornades \u201cDones sense ciutat\u201d del Aula d\u2019escriptors de la ACEC en el Ateneu de Barcelona, con la conferencia \u00abCreaci\u00f3n doble: una experiencia personal\u00bb, 20 diciembre.<br \/>\n\u2022 2018. M\u00fasica para \u201cCartografies del desig: Maria Merc\u00e8 Mar\u00e7al i Montserrat Abell\u00f3. Les arrels d\u2019una amistat.\u201d Espect\u00e1culo dirigido por Araceli Bruch con texto de Llu\u00efsa Juli\u00e0 y v\u00eddeo de Ester Xargay y Adolf Alca\u00f1iz. Con las canciones de nueva creaci\u00f3n: \u00abCada nit un poema\u00bb (texto: Montserrat Abell\u00f3) y \u00abJo s\u00f3c l\u2019altra\u00bb (texto: M. M. Mar\u00e7al). Adem\u00e1s se tocan las canciones \u00abDesig\u00bb, \u00abLamento\u00bb y la pieza \u00abDansa obliqua\u00bb (piano solo) por Montse Sol\u00e0, voz, y Montse Massaguer, piano. Biblioteca de Catalunya, Sala de Llevant, 8 febrero.<br \/>\n\u2022 2018. Clases en el m\u00e1ster de Arte Sonoro sobre \u00abM\u00fasica i Arquitectura\u00bb, abril.<br \/>\n\u2022 2018. Se toca \u00abCada nit un poema\u00bb, por Montse Sol\u00e0 y Montse Massaguer, en la \u201cNit de poesia i m\u00fasica\u201d dedicada a Montserrat Abell\u00f3, en el auditorio y teatro Espalter de Torroella de Montgr\u00ed. 7 julio.<br \/>\n\u2022 2018. En el 47\u00ba Festival de M\u00fasica de Cadaqu\u00e9s, concierto de \u00f3rgano \u201cL\u2019orgue antic cap a la modernitat\u201d con Ainhoa Zubillaga, mezzo y Loreto F. Imaz, \u00f3rgano, se toca \u00abCada nit un poema\u00bb (versi\u00f3n para mezzo y \u00f3rgano) y \u00abCap a la lluna\u00bb (\u00f3rgano solo). Iglesia de Santa Mar\u00eda. 4 agosto.<br \/>\n\u2022 2018. Estreno de \u00abSemele\u00bb, \u00f3rgano y electroac\u00fastica, Nofre Morey, en la iglesia de Flix, 16 agosto. Fiesta mayor.<br \/>\n\u2022 2018. Conferencia \u00abLes dones compositores al llarg de la hist\u00f2ria\u00bb, y presentaci\u00f3n de mi libro \u00abLos sonidos del silencio\u00bb, Sala SACMA de Manacor, Mallorca, 14 septiembre. Organiza Comissi\u00f3 per a la Restauraci\u00f3 de l\u2019Orgue del Convent, Col\u00b7lectiu Dones de Llevant y Sono-Music.<br \/>\n\u2022 2018. Se toca \u00abSemele\u00bb por Nofre Morey, \u00f3rgano y electroac\u00fastica en el Ir Cicle Orgue d\u2019Avui, iglesia de Sant Vicen\u00e7 Ferrer en Manacor, Mallorca, 15  septiembre. (8\u2019).<br \/>\n\u2022 2018. Estreno de \u00abNever late (versi\u00f3 II)\u00bb, tr\u00edo de viol\u00edn, violoncelo y piano, por Tr\u00edo Brower en el Teatre Xesc Forteza de Palma de Mallorca para el Festival Phona, obra encargada y dedicada al Tr\u00edo Brower. Incluido un Power Point de mi creaci\u00f3n, sobre fotos del viaje a Islandia. 16 septiembre.<br \/>\n\u2022 2018. En Phonos Jornades Obertes, \u00abObres de dones a l\u2019Arxiu Phonos\u00bb. Selecci\u00f3n y difusi\u00f3n de Estefania Aimar. Se toca \u00abEspai Sonor VII\u00bb de 1976, por difusi\u00f3n multif\u00f3nica, 2 octubre.<br \/>\n\u2022 2018. Estreno de \u00abIslas perdidas\u00bb, (5\u2019) por Tr\u00edo Arb\u00f3s (Cecilia Bercovich, viol\u00edn; Jos\u00e9 Miguel G\u00f3mez, violoncelo; y Juan Carlos Garvayo, piano) concierto \u00abArchipi\u00e9lagos\u00bb, encargo del Festival de M\u00fasica Espa\u00f1ola de C\u00e1diz. Concierto del Taller de Mujeres Compositoras, Palacio de Congresos de C\u00e1diz, 17 noviembre.<br \/>\n\u2022 2018. Se toca la m\u00fasica para el espect\u00e1culo \u00abLes arrels d\u2019una amistat. Maria Merc\u00e8 Mar\u00e7al i Montserrat Abell\u00f3\u00bb, por Montse Sol\u00e0 y Montse Massaguer en el Festival Internacional de Poesia de Lleida, Aula Magna IEI, 19 noviembre.<br \/>\n\u2022 2018. Se toca \u00abTre per tre\u00bb en el Auditori Mompou por el tr\u00edo Iv\u00e1n Alcazo, obo\u00e9; Bartolom\u00e9 Garc\u00eda Plata, clarinete; y Laura Guastev\u00ed, fagot, Temporada M\u00fasica d\u2019Ara, ACC, 29 noviembre.<br \/>\n\u2022 2019. Estreno de \u00abLa escalera del agua\u00bb, para viol\u00edn y arpa. Encargo de La Alhambra de Granada (Reynaldo Fern\u00e1ndez Manzano, director) para \u201cLa Alhambra interpretada. Sonidos, im\u00e1genes y palabras\u201d. Cristina Montes Mateo, arpa, y Cecilia Bercovich, viol\u00edn. Sala de conferencias, Palacio de Carlos V, de La Alhambra, 23 marzo.<br \/>\n\u2022 2019. Estreno de \u00abJoc de simetries\u00bb, piano elemental, por Julia Lagos, estudiante, CMMB. Dentro del concierto de piano \u00abMans joves per a m\u00fasica nova\u00bb, organizado por la ACC. CMMB, 25 marzo.<br \/>\n\u2022 2019. \u00abLoco selvaggio\u00bb, para vibr\u00e1fono y electroac\u00fastica (de 2016), estreno por Miquel Vich, percusionista, Auditori Mompou, SGAE, Barcelona, 28 marzo.<br \/>\n\u2022 2019. Organizo el concierto de Margaret Lucia, piano, en la Sala Mompou, SGAE, Barcelona, marzo. Toca \u00abOnades i roques\u00bb y \u00abEn un Chasseigne Fr\u00eares de mitja cua\u00bb.<br \/>\n\u2022 2019. Participo en las \u00abXornadas de m\u00fasica contemporanea 2019\u00bb de Santiago de Compostela, en un coloquio con Luisa Mar\u00eda \u00c1lvarez Armesto, Cruz L\u00f3pez de Rego, Margaret Lucia y Mercedes Zavala Giron\u00e9s. Despu\u00e9s concierto de piano de Margaret Lucia que toca \u00abOnades i roques\u00bb, Auditorio de Santiago de Compostela, 7 junio.<br \/>\n\u2022 2019. Se toca \u00abSemele\u00bb para \u00f3rgano y electr\u00f3nica en el 48\u00e8 Festival Internacional de M\u00fasica de Cadaqu\u00e9s. Nofre Morey y a  la electr\u00f3nica Joan Bag\u00e9s, iglesia de Cadaqu\u00e9s, 13 agosto.<br \/>\n\u2022 2019. Participo en el \u00abFestival and Conference Music as Play Festival, The toy piano takes the stage\u00bb, con la pieza \u00abAutoportrait (omaggio a Lee Miller e Man Ray)\u00bb, para toy piano tocada por Antonietta Loffredo de la Associazione Carducci, Como, Italia, 6-7 julio.<br \/>\n\u2022 2019. Se toca \u00abSis peces per a orgue\u00bb, por Bernat Bailb\u00e9 en el V Cicle de Dones Compositores en el Monestir de Sant Pere de les Puel\u00b7les de Barcelona, 25 octubre.<br \/>\n\u2022 2019. Estreno de \u00abEl \u00e1ngulo de la gota\u00bb, para piano y electroac\u00fastica, encargo del Festival de M\u00fasica Espa\u00f1ola de C\u00e1diz. Sofya Melikyan, piano, Teatro del T\u00edtere la T\u00eda Norica, C\u00e1diz, 16 noviembre.<br \/>\n\u2022 2019. Estreno de \u00abAialik\u00bb, para violoncelo y electroac\u00fastica, Jean-Baptiste Texier, por Temporada M\u00fasica d\u2019Ara de la ACC, en Sala Mompou, SGAE, Barcelona, 14 noviembre.<br \/>\n\u2022 2019. Jean-Pierre Dupuy concierto de piano y electr\u00f3nica. Toca \u00abPiano i &#8230;\u00bb con difusi\u00f3n electr\u00f3nica multifocal de Med\u00edn Peir\u00f3n. Teatre Principal de Palma de Mallorca. Celebraci\u00f3n del \u00ab40\u00e8 aniversari d&#8217;Encontre Internacional de Compositors de la Fundaci\u00f3 ACA\u00bb, 19 noviembre.<br \/>\n\u2022 2019. Grabaci\u00f3n en Phonos de la parte de violoncelo de \u00abAialik\u00bb con Jean-Baptiste Texier, noviembre.<br \/>\n\u2022 2020. Inauguraci\u00f3n de la exposici\u00f3n \u00abSetsjust\u00bb en Les Bernardes de Salt, Girona. Siete artistas de Sant Just exponen: las pl\u00e1sticas Dolors Puigdemont, Montse Sastre, Carme Malaret, Clara Vidal, Pilar Montserrat y la poeta Maria Cinta Montagut con m\u00fasica de sala de Anna Bofill, 10 enero. Mi obra para la exposici\u00f3n es \u00abAmbulare\u00bb, compuesta con acusm\u00e1tica con fragmentos de \u00abAlea Arborea\u00bb interpretada por Jean-Pierre Dupuy, y otros fragmentos realizados para la exposici\u00f3n.<br \/>\n\u2022 2020. Trabajo en el estudio de Llu\u00eds Miquel Soler de Solfa para la remasterizaci\u00f3n de \u00abAialik\u00bb con la grabaci\u00f3n de Jean-Baptiste Texier en Phonos y la parte electr\u00f3nica, 4 febrero.<br \/>\n\u2022 2020. Participaci\u00f3n en la mesa redonda sobre compositores en la ESMUC, 6 marzo.<br \/>\n\u2022 2020. SE DECLARA EL CONFINAMIENTO POR COVID-19 EL 15 DE MARZO!!!<br \/>\n\u2022 2020. Clase en el m\u00e1ster de Arte Sonoro en la Facultad de Bellas Artes de Barcelona, sobre \u00abM\u00fasica i Arquitectura\u00bb, 20 y 28 mayo. 4 horas sobre Xenakis, Mestres y yo misma. Por la pandemia de Covid-19 se da la clase on line.<br \/>\n\u2022 2020. Participaci\u00f3n en el jurado de trabajos de m\u00e1ster Arte Sonoro, 5 junio.<br \/>\n\u2022 2020. Programa \u00abNexes: creadores d\u2019ahir i d\u2019avui. L\u00ednia de servei\u00bb, con M. C. Montagut, en eTv en el programa de Mery Barranco, 15 junio. Telem\u00e1ticamente.<br \/>\n\u2022 2020. Entrevista\/conversaci\u00f3n con Francesc Cornad\u00f3 sobre m\u00fasica contempor\u00e1nea para el ciclo de conferencias de la ACEC (Associaci\u00f3 Col\u00b7legial d\u2019Escriptors Catalans), 16 junio.<br \/>\n\u2022 2020. Me entrevista la pianista Isabel P\u00e9rez Dobarro (Galicia\/Nueva York), para una colecci\u00f3n de entrevistas de compositoras para la web, 19 julio.<br \/>\n\u2022 2020. Trabajo sobre \u00abViajar es lo que importa\u00bb para violoncelo y electroac\u00fastica, por Kathleen Balfe y el festival de C\u00e1diz. Acabada 14 agosto.<br \/>\n\u2022 2020. Este a\u00f1o han fallecido Josep Mart\u00ed, marido de Pilar Viladegut (14 julio), y mi primo Kike Irazoqui (15 septiembre) (no de covid). El a\u00f1o pasado falleci\u00f3 Montse Minobis.<br \/>\n\u2022 2020. Empiezo a trabajar piezas cortas, miniaturas, para piano, para los alumnos de Ester Vela del Conservatori del Bruc, noviembre.<br \/>\n\u2022 2020. Estreno de \u00abViajar es lo que importa\u00bb, en el XXXVIII Festival de M\u00fasica Espa\u00f1ola de C\u00e1diz, en el Teatro T\u00edteres de la T\u00eda Norica. Por Kathleen Balfe violoncelo y electroac\u00fastica, 28 noviembre. Sobre un poema de Montagut. Viajamos con un salvoconducto de la Junta de Andaluc\u00eda, y aprovechamos para ir en coche y parar en Albacete, \u00dabeda y Baeza (dos d\u00edas), Antequera, y a la vuelta nos detenemos en Lorca y Benicarl\u00f3. Todo en Paradores de Turismo, meravillosos!!<br \/>\n\u2022 2020. Concierto de la ACC de clarinete y electroac\u00fastica. Se toca \u00abLa bolsa o la vida I\u00bb, muy bien por parte del clarinetista. La sala llena a pesar de la pandemia. Con aforo del 30%. Sala Mompou, SGAE, 2 diciembre.<br \/>\n\u2022 2020. Conferencia para la presentaci\u00f3n del concierto \u201cEl so de les totxanes\u201d organizado por \u00abLa f\u00e0brica de lied\u00bb, en Santa Maria de Palautordera. Concierto de bar\u00edtono y guitarra, tocan mi \u00abCan\u00e7\u00f3 de primavera\u00bb.<br \/>\n\u2022 2020. Sesi\u00f3n de \u00abNexes\u00bb por eTV en el programa \u00abL\u00ednia de servei\u00bb de Mery Barranco, 21 diciembre.<br \/>\n\u2022 2021. M\u00fasica \u00abAmbulare\u00bb, para la exposici\u00f3n en MercArt de Sant Just Desvern, con artistas del pueblo como Montse Sastre, Dolors Puigdemont, y otros, inauguraci\u00f3n 16 enero.<br \/>\n\u2022 2021. Traspaso de Josep Maria Mestres-Quadreny, 18 de enero.<br \/>\n\u2022 2021. Acabadas las seis piezas miniaturas para piano \u00abDibuixar l\u2019atzar (1.- Conversa; 2.- Gotes; 3.- Petjades; 4.- Trossos; 5.- Cercar el cam\u00ed; 6.- N\u00favols al capvespre)\u00bb compuestas para los estudiantes de Ester Vela del Conservatori (CMMB). 5 de febrero.<br \/>\n\u2022 2021. Concierto \u00abTapiz de incertidumbres\u00bb (con mi obra \u00abViajar es lo que importa\u00bb) por Kathleen Balfe y electroac\u00fastica pregrabada en Segovia. 27 de febrero.<br \/>\n\u2022 2021. Concierto \u00abTapiz de incertidumbres\u00bb en Madrid, Auditorio 400, del Reina Sof\u00eda. 1 de marzo.<br \/>\n\u2022 2021. Concierto de los alumnos de piano de Ester Vela del CMMB, con un programa Montgeroult-Bofill con el estreno de \u00abDibuixar l\u2019atzar\u00bb y otras obras m\u00edas. Por el Covid 19 se realiza en el aula y con mascarilla y distancias. Resultado bastante satisfactorio, bastante diferente de unos alumnos a otros. 8 de marzo.<br \/>\n\u2022 2021. Participaci\u00f3n en el \u00abHomenatge a Josep Maria Mestres-Quadreny\u00bb en Tinta Invisible. 8 de abril.<br \/>\n\u2022 2021. Participaci\u00f3n en la presentaci\u00f3n del libro \u00abCartografies del desig 2019\u00bb en la Biblioteca de Catalunya con Araceli Bruch, Llu\u00efsa Juli\u00e0, Ester Xargay&#8230; 12 de abril.<br \/>\n\u2022 2021. Participaci\u00f3n en la presentaci\u00f3n del libro \u00abConverses a Can Ginestar\u00bb, que recoge la conversaci\u00f3n m\u00eda con Gabriel Brncic, con Lola Castan y Teresa Farr\u00f3, compiladoras. En Can Ginestar de Sant Just Desvern. 21 de abril.<br \/>\n\u2022 2021. Maria \u00c0ngels Viladot me entrevista para la revista \u00abLa Independent\u00bb. 27 de abril.<br \/>\n\u2022 2021. Participo en un tribunal del m\u00e1ster de Arte Sonoro de la Facultad de Bellas Artes de Barcelona. 30 de abril.<br \/>\n\u2022 2021. Participo en una encuesta en el libro de aniversario de los 10 a\u00f1os del festival Mixtur de Barcelona. Junio.<br \/>\n\u2022 2021. Se toca \u00abPiano i &#8230;\u00bb, para piano y electroac\u00fastica, por Rebeca Piriz, en el Museo de la Ciencia de Tenerife, en el ciclo \u201cHoy Compositoras\u201d. Subido a youtube. Mi obra est\u00e1 en el minuto 26&#8217;30\u00bb. 22 de junio.<br \/>\n\u2022 2021. Concierto \u00abTapiz de incertidumbres\u00bb, con \u00abViajar es lo que importa\u00bb, en el festival Cabrillo de California. 25 de julio.<br \/>\n\u2022 2021. Composici\u00f3n de \u00abVaghe foreste\u00bb, para tr\u00edo di corni di bassetto y soprano, mezzo, y bajo, encargo del Trio Cornucopia (de Rafel Candentell) y del Festival Encontres de Compositors ACA de Mallorca. Julio.<br \/>\n\u2022 2021. Concierto de \u00f3rgano y electroac\u00fastica, con mi obra \u00abSemele\u00bb, por Nadal Roig. A continuaci\u00f3n el concierto de campanas y electroac\u00fastica en la iglesia del Vendrell, con el estreno de \u00abToccata a trenc d\u2019alba\u00bb, campanas por Joan Bag\u00e9s, Nadal Roig y Xavier Gelabert, tambi\u00e9n autores de las otras obras. 17 de septiembre.<br \/>\n\u2022 2021. Participaci\u00f3n en la mesa redonda sobre Mestres-Quadreny en el Festival Mixtur de Barcelona, con Elmer Berenguer, Andr\u00e9s Lewin, Albert Mestres&#8230; 2 de octubre.<br \/>\n\u2022 2021. Acto sobre mi \u201cA prop\u00f3sito de Anna Bofill\u201d organizado por F\u00e9lix Arranz de la revista \u00abScalae\u00bb, en la Fundaci\u00f3 Mies van der Rohe, con la participaci\u00f3n de Anna Ramos (directora de la fundaci\u00f3n Mies), Isabel Segura, Francesc Cornad\u00f3, Clara Sol\u00e0-Morales, Helena Mart\u00edn Nieva, Anna Noguera, Joan Izquierdo y Jean-Pierre Dupuy. Unas 80 personas invitadas del mundo de la arquitectura y las empresas de construcci\u00f3n. 13 de octubre.<br \/>\n\u2022 2021. Imparto la lecci\u00f3n inaugural del curso del ESMUC de Barcelona. 18 de octubre.<br \/>\n\u2022 2021. Entrevista de Anna Zaera Bonfill para el diario \u00abVilaWeb\u00bb. 21 de octubre.<br \/>\n\u2022 2021. Estreno de \u00abLos caminos del agua\u00bb (flautas, clarinetes, viol\u00edn, violoncelo) por el Ensemble OCAZEnigma de Zaragoza, director Asier Puga. Teatros del Canal, Sala Negra, Madrid. Concierto del \u00abFestival Ensembles, Viaje a la luna en el fondo del mar. Homenaje a Pablo Serrano\u00bb. Encargo de OCAZEnigma, CNDM-INAEM. 24 de octubre.<br \/>\n\u2022 2021. Miembro del tribunal del m\u00e1ster de Arte Sonoro de la Facultad de Bellas Artes, UB. 30 de octubre.<br \/>\n\u2022 2021. Concierto OCAZEnigma en Bilbao, Auditorio del Conservatorio Juan Cris\u00f3stomo Arriaga. 8 de noviembre.<br \/>\n\u2022 2021. \u00cddem en el Auditorio de Zaragoza. Sala G\u00e1lvez. 9 de noviembre.<br \/>\n\u2022 2021. \u00cddem en el Auditorio del Institut Franc\u00e8s de Barcelona. 10 de noviembre.<br \/>\n\u2022 2021. Clase del m\u00e1ster de Arte Sonoro, Facultad de Bellas Artes, UB. 16 y 23 de noviembre.<br \/>\n\u2022 2021. Concierto temporada ACC de flauta y piano en SGAE. Se toca \u00abMar senza fondo\u00bb, con Eduardo S\u00e1nchez, flauta, y Josep Almir\u00f3n, piano. 25 de noviembre.<\/p>\n<p>OBRAS PUBLICADAS<br \/>\n. POEMA PER PIANOFORTE, en Llibre per a piano, Associaci\u00f3 Catalana de Compositors, Ed. Clivis, Barcelona, 1980. Publicado por M\u00fasica Studio Editions en una edici\u00f3n de lujo, en 2009.<br \/>\n. SUITE DE TAMANRASSET, en Llibre per a guitarra, Associaci\u00f3 Catalana de Compositors, Ed. Clivis, Barcelona, 1992. Publicada por Clivis en edici\u00f3n posterior.<br \/>\n. ENIGMA, LAMENTO, ONADES I ROQUES, TERRA \u00c0RIDA, TERRA PERDUDA, TERRA LLEUGERA, DANSA OBLIQUA, LA NIT, DESIG I \u201cMOSAIC EN DANSA\u201d, en el libro \u00abCartografies del desig: quinze escriptores i el seu m\u00f3n\u00bb, Ed. Proa, la Mirada, abril 1998, Barcelona.<br \/>\n. ITINERARIS I (\u00abOnades i roques\u00bb, \u00abTres terres: terra \u00e0rida, terra perduda, terra lleugera\u00bb, \u00abLa nit\u00bb, \u00abDansa Obliqua\u00bb) para piano, Ed. Clivis, 1999.<br \/>\n. ITINERARIS II (\u00abEn un Chassaigne Fr\u00eares de mitja cua\u00bb, \u00abTocs de fum\u00bb y \u00abEl blanc del blau\u00bb), para piano, Ed. Clivis, 1999.<br \/>\n. TEMPS DE PARAULES (\u00abEnigma\u00bb, \u00abLamento\u00bb, \u00abDesig\u00bb, \u00ab&#8216;Mosaic&#8217; en dansa\u00bb), voz y piano, Ed. Clivis, 2000.<br \/>\n. DESPR\u00c9S DE LA FESTA y AFINITATS para saxof\u00f3n, en 23 x Sax (colectivo, 46 estudios en 2 vol\u00famenes), por Dinsic Distribucions Musicals SL, DL B-13.265-2002, marzo 2002, Barcelona.<br \/>\n. LA SON DE LA PU\u00c7A, ORFEO y JOC DE DAUS para saxof\u00f3n, en 16 x Sax (colectivo de 48 estudios para saxof\u00f3n solo), DINSIC (ISMN M-69210-026-3), julio 2002, Barcelona.<br \/>\n. SEPTET DE SET SOUS para conjunto instrumental, Edicions La m\u00e0 de Guido, Sabadell, marzo 2003. ISMN M-69208-163-0.<br \/>\n. ALTERNANZE, para flauta de pico tenor y baja, Edicions La m\u00e0 de guido, Sabadell, octubre 2006. ISMN M-69208-255-2.<br \/>\n. SE D\u2019ARDER E D\u2019AMAR, para flautas de pico y recitador\/ora. Edicions La m\u00e0 de guido, Sabadell, octubre 2006. ISMN M-69208-256-9.<br \/>\n. EL FLUIR DE LES PEDRES, para saxof\u00f3n alto y piano. Edicions La m\u00e0 de guido, Sabadell, febrero 2007. ISMN M-69208-265-1.<br \/>\n. TRENZAS, para flauta y violoncelo, Editorial Periferia Sheet Music, Serie Accord, M-69216-212-4, 2007.<br \/>\n. SUITE FELINA, 4 estudios para saxof\u00f3n soprano. Periferia Sheet Music, SXX-0425, marzo 2010.<br \/>\n. SIS PER QUATRE, para piano a cuatro manos. Edicions La m\u00e0 de guido, Sabadell, septiembre 2009, MG326. ISMN 979-0-69208-326.9.<br \/>\n. EUROPA 1945, para mezzosoprano, flauta, clarinete, piano, viol\u00edn y violoncelo. Editado por Periferia Sheet Music, 2010.<br \/>\n. ANDATA E RITORNO, para piano, DINSIC, ISMN 99-0-69210-647-0. Barcelona, mayo 2010.<br \/>\n. SPIRALS III, para flauta, clarinete, guitarra, percusi\u00f3n, viol\u00edn y violoncelo, Edicions La m\u00e0 de guido, Sabadell, 2011.<br \/>\n. AIRES, para quinteto de metales, Editorial Periferia Sheet Music, 2011. ISMN 979-0-69224-092-1.<br \/>\n. MAT\u00c8RIA NUA, para clarinete y percusi\u00f3n. Edicions La m\u00e0 de guido, Sabadell, 2011.<br \/>\n. ALEA ARBOREA, para piano. Edicions M\u00fasica Studio. Andorra, 2013.<br \/>\n. ARTIFICI MAR\u00cd, para piano, M\u00fasica Studio Editions, Andorra, 2011.<br \/>\n. RITORNO IN CASA, para flauta, clarinete en sib, saxo alto, piano y percusi\u00f3n. La m\u00e0 de guido, 2013.<br \/>\n. EL SILENCIO TRANSCURRE. Piano solo. Jean Pierre Dupuy Editions. Andorra, 2014.<br \/>\n. ALEA ITINERIBUS, para clavec\u00edn. M\u00fasica oral del Sur, Cuaderno n\u00ba 8. A\u00f1o 2014. Obras para clavec\u00edn. Taller de Mujeres Compositoras \/ CDMA, Junta de Andaluc\u00eda, 2014.<br \/>\n. SPAZIO FRAMMENTATO II, para viol\u00edn solo. M\u00fasica oral del Sur, Cuaderno n\u00ba 9. A\u00f1o 2015. Obras para viol\u00edn. Taller de Mujeres Compositoras \/ CDMA, Junta de Andaluc\u00eda, 2015.<br \/>\n. AQU\u00cd NO HAY MAR. Para orquesta. CDMA. Junta de Andaluc\u00eda, 2016.<br \/>\n. CRITS. Cuarteto de cuerda. M\u00fasica oral del Sur, Cuaderno n\u00ba 11. A\u00f1o 2017. 12 miniaturas contundentes para cuarteto de cuerda. Taller de Mujeres Compositoras \/ CDMA, Junta de Andaluc\u00eda, 2018.<br \/>\n. AMBULARE IN CAELUM (escapadas para \u00f3rgano). Para el \u00f3rgano de Santa Mar\u00eda de Cadaqu\u00e9s. Edicions La m\u00e0 de guido, Sabadell, junio 2018.<br \/>\n. SIS PECES PER A ORGUE. Para el \u00f3rgano barroco de Santa Mar\u00eda de Cadaqu\u00e9s. (1.- Ball d\u2019astres; 2.- Els bartonells enjogassats; 3.- Tresquem pel fum; 4.- El batec del mar; 5.- Nit estelada; 6.- Cap a la lluna). Edicions La m\u00e0 de guido, Sabadell, junio 2018.<br \/>\n. LA SETTIMANA ENIGMISTICA. Para \u00f3rgano. Edicions La m\u00e0 de guido, 2018.<br \/>\n. JOC DE SIMETRIES, para piano elemental. Editorial Dinsic, abril 2021, Barcelona, \u00e1lbum DITS M\u00c0GICS, piezas contempor\u00e1neas para piano de grado elemental.<\/p>\n<p>OBRAS<br \/>\nOrquesta sinf\u00f3nica:<br \/>\n1. \u00abAqu\u00ed no hay mar\u00bb, (07.06.2015) (3&#8217;30\u00bb) (de un poema de M. C. Montagut del poemario \u201cPoemas para un siglo\u201d). (2015). Orquesta Sinf\u00f3nica de C\u00f3rdoba, director Juan Luis P\u00e9rez, Auditorio Pedro Mu\u00f1oz Seca (El Puerto de Santa Mar\u00eda). Encargo del Festival de M\u00fasica Espa\u00f1ola de C\u00e1diz, Taller de Compositoras. 14 de noviembre de 2015.<\/p>\n<p>Orquesta de C\u00e1mara (Ensemble):<br \/>\n1. \u00abEsclat\u00bb, 9 instrumentos (flauta, obo\u00e9, clarinete, piano, percusi\u00f3n, 2 violines, viola y violoncelo). 1971. (Barcelona, CCMC, Franco Gil, 17.10.1971). (10\u2019).<br \/>\n2. \u00abSeptet de set sous\u00bb (flauta, clavec\u00edn, guitarra, piano, percusi\u00f3n, viol\u00edn y violoncelo). 1978. (Berl\u00edn, GIC, Carles Santos, 02.07.1978). (11\u2019).<br \/>\n3. \u00abNote per un diario (quatre parts)\u00bb, 9 instrumentos (flauta, obo\u00e9, clarinete, fagot, cuarteto de cuerda y contrabajo). (Partes I a III, marzo 2000). (Orquesta de C\u00e1mara de Pamplona, directora Alicia Coduras, 28.03.2000, Madrid). (8\u201930\u201d). La parte IV (enero 2008). Se estrenan las 4 partes en Madrid, Concierto de los Solistas de la Orquesta y Coro de la Comunidad de Madrid, dentro del Festival \u00abEllas Crean\u00bb. Directora Gloria Isabel Ramos Triano. Auditorio 400. Museo Nacional Centro de Arte Reina Sof\u00eda. 6 de marzo de 2008.<br \/>\n4. \u00abSpirals II\u00bb, para flauta, clarinete, fagot, piano, viol\u00edn, viola y violoncelo (diciembre 2006). (9\u201920\u201d). (Barcelona, Grup Tactum, director Enric Ferrer, Auditori, 20.02.2007).<br \/>\n5. \u00abIpse (a Hipatia di Alessandria)\u00bb, para conjunto (flauta, obo\u00e9, clarinete, fagot, corno, percusi\u00f3n, viol\u00edn, viola, violoncelo y contrabajo). (Febrero 2010). (10\u2019). Ensemble ACC, director Dom\u00e8nec G. de la R\u00fabia. Auditori de Barcelona, 20.06.2010.<\/p>\n<p>C\u00e1mara:<br \/>\n1. \u00abQuartet (homenatge a Robert Gerhard)\u00bb, guitarra, piano, clavec\u00edn y percusi\u00f3n. 1976. (Barcelona, GIC, 31.01.1977). (9\u2019).<br \/>\n2. \u00abTrio\u00bb, viol\u00edn, piano y cinta. 1981. (Barcelona, Pons\/Baget, 28.05.1981). (11\u2019).<br \/>\n3. \u00abCantic antic\u00bb, piano y percusi\u00f3n. 1994. (18\u2019).<br \/>\n4. \u00abVariazioni su tre temi di Anna Bon di Venezia\u00bb, guitarra, viol\u00edn y violoncelo. 1995. (15\u2019).<br \/>\n5. \u00abWalk\u00bb, tres guitarras. 1996. (1\u201915\u201d).<br \/>\n6. \u00abElements\u00bb, tres guitarras. 1996. (3\u201910\u201d).<br \/>\n7. \u00abInsomni\u00bb, tres guitarras. 1996. (1\u201930\u201d).<br \/>\n8. \u00abTrenzas (a Elena Romero, in memoriam)\u00bb, flauta y violoncelo. 1996. (Madrid, Georg Thoma\/Bistra Cristova, 08.02.1997). (11\u2019).<br \/>\n9. \u00abRitrovo\u00bb, cuarteto de cuerda. Octubre 1997. (Madrid, Cuarteto Cl\u00e1sico: Anna Radomska, Dariusz Rzepka, Robert Pajewski, Dorota Pajewska, 28.03.1998). (7\u201930\u201d).<br \/>\n10. \u00abSimile\u00bb, para dos pianos. Enero 2000. (Clavel Cabeza y Mar Barrenechea, M\u00e9xico D.F., 10.03.2000). (12\u201930\u201d).<br \/>\n11. \u00abIn duplice filar\u00bb, flauta y piano. Febrero 2001. (13&#8242;). Antonio Arias, flauta, y Gerardo L\u00f3pez, piano, en Getxo, Bilbao, en el Festival organizado por la Asociaci\u00f3n de Mujeres en la M\u00fasica.<br \/>\n12. \u00abEl fluir de les pedres\u00bb, saxo y piano. Junio 2001. (12&#8217;30\u00bb). Manuel Mij\u00e1n, saxo, y Sebasti\u00e1n Marin\u00e9, piano, en el \u00abXXIII Festival BBK, M\u00fasicas actuales\u00bb, en el Museo Guggenheim de Bilbao, 03.12.2003.<br \/>\n13. \u00abS\u00f3lo lo justo\u00bb, para tenor, flauta, clarinete y fagot. (Texto: Lal Ded). Diciembre 2000. (8&#8217;10\u00bb). Aurelio Puente, tenor, y tr\u00edo Grup Nou con Mario P\u00e9rez, flauta; Jos\u00e9 Llanos, clarinete; y Roberto G\u00f3mez, fagot. Madrid, 21.04.2001).<br \/>\n14. \u00abItinerari del cargol (I, II i III)\u00bb, para flauta y piano (4&#8217;07\u00bb, 3&#8217;57\u00bb, 1&#8217;45\u00bb = 9&#8217;48\u00bb). Friederike Darius, flauta; Montse Massaguer, piano, en \u00abCartografies del desig III\u00bb, en \u00abLa dona forta\u00bb sobre la escritora Mar\u00eda Beneyto, diciembre 2001, Conservatori de M\u00fasica de Barcelona.<br \/>\n15. \u00abLejos de nada\u00bb, quinteto de cuerda (2 violines, viola, violoncelo y contrabajo). Noviembre 2001. (10&#8242;). Quinteto Cl\u00e1sico de Pamplona, con Anna Radomska, I viol\u00edn; Tibor Molnar, II viol\u00edn; Robert Pajewski, viola; Dorota Pajewska, violoncelo; y Tadeus Kozinski, contrabajo. Getxo, Bilbao, 11.03.2002.<br \/>\n16. \u00abLa vida \u00bfpor qu\u00e9 no?\u00bb, para flauta, clarinete en sib, guitarra, viol\u00edn y percusi\u00f3n (10&#8242;). Septiembre 2001. Grup XXI , director Peter Bacchus, CCCB, Barcelona, 17.04.2002).<br \/>\n17. \u00abSpirals\u00bb, para flauta, clarinete en sib, percusi\u00f3n, guitarra, viol\u00edn y violoncelo. (10&#8242;). Noviembre 2002, por el grupo de Christian de Jong.<br \/>\n18. \u00abLa vita \u00e9\u00bb, tr\u00edo de flauta, guitarra y violoncelo. (8&#8242;). Noviembre 2002. III Festival de Mujeres en la M\u00fasica de Getxo. Antonio Arias, Jos\u00e9 Luis Rodrigo, Dimitar Furnadjiev. Escuela de m\u00fasica Andr\u00e9s Isasi, Las Arenas, Getxo, 10.03.2003. Centro Cultural Conde Duque, Madrid, 08.04.2003.<br \/>\n19. \u00abComplicitats\u00bb, para flauta y saxo. Abril 2003. Ana Isabel G\u00f3mez y Francisco Cabanillas del Nuevo Ensemble de Segovia. SGAE, Madrid, enero 2012.<br \/>\n20. \u00abTre per tre\u00bb, para obo\u00e9, clarinete y fagot. Septiembre 2003. (8&#8217;36\u00bb). Tr\u00edo de Ca\u00f1as, Anke Nevermann, obo\u00e9; Jana Strauchmann, clarinete; y Jorge Garc\u00eda del Valle, fagot. SGAE, Madrid, abril 2004.<br \/>\n21. \u00abEuropa 1945 (a las mujeres v\u00edctimas de los campos de concentraci\u00f3n nazis)\u00bb, para voz, flauta, clarinete, viol\u00edn, violoncelo y piano. (2005). (7\u201941\u201d). Grupo Encuentros, dirigido por Alicia Terzi\u00e1n, auditorio del MACBA, 17.02.2006, Barcelona.<br \/>\n22. \u00abDual\u00bb, para viol\u00edn y piano. Enero, 2006. (Aprox. 8\u2019). I\u00f1aki Kagos, viol\u00edn; y Arkaitz Mendoza Rodr\u00edguez, piano. 11.03.2006. VI Festival de Mujeres en la M\u00fasica, Getxo, Bilbao.<br \/>\n23. \u00abCaracolas, homenatge a Dolores Malumbres\u00bb, para flauta, fagot, guitarra, violoncelo y piano. (2006). (8\u201952\u201d). Logro\u00f1o, Conservatorio de M\u00fasica, 28.04.2006. Teresa Arinero, flauta; Jos\u00e9 Manuel Rausell, fagot; Carlos Blanco, guitarra; Claudia Gabrielli, violoncelo; y Eva Fontalba, piano).<br \/>\n24. \u00abLa calle es el destino de los perros\u00bb, para soprano, flauta, percusi\u00f3n y recitadora. Texto de M. Cinta Montagut. (2006). (8\u201930\u201d). Barcelona, Montse Sol\u00e0, soprano; Barbara Held, flauta; Pilar Subir\u00e0, percusi\u00f3n; y Jesusa Andany, actriz. En el concierto \u201cCarrer\u201d del miniciclo de la ACC \u201cLlocs de Pas\u201d, dentro del ciclo Avuim\u00fasica 2005\/2006. 28.07.2006.<br \/>\n25. \u00abSpirals II\u00bb, para flauta, clarinete, fagot, piano, viol\u00edn, viola y violoncelo. Diciembre 2006. (9\u201920\u201d). Barcelona, Grup Tactum, director Enric Ferrer, Auditori, 20.02.2007).<br \/>\n26. \u00abAnimatia (pro vita selvatica in discrimine)\u00bb, para clarinete, fagot, trompa, viol\u00edn, viola, violoncelo y contrabajo. Febrero 2007. (6\u201910\u201d). Barcelona, Auditori, 12.04.2007, por el Grup de Solistes de la OBC.<br \/>\n27. \u00abMat\u00e8ria nua (a Camille Claudel in mem\u00f2riam)\u00bb, para clarinete en sib y percusi\u00f3n. Noviembre 2007. (I, 3&#8217;08\u00bb; II, 2&#8217;41\u00bb; III, 2&#8217;15\u00bb; IV, 2&#8217;09\u00bb; total, 10&#8217;13\u00bb).<br \/>\n28. \u00abFra le otto e le nove\u00bb, para soprano, acorde\u00f3n, piano y contrabajo. Montse Sol\u00e0, Miquel \u00c0ngel Maestro, Carlos Silva y Manel Ortega. Abril 2008. (5&#8217;30\u00bb). \u00abLloc de Pas\u00bb del Avuim\u00fasica, \u201cEl senyor dels tres barrets\u201d coordinado por Sergio Fidemraizer y Jesusa Andany.<br \/>\n29. \u00abAires (homaggio a Francesca Caccini)\u00bb, para quinteto de metal (trompa, 2 trompetas, tromb\u00f3n y tuba baja). Quinteto de metal de la OBC. Diciembre 2008. 12.03.2009. Auditori MACBA. Temporada Avuim\u00fasica. (Aprox. 9&#8242;).<br \/>\n30. \u00abSpirals III (homenatge a Antoni Gaud\u00ed)\u00bb, para flauta, clarinete, guitarra, percusi\u00f3n, viol\u00edn y violoncelo. Octubre 2009. (11\u2019). Barcelona Modern Project. Director Marc Moncus\u00ed, Cicle Celebracions Fundaci\u00f3 Caixa Catalunya en La Pedrera. Barcelona, 19.04.2010.<br \/>\n31. \u00abVeronica Franca Gratulatio\u00bb, para cuarteto de flautas de pico. (2010). (10&#8242;). \u00abLloc de Pas\u00bb, Venezia XVI: verticales, horizontales y pioneras. Cuarteto de pico Frullato. Auditori del MACBA. Barcelona, 02.07.2010.<br \/>\n32. \u00abP\u00e1jaros y motores\u00bb, para conjunto instrumental (flauta, clarinete en sib, piano, viol\u00edn y violoncelo). (Aprox. 8\u201930\u201d). Por encargo de Dom\u00e8nec M. Gonz\u00e0lez de la R\u00fabia. Mayo 2011. Estreno Auditori del Conservatori Superior de M\u00fasica de Barcelona por Ensemble Diapas\u00f3n, dirigido por Dom\u00e8nec M. Gonz\u00e0lez de la R\u00fabia. 05.11.2015.<br \/>\n33. \u00abA Veronica Franco\u00bb, para cuarteto de flautas (piccolo\/soprano en sol, soprano en sol, contralto y baja). (Aprox. 4\u201920\u201d). Diciembre 2011.<br \/>\n34. \u00abStrade insospettate (Carreteras insospechadas)\u00bb, para cuarteto de cuerda. (Aprox. 10\u201930\u201d). Diciembre 2011.<br \/>\n35. \u00abRitorno in casa\u00bb (15.06.2012), para flauta, clarinete, saxo, piano y percusi\u00f3n. Nuevo Ensemble de Segovia, director Chaviano. Academia de Bellas Artes de San Fernando, Madrid. (Aprox. 11\u00bb). 24.11.2012.<br \/>\n36. \u00abNever late\u00bb, para tr\u00edo (viola, violoncelo y piano). Octubre 2012. Dedicado al Trio Brouwer (Aprox. 9&#8242;). Estreno: Trio Brouwer, septiembre 2018, Auditori, Palma de Mallorca.<br \/>\n37. \u00abAlea alba\u00bb para viol\u00edn y \u00f3rgano (mayo 2013) por Josep M. Mas Bonet y Josep M. Manresa, viol\u00edn barroco. (Aprox. 6&#8242;).<br \/>\n38. \u00abLa bolsa o la vida II\u00bb, para saxo alto, tromb\u00f3n y electroac\u00fastica (agosto 2013). (8&#8217;30\u00bb). Emil Sein y Dani Anarte, Auditorio Ibercaja, Guadalajara, 21.10.2013; Sala Manuel de Falla, SGAE, Madrid, 22.10.2013; Auditori SGAE, Valencia, 05.11.2013.<br \/>\n39. \u00abDesori\u00bb, para saxo, bar\u00edtono y percusi\u00f3n. Juan Jim\u00e9nez Alba, saxo; y Antonio Moreno Saenz, percusi\u00f3n. Festival Sirga, Flix, 11.07.2014.<br \/>\n40. \u00abCielo de plomo\u00bb (2014), para dos percusiones con marimba y electroac\u00fastica basada en un poema de M. C. Montagut.<br \/>\n41. \u00abCielo de plomo II\u00bb (2015), para dos percusiones y electroac\u00fastica, versi\u00f3n sin marimba y con instrumentos de peque\u00f1a percusi\u00f3n. Iv\u00e1n Herranz y Francisco Monta\u00f1\u00e9s, Sala Mompou, SGAE, Barcelona, 19.03.2015.<br \/>\n42. \u00abCrits (Gritos) (a Emmeline Pankurst in memoriam)\u00bb (2016) (5\u2019) para cuarteto de cuerda, por el Cuarteto de La Habana. Encargo del Festival de M\u00fasica Espa\u00f1ola de C\u00e1diz 2016. Teatro Mu\u00f1oz Seca, 19.11.2016.<br \/>\n43.\u00bbMar senza fondo (omaggio a Gaspara Stampa de alle sue Rime d\u2019Amore)\u00bb, para flauta y piano. (Diciembre 2016). (Aprox. 7\u2019). Encargo del Festival Risuonanze 2017. Reana de Luca y Tommaso Bisiak. Auditorio di Pasian di Prato (Udine), 18.07.2017.<br \/>\n44. \u00abCorpi d\u2019acqua\u00bb, para dos pianos y percusi\u00f3n (mayo 2017). (Aprox. 5\u2019). Encargo del Taller de Compositores del Festival de M\u00fasica Espa\u00f1ola de C\u00e1diz. Concierto \u201cCarpe diem-Bartok\u2019s Challenge\u201d. Pianistas: Enmanuela Piemonti y Mar\u00eda Dolores Gait\u00e1n. Percusi\u00f3n: Carolina Alcaraz y Ver\u00f3nica Cagigao. 18.11.2017, Auditori Casa de les Arts; 16.03.2018 en Alicante, en el Auditori ADDA.<br \/>\n45. \u00abDes \u00eatres d\u2019aire et d\u2019eau (I i II)\u00bb, para dos pianos y electroac\u00fastica. Encargo de Jean-Pierre Dupuy para el duo Dupuy Vargas (2017). (6\u201930\u201d + 3\u201950\u201d).<br \/>\n46. \u00abIslas perdidas\u00bb, (5\u2019) para el Trio Arb\u00f3s (Cecilia Bercovich, viol\u00edn; Jos\u00e9 Miguel G\u00f3mez, violoncelo; y Juan Carlos Garvayo, piano). Concierto \u00abArchipi\u00e9lagos\u00bb. Encargo del Festival de M\u00fasica Espa\u00f1ola de C\u00e1diz. Concierto del Taller de Mujeres Compositoras. Palacio de Congresos de C\u00e1diz. 17.11.2018.<br \/>\n47. \u00abLa escalera del agua\u00bb, para viol\u00edn y arpa. Encargo de La Alhambra de Granada (Reynaldo Fern\u00e1ndez Manzano, director) para \u201cLa Alhambra interpretada. Sonidos, im\u00e1genes y palabras\u201d. Cristina Montes Mateo, arpa; y Cecilia Bercovich, viol\u00edn. Sala de conferencias, Palacio de Carlos V, de La Alhambra. 23.03.2019.<br \/>\n48. \u00abVaghe foreste\u00bb, (5\u2019), tr\u00edo di corni di bassetto y soprano, mezzo y bajo, encargo del Trio Cornucopia y Festival Encontres de ACA, Mallorca. 12.07.2021. Para un concierto en octubre y se sac\u00f3 del programa por falta de tiempo para ensayar.<br \/>\n49. \u00abLos caminos del agua, homenaje a Pablo Serrano\u00bb. (Agosto 2021). Dentro del concierto \u00abViaje a la luna en el fondo del mar\u00bb, del \u00abFestival Ensembles de 2021\u00bb, para flauta, clarinete, viol\u00edn y violoncelo. Encargo CNDM-INAEM, para el Ensemble OCAZEnigma de Zaragoza (Antonio Nuez, flauta; Emilio Ferrando, clarinete; V\u00edctor Parra, viol\u00edn; y Zsolt Tottzer, violoncelo). Estreno Teatros del Canal, Sala Negra, Madrid, 24.10.2021.<\/p>\n<p>Solo:<br \/>\n1. \u00abEspai sonor\u00bb, percusi\u00f3n y cinta (Barcelona, J. Mestres 16.10.1976). (11\u2019).<br \/>\n2. \u00abPoema per pianoforte\u00bb, piano 1974 (Barcelona, Carlos Santos 03.09.1975). (10\u2019). Seg\u00fan Jean-Pierre Dupuy 13&#8217;16\u00bb, el 30.10.2007 en la Sala Beckett de Barcelona.<br \/>\n3. \u00abSuite de Tamanrasset\u00bb, guitarra 1978. (11\u2019). (Getxo, Bilbao, Ren\u00e9 Mora, 18.03.2006; SGAE, Barcelona, Mauricio Carrasco, 13.03.2008).<br \/>\n4. \u00abSuite per a clavic\u00e8mbal\u00bb, 1977. (Valencia, Lidia Guerberoff, 09.03.1978). (13\u2019).<br \/>\n5. \u00abEn un Chassaigne Fr\u00eares negre de mitja cua\u00bb, piano 1983 (Barcelona, M. Molero, noviembre 1993) (2\u201930\u201d). Seg\u00fan Jean-Pierre Dupuy 5&#8217;08\u00bb, en la Sala Beckett de Barcelona, 30.10.2007.<br \/>\n6. \u00abStudio per pianoforte n\u00ba 1 i n\u00ba 3\u00bb, 1992. (Bilbao, Aurelio Viribay, 20.03.1992; Barcelona, Liliana Mafiotte, diciembre 1997) (1\u201930\u201d y 8\u2019).<br \/>\n7. \u00abStudio per pianoforte n\u00ba 2\u00bb, 1999 (en las \u00abCartografies\u00bb de 1999).<br \/>\n8. \u00abLa settimana enigmistica\u00bb, \u00f3rgano port\u00e1til, 1996 (Barcelona, Bernat Bailb\u00e9, 05.10.1996) (14\u201920\u201d). Edici\u00f3n: La m\u00e0 de guido, Barcelona, 2018. www.lamadeguido.com<br \/>\n9. \u00abOnades i roques (Homenatge a Virginia Woolf)\u00bb, piano, 1997 (Barcelona, Montse Massaguer, 16.04.1997). (3\u201930\u201d).<br \/>\n10. \u00abTerra \u00e0rida, terra perduda, terra lleugera (a Amalia Domingo Soler, Calamity Jane i Alejandra Pizarnik)\u00bb, piano, 1997 (Barcelona, Montse Massaguer, 30.04.1997). (5\u201910\u201d).<br \/>\n11. \u00abLa nit (a Anne Sexton)\u00bb, piano, 1997. (Barcelona, Montse Massaguer, 14.05.1997). (2\u201930\u201d).<br \/>\n12. \u00abDansa obliqua\u00bb, piano, 1997. (Barcelona, Montse Massaguer, 30.04.1997). (3\u201910\u201d).<br \/>\n13. \u00abAlternanze (Omaggio a Barbara Strozzi)\u00bb, flautas de pico, 1997. (Manresa, Joan Izquierdo, octubre 1997). (12\u201947\u201d).<br \/>\n14. \u00abTocs de fum (a Maria Aur\u00e8lia Capmany)\u00bb, piano, 1998. (Barcelona, Montse Massaguer, 29.04.1998). (6\u2019).<br \/>\n15. \u00abEl Blanc del Blau (a Quima Jaume, in memoriam)\u00bb, piano, 1998. (Barcelona, Montse Massaguer, 13.05.1998). (5\u201940\u201d). Seg\u00fan Jean-Pierre Dupuy 8&#8217;10\u00bb, en la Sala Beckett de Barcelona, 30.10.2007.<br \/>\n16. \u00abArtifici mar\u00ed\u00bb, para piano, julio 2000 (Perpi\u00f1\u00e1n, Francia, Jean Pierre Dupuy, 27.11.2000). (17\u201945\u00bb). Y en el concierto monogr\u00e1fico \u201cAlea arborea\u201d en la Sala Beckett de Barcelona, 30.10.2007.<br \/>\n17. \u00abDespr\u00e9s de la festa\u00bb, estudio para saxof\u00f3n para grado medio, febrero 2001. (2&#8242;). Ed. Dinsic.<br \/>\n18. \u00abAfinitats\u00bb, estudio para saxof\u00f3n para grado medio, febrero 2001. (2&#8242;). Ed. Dinsic.<br \/>\n19. \u00abMisha\u00bb, estudio para saxof\u00f3n para grado medio, febrero 2001. (2&#8242;). En \u00abSuite felina\u00bb, Ed. Periferia Sheet Music (2010).<br \/>\n20. \u00abBashtet\u00bb, estudio para saxof\u00f3n para grado medio, febrero 2001. (2&#8242;). En \u00abSuite felina\u00bb, Ed. Periferia Sheet Music (2010).<br \/>\n21. \u00abJoc de daus\u00bb, estudio para saxof\u00f3n para grado elemental, febrero 2001. (2&#8242;). Ed. Dinsic (2002).<br \/>\n22. \u00abOrfeo\u00bb, estudio para saxof\u00f3n para grado elemental, febrero 2001. (2&#8242;). Ed. Dinsic (2002).<br \/>\n23. \u00abLa son de la pu\u00e7a\u00bb, estudio para saxof\u00f3n para grado elemental, febrero 2001. (2&#8242;). Ed. Dinsic (2002).<br \/>\n24. \u00abLeo\u00bb, estudio para saxof\u00f3n, marzo 2002. En \u00abSuite felina\u00bb, Ed. Periferia Sheet Music (2010).<br \/>\n25. \u00abShiva\u00bb, estudio para saxof\u00f3n, dedicado a Gerard Bosch, marzo 2002. En \u00abSuite felina\u00bb, Ed. Periferia Sheet Music (2010).<br \/>\n26. \u00abSuite per a clarinet (Deconstrucci\u00f3 2, Fulles mortes, Cam\u00ed solitari III, Cam\u00ed solitari I)\u00bb. (1&#8217;68\u00bb, 2&#8217;48\u00bb, 2&#8217;30\u00bb, 2&#8242;. Total, 9&#8217;30\u00bb). (Miquel Gasp\u00e0, en \u00abCartografies del desig III\u00bb, en \u00abLa dona forta\u00bb, dedicada a Maria Beneyto, Conservatorio de M\u00fasica de Barcelona, diciembre de 2001).<br \/>\n27.\u00bb Andata e ritorno\u00bb, para piano (abril 2002). (8&#8217;14\u00bb). Dedicado a Liliana Maffiotte (28.05.2002, Nick Havana, Barcelona). Y dado en el concierto monogr\u00e1fico \u201cAlea arborea\u201d por Jean-Pierre Dupuy, en la Sala Beckett de Barcelona el 30.10.2007.<br \/>\n28. \u00abIdentidades\u00bb, para violoncelo solo (2004). (8&#8242;). Dimitar Furdnajev, Centro Cultural Conde Duque, Madrid, 2004.<br \/>\n29. \u00abGirotondo\u00bb (8&#8242;), para percusi\u00f3n sola (2004) (Gratiniano Murcia, CCCB, Barcelona, 2005).<br \/>\n30. \u00abObjectes\u00bb, para tromb\u00f3n solo (4&#8217;30\u00bb) (2005). Ricardo Casero, tromb\u00f3n OBC, Auditori SGAE, Barcelona, 26.01.2006.<br \/>\n31. \u00abAlea arborea\u00bb (13&#8217;13\u00bb) para piano (mayo 2007), dedicado a Jean-Pierre Dupuy, en el concierto monogr\u00e1fico para piano, Sala Beckett, Barcelona, 30.10.2007.<br \/>\n32. \u00abLe retour \u00e0 la raison\u00bb y \u00abAutoportrait\u00bb. Piezas para piano de juguete para dos cortos de Man Ray de 1923 y 1930, encargo de Jean-Pierre Dupuy. (Febrero-marzo 2008). (3&#8217;06\u00bb y 5&#8217;35\u00bb, respectivamente). \u00abFestival des Cr\u00e9ations Sonores, Aujourd\u2019hui Musiques\u00bb, Perpi\u00f1\u00e1n, 17.11.2010.<br \/>\n33. \u00abSis per quatre\u00bb (11&#8217;30\u00bb), para piano a cuatro manos, encargo del Duo Vela, Cadaqu\u00e9s, agosto 2008. En el CD Femina 09. Fundaci\u00f3n Autor, 2009. Madrid. www.lamadeguido.com<br \/>\n34. \u00abEl silencio transcurre\u00bb (8&#8242;) para piano, por Jean Pierre Dupuy. Obra para ampliar con intervenciones del int\u00e9rprete. Presentada en el Taller de Interpretaci\u00f3n de M\u00fasica Contempor\u00e1nea (TIMC) dirigido por JPD en el Centro Cultural Paco Rabal, Madrid, 3-4.03.2012. Estreno en Madrid por J. P. Dupuy, junio 2012, en el Centro Cultural Paco Rabal. Estreno en Barcelona, Idoia Rodr\u00edguez, Sala Mompou, SGAE, 17.10.2013.<br \/>\n35. \u00abAmbulare in caelum\u00bb (enero 2012), para el \u00f3rgano barroco de Cadaqu\u00e9s (Aprox. 4&#8242;). Cristina Garc\u00eda Banegas, 09.08.2012, iglesia de Santa Mar\u00eda de Cadaqu\u00e9s, para el Festival d\u2019Orgues de Catalunya. www.lamadeguido.com<br \/>\n36. \u00abOre corte (homaggio a Veronica Franco)\u00bb, febrero 2012, para el \u00f3rgano de Cadaqu\u00e9s.<br \/>\n37. \u00abSpazio frammentato\u00bb (agosto-septiembre 2012), para contrabajo, Eufemia Mascolo, Trevi (Lazio), 08.11.2012, por Wimust\/Fondazione Adkins Chiti. (Aprox. 4&#8242;).<br \/>\n38. \u00abSis peces per a orgue\u00bb (noviembre 2012), para el \u00f3rgano barroco de Cadaqu\u00e9s, dedicado a Anne Marie Roz\u00e9s Daric. Estreno de \u00abEls bartonells enjugassats\u00bb y \u00abTresquem pel fum\u00bb, por Anne M. Roz\u00e9s, 16.12.2012 en la iglesia de Cadaqu\u00e9s, para el concierto \u201cEls aires nadalencs d\u2019ahir i d\u2019avui\u201d. Estreno entera por Neil Cowley, en el Festival de M\u00fasica de Cadaqu\u00e9s. Edici\u00f3n: La m\u00e0 de guido, Barcelona, 2018. www.lamadeguido.com<br \/>\n39. \u00abPiano i&#8230;\u00bb, para piano y electroac\u00fastica, dedicado a Jean Pierre Dupuy (febrero 2013) (Aprox. 11&#8242;).<br \/>\n40. \u00abAlea itineribus\u00bb, para clavic\u00e9mbalo, mayo 2013, por Mar\u00eda Teresa Chenlo, en el recital de C\u00e1diz en noviembre 2013. (Aprox. 7&#8242;).<br \/>\n41. \u00abLa bolsa o la vida I\u00bb, para clarinete en sib y electroac\u00fastica (agosto 2013) por Luis Fern\u00e1ndez Castell\u00f3. (Aprox. 8:30&#8242;).<br \/>\n42. \u00abSpazio frammentato II\u00bb, para viol\u00edn solo. Manuel Guill\u00e9n. Encargo del Festival de M\u00fasica Espa\u00f1ola de C\u00e1diz. Taller de Mujeres Compositoras, 22.11.2014. (6&#8217;30\u00bb).<br \/>\n43. \u00abLoco selvaggio\u00bb, para vibr\u00e1fono y electroac\u00fastica (8&#8217;40\u2019&#8217;) (agosto 2016). Encargo de la ACC para Temporada Avuim\u00fasica 2016. Iv\u00e1n Herranz, percusionista. Auditori Mompou, SGAE, Barcelona, 15.12.2016. SE SUSPENDE EL CONCIERTO POR FATIGA DEL INT\u00c9RPRETE! SE POSPONE AL PR\u00d3XIMO A\u00d1O. Estreno en la Temporada ACC, Miquel Vich, percusionista, Auditori Mompou, SGAE, Barcelona, 28.03.2019.<br \/>\n44. \u00abTransit (homenatte a Andrei Tarkowski)\u00bb, para flauta de pico y electroac\u00fastica (8&#8242;) (agosto 2017). Encargo de la Temporada de la ACC oto\u00f1o\/invierno 2017. Joan Izquierdo, Sala Mompou, SGAE, final 2017.<br \/>\n45. \u00abSemele\u00bb, para \u00f3rgano y electroac\u00fastica, Nofre Morey, en la iglesia de Flix, 16.08.2018. Fiesta mayor.<br \/>\n46. \u00abJoc de simetries\u00bb, piano elemental, por Julia Lagos, estudiante, CMMB. Dentro del concierto de piano \u00abMans joves per a m\u00fasica nova\u00bb, organizado por la ACC. CMMB, 25.03.2021. Editado en la Editorial DINSIC, abril 2021, Barcelona.<br \/>\n47. \u00abEl \u00e1ngulo de la gota\u00bb, para piano y electroac\u00fastica. Sofya Malikyan, Teatro T\u00edteres de la T\u00eda Norica, de C\u00e1diz, Festival de M\u00fasica Espa\u00f1ola de C\u00e1diz, noviembre 2019. (5&#8242;).<br \/>\n48. \u00abAialik\u00bb (agosto 2019), para violoncelo y electroac\u00fastica, Jean-Baptiste Texier, en Temporada M\u00fasica d\u2019Ara de la ACC, Sala Mompou, SGAE, Barcelona, 14.11.2019. (8&#8242;).<br \/>\n49. \u00abViajar es lo que importa\u00bb (agosto 2020), para violoncelo y electroac\u00fastica, Kathleen Balfe, Teatro T\u00edteres de la T\u00eda Norica, C\u00e1diz, Festival de M\u00fasica Espa\u00f1ola de C\u00e1diz, noviembre 2020. Encargo del CNDM-INAEM-Festival de M\u00fasica Espa\u00f1ola de C\u00e1diz. (5&#8242;).<br \/>\n50. \u00abDibuixar l\u2019atzar\u00bb, conjunto de seis piezas para estudiar piano en diferentes niveles de dificultad. (1.- Conversa; 2.- Gotes; 3.- Petjades; 4.- Trossos; 5.- Cercar el cam\u00ed; 6.- N\u00favols).<br \/>\n51. \u00abToccata a trenc d\u2019alba\u00bb (10\u2019) (agosto 2021), para campanas y electroac\u00fastica. Pla\u00e7a de l\u2019Esgl\u00e9sia, El Vendrell, 17.09.2021. Joan Bag\u00e9s, Xavier Gelabert, Nadal Roig.<\/p>\n<p>Voz y piano u otros:<br \/>\n1. \u00abEnigma\u00bb (texto: A. Salv\u00e0), 1981 (Barcelona Sansa\/Pons 20.10.1981). (2\u2019).<br \/>\n2. \u00abCan\u00e7\u00f3 de primavera\u00bb, mezzo y guitarra (texto: M. C. Montagut) (Barcelona, Anna Ricci\/Wiliam Waters, 23.03.1983). (14\u2019).<br \/>\n3. \u00abMezquita\u00bb (texto: M. C. Montagut), 1984. (4\u20198\u201d) (Aurelio Puente, tenor; y Mar\u00eda Jos\u00e9 Mart\u00edn, piano, Circulo de Bellas Artes, Madrid, marzo 1999).<br \/>\n4. \u00abDesig (a Maria Merc\u00e8 Mar\u00e7al)\u00bb, 1997, mezzo y piano. (Barcelona, M. Jes\u00fas Candau \/ M. Massaguer, 02.04.1997). (1\u201930\u201d).<br \/>\n5. \u00abLamento\u00bb, 1997, mezzo y piano (Barcelona, M. Jes\u00fas Candau \/ M. Massaguer, 02.04.1997). (2\u2019).<br \/>\n6. \u00ab\u201cMosaic\u201d en dansa\u00bb, 1997, mezzo y piano. (Barcelona, M. J. Candau \/ M. Massaguer, 11.06.1997). (4\u2019).<br \/>\n7. \u00abVeus de mar\u00e7\u00bb, solo voz, 1998 (Barcelona, M. Jes\u00fas Candau, en el espect\u00e1culo \u201cRes no et ser\u00e0 pres\u201d, homenaje a Maria Merc\u00e8 Mar\u00e7al, 14.12.1998). (3\u2019).<br \/>\n8. \u00abCadaqu\u00e9s\u00bb (texto: M. C. Montagut), soprano y contrabajo, 1999 (Barcelona, Montse Sol\u00e0 \/ Manel Ortega, Els Cl\u00e1ssics als parcs, 19.06.1999). (7\u201930\u201d).<br \/>\n9. \u00abSe d\u2019arder e d\u2019amar\u00bb (texto: Gaspara Stampa, omaggio a Francesca Caccini), rapsoda y flauta de pico, febrero 2000 (Barcelona, Albert Mestres \/ Joan Izquierdo, Eina, 10.04.2000). (7\u2019).<br \/>\n10. \u00abNit del 19\u00bb, para soprano y contrabajo, julio 2002. (Collbat\u00f3, Montse Sol\u00e0, soprano, y Manel Ortega, contrabajo, septiembre; y en Lleida, Auditori de \u201cLa Caixa\u201d, Marta Fiol, soprano, y Rafael Esteva, contrabajo, 14.10.2006).<br \/>\n11. \u00abDepresi\u00f3n\u00bb, para bajo y piano, abril 2007 (Xavier Ribera Vall, bajo), 27.06.2007, Auditori del MACBA de Barcelona.<br \/>\n12. \u00abPercorso\u00bb, para voz a cappella, 2008. Montse Sol\u00e0, soprano (abril 2008) (1&#8242;), para \u00abLloc de Pas\u00bb de Avuim\u00fasica, \u201cEl senyor dels tres barrets\u201d coordinado por Sergio Fidemraizer y Jesusa Andany. Auditori MACBA, Barcelona, junio 2008.<br \/>\n13. \u00abCada nit un poema\u00bb (texto: Montserrat Abell\u00f3), para soprano y piano (3&#8242;) (agosto 2017). Para \u00abCartografia\u00bb Abell\u00f3 \/ Mar\u00e7al, noviembre 2017. Montse Sol\u00e0\/Montserrat Massaguer, Biblioteca de Catalunya, 09.11.2017.<br \/>\n14. \u00abJo s\u00f3c l\u2019altra\u00bb (texto: Maria Merc\u00e8 Mar\u00e7al), para soprano y piano (1&#8217;30\u00bb) (agosto 2017). Para \u00abCartografia\u00bb Abell\u00f3 \/ Mar\u00e7al, noviembre 2017. Montse Sol\u00e0 \/ Montserrat Massaguer, Biblioteca de Catalunya, 09.11.2017.<br \/>\n15. \u00abLo ke fue\u00bb (texto: Myriam Mosquera), para mezzo y piano, encargo de Ana Hasler. Enero 2022.<\/p>\n<p>Electroac\u00fastica sola :<br \/>\n1. \u00abPunto y seguido\u00bb, 1993, (Cuenca, 12.11.1993). (6\u2019). En el CD de F\u00f3rum de Comunicaciones Electroac\u00fasticas, Vol. II. Asociaci\u00f3n AVADI, Cuenca 1999.<br \/>\n2. \u00abProjecte Ptolomeo 1&#8243; (diciembre 2012), para la instalaci\u00f3n de Pere Bell\u00e9s. (2&#8217;53\u00bb).<br \/>\n3. \u00abProjecte Ptolomeo 2&#8243; (diciembre 2012), \u00eddem. (3&#8217;14\u00bb).<br \/>\n4. \u00abAlter &#8211; Altera\u00bb (marzo 2016, versi\u00f3n octof\u00f3nica). Encargo del Festival Mixtur en colaboraci\u00f3n con el INAEM. Auditori Espai d\u2019Art Fabra i Puig. Barcelona. Abril 2016.<br \/>\n5. \u00abCamins\u00bb (8&#8242;) para el festival Sirga de Flix, septiembre 2017.<\/p>\n<p>Diverso:<br \/>\n1.\u00bb Fills d\u2019un d\u00e9u menor\u00bb, m\u00fasica incidental (texto: M. Medoff). Companyia Ricard Salvat (Barcelona, 1984).<br \/>\n2. \u00abUrfaust\u00bb, m\u00fasica incidental (en colaboraci\u00f3n con J. M. Berenguer). Texto: Goethe y escenograf\u00eda Companyia Ricard Salvat (Barcelona, 1983).<br \/>\n3. \u00abEl somni\u00bb, m\u00fasica incidental (con J. M. Mestres-Quadreny) para espect\u00e1culo de marionetas, sombras y danza (Empar Rosell\u00f3 y Quentin Cemence). T\u00e0rrega, 1996.<br \/>\n4. \u201cRes no et ser\u00e0 pres\u201d, realizaci\u00f3n musical del montaje poeticomusical, homenaje a Maria Merc\u00e8 Mar\u00e7al, en el Espai, escenograf\u00eda Magda Puyo y Pep Dur\u00e1n. Barcelona, 14.12.1998.<\/p>\n<p>Discograf\u00eda :<br \/>\n\u2022 \u00abTocs de fum\u00bb, \u00abEl blanc del blau\u00bb, \u00abEn un Chassaigne fr\u00eares negre de mitja cua\u00bb, \u00abEstudi n\u00ba 3\u00bb, \u00abDansa obliqua\u00bb, \u00abOnades i roques\u00bb, para piano; y \u00abDesig\u00bb, \u00abLamento\u00bb y \u00ab\u201cMosaic\u201d en dansa\u00bb, para voz y piano, por Montse Massaguer, piano y M. Jes\u00fas Candau, soprano, en el CD \u00abMem\u00f2ria de l\u2019aigua, deu compositores i el seu m\u00f3n\u00bb, incluido en el libro om\u00f3nimo, Ed. Proa la mirada, Barcelona, 1999.<br \/>\n\u2022 \u00abPunto y seguido\u00bb, en el CD \u00abForo de comunicaciones electroac\u00fasticas, vol. II\u00bb. Asociaci\u00f3n AVADI, Cuenca, 1999.<br \/>\n\u2022 \u00abStudio per pianoforte n\u00ba 3 i n\u00ba 1\u00bb, por Liliana Maffiotte, en el CD de la ACC de la coleci\u00f3n Avuim\u00fasica, vol. 2, octubre 2000.<br \/>\n\u2022 \u00abAlternanze\u00bb en \u00abBocins d&#8217;Aire\u00bb, CD colectivo con Joan Izquierdo, flauta de pico, producci\u00f3n La Tirana, SL, Sevilla, 2000.<br \/>\n\u2022 \u00abCadaqu\u00e9s\u00bb, texto: M. Cinta Montagut, en el CD \u201cAgut i Greu\u201d producido por la Fundaci\u00f3 M\u00fasica Contempor\u00e0nia. Marta Fiol, soprano y Rafael Esteva, contrabajo. DL B-40161\/05.<br \/>\n\u2022 \u00abAlea arborea\u00bb, CD monogr\u00e1fico para piano con \u00abPoema per a pianoforte\u00bb, \u00abEl blanc del blau\u00bb, \u00abEn un Chassaigne Fr\u00eares negre de mitja cua\u00bb, \u00abArtifici mar\u00ed\u00bb, \u00abAndata e ritorno\u00bb y \u00abAlea arborea\u00bb. Al piano Jean-Pierre Dupuy. Producci\u00f3n Rema 12 SL. Distribuci\u00f3n Ars Harmonica AH180. Edicions La m\u00e0 de guido, DL B-43373-2007.<br \/>\n\u2022 \u00abSe d\u2019arder e d\u2019amar\u00bb en el CD \u00abEl rastre d\u2019Orfeu\u00bb con Joan Izquierdo, flautas de pico, y Albert Mestres, recitador. Producci\u00f3n Rema 12 SL. Distribuci\u00f3n Ars Harmonica AH 187. Edicions La m\u00e0 de guido. DL B-55023-2007.<br \/>\n\u2022 En el CD \u00abF\u00e9mina 09\u00bb de la Fundaci\u00f3n Autor, Madrid 2009, \u00abSis per quatre per a piano a quatre mans\u00bb.<br \/>\n\u2022 CD monogr\u00e1fico \u00abAnna Bofill Levi, M\u00fasica de cambra\u00bb, Ed. Solfa. Barcelona, 2011. Con las obras  \u00abAndata e ritorno\u00bb, \u00abMat\u00e8ria nua\u00bb, \u00abEuropa 1945\u00bb, \u00abSpirals III\u00bb y \u00abSeptet de set sous\u00bb. Barcelona Modern Project, director Marc Moncus\u00ed.<br \/>\n\u2022 \u00abRitorno in casa\u00bb, en \u201cCompositoras, mujeres que dan la nota\u201d. CD del concierto del Nuevo Ensemble de Segovia, directora Flores Chaviano. DL M-29133-2013. Ref: CZ013.<br \/>\n\u2022 \u00abLa bolsa o la vida I\u00bb, para clarinete y electroac\u00fastica (8&#8217;49\u00bb). Luis Fern\u00e1ndez Castell\u00f3, clarinete. M\u00fasica d\u2019Ara. ACC. 2015.<br \/>\n\u2022 \u00abAmbulare un caelum\u00bb, para el \u00f3rgano barroco de Cadaqu\u00e9s. Cristina Garc\u00eda Banegas en el CD \u00abA la Dansa!\u00bb. En Contemporary Celebration of the Cadaqu\u00e9s organ. Solfa Recordings SR1208070. Barcelona, 2015.<br \/>\n\u2022 \u00abAlea Itineribus\u00bb para clavic\u00e9mbalo. Mar\u00eda Teresa Chenlo, clavec\u00edn. En el CD \u00abObras para clavec\u00edn\u00bb. Centro de Documentaci\u00f3n Musical de Andaluc\u00eda. Serie I Cl\u00e1sica. Junta de Andaluc\u00eda. Almaviva DS-0160. 2015.<\/p>\n<p>Bibliograf\u00eda:<br \/>\n\u2022 \u00ab68 Compositors catalans\u00bb (Barcelona, 1980, publicaci\u00f3n de la Associaci\u00f3 Catalana de Compositors).<br \/>\n\u2022 Tom\u00e1s Marco, \u00abHistoria de la M\u00fasica Espa\u00f1ola 6, Siglo XX\u00bb, Madrid, Alianza, 1983.<br \/>\n\u2022 \u00abInternational Encyclopaedia of Women Composers\u00bb. Aaron Cohen. Books &#038; Music. USA, 1987. ISBN 0835212882 (p. 875-881).<br \/>\n\u2022 \u00abOrgan and Harpsichord Music by Women Composers (An anotated Catalog)\u00bb. Compiled by Adel Heinrich, Greewood Press, 1991 (p. 183-224-348).<br \/>\n\u2022 \u00abKomponistinnen aus 800 jahren\u00bb, por Olivier, Antje \/ Braun, Sevgi, ed. Sequentia-Verlag, 1996 Essen, ISBN 3-931984-00-1.<br \/>\n\u2022 \u00abThe New Grove Dictionary of Women Composers\u00bb, Macmillan 1994, Reed 1996, London, ISBN 0-333-515986.<br \/>\n\u2022 \u00abLas mujeres en la m\u00fasica\u00bb, Patricia Adkins Chiti \/ Mar\u00eda Luisa Ozaita, Alianza M\u00fasica, 1995, Madrid, ISBN 84-206-8570-4.<br \/>\n\u2022 \u00abGran Enciclop\u00e8dia de la M\u00fasica Catalana i Universal\u00bb, Ed. Enciclop\u00e8dia Catalana, Barcelona.<br \/>\n\u2022 \u00abDiccionario de la M\u00fasica\u00bb, Espasa-Calpe, Madrid, 1988.<br \/>\n\u2022 \u00abGuitar Music by Women Composers\u00bb, An Annotated Catalog, Janna Mac Auslan, Kristan Aspen (authors), August 30, 1997. ISBN-10: 0313293856, ISBN-13: 978-0313293856.<br \/>\n\u2022 \u00abDiccionario Hispano Americano de la M\u00fasica\u00bb, Madrid, 2000.<br \/>\n\u2022 \u00abDiccionario de la m\u00fasica y los m\u00fasicos\u00bb, 3 vol. Mariano P\u00e9rez. Ed. Istmo, 2000.<br \/>\n\u2022 \u00abHist\u00f2ria de la M\u00fasica Catalana i Balear\u00bb, Edicions 62, Barcelona 2002.<br \/>\n\u2022 \u00abLas mujeres en la historia de la m\u00fasica: una aproximaci\u00f3n\u00bb. Art\u00edculo de M. Cinta Montagut en la revista \u00abEufon\u00eda, Did\u00e1ctica de la M\u00fasica\u00bb, n\u00fam. 25, Editorial Gra\u00f3, junio 2002.<br \/>\n\u2022 \u00abA Guide to Piano Music by Women Composers\u00bb. Pamela Youngdahl Dees. Praeger\/Greenwood 2002 (p. 25).<br \/>\n\u2022 \u00abCatalanes del XX\u00bb, Eumo Editorial, Universitat de Vic, Pilar Godayol compiladora, noviembre 2006.<br \/>\n\u2022 \u00abCompositoras espa\u00f1olas: la creaci\u00f3n musical femenina en Espa\u00f1a desde la Edad Media hasta la actualidad\u00bb. Centro de Documentaci\u00f3n de la M\u00fasica y la Danza (CDMC) del Instituto Nacional de Artes Esc\u00e9nicas del Ministerio de Cultura. 2008.<br \/>\n\u2022 \u00abCompositors d\u2019avui. Guia de la m\u00fasica contempor\u00e0nia a Catalunya\u00bb. Ana Mar\u00eda D\u00e1vila y Javier P\u00e9rez Senz. Quaderns de Nexus 1. Caixa Catalunya. Obra Social. Barcelona, 2008. ISBN 978-84-89860-70-4.<br \/>\n\u2022 Jos\u00e9 Iges, \u00abGr\u00e1fico, geom\u00e9trico, matem\u00e1tico: confluencias con la creaci\u00f3n musical en la Espa\u00f1a de los a\u00f1os sesenta y setenta\u00bb, en \u201cDerivas de la Geometr\u00eda. Raz\u00f3n y orden en la abstracci\u00f3n espa\u00f1ola. 1950-75\u201d, Edici\u00f3n Fundaci\u00f3n Museo Oteiza, Espa\u00f1a, 2009. ISBN 978-84-936588-2-3.<br \/>\n\u2022 \u00ab15 Compositoras espa\u00f1olas de hoy\u00bb, Rosa Mar\u00eda Rodr\u00edguez Hern\u00e1ndez (comp.), Ed. Piles, Colecci\u00f3n An\u00e1lisis de la M\u00fasica Contempor\u00e1nea, 2012, Valencia. (Art\u00edculo \u00abAires para quinteto de metales\u00bb, p. 65).<br \/>\n\u2022 Helena Mart\u00edn Nieva, \u00abN\u00famero y g\u00e9nero de dos t\u00e9rminos: Arquitectura y M\u00fasica en Anna Bofill Levi\u00bb. DC Papers, n\u00fam. 23, junio 2012. ETSAB. Barcelona.<br \/>\n\u2022 Carmen Cecilia Pi\u00f1ero Gil, \u00abLos sonidos del silencio. Aproximaci\u00f3n a la historia de la creaci\u00f3n musical de las mujeres. Anna Bofill Levi\u00bb. Editorial Aresta, 2015, 300 p. ISBN 978-84-943668-0-2. En Doce Notas 2015.<br \/>\n\u2022 Diario \u00abAra\u00bb, suplemento \u00abAra diumenge\u00bb, entrevista \u00abAnna Bofill: Menys WhatsApp i m\u00e9s utopies\u00bb, por Raquel Alba, 18.09.2016.<br \/>\n\u2022 Semanario \u00abEmpord\u00e0\u00bb, reportaje con Anne Marie Roz\u00e9s Daric: \u00abSonoritat \u00fanica i contempor\u00e0nia\u00bb, por Cristina Vil\u00e0, 20.09.2016.<\/p>\n<p>www.annabofill.accompositors.com<\/p>\n<p>ACTIVIDAD PROFESIONAL ARQUITECTURA<br \/>\n. 1964\/80. Miembro del Taller de Arquitectura Bofill.<br \/>\n. 1981. Creaci\u00f3n de un estudio de arquitectura propio.<\/p>\n<p>OBRAS PRINCIPALES<br \/>\n. 1977. Casa Mart\u00ed: vivienda bifamiliar entre medianeras en la Rambla de Torroella de Montgr\u00ed, Girona.<br \/>\n. 1978. Casa Gir\u00f3: vivienda bifamiliar en la Carretera de Port Lligat en Cadaqu\u00e9s, Girona.<br \/>\n. 1979. Casa Andreu: vivienda unifamiliar de tres plantas en el tejido urbano del pueblo, conservando parte de la fachada primitiva, en Cadaqu\u00e9s, Girona.<br \/>\n. 1979. Casa Mohr: vivienda unifamiliar aislada, con jard\u00edn y piscina en primera l\u00ednea de costa a la entrada de la bah\u00eda de Ma\u00f3, Menorca.<br \/>\n. 1979. Proyecto de decoraci\u00f3n interior de vivienda en Walden-7, Sant Just Desvern, Barcelona.<br \/>\n. 1979. Proyecto de edificio de tres viviendas en Rasquera, Tarragona.<br \/>\n. 1979\/81. La P\u00e9rgola: proyecto de 88 apartamentos de vacaciones. Construcci\u00f3n 1981\/82. Saint Cyprien Plage, Perpi\u00f1\u00e1n, Francia.<br \/>\n. 1981. Monument a l&#8217;eau: proyecto en las fuentes del r\u00edo Lez con edificio para la central de captaci\u00f3n del agua de la ciudad, en una colina y parque en pendiente con tratamiento del paisaje del entorno y de sus accesos. Montpellier. Francia.<br \/>\n. 1981. Les portes de la mer: proyecto y construcci\u00f3n de 160 apartamentos de vacaciones. Primera fase de 66 apartamentos terminada en 1982. Saint Cyprien Plage. Perpi\u00f1\u00e1n. Francia.<br \/>\n. 1982. Le Manet, Lot 2a: proyecto de 80 viviendas sociales y 20 unifamiliares con dise\u00f1o del pol\u00edgono incluyendo jard\u00edn interior. Ville Nouvelle de Saint Quintin en Yvelines. Versailles. Francia.<br \/>\n. 1980\/83. Arquitecto Jefe de la realizaci\u00f3n de la primera fase del Plan Urban\u00edstico de \u201cAntigone\u201d, en Montpellier, Francia.<br \/>\n. 1982\/83. Camp de la Bota: estudio y anteproyecto de 100 viviendas para un barrio de gitanos en Barcelona, para el Patronato Municipal de la Vivienda. Disposici\u00f3n de viviendas de una planta en hilera, formando calles y una plaza.<br \/>\n. 1983. Casa Tulloch: vivienda unifamiliar aislada en la Urbanizaci\u00f3n \u201cLa Manzanera\u201d, Calpe, Alicante.<br \/>\n. 1983\/84. Estudio y anteproyecto para una Escuela Experimental de Ense\u00f1anzas Art\u00edsticas en T\u00e0rrega, Lleida, para el Departament d\u2019Ensenyament de la Generalitat de Catalunya. Configuraci\u00f3n de los espacios, aulas y talleres alrededor de un espacio central para provocar una ense\u00f1anza integral en donde las diferentes disciplinas y especialidades tengan interrelaciones. Distribuci\u00f3n sobre una trama de base modular que pueda permitir la ampliaci\u00f3n del edificio inicial. Proyecto ejecutivo para esta escuela con cabida para 360 alumnos. Construcci\u00f3n 1987\/88.<br \/>\n. 1983. Rehabilitaci\u00f3n de locales comerciales en el barrio de San Cosme del Prat de Llobregat, Barcelona, para el Instituto Provincial de la Vivienda.<br \/>\n. 1983\/85. Instituto de E. S. Ernest Lluch. Proyecto y construcci\u00f3n de 24 unidades en la calle Vilamar\u00ed\/Diputaci\u00f3 de Barcelona, para el Departament d\u2019Ensenyament de la Generalitat de Catalunya.<br \/>\n. 1984\/85. Edificio de viviendas sociales: reconstrucci\u00f3n del edificio de la calle Carders 48 esquina Tantarantana con fachada en la plaza de Sant Agust\u00ed Vell. Sector Oriental del Centro Hist\u00f3rico de Barcelona, compuesto por 12 viviendas y tres locales comerciales, de protecci\u00f3n oficial, para el Patronato Municipal de la Vivienda. Construcci\u00f3n 1987\/88.<br \/>\n. 1985. Concurso para la rehabilitaci\u00f3n de un barrio de 700 viviendas en colaboraci\u00f3n con un arquitecto de la zona en Carcassonne, Francia.<br \/>\n. 1985. Rehabilitaci\u00f3n de un grupo de 60 viviendas en la calle Espronceda de Barcelona para A.D.I.G.S.A.<br \/>\n. 1985. Soroll blanc. Concurso para el dise\u00f1o del Paseo Mar\u00edtimo de Playa de Aro, Costa Brava, Girona.<br \/>\n. 1985. Concurso de Anteproyecto de Urbanizaci\u00f3n de la Plaza de Europa, Playa de Aro, Girona.<br \/>\n. 1985. Paseo fluvial sobre el r\u00edo Llobregat. Reforma y ampliaci\u00f3n de la zona peatonal adyacente a la carretera en la Pobla de Lillet, Barcelona. Proyecto ejecutivo. Realizaci\u00f3n de las tres primeras fases.<br \/>\n. 1986. Ayuntamiento de Gisclareny. Rehabilitaci\u00f3n y acondicionamiento. Berga, Barcelona.<br \/>\n. 1987. Parque de la Aig\u00fcera, Benidorm: dise\u00f1o, proyecto ejecutivo y construcci\u00f3n de 300 mts. lineales de fachada de los edificios que enmarcan el parque realizado por el Taller Bofill. Valencia. Para el Ayuntamiento de Benidorm.<br \/>\n. 1985\/86. Club Deportivo para el Centro Asturiano de Barcelona en Calle R\u00e0fols, Sarri\u00e0: anteproyecto para dos pistas polideportivas, dos pistas de tenis, un front\u00f3n, una bolera asturiana, una piscina, un edificio de club social y vestuarios. 1987 proyecto b\u00e1sico y ejecutivo de la primera fase, dos pistas polideportivas descubiertas y edificio de vestuarios con bar. Construcci\u00f3n 1989\/90\/91.<br \/>\n. 1986. Concurso para el Paseo Mar\u00edtimo de la playa de Palma de Mallorca, en colaboraci\u00f3n con J. Antonio Coderch y Jos\u00e9 M. Arias.<br \/>\n. 1987. Viviendas n\u00ba 24 y 26 de la calle de Sto. Tom\u00e1s en Horta, Barcelona, para Josep Aguilar. Rehabilitaci\u00f3n.<br \/>\n. 1987. Vivienda piso 6\u00ba y \u00e1tico del Sr. Grebler, avda. Diagonal 520, Barcelona, proyecto de reforma y decoraci\u00f3n. Proyecto ejecutivo 1989.<br \/>\n. 1988. Remodelaci\u00f3n de la manzana del Cine Capitol, proyecto de transformaci\u00f3n en oficinas y apartamentos. V\u00eda de Oto\u00f1o y Avda. de la Aig\u00fcera. Benidorm. Alicante.<br \/>\n. 1988\/89. Cal Notari: proyecto y ejecuci\u00f3n de la rehabilitaci\u00f3n de la casa unifamiliar aislada Cal Notari, y de un edificio contiguo como ampliaci\u00f3n de la casa existente, para albergar las oficinas de los Serveis Territorials del Baix Llobregat del Departament d\u2019Ensenyament de la Generalitat de Catalunya. Sant Feliu de Llobregat, Barcelona. Proyecto ejecutivo y direcci\u00f3n de obra 1989\/90\/91\/92\/93.<br \/>\n. 1988. Estaci\u00f3n para Ferrocarrils Catalans en Plaza de Espa\u00f1a, Barcelona: propuesta de dise\u00f1o del interior.<br \/>\n. 1988. Hotel de 800 plazas en la Urbanizaci\u00f3n del Albir, Alfaz del Pi, Alicante: estudio y anteproyecto.<br \/>\n. 1988. Estaci\u00f3n en la Coma del Embut, N\u00faria, para Ferrocarriles Catalanes, en colaboraci\u00f3n con J. M. Arias.<br \/>\n. 1989. Stand para la firma Taugres, dise\u00f1o y construcci\u00f3n para la feria de productos cer\u00e1micos de Cevisama, en Valencia: modular y transportable a otras ferias.<br \/>\n. 1989. Oficina para C.A.B.Catalunya S.A. en V\u00eda Augusta 13-15 de Barcelona: dise\u00f1o y realizaci\u00f3n.<br \/>\n. 1989. Estaci\u00f3n de La Floresta, Barcelona, para Ferrocarrils de la Generalitat de Catalunya: anteproyecto de remodelaci\u00f3n interior y exterior.<br \/>\n. 1989. Plan Especial de remodelaci\u00f3n de la manzana del Cine Capitol y Hotel Aguazul, entre calle Ortu\u00f1o y V\u00eda Oto\u00f1o en Benidorm, Alicante.<br \/>\n. 1989. Concurso con Infraes y Mitsubishi para la prolongaci\u00f3n de la l\u00ednea II de Metro de Barcelona y dise\u00f1o de cuatro estaciones.<br \/>\n. 1989. Urbanizaci\u00f3n del Pol\u00edgono V-3 en Torre Alta, Cap Salou, Salou, Tarragona.<br \/>\n. 1990. Plan Parcial zona 6B, para el desarrollo de una urbanizaci\u00f3n de apartamentos, club social y deportivo y zona hotelera.<br \/>\n. 1989. Proyecto de ideas para un Intercomunicador en el subsuelo de la Pla\u00e7a de Catalunya de Barcelona, para RENFE-Cercan\u00edas. Dise\u00f1o de un gran centro de comunicaci\u00f3n que agrupara y conectara las estaciones de RENFE-Cercan\u00edas, Ferrocarrils de la Generalitat, Metro l\u00ednea I y l\u00ednea III, a trav\u00e9s de un conjunto de calles y plazas subterr\u00e1neas animadas con comercios, bares, cines y otros servicios p\u00fablicos.<br \/>\n. 1990. Plan Especial y Estudio de Detalle de la manzana del Cine Capitol en Benidorm, Alicante.<br \/>\n. 1990. Masia \u201cCan Cuc\u201d, para la Sra. Bignia Kuoni, en el Ve\u00efnat de Sant Salvador, C\u00e0noves, Barcelona, Parque Natural del Montseny. Proyecto de rehabilitaci\u00f3n y ampliaci\u00f3n.<br \/>\n. 1990\/91\/92. Estaci\u00f3n de RENFE-Cercan\u00edas. Proyecto ejecutivo y direcci\u00f3n de obra para la remodelaci\u00f3n de la estaci\u00f3n, en el subsuelo de la Pla\u00e7a de Catalunya, de Barcelona, en colaboraci\u00f3n con Infraes en la obra civil. Reforma de los andenes en planta -2, incluso en su trazado y rehabilitaci\u00f3n y ampliaci\u00f3n del vest\u00edbulo en planta -1, 6.000 m2, con inclusi\u00f3n de estaci\u00f3n de RENFE y de Metro.<br \/>\n. 1990\/91. Parque \u201cA Riouxa\u201d. Proyecto ejecutivo y direcci\u00f3n de obra del parque, en Vigo, Galicia, seg\u00fan proyecto b\u00e1sico del Taller de Arquitectura de R. Bofill.<br \/>\n. 1992. Dise\u00f1o y direcci\u00f3n de las obras de todos los locales comerciales situados en el vest\u00edbulo de la estaci\u00f3n de RENFE-Cercan\u00edas y Metro. Quiosco-librer\u00eda, tres bares, bomboner\u00eda, cerrajer\u00eda.<br \/>\n. 1992. Reparaci\u00f3n instalaciones deportivas del Colegio de Ntra. Sra. del Roser en Sant Juli\u00e0 de Vilatorta, Vic, Barcelona.<br \/>\n. 1992. Ocho locales comerciales en la Estaci\u00f3n de Cercan\u00edas de RENFE, en la Pla\u00e7a de Catalunya: proyecto y direcci\u00f3n de las obras.<br \/>\n. 1992\/96. Arquitecta coordinadora de los Servicios T\u00e9cnicos del Consell Comarcal de Urgell. Proyecto y direcci\u00f3n de obras de:<br \/>\n&#8211; Campanario de la iglesia de Santa Mar\u00eda de Montmagastrell. T\u00e0rrega.<br \/>\n&#8211; Rehabilitaci\u00f3n de la Ermita de Puigverd d\u2019Agramunt.<br \/>\n&#8211; Local social y Casal d\u2019Avis en Puigverd d\u2019Agramunt.<br \/>\n&#8211; Rehabilitaci\u00f3n de la Iglesia de Claravalls, T\u00e0rrega.<br \/>\n&#8211; Rehabilitaci\u00f3n del Campanario de la iglesia de Altet, T\u00e0rrega.<br \/>\n&#8211; Proyecto y construcci\u00f3n del \u201cAbocador Comarcal\u201d de T\u00e0rrega.<br \/>\n&#8211; Pla\u00e7a Major de Tornabous.<br \/>\n&#8211; Consultorio M\u00e9dico de La Fuliola.<br \/>\n&#8211; Consultorio M\u00e9dico de Anglesola.<br \/>\n&#8211; Consultorio M\u00e9dico de Vilagrassa.<br \/>\n&#8211; Consultorio M\u00e9dico de Seana. Bellpuig.<br \/>\n&#8211; Consultorio M\u00e9dico de Preixana.<br \/>\n&#8211; Consultorio M\u00e9dico de Llorens. Sant Mart\u00ed de Mald\u00e0.<br \/>\n&#8211; Consultorio M\u00e9dico de La Gu\u00e0rdia d\u2019Urgell. Tornabous.<br \/>\n&#8211; Consultorio M\u00e9dico de El Terr\u00f3s. Tornabous.<br \/>\n&#8211; Consultorio M\u00e9dico de Els Omells de Na Gaia.<br \/>\n&#8211; Rehabilitaci\u00f3n del teatro de Vilagrassa.<br \/>\n&#8211; Rehabilitaci\u00f3n de la Ermita del Roser de Vilagrassa.<br \/>\n&#8211; Pla\u00e7a de Catalunya de Preixana.<br \/>\n&#8211; Plaza-fuente-monumento a las aguas en Mald\u00e0.<br \/>\n&#8211; Plaza Marqu\u00e9s de Ciutadilla.<br \/>\n&#8211; Rehabilitaci\u00f3n de la Casa de la Vila en Els Omells de Na Gaia.<br \/>\n&#8211; Creaci\u00f3n de una zona de ocio en Els Omells de Na Gaia.<br \/>\n&#8211; Pavimentaci\u00f3n de todas las calles de Montblanquet. Vallbona de les Monges.<br \/>\n&#8211; Proyecto de Casal d\u2019Avis y dependencias municipales en Preixana.<br \/>\n&#8211; Proyecto del ayuntamiento nuevo de Mald\u00e0.<br \/>\n&#8211; Proyecto de rehabilitaci\u00f3n del edificio de \u00abCal Salla\u00bb para dependencias municipales, consultorio m\u00e9dico, oficina de turismo y local social en Guimer\u00e0.<br \/>\n&#8211; Proyecto de Casal d\u2019Avis en Ciutadilla.<br \/>\n&#8211; Rehabilitaci\u00f3n de la Casa de la Vila en Rocallaura, Vallbona de les Monges.<br \/>\n&#8211; Infraestructuras urbanas y rurales especialmente de pavimentaci\u00f3n de calles, caminos, carreteras, iluminaci\u00f3n, alcantarillado, y otras redes de servicios urbanos, en todos los municipios de la comarca.<br \/>\n. 1993. Plan Especial de la Calle Astes de Sant Macari de T\u00e0rrega, Lleida.<br \/>\n. 1996\/98. Coordinadora del proyecto \u00abLas mujeres y la ciudad\u00bb, promovido por la Fundaci\u00f3n Maria Aur\u00e8lia Capmany, e incluido en el \u201cIV Plan de acci\u00f3n comunitaria para la Igualdad de Oportunidades para mujeres y hombres de la Comunidad Europea 1996-2000\u201d. El proyecto tiene como objetivo adecuar las formas, los usos y la organizaci\u00f3n de la ciudad a la realidad social de las mujeres, y crear redes locales, nacionales y transnacionales de usuarias (habitantes, profesionales y pol\u00edticas) para definir los deseos y necesidades de las mujeres en lo que se refiere a los espacios dom\u00e9stico y p\u00fablico, la planificaci\u00f3n, ordenaci\u00f3n y dise\u00f1o de los barrios y de las ciudades, la movilidad, la accesibilidad, la seguridad y la participaci\u00f3n en los procesos de toma de decisiones.<br \/>\n. 1998\/99. Difusi\u00f3n del proyecto \u00abLas mujeres y la ciudad\u00bb en Espa\u00f1a y Europa. Presentaciones en Par\u00eds, Roma, N\u00e1poles, Londres, Finlandia y Alemania.<br \/>\n. 2001\/02. Proyecto \u00abChristine de Pizan\u00bb, investigaci\u00f3n sobre la seguridad urbana, en el barrio de Sant Mart\u00ed de Proven\u00e7als, para el Premio 8 de marzo M. A. Capmany, del Ayuntamiento de Barcelona.<br \/>\n. 2002\/09. Asesora en g\u00e9nero y ciudad en diferentes ayuntamientos, provincias y autonom\u00edas de Catalu\u00f1a y Espa\u00f1a.<br \/>\n. 2002\/03. Integrante del Consell d\u2019Expertes del ICD, Institut Catal\u00e0 de les Dones, para la redacci\u00f3n del \u00abPla d\u2019acci\u00f3 de les dones 2004\/08\u00bb.<br \/>\n. 2006\/07. Integrante del Consell d\u2019Expertes del ICD para la redacci\u00f3n del \u00abPla de pol\u00edtiques de dones 2008\/11\u00bb.<br \/>\n. 2010. Colaboraci\u00f3n con el Ayuntamiento de Cornell\u00e0 y el CIRD para la identificaci\u00f3n de puntos sensibles en la ciudad, en cada uno de sus barrios.<br \/>\n. 2011. Realizaci\u00f3n de \u00abRecomanacions per a l\u2019Urbanisme i el disseny d\u2019espais urbans als barris Centre\/Riera\u00bb.<br \/>\n. 2011. Realizaci\u00f3n de seminario\/taller en el barrio La Gavarra, Ayuntamiento de Cornell\u00e0, para la identificaci\u00f3n de puntos sensibles en el barrio. Octubre.<\/p>\n<p>PRINCIPALES OBRAS CON EL TALLER DE ARQUITECTURA BOFILL<br \/>\n. 1966\/68. El Castell: realizaci\u00f3n de un edificio de apartamentos de vacaciones en Vallpineda, al norte de Sitges, Barcelona.<br \/>\n. 1964\/68. Barrio Gaud\u00ed: realizaci\u00f3n de un complejo de 600 viviendas de renta limitada, con equipamientos, en Reus, Tarragona.<br \/>\n. 1969\/75. La Manzanera: realizaci\u00f3n de un conjunto residencial compuesto por un grupo de 45 apartamentos, dos edificios de apartamentos, Xanad\u00fa y La Muralla Roja, un grupo de viviendas unifamiliares y equipamientos deportivos y de recreo en Calpe, Alicante.<br \/>\n. 1970\/72. \u00abLa ciudad en el espacio\u00bb: estudio de investigaci\u00f3n y proyecto de un conjunto residencial de 1500 viviendas, centro cultural, p\u00e1rking y locales comerciales en el Barrio de Moratalaz, Madrid.<br \/>\n. 1970\/75. Walden-7: estudio y proyecto de un conjunto residencial de 1000 viviendas, despachos, p\u00e1rking y locales comerciales en Sant Just Desvern. Puesta en pr\u00e1ctica de la investigaci\u00f3n iniciada en \u00abLa ciudad en el espacio\u00bb y desarrollada en mi tesis doctoral sobre la \u201cGeneraci\u00f3n geom\u00e9trica de formas arquitect\u00f3nicas y urbanas\u201d. Realizaci\u00f3n de la primera fase de 446 viviendas de 30 a 120 m2.<br \/>\n. 1972. La Petite Cathedrale: proyecto de un conjunto residencial formando calles y plazas semicubiertas y descubiertas con un programa de 1000 viviendas, oficinas, un hotel, escuela, p\u00e1rking y espacios p\u00fablicos ajardinados en la Ciudad Nueva de Cergy Pontoise, Par\u00eds, Francia.<br \/>\n. 1975\/80. Le Lac: proyecto de un conjunto de 600 viviendas sociales en un lago artificial en el centro de la ciudad. Edificios cerrando manzanas cuadradas que contienen espacios p\u00fablicos ajardinados dentro de una trama reticular de calles y plazas en la Ciudad Nueva de Saint Quintin en Yvelines, Versailles, Francia. Realizaci\u00f3n 1978\/80.<br \/>\n. 1974\/75. Carros Le Neuf: responsable de la colaboraci\u00f3n con un equipo franc\u00e9s para el estudio de la rehabilitaci\u00f3n del centro urbano de la ciudad con la creaci\u00f3n de una gran arteria como eje principal, en Nice, Francia.<br \/>\n. 1974\/76. El parque de la Marca Hisp\u00e1nica, en el \u00e1rea fronteriza de El Perthus. Realizaci\u00f3n de una intervenci\u00f3n paisaj\u00edstica con la inclusi\u00f3n de equipamientos culturales y comerciales. Realizaci\u00f3n de un elemento llamado La Pir\u00e1mide, monumento de homenaje a Catalu\u00f1a. Inaugurado por el Honorable Josep Tarradellas, antes de su regreso a Catalu\u00f1a.<br \/>\n. 1975. Concurso para Les Halles: primer premio en el concurso restringido para la remodelaci\u00f3n de los pabellones Baltard del mercado central de Par\u00eds, Francia.<br \/>\n. 1976. Castro Novo: plan urban\u00edstico de la continuaci\u00f3n de la ciudad, sobre una accidentada franja costera compuesta de 700 viviendas, equipamientos y espacios p\u00fablicos, en Castro Urdiales, Santander, Espa\u00f1a.<br \/>\n. 1976. Gasteizberry: primer premio compartido de un concurso para urbanizar tres manzanas rectangulares del centro del Actur de Lacua. Vitoria. Espa\u00f1a.<br \/>\n. 1978. Plan Parcial del Pol\u00edgono L-08 Gasteizberry, en Lacua, para 2500 viviendas con equipamientos y espacios p\u00fablicos. Vitoria. Espa\u00f1a.<br \/>\n. 1978. El \u00faltimo recorrido: proyecto urban\u00edstico y de dise\u00f1o de 100 hect\u00e1reas ocupadas por las v\u00edas de RENFE, en la zona de Nou Barris de Barcelona.<br \/>\n. 1979\/80. Proyecto de urbanizaci\u00f3n del Pol\u00edgono L-08, Gasteizberry, en Lacua, Vitoria.<br \/>\n. 1979\/83. Antigone: plan urban\u00edstico de la continuaci\u00f3n del centro hist\u00f3rico de la ciudad entre el Polygone y el r\u00edo Lez, con un programa de 1800 viviendas, equipamientos, espacios p\u00fablicos y parque, 20 Ha. en Montpellier, Francia.<\/p>\n<p>ACTIVIDAD DOCENTE<br \/>\n&#8211; Ha ejercido como Profesora Adjunta de la Escola T\u00e8cnica Superior d&#8217;Arquitectura del Vall\u00e8s (Barcelona) de 1975 a 1978 y como Profesora Encargada de curso en la Escola T\u00e8cnica Superior d&#8217;Arquitectura del Vall\u00e8s (Barcelona) en el curso 1978\/79.<br \/>\n&#8211; Ha ejercido como Profesora invitada de Tercer Ciclo en la Escuela de Arquitectura de Languedoc-Rousillon de Montpellier, Francia, en los cursos 1981\/82 y 1982\/83.<br \/>\n&#8211; Ha sido Profesora invitada de M\u00e1ster en la Escuela de Arquitectura de UCLA (Universidad de California en Los Angeles, USA) en 1979.<br \/>\n&#8211; En la Escola T\u00e8cnica Superior d&#8217;Arquitectura del Vall\u00e8s de Barcelona, imparti\u00f3 las asignaturas de Introducci\u00f3n al Proyecto, Proyectos I y Proyectos II.<br \/>\n&#8211; En la Escuela de Arquitectura de Montpellier impati\u00f3 la asignatura de Th\u00e9orie et Histoire.<br \/>\n&#8211; En la Escuela de Arquitectura de UCLA imparti\u00f3 un curso de Postgrado sobre Urban Design.<br \/>\n&#8211; Ha formado parte de diversos jurados de trabajos de fin de curso y memorias de licenciatura en la Escuela de Arquitectura de Montpellier.<br \/>\n&#8211; En 1975, seminario de Arquitectura y Urbanismo en la Escuela Polit\u00e9cnica de Porstmouth, Inglaterra.<br \/>\n&#8211; En 1979, seminario junto a Christian Norberg-Scultz y Charles Jencks sobre \u201cDise\u00f1o urbano, Planificaci\u00f3n y Comportamiento\u201d en la Escuela de Arquitectura de Berkeley, California, USA.<br \/>\n&#8211; Seminario \u201cPromenade Critique\u201d organizado por la Maison de la Culture y la Escuela de Arquitectura de Grenoble. Francia.<br \/>\n&#8211; Seminario \u201cDimensions de l\u2019Environnement Urbain\u201d junto con Paolo Portoghesi y Christian Norberg-Scultz en el Internacional Cultureel Centrum de Anvers. B\u00e9lgica.<br \/>\n&#8211; En 1987, seminario junto con Adele Santos en el curso de Proyectos de la Profesora Anna Voss, de la Escuela de Arquitectura de la Universidad T\u00e9cnica de Delft, Holanda.<br \/>\n&#8211; Clase en ETSAB. Sala de actos, 13 de febrero de 2020.<br \/>\n&#8211; Clases en el M\u00e1ster Art Sonor de la Facultat de Belles Arts de Barcelona, sobre M\u00fasica-Arquitectura, dirigido per Josep Cerd\u00e0 y Josep Manuel Berenguer. Desde 2015 hasta 2021.<\/p>\n<p>ACTIVIDAD DE INVESTIGACI\u00d3N<br \/>\n. 1970\/74. Tesis Doctoral sobre el tema \u00abContribuci\u00f3n a la generaci\u00f3n geom\u00e9trica de formas arquitect\u00f3nicas y urbanas\u00bb.<br \/>\n. 1970\/74. Beca de Formaci\u00f3n del Profesorado para el estudio sobre Morfolog\u00eda urbana.<br \/>\n. 1985. Investigaci\u00f3n sobre el tema M\u00fasica y Arquitectura, relaciones espacio-temporales en la M\u00fasica Contempor\u00e1nea, en el CEMAMU (Centre d\u2019\u00e9tudes de math\u00e9matique et authomates musicales) dirigido por el compositor y arquitecto Iannis Xenakis en Par\u00eds, Francia. Beca de la CIRIT, Generalitat de Catalunya.<br \/>\n. 1996-2000. Trabajo con los movimientos urbanos de mujeres en seminarios-talleres dentro del proyecto europeo \u00abLas mujeres y la ciudad\u00bb para introducir variables de g\u00e9nero en el urbanismo y la arquitectura.<br \/>\n. 2001-2002. Proyecto \u00abChristine de Pizan\u00bb, investigaci\u00f3n sobre la seguridad urbana, en el barrio de Sant Mart\u00ed de Proven\u00e7als. Premio 8 de marzo Maria Aur\u00e8lia Capmany, del Ayuntamiento de Barcelona.<br \/>\n. 2002-2009. Investigaci\u00f3n en temas de Urbanismo y G\u00e9nero. Trabajo sobre \u00abIndicadors de g\u00e8nere per a la primera fase del Planejament urban\u00edstic\u00bb, para incluir en trabajo de redacci\u00f3n del \u201cReglament per al desenvolupament del Text Ref\u00f3s de la Llei 10\/2004 de modificaci\u00f3 de la Llei 2\/2002 d&#8217;Urbanisme\u201d.<br \/>\n. 2002-2009. Trabajo para el proyecto de Ley de Igualdad, o de los derechos de las mujeres, en ICD.<br \/>\n. 2002-2009. An\u00e1lisis del proyecto de la nueva ley de la Vivienda y recomendaciones de g\u00e9nero.<\/p>\n<p>PUBLICACIONES (art\u00edculos, libros)<br \/>\n. \u00abM\u00e9thodes math\u00e9matiques dans l\u2019architecture\u00bb, en OCDL. Par\u00eds. 1971.<br \/>\n. \u00abM\u00e9todos matem\u00e1ticos en Arquitectura\u00bb, en la Revista de Arquitectura. Madrid. Julio-agosto. 1972.<br \/>\n. Art\u00edculo \u00abUrbanismo\u00bb en la Enciclopedia Larrousse. Barcelona. 1975.<br \/>\n. Art\u00edculo \u00abUrbanismo\u00bb en Avances del Saber. Enciclopedia Labor. Barcelona. 1975.<br \/>\n. \u00abR\u00e9aliser l\u2019utopie par le Taller de Arquitectura\u00bb, en Technique et Architecture n\u00ba 306. Octubre. 1975.<br \/>\n. \u00abTaller de Arquitectura\u00bb, en L\u2019Architecture d\u2019Aujourd\u2019hui n\u00ba 182. Par\u00eds. 1975.<br \/>\n. \u00abPropuesta para un nuevo urbanismo a trav\u00e9s de la configuraci\u00f3n del espacio\u00bb, en Humanismo y Tecnolog\u00eda en el mundo actual, CSIC. Madrid. 1977.<br \/>\n. Art\u00edculo \u00abTaller de arquitectura\u00bb, en Wohnen-Tabk n\u00ba 8. Alemania. 1979.<br \/>\n. \u00abDona i Habitatge\u00bb, en Quaderns d\u2019Alliberament n\u00ba 6, Editorial La Magrana. Abril. 1981.<br \/>\n. \u00abL\u2019Arquitectura dels nostres homes\u00bb. Diario de Barcelona. 30 de abril. 1981.<br \/>\n. Entrevista y reportaje. \u00abDocument: Anna Bofill, architecte et musicienne\u00bb, en Des Femmes en Mouvement Hebdo. Par\u00eds. 1981.<br \/>\n. Traducci\u00f3n al catal\u00e1n y pr\u00f3logo del libro de Iannis Xenakis \u00abMusique et Architecture\u00bb. Antoni Bosch Editor. Barcelona. 1982.<br \/>\n. Publicaci\u00f3n de \u00abLa P\u00e9rgola y Les Portes de la Mer\u00bb, en Architecture Mediterran\u00e9enne. Marseille. 1983.<br \/>\n. Publicaci\u00f3n ponencia en actas del 2\u00ba Congr\u00e9s de la Dona a Catalunya, Institut Catal\u00e0 de la Dona, 1992.<br \/>\n. Art\u00edculo \u00abLes dones i el medi urb\u00e0\u00bb, en L\u2019informatiu Dona, n\u00fam, 18, CIRD, Ayuntamiento de Barcelona.<br \/>\n. Art\u00edculo \u00abBarcellona, una citt\u00e1 da vivere\u00bb, en \u00abL&#8217;oro delle vicine di casa\u00bb, Quaderni di Via Dogana. Milano, Italia. 1998.<br \/>\n. Publicaci\u00f3n \u00abLas Mujeres y la Ciudad, manual de recomendaciones para una concepci\u00f3n del entorno habitado desde el punto de vista del g\u00e9nero\u00bb, en colaboraci\u00f3n con R. M. Dumenj\u00f3 y Isabel Segura, edita Fundaci\u00f3 Maria Aur\u00e8lia Capmany. Barcelona. 1998.<br \/>\n. Art\u00edculo \u00abReflexions sobre l\u2019habitatge a la ciutat\u00bb, en \u00abRevista de treball social\u00bb, n\u00fam. 150, junio 1998.<br \/>\n. Art\u00edculo \u00abUnha revoluci\u00f3n do domestico: Charlotte Perkings Gilmann\u00bb, en \u00abFesta da palabra silenciada\u00bb, Publicacion Galega Feminista, 1998.<br \/>\n. Art\u00edculo \u00abTeor\u00eda e pr\u00e1ctica do uso do espacio urbano\u00bb, en \u00abFesta da Palabra Silenciada\u00bb, Publicacion Galega Feminista. 1998.<br \/>\n. Ponencia \u00abLa ciudad habitable\u00bb, en \u00abII Encuentro de mujeres en la arquitectura\u00bb. Direcci\u00f3n General de la Mujer, n\u00ba 13. Comunidad de Madrid. 1999.<br \/>\n. \u00abRecomendaciones para un entorno habitado\u00bb, en \u00abMujer y arquitectura\u00bb, dossier 8 de marzo, Direcci\u00f3n General de la Mujer. Comunidad de Madrid, n\u00ba 34. 1999.<br \/>\n. Conferencia \u00abL\u2019amenagement urbain et l\u2019architecture, facteurs de securit\u00e8 et s\u00e8curisation?\u00bb, en las actas del \u00abForum Europ\u00e9en, S\u00e8cucites, Femmes\u00bb, Frankfurt, 30 Sept\/1 Oct. 1999; Ed. Forum Europ\u00e9en pour la S\u00e9curit\u00e9 Urbaine. Par\u00eds, Francia. 2000.<br \/>\n. Voz \u00abAnna Bofill Levi\u00bb en el \u00abCD rom, de ARVHA\u00bb, L\u2019Architecture au f\u00e9minin, 2000.<br \/>\n. Ponencia \u00abUna nueva concepci\u00f3n de la ciudad para su adecuaci\u00f3n a la vida cotidiana\u00bb, en \u00abUna nueva sociedad: mujeres y hombres a partes iguales\u00bb, actas del curso organizado por la Direcci\u00f3n General de la Mujer en la Universidad Complutense de El Escorial (29 julio-2 agosto de 2002). Edita: DGM. Comunidad de Madrid, n\u00ba 29.<br \/>\n. \u00abGu\u00eda metodol\u00f3gica para la incorporaci\u00f3n de la perspectiva de g\u00e9nero en las agendas locales 21 y en los planes de urbanismo en Canarias\u00bb. Editada en CD por el Gobierno de Canarias, Consejer\u00eda de Medio Ambiente y Ordenaci\u00f3n Territorial. DL B-15812-2005. Como principal investigadora y asesora del equipo redactor.<br \/>\n. \u00abPlanejament urban\u00edstic, espais urbans i espais interiors des de la perspectiva de les dones\u00bb, Quaderns de L&#8217;Institut-6, Generalitat de Catalunya, Institut Catal\u00e0 de les Dones y Departament de Pol\u00edtica Territorial i Obres P\u00fabliques. Barcelona, noviembre 2005. ISBN: 84-393-6903-4.<br \/>\n. Entrevista realizada por la arquitecta Itziar Gonz\u00e1lez-Vir\u00f3s en \u00abQuaderns d\u2019Arquitectura i Urbanisme\u00bb n\u00fam. 250, verano 2006.<br \/>\n. \u00abVivienda y espacio comunitario\u00bb, ponencia recogida en \u00abUrbanismo y G\u00e9nero, una visi\u00f3n necesaria para todos\u00bb, de las Jornadas del mismo t\u00edtulo que tuvieron lugar en Barcelona en abril de 2005, por la Diputaci\u00f3 de Barcelona, el Institut Catal\u00e0 de les Dones, el Col\u00b7legi d\u2019Arquitectes y la Escola T\u00e8cnica Superior d&#8217;Arquitectura de Barcelona. Junio de 2006. ISBN: 84-9803-140-0.<br \/>\n. \u00abGuia per al planejament urban\u00edstic i l\u2019ordenaci\u00f3 urban\u00edstica amb la incorporaci\u00f3 de criteris de g\u00e8nere\u00bb. Col\u00b7lecci\u00f3 Eines, n\u00fam. 11, Institut Catal\u00e0 de les Dones, Departament de Pol\u00edtica Territorial i Obres P\u00fabliques, Generalitat de Catalunya. Barcelona, 2008. DL: B-51648-2008.<br \/>\n. \u00abGeneration of Forms: Space to inhabit, Time to Think, K\u00fcnstlerische Formgebung: Raum zum Wohnen, Zeit f\u00fcr Reflexion\u00bb (Generaci\u00f3n de Formas: espacio para habitar, tiempo para pensar), The Schelling Lectures, Deutscher Kunstverlag. Berlin M\u00fcnchen. 2009.<br \/>\n. \u00abUrbanisme i g\u00e8nere. L\u2019urbanisme des de la pol\u00edtica de les dones\u00bb. En \u00abBarcelona Societat\u00bb, n\u00fam. 19. Ajuntament de Barcelona. Diciembre de 2010.<br \/>\n. \u00abHacia modelos alternativos de ciudad compatibles con una sociedad inclusiva\u00bb. En \u201cEstudios urbanos, g\u00e9nero y feminismo. Teor\u00edas y experiencias\u201d. Edita Col\u00b7lectiu Punt 6. (2012). ISBN: 978-84-616-7657-6.<br \/>\n. Pr\u00f3logo al libro \u00abLa Cuina. El laboratori dom\u00e8stic de la Barcelona Moderna (1859-1976)\u00bb de Isabel Segura. Editorial Comanegra. Barcelona 2017.<\/p>\n<p>COMUNICACIONES Y PONENCIAS PRESENTADAS A CONGRESOS. CONFERENCIAS<br \/>\n. 1971. Comunicaci\u00f3n \u201cM\u00e9todos Matem\u00e1ticos en Arquitectura\u201d en el Congreso Internacional sobre \u201cLa Concretizaci\u00f3n en las matem\u00e1ticas\u201d, en Frykssas, Suecia.<br \/>\n. 1973. Comunicaci\u00f3n sobre \u00abLos proyectos y las obras del Taller de Arquitectura\u00bb en el Congreso Internacional de Dise\u00f1o y Arquitectura en Aspen, Colorado. USA.<br \/>\n. 1974. Conferencia sobre \u00abLos proyectos y las obras del Taller de Arquitectura\u00bb en la Escuela de Bellas Artes de Lille, Francia, por invitaci\u00f3n del Ministerio de Cultura Franc\u00e9s.<br \/>\n. 1975. Conferencia \u201cAlternativas para una Arquitectura Urbana\u201d en la Escuela Polit\u00e9cnica de Eindhoven, Holanda.<br \/>\n. 1975. Invitada por el Royal College of Art de Londres a participar en el Congreso sobre \u00abProblemas Pol\u00edticos en la Arquitectura y el Urbanismo\u00bb.<br \/>\n. 1976. Ciclo de conferencias sobre \u00abGeneraci\u00f3n de formas\u00bb, en colaboraci\u00f3n con el matem\u00e1tico Eduard Bonet, en:<br \/>\n&#8211; Mc Gill University. Montreal, Canad\u00e1.<br \/>\n&#8211; University of Toronto. Canad\u00e1.<br \/>\n&#8211; Carleton University. Ottawa, Canad\u00e1.<br \/>\n&#8211; Laval University. Quebec, Canad\u00e1.<br \/>\n&#8211; Columbia University. New York, USA.<br \/>\n&#8211; Yale University. Boston, Conneticut, USA.<br \/>\n&#8211; Illinois Institute of Technologiy. Chicago, USA.<br \/>\n&#8211; Rice University. Houston, Texas, USA.<br \/>\n. 1976. Conferencia \u201cArquitectura y Ciencia\u201d en la sociedad filos\u00f3fica Javier Zubiri en Madrid.<br \/>\n. 1976. Conferencia sobre \u00abLos proyectos y las obras del Taller de Arquitectura\u00bb en la Escuela de Arquitectura de Luminy, Marseille, Francia.<br \/>\n. 1976. Conferencia \u201cEl dise\u00f1o como respuesta a los sue\u00f1os de las personas\u201d en el Congreso Internacional de Mujeres Arquitectas (UIFA) en Ramsar. Ir\u00e1n.<br \/>\n. 1977. Conferencia sobre \u00abEl Taller de Arquitectura\u00bb en Porsmouth Polytechnic. Inglaterra.<br \/>\n. 1977. Conferencia \u201cPropuesta de un nuevo urbanismo a trav\u00e9s de la configuraci\u00f3n del espacio\u201d en las Jornadas Internacionales de Investigaci\u00f3n Humanista del C.S.I.C. Madrid.<br \/>\n. 1977. Participaci\u00f3n en el Primer Congreso Mundial de \u00abLa Matem\u00e1tica al servicio del hombre\u00bb. Barcelona.<br \/>\n. 1978. Conferencia sobre \u00abLa arquitectura de Catalu\u00f1a\u00bb en el marco de la exposici\u00f3n de \u00abArquitectura catalana\u00bb en el Centro Pompidou. Par\u00eds, Francia.<br \/>\n.  1978. Conferencia en la University of Southern California. Los Angeles, USA.<br \/>\n. 1978. Conferencia en Berkeley School of Architecture. California, USA.<br \/>\n. Conferencia en UCLA. Los Angeles, California, USA.<br \/>\n. 1979. Participaci\u00f3n en la mesa redonda \u201cFa\u00e7onner l\u2019espace, humaniser l\u2019environnement\u201d animada por Henry Lefevre, con Gae Aulenti, Jean-Fran\u00e7ois Dhuys, Marie-Christine Gangneux y Henri Raymond, dentro del Coloquio Internacional \u00abChoisir de donner la vie\u00bb. Organizado por Giselle Halimi y Jacqueline Nonon. Sede de la UNESCO. Par\u00eds, domingo 7 de octubre.<br \/>\n. 1979. Conferencia sobre los proyectos del \u00abTaller de Arquitectura\u00bb, en el Centro de Arte y Comunicaci\u00f3n de Buenos Aires, en el Colegio de Arquitectos de C\u00f3rdoba y en el de Rosario. Argentina.<br \/>\n. 1980. Conferencia en la Escuela de Arquitectura de Oslo. Noruega.<br \/>\n. 1980. Conferencia en la Asociaci\u00f3n de Arquitectos de Oslo. Noruega.<br \/>\n. 1980. Conferencia en la Escuela de Arquitectura de Trondheim. Noruega.<br \/>\n. 1980. Conferencia y coloquio sobre \u201cArquitectura y urbanismo en zonas tur\u00edsticas\u201d. Palma de Mallorca.<br \/>\n. 1980. Conferencia en la Bayerishe Architektenkammer de Munich. Alemania.<br \/>\n. 1980. Conferencia en la Escuela de Arquitectura de Darmstad. Alemania.<br \/>\n. 1980. Conferencia en la Escuela de Arquitectura de Graz. Austria.<br \/>\n. 1980. Ponencia \u00abPatriarcat i habitatge\u00bb, en las \u00abIes Jornades de Feministes Independents\u00bb, Universitat de Barcelona.<br \/>\n. 1981. Conferencia sobre \u201cMujer y h\u00e1bitat\u201d, en el ciclo organizado por el Departament de<br \/>\nSociologia de la Universitat de Barcelona.<br \/>\n. 1981. Conferencia \u00abMujer y arquitectura\u00bb en la Caja de Pensiones de Bilbao.<br \/>\n. 1981. Participaci\u00f3n en la mesa redonda sobre \u00abEl futuro de la ciudad\u00bb organizada por el Centro Internacional de la Mujer en el Pensamiento y la Ciencia. Par\u00eds.<br \/>\n. 1981. Conferencia en el Museo de Arte Moderno de San Francisco. California, USA.<br \/>\n. 1982. Conferencia en el Ayuntamiento de Montpellier sobre \u00abLa ciudad y el Genius Loci\u00bb.<br \/>\n. 1982. Ponencia \u00abLa femme et l&#8217;habitat\u00bb para el congreso de mujeres de \u00abMouvement des Femmes\u00bb, en Manherbes, Avignon, Francia.<br \/>\n. 1985. Conferencia en el Centre Lacordaire sobre \u00abLa Ciudad del Futuro\u00bb. Montpellier, Francia.<br \/>\n. 1985. Ponencia \u00abUrbanismo y mujer\u00bb, en \u00abTrobades del Deceni de la Dona\u00bb, Asociaci\u00f3n para las Naciones Unidas en Espa\u00f1a.<br \/>\n. 1986. Participaci\u00f3n en el coloquio sobre l\u2019\u00bbEnseignement de l\u2019Informatique\u00bb en la Escuela de Arquitectura de Montpellier, Francia.<br \/>\n. 1987. Participaci\u00f3n en el Simposium \u00abDesign Interaction\u00bb en la Escuela de Arquitectura de Portsmouth, con una ponencia sobre mis \u00faltimos proyectos, debate y coloquio. Portsmouth, Inglaterra.<br \/>\n. 1987. Conferencia en la Escuela de Arquitectura de Delft, Holanda.<br \/>\n. 1987. Conferencia en la Academia Van Bouw Kunst de \u00c1msterdam, Holanda.<br \/>\n. 1989. Conferencia-concierto sobre \u00abArquitectura y M\u00fasica\u00bb en el seminario sobre \u00abT\u00e9cnica y Metr\u00f3polis\u00bb de la Universitat T\u00e8cnica d\u2019Estiu a Catalunya de la Fundaci\u00f3n Narc\u00eds Monturiol.<br \/>\n. 1991. Conferencia sobre \u00abMujer y arquitectura\u00bb en el Instituto Andaluz de la Mujer de Sevilla.<br \/>\n. 1992. Participaci\u00f3n en mesa redonda en el \u00ab2n Congr\u00e9s de la Dona a Catalunya\u00bb.<br \/>\n. 1996. Ponencia \u00abL\u2019espai urb\u00e0: de dins a fora de les fa\u00e7anes\u00bb, en las jornadas \u201cLes dones canviem els temps\u201d, Ajuntament de Barcelona.<br \/>\n. 1996. Ponencia \u00abLas mujeres y la ciudad\u00bb en el \u00abCongreso de Eurofem sobre Pol\u00edticas del Tiempo\u00bb, Aosta, Italia, Septiembre.<br \/>\n. 1997. Ponencia \u00abTeoria i pr\u00e0ctica de l\u2019\u00fas de l\u2019espai urb\u00e0\u00bb, en las jornadas \u201cDones, ciutat i treball\u201d, Lleida.<br \/>\n. 1977. Ponencia \u00abAn\u00e0lisi i planificaci\u00f3 del medi urb\u00e0 des d&#8217;una perspectiva de g\u00e8nere\u00bb para la mesa redonda de las Jornadas \u201cCatalunya cap al 2000\u201d, del ICD de la Generalitat de Catalunya.<br \/>\n. 1997. Conferencia sobre \u00abMujer y arquitectura\u00bb, en el Centro de Cultura Popular Montserrat, Barcelona.<br \/>\n. 1997. Presentaci\u00f3n y moderaci\u00f3n de la mesa redonda y del debate en el \u201cF\u00f3rum Internacional de planificaci\u00f3n desde una perspectiva de g\u00e9nero\u201d, Barcelona.<br \/>\n. 1997. Conferencia \u00abDise\u00f1ar para el uso del espacio en la vida cotidiana\u00bb, en las Jornadas \u201cLa ciudad con, de, desde, para, seg\u00fan las mujeres\u201d, F\u00f3rum Feminista Mar\u00eda de Maeztu, Vitoria.<br \/>\n. 1998. Conferencia \u00abDe la vivienda al espacio intermedio\u00bb, en el Seminario Internacional \u201cH\u00e1bitat, espacio urbano y movilidad\u201d del proyecto \u201cLas mujeres y la ciudad\u201d dentro del \u00abIV Plan a medio plazo para la igualdad de oportunidades para mujeres y hombres de la Comunidad Europea\u00bb, Barcelona.<br \/>\n. 1998. Preparaci\u00f3n de la comunicaci\u00f3n \u00abLas mujeres, los espacios y los tiempos en Barcelona\u00bb (con Isabel Segura) para el \u00abIr Congr\u00e9s de Dones de Barcelona\u00bb, convocado por el Ajuntament de Barcelona, que se celebr\u00f3 en enero de 1999.<br \/>\n. 1998. Conferencia \u00abTeoria i pr\u00e0ctica per a l\u2019\u00fas de l\u2019espai a la vida quotidiana\u00bb, en la jornada \u201cLa dona present a la ciutat\u201d, Consell Comarcal del Garraf, Vilanova i la Geltr\u00fa.<br \/>\n. 1998. Ponencia sobre \u00abLa ciudad\u00bb, en las \u00abXI Jornadas de participaci\u00f3n de madres y padres en la escuela\u00bb, Cerdanyola del Vall\u00e8s. Barcelona.<br \/>\n. 1998. Comunicaci\u00f3n y Workshop en la \u00abConferencia Internacional de Eurofem\u00bb, Hammenlinna, Finlandia.<br \/>\n. 1998. Participaci\u00f3n y presentaci\u00f3n del proyecto \u00abLas Mujeres y la ciudad\u00bb en la Conferencia \u201cMainstreaming Sex Equality in the Public Sector\u201d. Equal Opportunity Commission. UK Presidency of the Euopean Union. Junio 1998. Londres.<br \/>\n. 1998. Staff del equipo de investigaci\u00f3n del proyecto \u201cCriteria for the Success of a Mainstreaming approach to Gender Equality\u201d del \u00abCenter for Regional Economic and Social Research de Sheffield Hallam University\u00bb, Reino Unido.<br \/>\n. 1998. Participaci\u00f3n y conferencia \u201cLa ciudad habitable\u201d en los \u00abII Encuentros de Mujeres en la Arquitectura\u00bb. Instituto Espa\u00f1ol de Arquitectura. Universidad de Alcal\u00e1 de Henares. Madrid.<br \/>\n. 1998. Conferencia \u201cWomen, Daily Life and Urban Environment\u201d en el curso internacional \u201cWomen and the environment, a gender perspective: from the global to the local\u201d. Julio. Departamento de Geograf\u00eda. Universidad Aut\u00f3noma de Barcelona.<br \/>\n. 1998. Ponencia \u201cLa planificaci\u00f3n urbana y el medio ambiente. Un urbanismo integrador\u201d en el Curso de verano del PSOE \u201cLa pol\u00edtica municipal con perspectiva de g\u00e9nero\u201d.<br \/>\n. 1998. Seminario \u00abLas mujeres y la ciudad\u00bb, en Halle, Sachsen-Anhalt, Alemania, marzo.<br \/>\n. 1999. Participaci\u00f3n en la mesa redonda \u201cDones creatives\u201d, SGAE, Barcelona, enero.<br \/>\n. 1999. Elaboraci\u00f3n de la ponencia \u201cL\u2019espai urb\u00e0, els temps i les dones\u201d, en colaboraci\u00f3n con Isabel Segura, dentro del \u00abIer Congr\u00e9s de les dones de Barcelona\u00bb, 15 y 16 de enero.<br \/>\n. 1999. Conferencia \u201cInvestigar y actuar desde una perspectiva de g\u00e9nero sobre el entorno habitado\u201d, en el ciclo \u00abPaisaje urbano, paisaje humano\u00bb de la Caja de Ahorros del Mediterr\u00e1neo, Alicante, enero.<br \/>\n. 1999. \u00abSeminario sobre la ciudad\u00bb, en el ciclo \u00abPaisaje urbano, paisaje humano\u00bb, de la Caja de Ahorros del Mediterr\u00e1neo, Valencia, 3 y 4 de marzo.<br \/>\n. 1999. Ponencia en el seminario \u201cVivienda contempor\u00e1nea-vivienda corresponsable\u201d de la Generalitat Valenciana, en la Escuela de Arquitectura, Valencia, marzo.<br \/>\n. 1999. Conferencia \u00abLa ciutat que les dones volem\u00bb, Auditori de la Caixa de Manlleu. 19 de marzo.<br \/>\n. 1999. Presentaci\u00f3n del libro \u00abLes dones i la ciutat\u00bb, Consell Comarcal del Garraf, Vilanova i la Geltr\u00fa, 23 de marzo.<br \/>\n. 1999. Seminario \u00abUrbanismo y G\u00e9nero\u00bb. Concejal\u00eda de la Mujer, Ayuntamiento de Pamplona, 6 y 7 de mayo.<br \/>\n. 1999. Conferencia \u00abRecomendaciones para un entorno habitado y el caso de la ciudad de Barcelona\u00bb, en \u00abIII Encuentro en la Arquitectura\u00bb, Universidad de Alcal\u00e1, Madrid. 9 de mayo.<br \/>\n. 1999. Participaci\u00f3n en la exposici\u00f3n \u00abLa mujer construye\u00bb. Alcal\u00e1 de Henares, Claustro de la Universidad.<br \/>\n. 1999. Mesa redonda sobre \u00abLa mujer en el siglo XXI\u00bb. Casa de la Cultura de Oquendo, Donostia. 11 de mayo.<br \/>\n. 1999. Conferencia \u00abLa ciudad diferencial de la mujer\u00bb. Jornadas sobre \u00abLa ciudad desigual\u00bb. Fundaci\u00f3n Pablo Iglesias. Madrid, 13 de mayo.<br \/>\n. 1999. Conferencia \u00abMujeres, ciudad y vida cotidiana\u00bb. Foro de debate \u00abEl siglo de las mujeres. Las mujeres hacemos futuro\u00bb. Gij\u00f3n, 14 y 15 de mayo.<br \/>\n. 1999. Debate \u201cThe experience of the Catalan women since the restoration of Democracy\u201d en el programa \u201cSocial Exclusion and Poverty: Economic Development and Social Inclusion\u201d del European Institute of Public Administration. 20 de junio.<br \/>\n. 1999. Seminario del \u00abForum Europ\u00e9en S\u00e9curit\u00e9 Urbaine: S\u00e9cuCit\u00e9s Femmes\u00bb. Frankfurt, 30 de septiembre y 1 de octubre con la ponencia \u00abAm\u00e9nagement urbain et architecture, facteurs de s\u00e9curit\u00e9 et de s\u00e9curisation. De la conception \u00e0 l\u2019appropiation par les deux sexes: qu\u2019en est-il?\u00bb Y la mesa redonda \u00abUrbanisme et ins\u00e9curit\u00e9. Que nous apprennent les marches exploratoires? Six villes r\u00e9pondent\u00bb.<br \/>\n. 1999. Presentaci\u00f3n del libro \u201cLe donne e la citt\u00e1\u201d en los municipios de Roma y Napoli. Noviembre.<br \/>\n. 2000. Clase a los Cuerpos de Seguridad del Estado sobre \u201cLa seguridad urbana\u201d en el Instituto Universitario Ortega y Gasset. 2 de febrero, Madrid.<br \/>\n. 2000. Seminario \u201cEl poble que nosaltres volem\u201d, para buscar el h\u00e1bitat deseado con un grupo de habitantes y miembros del municipio en el Ajuntament de Vallromanes, 22 y 23 de septiembre.<br \/>\n. 2000. Conferencia \u201cMi experiencia y mis proyectos\u201d en el coloquio europeo sobre \u201cArchitecture au f\u00e9minin, les metiers de la r\u00e9habilitation\u201d, 28 y 29 septiembre. ARVHA, Par\u00eds, \u00c9cole d&#8217;Architecture.<br \/>\n. 2000. Primera sesi\u00f3n del \u00abF\u00f3rum de urbanismo\u00bb de Vallromanes. Noviembre.<br \/>\n. 2000. Ponencia en Burgos y mesa redonda \u00abLas mujeres y la ciudad\u00bb, 7 de noviembre.<br \/>\n. 2001. Curso para los Cuerpos de Seguridad del Estado en el Instituto Ortega y Gasset sobre \u00abLa seguridad en las ciudades\u00bb, Madrid, 16 de enero.<br \/>\n. 2001. Charla sobre \u00abAntigone apr\u00e9s 20 ans\u00bb en Montpellier, 23 de febrero.<br \/>\n. 2001. Conferencia \u00abLas mujeres y la ciudad\u00bb en la Universidad de Sevilla, con el Instituto Andaluz de la Mujer, 24 de enero.<br \/>\n. 2001. Reuni\u00f3n con Rodr\u00edguez Zapatero y Cristina Narbona en Madrid, 29 de enero.<br \/>\n. 2001. Seminario en Cornell\u00e0 \u00abLes dones i la ciutat\u00bb, febrero.<br \/>\n. 2001. Premio 8 de marzo M. A. Capmany del Ajuntament de Barcelona, con el proyecto \u00abChristine de Pizan\u00bb sobre las mujeres y la seguridad urbana.<br \/>\n. 2001. Cornell\u00e0, f\u00f3rum sobre transporte, 27 de marzo.<br \/>\n. 2002. Conferencia sobre \u00abDona i urbanisme\u00bb en la Aliance Francaise de Sabadell, 28 de febrero.<br \/>\n. 2002. Participaci\u00f3n en el \u00abCongr\u00e9s de dones del Baix Llobregat\u00bb como delegada por la ponencia \u00abOcupaci\u00f3, formaci\u00f3 i serveis\u00bb. 1 y 2 de marzo.<br \/>\n. 2002. Ponente de la mesa redonda \u00abDona i urbanisme\u00bb dentro de la celebraci\u00f3n del 8 de marzo del Instituto Balear de la Mujer, en Palma de Mallorca, 6 de marzo.<br \/>\n. 2002. Presentaci\u00f3n del resultado del trabajo del proyecto \u00abChristine de Pizan\u00bb, en la entrega de premios del 8 de marzo del Ajuntament de Barcelona en el Sal\u00f3 de Cent, 8 de marzo.<br \/>\n. 2002. Conferencia en el Centro C\u00edvico Bes\u00f3s sobre \u00abLas mujeres y la ciudad\u00bb, 14 de marzo.<br \/>\n. 2002. Conferencia sobre \u00abMujer y urbanismo\u00bb en \u00dabeda (Ja\u00e9n) en la jornada de \u00abMujer y ciudad\u00bb organizada por el Centro de Documentaci\u00f3n de la Mujer, 15 de marzo.<br \/>\n. 2002. Seminario \u00abLas mujeres y la ciudad\u00bb, abril. Le\u00f3n.<br \/>\n. 2002. Conferencia \u00abG\u00e9nero, ciudad y urbanismo\u00bb en el \u00abSegundo seminario internacional Infraestructuras para la vida cotidiana\u00bb, 27 y 28 de mayo, Escuela de Arquitectura, UPM, Madrid.<br \/>\n. 2002. Conferencia y mesa redonda sobre \u00abSeguridad y arquitectura\u00bb en el \u00abCurso de verano de Seguridad\u00bb organizado por la empresa Securitas, Universidad de Alcal\u00e1 de Henares, 3 de julio.<br \/>\n. 2002. Conferencia \u00abUna nueva concepci\u00f3n de la ciudad para su adecuaci\u00f3n a la vida cotidiana\u00bb en el curso de verano de la UCM en San Lorenzo de El Escorial, \u00abUna nueva sociedad: mujeres y hombres a partes iguales\u00bb, 31 de julio.<br \/>\n. 2002. Ponencia en el Simposio \u00abMujeres y espacios urbanos\u00bb, Facultad de Geograf\u00eda e Historia, Universidad Complutense de Madrid, 17 y 18 octubre.<br \/>\n. 2002. Ponencia marco \u00abUna visi\u00f3n transformadora: espacios con perspectiva de g\u00e9nero\u00bb en el I Congreso en Cantabria, \u00abPlanificaci\u00f3n urban\u00edstica desde la perspectiva de g\u00e9nero\u00bb. Santander, 27 noviembre, Palacio de la Magdalena.<br \/>\n. 2003. Seminario \u00abLas mujeres y la ciudad\u00bb, Oviedo, marzo.<br \/>\n. 2003. Ponencia \u00abLa perspectiva de g\u00e9nero en el espacio urbano\u00bb, en la jornada \u00abG\u00e9nero y medio ambiente: la incorporaci\u00f3n de la igualdad de oportunidades en la pol\u00edtica ambiental\u00bb, 25 abril, La Laguna, Canarias.<br \/>\n. 2003. Participaci\u00f3n en la mesa redonda \u00ab\u00bfPor qu\u00e9 la ciudad tiene que estudiarse desde un enfoque de g\u00e9nero?\u00bb, en el seminario \u00abG\u00e8nere, espais p\u00fablics i ciutat\u00bb, Departamento de Geograf\u00eda de la Universidad Aut\u00f3noma de Barcelona, mayo.<br \/>\n. 2003. Seminario \u00abFormaci\u00f3n de dinamizadoras para la realizaci\u00f3n del seminario Las mujeres y la ciudad\u00bb, Instituto de la Mujer, 7 y 8 de octubre, Oviedo.<br \/>\n. 2003. Conferencia marco \u201cG\u00e9nero y ciudad. Configuraci\u00f3n del espacio urbano y planificaci\u00f3n de los tiempos desde la \u00f3ptica de las mujeres\u201d en las jornadas \u201cLa ciudad de las mujeres: g\u00e9nero y urbanismo\u201d. 12 y 13 de diciembre, en Universidad de La Laguna, Tenerife, organizada por la Asociaci\u00f3n Mercedes Machado. Y ponencia sobre arquitectura y seguridad \u201cProyecto Christine de Pizan\u201d.<br \/>\n. 2004. Conferencia \u00abG\u00e9nero y espacio urbano o el espacio urbano y su impacto en las mujeres\u00bb, Bilbao, Hotel Sheraton, 22 diciembre, Asociaci\u00f3n de Mujeres Empresarias.<br \/>\n. 2004. Conferencia marco \u00abLa perspectiva de g\u00e9nero en la configuraci\u00f3n del espacio construido\u00bb y ponencia \u00abEl urbanismo y la arquitectura como factores de prevenci\u00f3n de la violencia. Experiencia Barcelona\u00bb, en el seminario \u00abUrbanismo y violencia de g\u00e9nero\u00bb del Ayuntamiento de Vitoria-Gasteiz, 23 y 24 de enero.<br \/>\n. 2004. Conferencia \u00abDona i habitatge. Com volem viure les dones a Sant Just?\u00bb, 8 de marzo en Sant Just Desvern.<br \/>\n. 2004. Conferencia \u00abL&#8217;espai urb\u00e0 amb la mirada de les dones\u00bb, 10 de marzo en Sant Joan Desp\u00ed.<br \/>\n. 2004. Seminario-taller \u00abViaje por lo des\/conocido\u00bb dentro del curso para el Plan de Igualdad, en Alcal\u00e1 la Real (Ja\u00e9n), junio.<br \/>\n. 2004. Conferencia en las jornadas de urbanismo y g\u00e9nero de la Universidad de  Granada, organizadas por \u00abLa mujer construye\u00bb y por la Universidad de Granada. Cancelo la participaci\u00f3n por fractura de maleolo. Aconsejo vaya Isabel Segura.<br \/>\n. 2004. Conferencia \u00abOrganizaci\u00f3n del entorno construido con criterios de g\u00e9nero\u00bb en la Jornada de formaci\u00f3n de la Comisi\u00f3n de Urbanismo de la Concejal\u00eda de la Mujer del Municipio de San Mart\u00edn del Rey Aurelio, Asturias, 3 de noviembre.<br \/>\n. 2004. IV Congreso de Mujeres S.M.R.A. \u00abDimensi\u00f3n arquitect\u00f3nica del urbanismo para una mejor vida cotidiana\u00bb y taller. El Entrego,  Asturias, 4 de noviembre.<br \/>\n. 2005. Curso de postgrado sobre \u00abUrbanisme i dona\u00bb en el curso \u00abG\u00e8nere i Ciutadania\u00bb en la Universitat Rovira i Virgili. Tarragona, enero.<br \/>\n. 2005. Conferencia \u00abEspai p\u00fablic i habitatge\u00bb, en el Centre C\u00edvic de Sant Mart\u00ed de Proven\u00e7als, Barcelona, 26 enero.<br \/>\n. 2005. Participaci\u00f3n en el curso sobre \u00abUrbanisme i g\u00e8nere\u00bb, para arquitectas y ge\u00f3grafas, Escola d\u2019Administraci\u00f3 P\u00fablica, Barcelona, ICD, 2, 3, 9 y 10 de febrero.<br \/>\n. 2005. Conferencia \u00abLa transformaci\u00f3 de l&#8217;entorn des de la perspectiva de g\u00e8nere\u00bb, Escola d&#8217;Administraci\u00f3 P\u00fablica, 7 de marzo.<br \/>\n. 2005. Conferencia \u00abQu\u00e8 podem aportar les dones a la recuperaci\u00f3 del Barri Hist\u00f2ric?\u00bb organizada por la Regidoria de Participaci\u00f3 Ciutadana, Tortosa, 9 de marzo.<br \/>\n. 2005. Conferencia \u00abLes dones i la transformaci\u00f3 de l&#8217;entorn\u00bb, acto del ICD de la celebraci\u00f3n del 8 de marzo, edificio de La Caixa de Girona, Girona, 11 de marzo.<br \/>\n. 2005. Ponencia \u00abHabitatge i espai comunitari\u00bb, participaci\u00f3n en mesa redonda y taller de experiencias, en las Jornadas \u00abUrbanismo y g\u00e9nero, una visi\u00f3n necesaria para todo el mundo\u00bb organizadas por Diputaci\u00f3 de Barcelona, Institut Catal\u00e0 de les Dones, Col\u00b7legi d&#8217;Arquitectes de Catalunya y la ETSAB. Abril.<br \/>\n. 2005. Clase sobre Vivienda en la Escola d\u2019Arquitectura de Barcelona, en \u201cLa vivienda sin g\u00e9nero\u201d de Zaida Muix\u00ed. Abril.<br \/>\n. 2005. Taller sobre el \u201cWalden-7\u201d en la Escuela de Arquitectura de Barcelona. Abril.<br \/>\n. 2005. Entrevista en la revista \u00abClara\u00bb, sobre urbanismo y vivienda. 11 de mayo.<br \/>\n. 2005. Conferencia \u201cUrbanismo, espacios p\u00fablicos y vivienda, instrumentos de acci\u00f3n\u201d en C\u00f3rdoba. 8 de junio.<br \/>\n. 2005. Ponencia \u00abLes dones en la transformaci\u00f3 de l&#8217;entorn\u00bb en las Jornadas de verano \u00abM\u00f3n local i pol\u00edtiques de dones\u00bb organizadas por el Institut Catal\u00e0 de les Dones. Y taller sobre el tema. Barcelona. Junio.<br \/>\n. 2005. Conferencia sobre \u00abVivienda y espacio comunitario\u00bb en las \u00abV Jornadas Mujer y Ciudad\u00bb organizadas por \u00abLa Mujer Construye\u00bb y el Ayuntamiento de Madrid, en la Fundaci\u00f3n Ortega y Gasset. Madrid, junio.<br \/>\n. 2005. Clase sobre \u00abPlaneamiento y Seguridad\u00bb en la Escuela de Administraci\u00f3n P\u00fablica de Catalu\u00f1a. Barcelona. 17 octubre.<br \/>\n. 2005. Presentaci\u00f3n del libro \u00abPlanejament urban\u00edstic, espais urbans i espais interiors des de la perspectiva de les dones\u00bb, editado por el Institut Catal\u00e0 de les Dones y el Departament de Pol\u00edtica Territorial i Obres P\u00fabliques de la Generalitat de Catalunya. Con Oriol Nel\u00b7lo, director de Planejament de la Generalitat, y Marta Selva, directora del ICD. Palau Robert, 7 de noviembre.<br \/>\n. 2005. Ponencia \u00abAccions cap a seguretat a l&#8217;espai f\u00edsic\u00bb en las Jornadas \u00abFer impensable la viol\u00e8ncia\u00bb para la prevenci\u00f3n de la violencia hacia las mujeres, del ICD. Y presentaci\u00f3n de la mesa redonda con Gerda Wekerle. Barcelona, 18 y 19 de noviembre.<br \/>\n. 2005. Ponencia sobre \u00abCriterios de planificaci\u00f3n desde la pol\u00edtica de las mujeres\u00bb, en el \u00abV Congreso sobre Urbanismo y Mujer\u00bb, del Ayuntamiento de San Mart\u00edn del Rey Aurelio, Asturias, 16 de noviembre.<br \/>\n. 2005. Ponencia \u00abLa ordenaci\u00f3n de la ciudad desde la perspectiva de g\u00e9nero\u00bb en \u00abEuskalHiria, Congreso sobre planeaminto territorial y sostenibilidad, 8 a\u00f1os de las DOT\u00bb, Gobierno Vasco, Vitoria-Gasteiz, 23 y 24 de noviembre.<br \/>\n. 2005. Seminario\/taller \u00abViaje por lo des\/conocido\u00bb, con la arquitecta Marta Fonseca, en Tortosa (Ferreries) para las asociaciones de mujeres, organizado por el Departament de les Dones (consellera Amparo Moreno). 2 y 3 de diciembre.<br \/>\n. 2006. Conferencia inaugural en la Jornada \u201cLes dones fem ciutat\u201d, en Terrassa, marzo.<br \/>\n. 2006. Mesa redonda en el Colegio de Arquitectos sobre \u00abArquitectura, Urbanismo y G\u00e9nero\u00bb, con Oriol Nel\u00b7lo. 16 de marzo.<br \/>\n. 2006. Seminario\/taller Jornadas Insulares \u201cUrbanismo y g\u00e9nero\u201d, con Zaida Muix\u00ed, en Santa Cruz de Tenerife, Canarias, para el Consejo Insular del \u00c1rea de Juventud, Educaci\u00f3n y Mujer. Dentro del Plan de Formaci\u00f3n de Mujer, 2005-2006, del Cabildo Insular de Tenerife, 6 y 7 de abril.<br \/>\n. 2006. Conferencia \u201cDones i ciutat. \u00das d\u2019espais i serveis\u201d, en las \u00abII Jornades sobre l\u2019Economia i l\u2019Ocupaci\u00f3. Les dones, motor de desenvolupament\u00bb. 27 de abril. Pabell\u00f3n de Suecia, Berga.<br \/>\n. 2006. Participaci\u00f3n en la mesa redonda \u201cLa Casa\u201d, en la Mostra \u201cFem Art 06\u201d organizada por la Mostra d\u2019Art de Ca la Dona con el Centre de Cultura de Dones Bonnemaison, 27 de mayo.<br \/>\n. 2006. Entrevista realizada por la arquitecta Itziar Gonz\u00e1lez Vir\u00f3s publicada en \u00abQuaderns d\u2019Arquitectura i Urbanisme\u00bb, n\u00fam. 250, verano 2006.<br \/>\n. 2006. Charla con las mujeres del barrio de Santa Eug\u00e8nia de Girona, para preparar el seminario de \u00abUrbanismo y g\u00e9nero\u00bb, para el Ajuntament de Girona. 12 mayo.<br \/>\n. 2006. Participaci\u00f3n en la mesa redonda de arquitectas, Colegio de Arquitectos. Barcelona, 27 mayo.<br \/>\n. 2006. Conferencia \u00abL\u2019ordenaci\u00f3 dels espais i els temps des de la perspectiva de les dones\u00bb, en Sant Boi de Llobregat, octubre.<br \/>\n. 2006. Seminario\/taller \u201cViatge pel des\/conegut\u201d, con la colaboraci\u00f3n de Marta Fonseca. Tortosa, 3 y 4 noviembre.<br \/>\n. 2006. Conferencia \u201cWalden-7: idea, geometr\u00eda, viviendas, espacios\u201d en el ciclo \u00abLaboratorio sobre la vivienda\u00bb, de la Escuela de Arquitectura de Barcelona. Noviembre.<br \/>\n. 2007. Ponencia \u201cL\u2019ordenaci\u00f3 dels espais i els temps des de la perspectiva de les dones\u201d, en el \u00abIr Congr\u00e9s de Dones del Barcelon\u00e8s Nord\u00bb. Marzo.<br \/>\n. 2007. Ponencia \u00abLa ordenaci\u00f3n de la ciudad desde la perspectiva de g\u00e9nero\u00bb en el curso de verano de la Universidad del Mar en Murcia, \u201cLos medios de comunicaci\u00f3n ante el reto de la igualdad: representaci\u00f3n de g\u00e9nero, estereotipos y cambio social\u201d. Junio, 2007.<br \/>\n. 2007. Ponencia \u201cLa transformaci\u00f3 de la ciutat des de la perspectiva de les dones: habitatge, equipament i espai p\u00fablic\u201d, en la Trobada Dones Aparelladores. Lleida.<br \/>\n. 2008. Ponencia \u201cReleyendo Death and life of Great American Cities y otros escritos de Jane Jacobs\u201d. Jornada \u00abLa Ciudad seg\u00fan Jane Jacobs\u00bb, 6 de marzo. Teatro C\u00f3mico Principal, C\u00f3rdoba. Coordinadora Rosa Colmenarejo.<br \/>\n. 2008. Conferencia \u201cRepensar la ciutat, els espais p\u00fablics i l\u2019arquitectura amb criteris de g\u00e8nere\u201d. Universitat Rovira i Virgili, Campus Bellissens (Reus), Facultat de Ci\u00e8ncies Econ\u00f2miques i Empresarials, 10 de marzo. Dentro de la \u00abI Setmana per la igualtat: homes i dones a la universitat\u00bb.<br \/>\n. 2008. Ponencia sobre \u00abUrbanismo y g\u00e9nero\u00bb en las \u00abJornadas sobre seguridad en las ciudades\u00bb organizadas por CIFAL y el Departament d\u2019Interior de la Generalitat de Catalunya.<br \/>\n. 2008. Participaci\u00f3n en la mesa redonda sobre la exposici\u00f3n \u201cTres edificios\u201d del Colegio de Arquitectos de Barcelona, para presentar el Walden-7. 29 mayo. Exposici\u00f3n del Walden del 19 de junio al 5 de julio.<br \/>\n. 2008. Ponencia \u201cMi experiencia en arquitectura y m\u00fasica\u201d en la jornada sobre \u00abOrientaci\u00f3n profesional y capacitaci\u00f3n en el liderazgo\u00bb, organizada por la Conselleria de Treball, el ICD y el Departamento de Igualdad de la Generalitat de Catalunya. 30 de junio.<br \/>\n. 2008. Ponencia \u201cOrdenaci\u00f3 de temps i espais des de la perspectiva de g\u00e8nere\u201d dentro de las II Jornadas de \u00abPol\u00edtiques de conciliaci\u00f3 i nous usos del temps\u00bb, del Ajuntament de Sant Sadurn\u00ed d\u2019Anoia, 23 de octubre.<br \/>\n. 2008. Ponencia sobre \u00abArquitectura y g\u00e9nero\u00bb dentro de la exposici\u00f3n \u00abViure a la Mediterr\u00e0nia\u00bb el d\u00eda de la presentaci\u00f3n del libro \u201cEl mas al Montseny\u201d y la conferencia sobre \u00abVertiente humana y social de la arquitectura tradicional\u00bb, Ajuntament de La Garriga, 12 de diciembre.<br \/>\n. 2009. Conferencia magistral \u00abGeneration of forms: space to inhabit, time to think. The Schelling Lecture on the Arts and Humanities\u00bb. Internationale Schelling Vorlesung an der Akademie der Bildenden K\u00fcnste M\u00fcnchen. En la Academia de Bellas Artes de Munich, 27 de enero.<br \/>\n. 2009. Seminario con los estudiantes de la asignatura de Filosof\u00eda y Est\u00e9tica de la Profesora Mar\u00eda Isabel Pe\u00f1a Aguado de la Academia de Bellas Artes de Munich. 26 de enero.<br \/>\n. 2009. Conferencia \u00abAlea arborea\u00bb en el Instituto Cervantes de Munich. 28 de enero.<br \/>\n. 2009. Conferenciante en la Jornada sobre \u00abEl Planejament i l\u2019Ordenaci\u00f3 urban\u00edstica amb la incorporaci\u00f3 de criteris de g\u00e8nere\u00bb, Institut Catal\u00e0 de les Dones, Tortosa. 2 abril.<br \/>\n. 2009. Jornada de formaci\u00f3n de la \u00abGuia de planejament\u00bb, en ICD, Lleida, mayo.<br \/>\n. 2009. Jornada de formaci\u00f3n de la \u00abGuia de planejament\u00bb, en Girona, mayo.<br \/>\n. 2009. Conferencia sobre \u00abLes ciutats en temps de crisi. Perspectives en positiu\u00bb, en el Centre de Cultura de Dones F. Bonnemaison, Barcelona, junio.<br \/>\n. 2009. Conferencia \u00abHacia una ciudad habitable y segura para toda la ciudadan\u00eda\u00bb. En las jornadas \u201cOtra visi\u00f3n sobre la ciudad. Reflexiones e intervenciones\u201d organizadas por la Universidad y el Colegio de Arquitectos de la Provincia de C\u00f3rdoba, Argentina. Con la colaboraci\u00f3n de la Red Mujer y H\u00e1bitat de Am\u00e9rica Latina, el Instituto de Investigaci\u00f3n Vivienda y H\u00e1bitat, y la Organizaci\u00f3n Argentina de Mujeres Empresarias, con el soporte del Institut Ramon Llull. C\u00f3rdoba, Argentina. 29 septiembre.<br \/>\n. 2009. Ponencia \u00abHacia una ciudad habitable y segura para toda la ciudadan\u00eda\u00bb, en la jornada \u201cOtra visi\u00f3n sobre la ciudad. Reflexiones e intervenciones\u201d, convocada per CEUR, Centro de Estudios Urbanos y Regionales, CONICET, Instituto Investigaci\u00f3n de la Vivienda y H\u00e1bitat\/FAUD\/UNC, Amai-Asociaci\u00f3n de Mujeres Arquitectas e Ingenieras, Red Mujer y H\u00e1bitat Am\u00e9rica Latina, Comisi\u00f3n Especial de Igualdad de Oportunidades, Legislatura CABA, y con la ayuda del Instituto Ram\u00f3n Llull. 6 de octubre.<br \/>\n. 2009. Jornada de trabajo de presentaci\u00f3n de la \u00abGuia de planejament\u00bb, en el Col\u00b7legi d&#8217;Arquitectes de Catalunya, en Barcelona. Presentan Oriol Nel\u00b7lo, Secretario de Urbanismo del Departament de Pol\u00edtica Territorial i Obres P\u00fabliques; Marta Selva, Directora del ICD; y Jordi Ludevid, Decano del COAC. 21 octubre.<br \/>\n. 2010. Conferencia \u00abLa necesidad de la utop\u00eda: otra mirada sobre la ciudad\u00bb. Seminario sobre la mujer \u00abEn torno a Hipat\u00eda: Pensamiento, ciencia y religiones\u00bb. Centro Cultural Generaci\u00f3n del 27. Diputaci\u00f3n de M\u00e1laga. Centro del Profesorado de M\u00e1laga. Instituto Andaluz de la Mujer. Servicio de Pol\u00edticas de Igualdad de G\u00e9nero. M\u00e1laga, 22 de abril.<br \/>\n. 2010. Seminario\/taller en Cornell\u00e0, para la realizaci\u00f3n de un \u00abMapa de puntos sensibles\u00bb, en el barrio Centro\/Riera, por encargo del CIRD y del Departament d&#8217;Urbanisme del ayuntamiento.<br \/>\n.  2010. Publicaci\u00f3n \u00abUrbanisme i g\u00e8nere. L\u2019urbanisme des de la pol\u00edtica de les dones\u00bb, en \u00abBarcelona Societat\u00bb, n\u00fam. 19. Diciembre 2010, publicaci\u00f3n del Ajuntament de Barcelona, Departament de Recerca i Coneixement. Ger\u00e8ncia d\u2019Acci\u00f3 Social i Ciudadania.<br \/>\n. 2011. La Diputaci\u00f3n presenta el programa \u00abMirall de Dones\u00bb, en el que tengo un reportaje, para la Red de Televisiones Locales de Catalu\u00f1a, en el Espacio F. Bonnemaison, 12 de enero.<br \/>\n. 2011. Conferencia \u00abDise\u00f1o para prevenir la delincuencia (el dise\u00f1o urban\u00edstico dirigido a prevenir el incivismo, la delincuencia y la inseguridad)\u00bb, en \u00ab2\u00aa Conferencia estrat\u00e9gica, F\u00f3rum Espa\u00f1ol para la Prevenci\u00f3n y Seguridad Urbana\u00bb. L\u2019Hospitalet de Llobregat, 20 y 21 de enero.<br \/>\n. 2011. Sevilla, conferencia en Dos Hermanas, sede del ayuntamiento, sobre \u00abPerspectiva de g\u00e9nero en el planeamiento sostenible\u00bb. 23 de marzo.<br \/>\n. 2011. Presentaci\u00f3n de la revista \u00abBarcelona Societat\u00bb, n\u00fam. 19. Ajuntament de Barcelona. Museu Picasso, Barcelona, 5 de abril.<br \/>\n. 2011. Conferencia \u00abEspai per habitar. Temps per pensar\u00bb. Dentro del ciclo \u00abInstant\u00e0nies\u00bb a cargo de Juan Francisco Fandos, en el Espai d\u2019Art Contemporani, Castell\u00f3 de la Plana, 8 de julio.<br \/>\n. 2011. Conferencia en C\u00f3rdoba (Argentina) \u00abHacia modelos alternativos de ciudad compatibles con una sociedad inclusiva\u00bb, en el \u00ab2\u00ba Congreso Internacional de Vivienda Social, Gesti\u00f3n del Territorio Urbano y Ciudadan\u00eda\u00bb, del 19 al 23 de septiembre, FAUD (Facultad de Arquitectura, Urbanismo y Dise\u00f1o), Maestr\u00eda en Gesti\u00f3n y Desarrollo Habitacional. Instituto de Investigaci\u00f3n en Vivienda y H\u00e1bitat. Dirigido por Mario Forn\u00e9 y Ana Fal\u00fa.<br \/>\n. 2012. \u00abDe la ciudad, la ciudadan\u00eda y el g\u00e9nero\u00bb. \u00abIV Curso G\u00e9nero y Pol\u00edticas p\u00fablicas: de 1812 a 2012: Dos siglos de cambios en la situaci\u00f3n jur\u00eddica, social y econ\u00f3mica de las mujeres espa\u00f1olas\u00bb. Universidad Internacional del Mar. Ceheg\u00edn-Murcia. Julio.<br \/>\n. 2013. \u00abUrbanisme i g\u00e8nere: L\u2019urbanisme en la pol\u00edtica de les dones\u00bb. \u00abLes dones i la ciutat\u00bb. Seminario 15, 16 y 17 de enero. Valencia.<br \/>\n. 2013. \u00abCiudades seguras, espacio p\u00fablico y g\u00e9nero\u00bb. Jornada \u201cCiudades seguras en el \u00e1mbito del espacio p\u00fablico y del g\u00e9nero\u201d. Red Internacional de Mujeres de Metr\u00f3polis. Barcelona, 3 de abril.<br \/>\n. 2013. \u00abEl derecho de las mujeres a la ciudad: una retrospectiva\u00bb. Jornada Urban-In. 14 de marzo.<br \/>\n. 2013. \u00abEl derecho a la ciudad y el urbanismo desde la pol\u00edtica de las mujeres\u00bb. Murcia. Octubre.<br \/>\n. 2014. Conferencia sobre \u00abWalden 7 i el proc\u00e9s creatiu\u00bb, en la clase\/taller de Eva Prats, Escola d\u2019Arquitectura de Barcelona, 10 de noviembre.<br \/>\n. 2016. \u00abEspai\/temps. Arquitectura i m\u00fasica en la pr\u00e0ctica professional\u00bb, en las Jornadas \u00abUn dia una arquitecta\u00bb. Barcelona, septiembre.<br \/>\n. 2017. \u00abCreaci\u00f3 doble: una experi\u00e8ncia personal\u00bb. Jornadas \u00abDones sense ciutat\u00bb. ACEC. 19 diciembre.<br \/>\n. 2017. \u00abCaminar i habitar (integrar les persones que caminen a la planificaci\u00f3 urbana\u00bb. (Mesa \u00abMobilitat, reptes i oportunitats\u00bb. Sesi\u00f3n \u00abVianants i bicicletes\u00bb. 13 de marzo. Mobilitat Sostenible. Pla Director Urban\u00edstic Metropolit\u00e0 de l\u2019AMB).<br \/>\n. 2018. \u00abUrbanisme i g\u00e8nere. L\u2019urbanisme des de la pol\u00edtica de les dones\u00bb, en el Seminario del Centre d\u2019Estudis del Consell Comarcal del Baix Llobregat \u00abExisteix l\u2019urbanisme feminista?\u00bb, noviembre.<br \/>\n. 2019. \u00abL\u2019Urbanisme t\u00e9 g\u00e8nere? Urbanisme amb perspectiva de g\u00e8nere: Cap a una ciutat ni sexuada ni sexista per a totes les persones\u00bb, en \u00abCompartim-Cercles d\u2019innovaci\u00f3-Incas\u00f2l\u00bb, 29 de noviembre.<br \/>\n. 2020. \u00abUrbanisme i g\u00e8nere. L\u2019urbanisme des de la pol\u00edtica de les dones\u00bb. Lleida, Centre de les Dones, 26 febrero.<br \/>\n. 2020. \u00abUna ciudad ni sexuada ni sexista para todas las personas\u00bb. \u00abIV encuentro Perspectivas de G\u00e9nero en la Arquitectura\u00bb, Zaragoza, 3 diciembre. En streaming por el Covid-19.<br \/>\n. 2020. Participaci\u00f3n con una ponencia sobre \u00abUrbanisme i g\u00e8nere\u00bb en las \u00abII Jornades d\u2019Urbanisme i G\u00e8nere\u00bb organizadas por el Col\u00b7lectiu Punt 6. Telem\u00e0ticament.<br \/>\n. 2021. \u00abArquitectura-M\u00fasica-Feminisme (des del Barri Gaud\u00ed)\u00bb, conferencia en el Col\u00b7legi d&#8217;Arquitectes de Catalunya, sede de Tarragona, 28 de enero. Organiza Maria Rius, que est\u00e1 haciendo una tesis doctoral sobre el Barrio Gaud\u00ed. Telem\u00e1ticamente.<br \/>\n. 2021. Participaci\u00f3n en el programa telem\u00e1tico \u00abTardes de acentos gatos\u00bb de F\u00e9lix Arranz de la revista \u00abScalae\u00bb, invitada de la fila cero.<br \/>\n. 2021. Ponencia en el curso de verano de la Universidad del Pa\u00eds Vasco en Donosti, sobre \u00abVivienda y G\u00e9nero\u00bb. Directora del curso, In\u00e9s S\u00e1nchez de Madariaga, 26 de julio. Telem\u00e1ticamente.<br \/>\n. 2021. Agosto, redacci\u00f3n del art\u00edculo sobre Montserrat Minobis, en colaboraci\u00f3n con Maria Cinta Montagut para el libro que est\u00e1 compilando Pilar Remirez.<br \/>\n. 2021. 13 octubre, acto sobre mi \u201cA prop\u00f3sito de Anna Bofill\u201d organizado per F\u00e9lix Arranz de la revista \u00abScalae\u00bb, en la Fundaci\u00f3 Mies van der Rohe, con la participaci\u00f3n de Anna Ramos (directora de la Fundaci\u00f3 Mies), Isabel Segura, Francesc Cornad\u00f3, Clara Sol\u00e0-Morales, Helena Mart\u00edn Nieva, Anna Noguera, Joan Izquierdo y Jean-Pierre Dupuy. Unas 80 personas invitadas del mundo de la arquitectura y las empresas de construcci\u00f3n.<br \/>\n. 2021. Entrevista de Anna Zaera Bonfill para el diario VilaWeb, 21 de octubre.<br \/>\n. 2021. Conferencia sobre \u00abWalden-7 y otros proyectos\u00bb en la sala de Carlos Ferrater para la Escuela de Arquitectura de Zurich, clase de Andrea Deplazes, colaborador Juan Membrive. 26 octubre.<br \/>\n. 2021. Conferencia inaugural \u00abCiutat, urbanisme i g\u00e8nere\u00bb, en Sant Feliu de Llobregat, Jornada \u00abIndicadors en urbanisme i g\u00e8nere a la ciutat\u00bb, con la participaci\u00f3n de Lidia Mu\u00f1oz, Alcaldesa; Alba Garc\u00eda, Igualdad; y Joan Carles Sallas, arquitecto municipal. 26 noviembre.<\/p>\n<p>ENLACES<br \/>\n. Libro: En Col\u00b7lecci\u00f3 \u201cQuaderns\u201d del Institut Catal\u00e0 de les Dones, Quaderns de l\u2019Institut, n\u00fam. 6, 2005, \u00abPlanejament urban\u00edstic, espais urbans i espais interiors des de la perspectiva de les dones\u00bb. http:\/\/www20.gencat.cat\/portal\/site\/icdones\/menuitem.4b491b5fa301c8a439a72641b0c<br \/>\n0e1a0\/?vgnextoid=39669c5efd473210VgnVCM1000008d0c1e0aRCRD&#038;vgnextchanne<br \/>\nl=39669c5efd473210VgnVCM1000008d0c1e0aRCRD&#038;vgnextfmt=default<br \/>\n. Libro: En Col\u00b7lecci\u00f3 \u201cEines\u201d de l\u2019Institut Catal\u00e0 de les Dones, n\u00fam. 11, 2008. http:\/\/www20.gencat.cat\/portal\/site\/icdones\/menuitem.4b491b5fa301c8a439a72641b0c<br \/>\n0e1a0\/?vgnextoid=807a5925bef53210VgnVCM1000008d0c1e0aRCRD&#038;vgnextchanne<br \/>\nl=807a5925bef53210VgnVCM1000008d0c1e0aRCRD&#038;vgnextfmt=default<br \/>\n. www.ciudaddemujeres.com\/articulos\/_Anna-Bofill-Levi_<br \/>\n. cdd.emakumeak.org\/recursos\/1138<br \/>\n. https:\/\/undiaunaarquitecta.wordpress.com\/2015\/07\/21\/anna-bofill-levi-1944\/<\/p>\n<p>TRABAJOS SOBRE MI<br \/>\n&#8211; Caterina Franchini, \u00abResiliency in Geometric Aggregation and Social Connectivity: Anna Bofill Levi and the Taller de Arquitectura\u00bb. En Springer Nature Switzerland AG 2021 Pagnaghi-Delfino et al. (eds.), Faces of Geometry, Lecture Notes in Networks and Systems 172, https:\/\/doi.org\/10.1007\/978-3-030-63702-6_9<br \/>\n&#8211; Josenia Herv\u00e1s y Silvia Blanco-Ag\u00fceira. \u00abWomen Architects outside the Spanish Borders: Patriarchal Models at International Congresses (1939-1975)\u00bb. 20 de febrero de 2020, en \u00abArts, MDPI\u00bb.<br \/>\n&#8211; Macarena Trujillo Guill\u00e9n, Mar\u00eda del Carmen G\u00f3mez-Collado, Rafael Rivera Herr\u00e1ez, \u00abAnna Bofill\u2019s Use of Mathematics in Her Architecture\u00bb. Nexus Network Journal, Architecture and Mathematics. Published online, 12 January 2017.<br \/>\n&#8211; Mart\u00edn Nieva, Helena. \u00abN\u00famero y g\u00e9nero de dos t\u00e9rminos: arquitectura y m\u00fasica en Anna Bofill Levi\u00bb. DC Papers. Revista de cr\u00edtica y teor\u00eda de la arquitectura, Departamento de Composici\u00f3n Arquitect\u00f3nica, UPC, n\u00fam. 23. Arquitecturas L\u00edmite, junio 2012.<br \/>\n&#8211; Cureses, Marta, \u00abLa estructura-espacio en los proyectos de Anna Bofill: nuevos conceptos del arte sonoro en arquitectura\u00bb. En \u00abEspacios sonoros y audiovisuales 2013: Creaci\u00f3n, representaci\u00f3n y dise\u00f1o\u00bb. Centro Superior de Investigaci\u00f3n y Promoci\u00f3n de la M\u00fasica y Departamento Interfacultativo de M\u00fasica, Universidad Aut\u00f3noma de Madrid. 2015.<\/p>\n<p>Elegida acad\u00e9mica de n\u00famero de la Reial Acad\u00e8mia Catalana de Belles Arts de Sant Jordi el d\u00eda 19 de octubre de 2022, aprobando as\u00ed la propuesta en su d\u00eda presentada por los acad\u00e9micos Jordi Faul\u00ed Oller, Josep Maria Montaner Martorell, Josep Munta\u00f1ola Thornberg y Jaume Torrent Rius.<\/p>\n","protected":false},"template":"","rang":[142],"class_list":["post-31000","academic","type-academic","status-publish","hentry","rang-academics-de-numero"],"acf":[],"_links":{"self":[{"href":"https:\/\/www.racba.org\/es\/wp-json\/wp\/v2\/academic\/31000","targetHints":{"allow":["GET"]}}],"collection":[{"href":"https:\/\/www.racba.org\/es\/wp-json\/wp\/v2\/academic"}],"about":[{"href":"https:\/\/www.racba.org\/es\/wp-json\/wp\/v2\/types\/academic"}],"wp:attachment":[{"href":"https:\/\/www.racba.org\/es\/wp-json\/wp\/v2\/media?parent=31000"}],"wp:term":[{"taxonomy":"rang","embeddable":true,"href":"https:\/\/www.racba.org\/es\/wp-json\/wp\/v2\/rang?post=31000"}],"curies":[{"name":"wp","href":"https:\/\/api.w.org\/{rel}","templated":true}]}}