{"id":31019,"date":"2023-12-12T16:50:53","date_gmt":"2023-12-12T15:50:53","guid":{"rendered":"https:\/\/www.racba.org\/academic\/bassat-i-coen-lluis-2\/"},"modified":"2023-12-12T16:50:53","modified_gmt":"2023-12-12T15:50:53","slug":"bassat-i-coen-lluis","status":"publish","type":"academic","link":"https:\/\/www.racba.org\/es\/academic\/bassat-i-coen-lluis\/","title":{"rendered":"Bassat i Coen, Llu\u00eds"},"content":{"rendered":"<p>Nacido el 6 de octubre de 1941. Est\u00e1 casado, tiene cuatro hijos y once nietos.<\/p>\n<p>Doctor Honoris Causa por la Facultad de Comunicaci\u00f3n y Humanidades de la Universidad Europea de Madrid.<br \/>\nMiembro de Honor del Consejo Superior Europeo de Doctores Honoris Causa.<br \/>\n\u00abHonorary Degree\u00bb en Administraci\u00f3n y Direcci\u00f3n de Empresas por la Escuela Superior Universitaria ESERP.<br \/>\nPremio Nacional de Comunicaci\u00f3n, otorgado por la Generalitat de Catalu\u00f1a como reconocimiento a la trayectoria de toda una vida dedicada al mundo publicitario.<br \/>\nMiembro de Honor de la Academia de la Publicidad.<br \/>\nCreu de Sant Jordi 2012 por su prestigiosa trayectoria en el sector de la publicidad.<\/p>\n<p>Diplomado en Ciencias Sociales.<br \/>\nDiplomado en Administraci\u00f3n de Empresas.<br \/>\nT\u00e9cnico en Publicidad.<\/p>\n<p>Presidente de Honor del Grupo Ogilvy &#038; Mather Espa\u00f1a (desde 2007).<br \/>\nPresidente del Grupo WPP Espa\u00f1a (hasta 2009).<br \/>\nMiembro del Consejo de Administraci\u00f3n de Ogilvy Worldwide.<br \/>\nMiembro del Consejo Creativo de Ogilvy Worldwide.<br \/>\nCopresidente y Director Creativo de Ogilvy Europa, \u00c1frica y Oriente Medio (1998-1999).<br \/>\nPresidente del Cap\u00edtulo Espa\u00f1ol de la International Advertising Association (IAA) (1994-1997).<\/p>\n<p>Asesor de Publicidad, Comunicaci\u00f3n e Imagen de la Presidencia de la Generalitat de Catalu\u00f1a (1987-1995).<\/p>\n<p>Presidente de Ovideo Bassat Sport, creadores y realizadores de las Ceremonias de Inauguraci\u00f3n y Clausura de los Juegos Ol\u00edmpicos de Barcelona &#8217;92.<br \/>\nMedalla de Oro Barcelona &#8217;92 como reconocimiento al \u00e9xito de las Ceremonias Ol\u00edmpicas.<br \/>\nAsesor en las Ceremonias de los Juegos Ol\u00edmpicos de Atlanta &#8217;96, por indicaci\u00f3n expl\u00edcita del Presidente del Comit\u00e9 Ol\u00edmpico Internacional, Sr. Juan Antonio Samaranch.<br \/>\nAsesor de Rick Birch, Presidente de las Ceremonias Ol\u00edmpicas de Sydney 2000.<br \/>\nAsesor de las Ceremonias Ol\u00edmpicas de los XVII Juegos de la Commonwealth, Manchester 2002.<br \/>\nCandidato a la Presidencia del FC Barcelona en las elecciones de los a\u00f1os 2000 y 2003.<br \/>\nPresidente del Comit\u00e9 Organizador del Partido por la Paz, \u00abMatch for Peace\u00bb, partido entre el FC Barcelona y una selecci\u00f3n formada por jugadores israel\u00edes y palestinos (2005).<\/p>\n<p>Autor de \u00abEl Libro Rojo de la Publicidad\u00bb, \u00abEl Libro Rojo de las Marcas\u00bb, \u00abConfesiones personales de un publicitario\u00bb e \u00abInteligencia comercial\u00bb.<\/p>\n<p>Nominado por el Club de Marketing de Barcelona \u00abProfesional del A\u00f1o 1995\u00bb.<br \/>\nGalardonado con la Llave de Barcelona por su destacado papel en la defensa de los valores de Barcelona y de su proyecci\u00f3n.<br \/>\nVotado \u00abEl mejor publicitario espa\u00f1ol del siglo XX\u00bb, seg\u00fan una encuesta realizada para la revista \u00abEl Publicista\u00bb, entre agencias de publicidad, medios y anunciantes de toda Espa\u00f1a.<br \/>\nNombrado \u00abEl mejor gestor de la publicidad espa\u00f1ola del siglo XX\u00bb por la revista \u00abAnuncios\u00bb.<br \/>\nElegido \u00abEl mejor publicitario latino americano del siglo XX\u00bb por la Asociaci\u00f3n Latinoamericana de Agencias de Publicidad (ALAP).<br \/>\nGalardonado con el Premio a la Mejor Trayectoria Profesional otorgado por Dossier Econ\u00f3mico de Catalu\u00f1a.<br \/>\nGalardonado por el Dale Carnegie Training con el \u00abLeadership Award\u00bb por su demostrado liderazgo en el desarrollo de los Recursos Humanos de su Empresa.<br \/>\nGalardonado con la Gran Cruz de la Orden del M\u00e9rito Civil, otorgada por el Ministerio de Ciencia y Tecnolog\u00eda, la condecoraci\u00f3n civil m\u00e1s importante que se concede en Espa\u00f1a por Su Majestad el Rey (2004).<br \/>\nVotado \u00abEl hombre m\u00e1s influyente de la publicidad en 2004\u00bb, seg\u00fan una encuesta elaborada en exclusiva por Marketing Directo.com entre 12.000 profesionales.<br \/>\nGalardonado con el Premio de Comunicaci\u00f3n por la Escuela Superior de Gesti\u00f3n Comercial y Marketing (ESIC) de Madrid (2007).<br \/>\nGalardonado con el Premio a la Mejor Trayectoria Profesional del Certamen ICOMI Universidad Abad Oliba Awards (2007).<br \/>\nGalardonado con la distinci\u00f3n \u00abPremio Extraordinario de la Comunicaci\u00f3n Publicitaria\u00bb otorgado por Editorial Prensa Ib\u00e9rica, La Vanguardia y Autof\u00e1cil.<br \/>\nGalardonado con el Premio a la Eficacia a la Trayectoria Profesional, otogado por la Asociaci\u00f3n Espa\u00f1ola de Anunciantes (AEA). Octubre 2011.<br \/>\nMedalla de Oro al M\u00e9rito en el Trabajo, otorgada por el Consejo de Ministros el 11.11.2011.<br \/>\nHa ganado m\u00e1s de 400 premios nacionales e internacionales de publicidad.<\/p>\n<p>Miembro del Jurado del International Film Festival de Cannes en tres ocasiones.<br \/>\nPresidente del Jurado del International Film Festival de Cannes en 1988, siendo el primer espa\u00f1ol que alcanza esta nominaci\u00f3n en toda la historia del festival.<br \/>\nPresidente del Jurado de los premios Clio en San Francisco.<br \/>\nPresidente de los premios Laus.<br \/>\nMiembro del Jurado de los Premios Nacionales de Dise\u00f1o &#8217;98.<br \/>\nMiembro del Comit\u00e9 de Honor del Club de Marketing de Barcelona.<br \/>\nPresidente del Jurado de los Premios El Chupete 2005.<br \/>\nPresidente del Jurado de los Premios Art Director Club of Europe 2010.<br \/>\nMiembro del Jurado en infinidad de premios y festivales publicitarios de todo el mundo.<\/p>\n<p>Miembro de la Comisi\u00f3n Coordinadora del Plan Estrat\u00e9gico del Deporte en Barcelona (Ayuntamiento de Barcelona) y Presidente del Eje \u00abBarcelona, centro direccional de los sectores econ\u00f3micos y de conocimiento vinculados al deporte\u00bb (2001-2003).<br \/>\nMiembro del Patronato de la Fundaci\u00f3n Johann Cruyff (1995-2007).<br \/>\nMiembro del Patronato de la Fundaci\u00f3n Real Autom\u00f3vil Club de Catalu\u00f1a (RACC) de Fomento y Defensa del Automovilista.<\/p>\n<p>Miembro del Consejo de Administraci\u00f3n de Telef\u00f3nica Publicidad e Informaci\u00f3n (1999-2006).<br \/>\nMiembro del Consejo de Administraci\u00f3n del Privat Bank (2000-2009).<br \/>\nMiembro del Consejo Rector de la APD, Asociaci\u00f3n para el Progreso de la Direcci\u00f3n &#8211; zona mediterr\u00e1nea.<br \/>\nMiembro del Advisory Board de Accenture (2007-2011).<br \/>\nMiembro de la Comisi\u00f3n Ejecutiva y de la Junta Directiva de Barcelona Global (desde 2012).<\/p>\n<p>Presidente de la Fundaci\u00f3n Carmen y Luis Bassat, entre cuyas finalidades est\u00e1 la ayuda a personas necesitadas y promover y fomentar el arte contempor\u00e1neo de Catalu\u00f1a.<br \/>\nMiembro del Patronato de la Fundaci\u00f3n Internacional Jos\u00e9 Carreras para la lucha contra la leucemia.<br \/>\nMiembro del Patronato de la Fundaci\u00f3n Acci\u00f3n contra el Hambre (2004-2007).<\/p>\n<p>Miembro del Comit\u00e9 Asesor de la Fundaci\u00f3n FRIDE para las relaciones internacionales y el di\u00e1logo exterior.<br \/>\nMiembro de Honor del Comit\u00e9 catal\u00e1n del ACNUR (Alto Comisionado de las Naciones Unidas para los Refugiados).<br \/>\nPresidente de Catalu\u00f1a y Vicepresidente de Espa\u00f1a del Centro Peres para la Paz (2004-2005).<br \/>\nFundador y Vicepresidente de la Fundaci\u00f3n Ernest Lluch (2001-2006). Miembro del Patronato (2006-2013). Miembro del Comit\u00e9 de Honor de la Fundaci\u00f3n.<br \/>\nMiembro del Consejo de la Fundaci\u00f3n Baruy Spinoza (1995-2006).<\/p>\n<p>Presidente del Consejo de la Universidad Europea de Madrid.<br \/>\nMiembro del European Council de la Universidad Ben-Gurion del Negev (2002-2006).<br \/>\nMiembro del Patronato de la Fundaci\u00f3n Comit\u00e9 Espa\u00f1ol de los Colegios del Mundo Unido.<br \/>\nMiembro del Board of Fellows de la Thunderbird School of Global Management (Arizona) (desde 2007).<br \/>\nAssociate Governor of the Hebrew University of Jerusalem (desde 2010).<br \/>\nMiembro de la Comisi\u00f3n Asesora de la Fundaci\u00f3n Marcelino Bot\u00edn.<br \/>\nMiembro de Honor del Patronato de la Fundaci\u00f3n Barcelona Centro de Dise\u00f1o (BCD).<br \/>\nMiembro del Patronato Fundacional de la Fundaci\u00f3n Comunicaci\u00f3n Gr\u00e1fica (ADG FAD).<br \/>\nMiembro del Comit\u00e9 Consultor del Museo Virtual del Dise\u00f1o (MVD).<br \/>\nMiembro del Comit\u00e9 de Honor del Club de Marketing de Barcelona.<\/p>\n<p>Miembro del Consejo de la Asociaci\u00f3n Amigos de Arco.<br \/>\nMiembro de la Fundaci\u00f3n Arte y Mecenazgo.<br \/>\nMiembro del Patronato de la Fundaci\u00f3n Arranz Bravo.<\/p>\n<p>Miembro del Patronato de la Escuela Superior de M\u00fasica Reina Sof\u00eda.<br \/>\nMiembro del Patronato del Orfe\u00f3n Catal\u00e1n-Palau de la M\u00fasica Catalana.<br \/>\nMiembro de la Comisi\u00f3n de Honor de la Fundaci\u00f3n Universal de la Sardana.<\/p>\n<p>Fundador de la Academia Catalana de Gastronom\u00eda.<br \/>\nMiembro, durante su presidencia en la Academia Catalana de Gastronom\u00eda, del Consejo de Direcci\u00f3n de la Academia Espa\u00f1ola de Gastronom\u00eda.<\/p>\n<p>Elegido acad\u00e9mico de n\u00famero protector por la secci\u00f3n de m\u00fasica de la Reial Acad\u00e8mia Catalana de Belles Arts de Sant Jordi el 19 de febrero de 2014, aceptando as\u00ed la propuesta en su d\u00eda presentada por los acad\u00e9micos de n\u00famero Carlos Ferrater Lambarri, Joan Antoni Solans Huguet y Joan Uriach Marsal. Ingres\u00f3 el 18 de febrero de 2015 leyendo su discurso \u00abL&#8217;art de la meva vida\u00bb.<\/p>\n","protected":false},"template":"","rang":[143],"class_list":["post-31019","academic","type-academic","status-publish","has-post-thumbnail","hentry","rang-academics-supernumeraris"],"acf":[],"_links":{"self":[{"href":"https:\/\/www.racba.org\/es\/wp-json\/wp\/v2\/academic\/31019","targetHints":{"allow":["GET"]}}],"collection":[{"href":"https:\/\/www.racba.org\/es\/wp-json\/wp\/v2\/academic"}],"about":[{"href":"https:\/\/www.racba.org\/es\/wp-json\/wp\/v2\/types\/academic"}],"wp:featuredmedia":[{"embeddable":true,"href":"https:\/\/www.racba.org\/es\/wp-json\/wp\/v2\/media\/8293"}],"wp:attachment":[{"href":"https:\/\/www.racba.org\/es\/wp-json\/wp\/v2\/media?parent=31019"}],"wp:term":[{"taxonomy":"rang","embeddable":true,"href":"https:\/\/www.racba.org\/es\/wp-json\/wp\/v2\/rang?post=31019"}],"curies":[{"name":"wp","href":"https:\/\/api.w.org\/{rel}","templated":true}]}}