{"id":31214,"date":"2023-12-12T16:51:59","date_gmt":"2023-12-12T15:51:59","guid":{"rendered":"https:\/\/www.racba.org\/academic\/daufi-i-rodergas-xavier-2\/"},"modified":"2023-12-12T16:51:59","modified_gmt":"2023-12-12T15:51:59","slug":"daufi-i-rodergas-xavier","status":"publish","type":"academic","link":"https:\/\/www.racba.org\/es\/academic\/daufi-i-rodergas-xavier\/","title":{"rendered":"Dauf\u00ed i Rodergas, Xavier"},"content":{"rendered":"<p>Music\u00f3logo.<br \/>\nNace en Barcelona el 26 de agosto de 1959. Curs\u00f3 sus estudios de m\u00fasica en el Conservatorio Superior Municipal del Liceo, donde consigui\u00f3 el t\u00edtulo superior de guitarra.<br \/>\nCurs\u00f3 los estudios de licenciatura en Historia del Arte en la Universidad de Barcelona, y desde 1991 realiz\u00f3 los estudios de doctorado en musicolog\u00eda en la Universidad Aut\u00f3noma de Barcelona.<br \/>\nEn julio de 2001 present\u00f3 su tesis doctoral titulada \u00abEstudi dels oratoris de Francesc Queralt (1740-1825). Fonaments de la hist\u00f2ria de l&#8217;oratori a Catalunya al segle XVIII\u00bb. La obra presenta nueve vol\u00famenes de edici\u00f3n cr\u00edtica -musical y literaria- de nueve oratorios de Queralt, y dos vol\u00famenes m\u00e1s de historia, an\u00e1lisis y documentaci\u00f3n. El jurado estuvo presidido por el profesor Howard E. Smither, de la North Carolina University (EE.UU.), y la tesis se realiz\u00f3 bajo la direcci\u00f3n del profesor Francesc Bonastre.<br \/>\nRecientemente ha dado a conocer uno de estos oratorios, dedicado a San Agust\u00edn, en la Bas\u00edlica del Pino de Barcelona y en el Monesterio de Sant Cugat del Vall\u00e9s (Barcelona).<br \/>\nEn 2004 obtiene el Premio de Investigaci\u00f3n Musical Emili Pujol, convocado por la Fundaci\u00f3n P\u00fablica Instituto de Estudios Ilerdenses de la Diputaci\u00f3n de L\u00e9rida. El premio comport\u00f3 la publicaci\u00f3n del trabajo presentado: \u00abEls oratoris de Francesc Queralt (1740-1825). Hist\u00f2ria de l&#8217;oratori a Catalunya al segle XVIII\u00bb (L\u00e9rida, 2004).<br \/>\nSu contribuci\u00f3n es fundamental para el estudio del oratorio en Catalu\u00f1a en el siglo XVIII, dentro del contexto de la m\u00fasica del clasicismo, del que existen excelentes trabajos sobre el sinfonismo y la m\u00fasica de tecla. Son diversas sus participaciones en diferentes congresos realizados en la pen\u00ednsula ib\u00e9rica y Europa, entre los que se puede destacar el \u00ab18th Congress of the International Musicological Society\u00bb que tuvo lugar en Z\u00farich en julio de 2007, y donde present\u00f3 la comunicaci\u00f3n \u00abStudy into the Causes of the Disappearance of the Oratorio in Catalonia\u00bb. Ha presentado las ponencias \u00abEls oratoris catalans del segle XVIII i principis del XIX com a elements receptors del Classicisme musical\u00bb y \u00abCarreres i Bulbena i el naixement de l&#8217;oratori a Catalunya\u00bb en las ediciones XVIII y XIX del \u00abSeminario Internacional El Barroco Hisp\u00e1nico\u00bb. Tambi\u00e9n ha intervenido en diferentes congresos organizados para la Sociedad Espa\u00f1ola de Musicolog\u00eda, presentando las comunicaciones \u00abEstudio de la estructura de las arias de los oratorios de Francesc Queralt (1740-1825)\u00bb (Oviedo, 2004) y \u00abEl distinto tratamiento del coro en la m\u00fasica lit\u00fargica y no lit\u00fargica de Francesc Queralt\u00bb (C\u00e1ceres, 2007).<br \/>\nEntre sus publicaciones pueden rese\u00f1arse diversos art\u00edculos como \u00abLas dos sillas reales: un oratori de Josep Cau\u00bb en \u00abRecerca Musicol\u00f2gica\u00bb, XIII, 1998; \u00abBases para el estudio de la historia del oratorio en Catalu\u00f1a en el siglo XVIII\u00bb en \u00abRevista de Musicolog\u00eda\u00bb, XXVI\/1, 2003; o, entre otros, \u00abEstudio de los recitativos de los oratorios de Francesc Queralt\u00bb en \u00abRevista de Musicolog\u00eda\u00bb, XXX\/2, 2007. Tambi\u00e9n ha publicado \u00abLa creaci\u00f3 del m\u00f3n. Un oratori del m\u00f3n. Un oratori de Joseph Haydn. Versi\u00f3 menorquina d&#8217;Antoni Febrer i Cardona &#8211; Transcripci\u00f3 musical de Joan Vidal i Segu\u00ed\u00bb en \u00abPublicacions de l&#8217;Abadia de Montserrat &#8211; Institut Menorqu\u00ed d&#8217;Estudis\u00bb, 2004; o \u00abAntoni Febrer i Cardona: M\u00e8tode de cant\u00bb, en \u00abPublicacions de l&#8217;Abadia de Montserrat &#8211; Edicions UIB &#8211; Institut d&#8217;Estudis Bale\u00e0rics &#8211; Institut Menorqu\u00ed d&#8217;Estudis, 2009.<br \/>\nHa participado como miembro del jurado en la lectura de algunas tesinas de licenciatura y tesis doctorales, como \u00abTonos del segle XVII a la catedral de Mallorca: Estudi i edici\u00f3\u00bb, de Cristina Menzel Sans\u00f3 o la tesis doctoral \u00abLa obra compositiva de Emilio Pujol (1886-1980): Estudio comparativo, cat\u00e1logo y edici\u00f3n cr\u00edtica\u00bb, de Fabi\u00e1n Edmundo Hern\u00e1ndez Ram\u00edrez.<br \/>\nElegido acad\u00e9mico correspondiente por Sant Cugat del Vall\u00e9s (Barcelona) de la Reial Acad\u00e8mia Catalana de Belles Arts de Sant Jordi el 17 de diciembre de 2003, aprobando as\u00ed la propuesta en su d\u00eda presentada por los acad\u00e9micos de n\u00famero Francesc Bonastre Bertran, Francesc Fontbona de Vallescar y Cec\u00edlia Colien Honegger.<\/p>\n","protected":false},"template":"","rang":[144],"class_list":["post-31214","academic","type-academic","status-publish","hentry","rang-academics-corresponents"],"acf":[],"_links":{"self":[{"href":"https:\/\/www.racba.org\/es\/wp-json\/wp\/v2\/academic\/31214","targetHints":{"allow":["GET"]}}],"collection":[{"href":"https:\/\/www.racba.org\/es\/wp-json\/wp\/v2\/academic"}],"about":[{"href":"https:\/\/www.racba.org\/es\/wp-json\/wp\/v2\/types\/academic"}],"wp:attachment":[{"href":"https:\/\/www.racba.org\/es\/wp-json\/wp\/v2\/media?parent=31214"}],"wp:term":[{"taxonomy":"rang","embeddable":true,"href":"https:\/\/www.racba.org\/es\/wp-json\/wp\/v2\/rang?post=31214"}],"curies":[{"name":"wp","href":"https:\/\/api.w.org\/{rel}","templated":true}]}}