{"id":31216,"date":"2023-12-12T16:51:59","date_gmt":"2023-12-12T15:51:59","guid":{"rendered":"https:\/\/www.racba.org\/academic\/duch-i-mas-joan-2\/"},"modified":"2023-12-12T16:51:59","modified_gmt":"2023-12-12T15:51:59","slug":"duch-i-mas-joan","status":"publish","type":"academic","link":"https:\/\/www.racba.org\/es\/academic\/duch-i-mas-joan\/","title":{"rendered":"Duch i Mas, Joan"},"content":{"rendered":"<p>Profesor tutor del Centro Asociado de Cervera (L\u00e9rida), desde el curso 1976-1977.<br \/>\nLicenciatura en Filosof\u00eda y Letras, secci\u00f3n Historia, en la Universidad Aut\u00f3noma de Barcelona.<br \/>\nMemoria de licenciatura: \u00abContribuci\u00f3 a l&#8217;arqueologia de la vall del Corb\u00bb.<br \/>\nTesis doctoral: \u00abL&#8217;arqueologia en la did\u00e0ctica per a la recerca i descoberta de l&#8217;entorn historicoart\u00edstic i ecol\u00f2gic\u00bb. Abril 2004.<br \/>\nConsejero del Instituto de Estudios Ilerdenses.<br \/>\nElegido acad\u00e9mico correspondiente por T\u00e1rrega (L\u00e9rida) de la Reial Acad\u00e8mia Catalana de Belles Arts de Sant Jordi el 25 de octubre de 2004, aprobando as\u00ed la propuesta en su d\u00eda presentada por los acad\u00e9micos de n\u00famero Fernando Boneu Companys, Eduard Ripoll Perell\u00f3 y Frederic Udina Martorell.<\/p>\n<p>ART\u00cdCULOS Y TRABAJOS PERSONALES<br \/>\n. Palestra Universitaria 1, UNED, Centro Asociado, Cervera, 1986: \u00abRestes romanes a la vall del riu Corb (La Segarra, l&#8217;Urgell i la Conca de Barber\u00e0)\u00bb, p\u00e1gs. 39-66.<br \/>\n. Palestra Universitaria 2, UNED, Centro Asociado, Cervera, 1987: \u00abCamins prehist\u00f2rics per la vall del riu Corb\u00bb, p\u00e1gs. 83-105.<br \/>\n. Palestra Universitaria 3, UNED, Centro Asociado, Cervera, 1988: \u00abSobre la tipologia rural i medieval de Guimer\u00e0\u00bb, p\u00e1gs. 297-311.<br \/>\n. Palestra Universitaria 4, UNED, Centro Asociado, Cervera, 1989: \u00abUn primer inventari dels gravats rupestres o petroglifs de la vall del riu Corb\u00bb, p\u00e1gs. 47-79.<br \/>\n. Palestra Universitaria 5, UNED, Centro Asociado, Cervera, 1991: \u00abSobre els gravats rupestres o petroglifs de la vall del riu Corb\u00bb, p\u00e1gs. 59-74.<br \/>\n. Palestra Universitaria 6, UNED, Centro Asociado, Cervera, 1992: \u00abLa formaci\u00f3 d&#8217;una cultura: el m\u00f3n ib\u00e8ric a la vall del Corb\u00bb, p\u00e1gs. 59-74.<br \/>\n. Palestra Universitaria 9, UNED, Centro Asociado, Cervera, 1997: \u00abPrimer inventari de localitzaci\u00f3 de restes de s\u00edlex en superf\u00edcies al terme municipal de Vallfogona i de Guimer\u00e0 a la vall del Corb (la Conca de Barber\u00e0 i l&#8217;Urgell)\u00bb, p\u00e1gs. 47-76.<br \/>\n Ara Lleida, n\u00ba 19, 2000: \u00abGuimer\u00e0, un mercat de pedra i segles\u00bb, Anna Saez.<br \/>\n. Mirada, n\u00ba 3, Revista del Instituto Leridano de Oftalmolog\u00eda, ILO: \u00abLa mirada de les restes del monestir de Vallsanta a Guimer\u00e0\u00bb.<br \/>\n. Ara Lleida, n\u00ba 38, 2009: \u00abGuimer\u00e0, l&#8217;her\u00e8ncia dels segles\u00bb, Dolors Ortin.<\/p>\n<p>JORNADAS DE ESTUDIO<br \/>\n. \u00abEl m\u00f3n medieval a la Catalunya de Ponent\u00bb, UNED, Cervera, 2, 3 y 4 de octubre de 1987. Form\u00f3 parte del secretariado. Coordinador exposici\u00f3n \u00abL&#8217;h\u00e0bitat urb\u00e0 i rural a l&#8217;\u00e8poca medieval\u00bb. Trabajo \u00abTipologia medieval de Guimer\u00e0\u00bb.<\/p>\n<p>CONGRESO INTERNACIONAL<br \/>\n. \u00abHist\u00f2ria dels Pirineus\u00bb, Cervera, noviembre 1988. Form\u00f3 parte del secretariado. Trabajo \u00abSobre els camins prehist\u00f2rics que podien comunicar la costa de Tarragona i els Pirineus a trav\u00e9s de la vall del Corb\u00bb, Actas, tomo 1, p\u00e1gs. 321-344, Madrid, 1991.<\/p>\n<p>TRABAJOS CON OTROS AUTORES<br \/>\nSobre la arqueolog\u00eda en la comarca de Urgel, el valle del Corb y de Guimer\u00e1<br \/>\n. \u00abLa vall del Corb. Imatge i poesia\u00bb, textos de Gregori Satorres, dibujos de Joan Duch, T\u00e1rrega, 1979.<br \/>\n. \u00abGran Geografia Comarcal de Catalunya\u00bb, vol. 9, \u00abLa Segarra, l&#8217;Urgell i la Conca de Barber\u00e0\u00bb, Fundaci\u00f3n Enciclop\u00e8dia Catalana, Barcelona, 1985; art\u00edculos referentes a los pueblos del valle del Corb, p\u00e1gs. 201-231.<br \/>\n. \u00abMiscel\u00b7l\u00e0nia d&#8217;homenatge a Enric Moreu Rey\u00bb, vol. II, Publicaciones de la Abad\u00eda de Montserrat, 1986, \u00abLa topon\u00edmia i l&#8217;arqueologia en l&#8217;estudi de l&#8217;entorn rural\u00bb, p\u00e1gs. 17-131.<br \/>\n. \u00abLa vall del Corb\u00bb, Instituto de Estudios Ilerdenses, Diputaci\u00f3n de L\u00e9rida, L\u00e9rida, 1986, \u00abDel temps prehist\u00f2ric als romans\u00bb, p\u00e1gs. 45-77.<br \/>\n. \u00abL&#8217;evoluci\u00f3 hist\u00f2rica de T\u00e0rrega (des de la Prehist\u00f2ria fins al 1987)\u00bb. Museo Comarcal, T\u00e1rrega, 1987. Propuesta did\u00e1ctica.<br \/>\n. \u00abL&#8217;Urgell: edificis i monuments hist\u00f2rics\u00bb. Museo Comarcal, T\u00e1rrega, 1988.<br \/>\n. \u00abEl castell de Guimer\u00e0\u00bb, facs\u00edmil de la obra de San\u00e7 Capdevila. Notas hist\u00f3ricas por Joan Duch, Miquel \u00c0ngel Farr\u00e9, Gener Gon\u00e7alvo y Josep-\u00c0ngel Corbella. Diputaci\u00f3n de L\u00e9rida, Ayuntamiento de Guimer\u00e1, L\u00e9rida, 1990.<br \/>\n. Revisi\u00f3n art\u00edculos sobre el valle del Corb, nueva edici\u00f3n, 1993.<br \/>\n. \u00abHist\u00f2ria gr\u00e0fica de l&#8217;Urgell\u00bb. Consejo Comarcal de Urgel, diciembre 1993. Pies y fotograf\u00edas (46) sobre Guimer\u00e1.<br \/>\n. \u00abLa Catalunya rom\u00e0nica\u00bb, vol. XXIV de las comarcas de Segri\u00e1, Garrigas, Pla de Urgel, Segarra y Urgel. Barcelona, 1997. El rom\u00e1nico del valle del r\u00edo Corb.<br \/>\n. \u00abDescobreix: l&#8217;Urgell ib\u00e8ric\u00bb, Cuaderno de trabajo del alumno, C.R.P. de Urgel, L\u00e9rida, 1997.<br \/>\n. \u00abLa Vall del Corb\u00bb, 2003. Con G. Gonzalvo.<br \/>\n. \u00abGuimer\u00e0 i el Mercat Medieval\u00bb, Azpeitia, Guipuzcoa, 2004.<\/p>\n<p>GRUPO DE INVESTIGACIONES DE LAS TIERRAS DE PONIENTE<br \/>\n. Miembro fundador del \u00abGrup de Recerques de les Terres de Ponent\u00bb.<br \/>\n. \u00abIlerda. IEI\u00bb, \u00abLocalizaci\u00f3n de un reloj romano en Guimer\u00e0\u00bb, L\u00e9rida, 1976.<br \/>\n. \u00abVia romana en la vall del riu Corb\u00bb, \u00abTerres de Ponent\u00bb, vol. IV, T\u00e1rrega, 1983.<br \/>\n. \u00abRamon de Mur, amb taller a T\u00e0rrega, autor del retaule de Guimer\u00e0 (segle XV)\u00bb, \u00abRecerques Terres de Ponent\u00bb, vol. VIII, T\u00e1rrega, 1985.<br \/>\n. \u00abMiscel\u00b7l\u00e0nia. Les terres de Lleida al segle XVIII\u00bb, IEI, L\u00e9rida, 1987. Trabajo \u00abAlgunes dades sobre Guimer\u00e0 segle XVIII\u00bb.<br \/>\n. \u00abEls monestirs cistercencs de la vall del Corb\u00bb, \u00abGrup de Recerques Terres de Ponent\u00bb, T\u00e1rrega, 1989. Coordinador del encuentro y publicaci\u00f3n de las comunicaciones. Trabajo \u00abEl monestir de Vallsanta a partir de 1589. Actualitat del IV centenari de la seva extinci\u00f3\u00bb.<br \/>\n. \u00abUrtx 1. Revista cultural de l&#8217;Urgell\u00bb, T\u00e1rrega, 1989: \u00abL&#8217;arqueologia i les seves aportacions a la hist\u00f2ria. Sobre un grafit medieval localitzat a l&#8217;ermita de la Bovera (Guimer\u00e0)\u00bb.<br \/>\n. \u00abUrtx 2. Revista cultural de l&#8217;Urgell\u00bb, T\u00e1rrega, 1990: \u00abEl retaule g\u00f2tic de la Bovera i el castell de Guimer\u00e0\u00bb.<br \/>\n. \u00abUrtx 4. Revista cultural de l&#8217;Urgell\u00bb, T\u00e1rrega, 1992: \u00abGuimer\u00e0 i els Guimer\u00e0\u00bb.<br \/>\n. \u00abI congr\u00e9s internacional de gravats rupestres i murals. Homenatge a Llu\u00eds D\u00edez Coronel\u00bb, 23 al 27 de noviembre de 1992. Comunicaci\u00f3n: \u00abSobre els gravats rupestres de la vall del riu Corb (Lleida-Tarragona)\u00bb.<br \/>\n. \u00abDescobreix l&#8217;Urgell modernista\u00bb, Cuaderno de trabajo C.R.P. de Urgel, T\u00e1rrega, 1999.<br \/>\n. \u00abLa ruta del c\u00edster vista pels pintors catalans. Vallbona de les Monges\u00bb, con Gener Gonzalvo, Pag\u00e8s Editores, L\u00e9rida, 1999.<br \/>\n. \u00abJujol a Guimer\u00e0\u00bb, con Joan Figuerola, Josep M. Jujol y Andreu Mu\u00f1oz. Guimer\u00e1, 1999.<br \/>\n. \u00abEl monestir de Santa Maria de Vallsanta\u00bb, en \u00abButllet\u00ed de la Reial Acad\u00e8mia Catalana de Belles Arts de Sant Jordi\u00bb, Barcelona, 2000, en colaboraci\u00f3n con Gener Gonzalvo.<br \/>\n. \u00abDescobreix l&#8217;Urgell medieval\u00bb, Cuaderno de trabajo C.R.P. de Urgel, T\u00e1rrega, 2000.<br \/>\n. \u00abSobre els gravats rupestres de la vall del riu Corb (l&#8217;Urgell i la Conca de Barber\u00e0)\u00bb, en el \u00abI congr\u00e9s internacional de gravats rupestres i murals. Homenatge a Llu\u00eds D\u00edez Coronel\u00bb, L\u00e9rida, 2003.<br \/>\n. \u00abEl modernisme a l&#8217;Urgell i a la Segarra\u00bb, en las \u00abActes de la XXXII Jornada de Treball. Guimer\u00e0\u00bb, Guisona, 2003.<br \/>\n. \u00abLa vall del corb\u00bb, textos de Gener Gonzalvo, Llu\u00eds Foix y Joan Duch. March Editor, Barcelona, 2003.<br \/>\n. \u00abLa mirada del c\u00edster a la comarca de l&#8217;Urgell\u00bb, con Gener Gonzalvo, T\u00e1rrega, 2003.<br \/>\n. Apartados sobre el patrimonio en la web de Guimer\u00e1. Grupo de trabajo \u00abGuimera.info\u00bb, 2002-2003. Publicaci\u00f3n en la web de patrimonio cultural de Guimer\u00e1 y del valle del Corb.<br \/>\n. Filmaci\u00f3n de TV3 \u00abDescobreix el Guimer\u00e0 medieval\u00bb, Departamento de Ense\u00f1anza, grabaci\u00f3n marzo 2003, emisi\u00f3n 21 noviembre 2003.<br \/>\n. \u00abUrx 17. Revista cultural de l&#8217;Urgell\u00bb, T\u00e1rrega, 2004: \u00abFets hist\u00f2rics i arqueol\u00f2gics de pedres i escuts a Guimer\u00e0\u00bb.<br \/>\n. \u00abEl castell de Guimer\u00e0\u00bb, con Gener Gonzalvo, en \u00abButllet\u00ed de la Reial Acad\u00e8mia Catalana de Belles Arts de Sant Jordi\u00bb, Barcelona, 2005.<br \/>\n. \u00abButllet\u00ed de la Reial Acad\u00e8mia de Bones Lletres de Barcelona\u00bb, n\u00ba XVIII, 2005, p\u00e1gs. 25-31: \u00abExcavacions al castell de Guimer\u00e0\u00bb. Con Gener Gonzalvo.<br \/>\n. \u00abUrtx 19. Revista cultural de l&#8217;Urgell\u00bb, T\u00e1rrega, 2006: \u00abLa Baronia i el comtat de Guimer\u00e0\u00bb.<br \/>\n. \u00abUrtx 22. Revista cultual de l&#8217;Urgell\u00bb, T\u00e1rrega, 2008: \u00abRamon de Mur autor del retaule de Guimer\u00e0 (segle XV). T\u00e0rrega i Guimer\u00e0 en plena Edat Mitjana\u00bb.<br \/>\n. \u00abC\u00edster. Monestirs reials a la Catalunya Nova\u00bb, Cosset\u00e0nia, Tarragona, 2008.<br \/>\n. \u00abCultura i paisatge a la ruta del C\u00edster\u00bb, n\u00ba 3, 2009: \u00abEl mestre de Guimer\u00e0 del segle XXI, Pasqual Pous i Mir\u00f3\u00bb.<br \/>\n. \u00abCultura i paisatge a la ruta del C\u00edster\u00bb, n\u00ba 4, 2009: \u00abVallssangta. El resorgiment del monestir a Guimer\u00e0\u00bb.<\/p>\n<p>GRUPO DE INVESTIGACI\u00d3N PEDAG\u00d3GICA DE T\u00c1RREGA<br \/>\n. Miembro fundador del grupo y coordinador de los tres vol\u00famenes publicados.<br \/>\n. \u00abLes nostres contrades. L&#8217;Urgell\u00bb, vol. I, \u00abLa geografia i la poblaci\u00f3\u00bb. \u00abGrup de Recerca Pedag\u00f2gica de T\u00e0rrega\u00bb, Instituto de Ciencias de la Educaci\u00f3n, Universidad Aut\u00f3noma de Barcelona, 1983.<br \/>\n. \u00abLes nostres contrades. L&#8217;Urgell\u00bb, vol. II, \u00abLa hist\u00f2ria\u00bb. \u00abGrup de Recerca Pedag\u00f2gica de T\u00e0rrega\u00bb, Instituto de Ciencias de la Educaci\u00f3n, Universidad Aut\u00f3noma de Barcelona, 1985.<br \/>\n. \u00abLes nostres contrades. L&#8217;Urgell\u00bb, vol. III, \u00abFestes, costums, tradicions\u00bb. \u00abGrup de Recerca Pedag\u00f2gica de T\u00e0rrega\u00bb, Instituto de Ciencias de la Educaci\u00f3n, Universidad Aut\u00f3noma de Barcelona, 1989.<br \/>\n. Miembro del Patronato del Museo Comarcal, T\u00e1rrega, 1984-1988 y 1991-1993.<\/p>\n<p>. \u00abTemps obert\u00bb. Obras completas. Gregori Satorres Baldrich. Dibujos Joan Duch Mas.<\/p>\n<p>. P\u00e1ginas en \u00abNova T\u00e0rrega\u00bb: \u00abCon\u00e8ixer l&#8217;Urgell, 22.02.1992; \u00abEl poblat ib\u00e8ric del Mol\u00ed de l&#8217;Esp\u00edgol a Tornabous\u00bb, 07.03.1992; \u00abEl castell de Guimer\u00e0\u00bb, 21.03.1992; \u00abLa torre d&#8217;Almenara\u00bb, 28.03.1992; \u00abEl castell de Ciutadilla\u00bb, 11.04.1992; \u00abEl retaule modernista de Josep M. Jujol a Guimer\u00e0\u00bb, 18.04.1992; \u00abEl campanar de paret del monestir de Vallsanta\u00bb, 30.05.1992; \u00abItinerari del rom\u00e0nic: T\u00e0rrega, Vilagrassa, Mald\u00e0, Vallbona de les Monges, Guimer\u00e0 i Verd\u00fa\u00bb, 06.06.1992; \u00abLa porta antiga del campanar de T\u00e0rrega\u00bb, 18.07.1992; \u00abEl sarc\u00f2fag dels Torall\u00e0 de Guimer\u00e0, al monestir de Vallbona de les Monges\u00bb, 22.08.1992; \u00abEl municipi de Vallbona de les Monges i la formaci\u00f3 del poble\u00bb, 24.10.1992; \u00abEls temples de Vallbona\u00bb, 31.10.1992; \u00abEls gravats rupestres de la vall del riu Corb\u00bb, 28.11.1992; \u00abEl claustre de Santa Maria de Vallbona\u00bb, 05.12.1992; \u00abEl C\u00edster a la comarca de l&#8217;Urgell\u00bb, 15.05.1993.<\/p>\n<p>ART\u00cdCULOS Y TRABAJOS SOBRE DID\u00c1CTICA Y ARQUEOLOG\u00cdA<br \/>\n. \u00abL&#8217;arqueologia a l&#8217;escola. Experi\u00e8ncies escolars\u00bb, en \u00abPerspectiva Escolar\u00bb, n\u00fam. 34, abril 1979, Publicaciones Rosa Sensat.<br \/>\n. \u00abVallbona de les Monges. Guia espiritual i art\u00edstica\u00bb, Josep J. Piquer Jover. Dibujos de Joan Duch. Vallbona de les Monges, 1983. Segunda edici\u00f3n, 1993, nuevos dibujos.<br \/>\n. \u00abL&#8217;arqueologia i el coneixement de l&#8217;entorn\u00bb, en \u00abL&#8217;escola avui\u00bb, Grupo de maestros Urgell-Segarra, T\u00e1rrega, mayo 1986.<br \/>\n. \u00abArt: Sant Esteve de Pelagall\u00bb, en \u00abL&#8217;escola avui\u00bb, septiembre 1986.<br \/>\n. \u00abArt: Sant Pere de Mald\u00e0\u00bb, en \u00abL&#8217;escola avui\u00bb, diciembre 1986.<br \/>\n. \u00abArt: Fonoll. L&#8217;escola i el patrimoni cultural\u00bb, en \u00abL&#8217;escola avui\u00bb, abril 1987.<br \/>\n. \u00abArt: Verd\u00fa. Santa Maria de Verd\u00fa. Rom\u00e0nic. Vocabulari\u00bb, en \u00abL&#8217;escola avui\u00bb, noviembre 1987.<br \/>\n. \u00abArt: Santa Maria d&#8217;Agramunt\u00bb, en \u00abL&#8217;escola avui\u00bb, noviembre 1988.<br \/>\n. \u00abArt medieval: el rom\u00e0nic. Temple de Vallbona de les Monges. Proposta did\u00e0ctica\u00bb, en \u00abL&#8217;escola avui\u00bb, noviembre 1990.<br \/>\n. \u00abEl rom\u00e0nic a les terres de Lleida\u00bb, Diputaci\u00f3n de L\u00e9rida, 1990. Carpeta de dibujos.<br \/>\n. Conferencia monasterio de Vallbona con motivo de la fiesta votada del pueblo: \u00abVallbona de les Monges i el patrimoni cultural de la vall del riu Corb\u00bb, abril 1991.<br \/>\n. \u00abRutes del rom\u00e0nic. Proposta d&#8217;itinerari did\u00e0ctic\u00bb, en \u00abL&#8217;escola avui\u00bb, noviembre 1993.<\/p>\n<p>COLECCI\u00d3N &#8216;GUIMER\u00c0-BOVERA-VALLSANTA&#8217;<br \/>\n1. \u00abEl santuari de Bovera\u00bb, por Mn. San\u00e7 Capdevila. Patronato de la Madre de Dios de la Bovera, Guimer\u00e1, 1982.<br \/>\n2. \u00abMoss\u00e8n Francesc X. Cam\u00ed, rector de Guimer\u00e0 (1871-1962). Les seves &#8216;Floretes'\u00bb, autores diversos, Guimer\u00e1, 1983.<br \/>\n3. \u00abEstudis sobre Guimer\u00e0 i la vall del riu Corb\u00bb, \u00abGrup de Recerques de les Terres de Ponent\u00bb, volumen primero. T\u00e1rrega, 1983.<br \/>\n4. \u00abEstudis sobre Guimer\u00e0 i la vall del riu Corb\u00bb, \u00abGrup de Recerques de les Terres de Ponent\u00bb, volumen segundo. T\u00e1rrega, 1983.<br \/>\n5. \u00abUsos i costums de la vila de Guimer\u00e0, en el segle XVIII (Segons el Capbreu de l&#8217;any 1789)\u00bb. Edici\u00f3n a cargo de Josep Llort Brull, Patronato de la Madre de Dios de la Bovera, Barcelona, 1985.<br \/>\n6. \u00abSanta Maria i Sant Esteve de Guimer\u00e0, per Mn. San\u00e7 Capdevila. Notes hist\u00f2riques\u00bb. Edici\u00f3n ampliada a cargo de Mn. Armand Puig T\u00e0rrech y Roser Puig T\u00e0rrech, Patronato de la Madre de Dios de la Bovera, Barcelona, 1986.<br \/>\n7. \u00abEl monestir cistercenc de Santa Maria de Vallsanta, per Mn. San\u00e7 Capdevila (manuscrit in\u00e8dit)\u00bb. Edici\u00f3n a cargo de Xavier Ricom\u00e0 Vendrell, Tarragona, 1987.<br \/>\n8. \u00abEls monestirs cistercencs de la vall del Corb (Vallbona de les Monges, la Bovera, el Pedregal i Vallsanta)\u00bb, por el \u00abGrup de Recerques de les Terres de Ponent\u00bb, T\u00e1rrega, 1989.<br \/>\n9. \u00abEl castell de Guimer\u00e0. Facs\u00edmil de l&#8217;obra de San\u00e7 Capdevila\u00bb. Notas hist\u00f3ricas por Joan Duch, Miquel \u00c0ngel Farr\u00e9, Gener Gonzalvo y Josep \u00c0ngel Corbella. Diputaci\u00f3n de L\u00e9rida-Ayuntamiento de Guimer\u00e1, 1990.<\/p>\n<p>. \u00abGuimer\u00e0. Identitat territorial i arquitectura\u00bb. F.A.I.P.A.C., Universidad Polit\u00e9cnica de Catalu\u00f1a, Barcelona, 1989.<br \/>\n. Conferencia \u00abLa tipologia rural i medieval a Guimer\u00e0\u00bb, curso de postgrado, Universidad Polit\u00e9cnica de Catalu\u00f1a, Barcelona, abril 1989.<br \/>\n. Exposici\u00f3n \u00abGuimer\u00e0. Identitat territorial i arquitectura\u00bb. F.A.I.P.A.C., Universidad Polit\u00e9cnica de Catalu\u00f1a, Ayuntamiento de Guimer\u00e1, agosto 1989.<br \/>\n. Colaboraci\u00f3n p\u00e1gina \u00abCita amb el temps\u00bb, \u00abLa Ma\u00f1ana\u00bb, 1990-1991.<br \/>\n. Art\u00edculo sobre las caracter\u00edsticas de la villa medieval de Guimer\u00e1 en la \u00abRevista La Ma\u00f1ana\u00bb, abril, 1991.<br \/>\n. Colaboraci\u00f3n reportajes sobre la arquitectura de Mas de Bondia y Guimer\u00e1 para TVE y TV3, abril 1991.<br \/>\n. \u00abGuim\u00e8ra, pedra i llum\u00bb. Textos de Josep Vallverd\u00fa. Ilustraciones de Joan Duch. Fundaci\u00f3n Roger de Belfort, Barcelona, 1996.<br \/>\n. \u00abManifest de Vallsanta\u00bb, 1998, con Gonzalvo Bou. Texto publicado en diversos peri\u00f3dicos durante el mes de junio de 1997.<\/p>\n","protected":false},"template":"","rang":[144],"class_list":["post-31216","academic","type-academic","status-publish","hentry","rang-academics-corresponents"],"acf":[],"_links":{"self":[{"href":"https:\/\/www.racba.org\/es\/wp-json\/wp\/v2\/academic\/31216","targetHints":{"allow":["GET"]}}],"collection":[{"href":"https:\/\/www.racba.org\/es\/wp-json\/wp\/v2\/academic"}],"about":[{"href":"https:\/\/www.racba.org\/es\/wp-json\/wp\/v2\/types\/academic"}],"wp:attachment":[{"href":"https:\/\/www.racba.org\/es\/wp-json\/wp\/v2\/media?parent=31216"}],"wp:term":[{"taxonomy":"rang","embeddable":true,"href":"https:\/\/www.racba.org\/es\/wp-json\/wp\/v2\/rang?post=31216"}],"curies":[{"name":"wp","href":"https:\/\/api.w.org\/{rel}","templated":true}]}}