{"id":31254,"date":"2023-12-12T16:52:09","date_gmt":"2023-12-12T15:52:09","guid":{"rendered":"https:\/\/www.racba.org\/academic\/soraluce-blond-jose-ramon-2\/"},"modified":"2023-12-12T16:52:09","modified_gmt":"2023-12-12T15:52:09","slug":"soraluce-blond-jose-ramon","status":"publish","type":"academic","link":"https:\/\/www.racba.org\/es\/academic\/soraluce-blond-jose-ramon\/","title":{"rendered":"Soraluce Blond, Jos\u00e9 Ram\u00f3n"},"content":{"rendered":"<p>. Nacido en Ceuta, el 25 de noviembre de 1946. <\/p>\n<p>T\u00cdTULOS ACAD\u00c9MICOS<br \/>\n. Arquitecto: E.T.S. de Arquitectura de Madrid, Universidad Polit\u00e9cnica, especialidad en Urbanismo. T\u00edtulo el 29.11.1974 (expedido el 31.01.1976).<br \/>\n. Doctor en arquitectura: E.T.S. de Arquitectura de La Coru\u00f1a, Universidad de Santiago de Compostela. T\u00edtulo el 13.03.1982 (expedido el 30.09.1982). Calificaci\u00f3n: Sobresaliente cum laude. Tesis doctoral: \u00abLa arquitectura militar en Galicia en la edad moderna -siglos XVI-XVIII\u00bb. Tribunal: Fernando Chueca Goitia (Presidente), Pedro Navascu\u00e9s Palacio (Tutor), Ram\u00f3n Otero Tu\u00f1ez y Rafael Manzano Martos.<\/p>\n<p>INSTITUCIONES ACAD\u00c9MICAS Y DE INVESTIGACI\u00d3N<br \/>\n. Real Academia de Bellas Artes de San Fernando: Acad\u00e9mico correspondiente (La Coru\u00f1a). Fecha de nombramiento: 18.05.1987. Propuesto por los acad\u00e9micos Luis Cervera Vera, Fernando Chueca Goitia y Luis Moya Blanco.<br \/>\n. Real Academia Gallega de Bellas Artes de Nuestra Se\u00f1ora del Rosario: Acad\u00e9mico numerario. Fecha de elecci\u00f3n: 26.04.1986. Propuesto por los acad\u00e9micos Carlos Mart\u00ednez Barbeito, Luis Quintas Goyanes y Carlos Fern\u00e1ndez-Gago Varela. Fecha de ingreso: 30.03.1987. Discurso: \u00abLa Real Academia de Arquitectura de Madrid\u00bb. Contestaci\u00f3n: Carlos Fern\u00e1ndez-Gago Varela.<br \/>\n. Instituto de Estudios Coru\u00f1eses \u00abJos\u00e9 Cornide\u00bb. Miembro colaborador. Fecha elecci\u00f3n: 18.07.1988. Fecha ingreso: 15.11.1988.<br \/>\n. Seminario de Estudios Mari\u00f1ans \u00abUntia\u00bb. Miembro numerario.<br \/>\n. Elegido acad\u00e9mico correspondiente por La Coru\u00f1a de la Reial Acad\u00e8mia Catalana de Belles Arts de Sant Jordi el 20 de junio de 1990, aprobando as\u00ed la propuesta en su d\u00eda presentada por los acad\u00e9micos de n\u00famero Joan Bassegoda Nonell, Francesc Fontbona de Vallescar y Frederic Udina Martorell.<\/p>\n<p>PUESTOS DOCENTES<br \/>\n. Categor\u00eda actual: Catedr\u00e1tico de Universidad.<br \/>\n. Puestos docentes en la E.T.S.A.L.C.:<br \/>\nProfesor encargado de curso nivel B, dibujo arquitect\u00f3nico: 1976-1977.<br \/>\nProfesor adjunto interino, dibujo arquitect\u00f3nico: 1977-1983.<br \/>\nProfesor adjunto interino, historia del arte: 1982-1985.<br \/>\nProfesor titular de Universidad, historia del arte: 1985-1990.<br \/>\nCatedr\u00e1tico de la Escuela T\u00e9cnica Superior de Arquitectura de La Coru\u00f1a: 1991 hasta la actualidad.<\/p>\n<p>CURSOS Y DIPLOMAS RECIBIDOS<br \/>\n. Cursos de doctorado E.T.S.A.M.:<br \/>\n\u00abSoporte urbano\u00bb, curso 1974-1975, aprobado.<br \/>\n\u00abArqueolog\u00eda espa\u00f1ola\u00bb, curso 1974-1975, notable.<br \/>\n. Cursos de doctorado E.T.S.A.L.C.:<br \/>\n\u00abLas formas de crecimiento urbano\u00bb, curso 1976-1977, apto.<br \/>\n\u00abRelaciones entre semiolog\u00eda gr\u00e1fica y procesos de dise\u00f1o\u00bb, curso 1976-1977, sobresaliente.<br \/>\n\u00abProblemas pr\u00e1cticos de la restauraci\u00f3n de monumentos en Galicia\u00bb, curso 1976-1977, aprobado.<br \/>\n\u00abEl control de la calidad en estructuras de hormig\u00f3n armado\u00bb, curso 1977-1978, apto.<br \/>\n. Archivo Hist\u00f3rico del Reino de Galicia: \u00abCurso de iniciaci\u00f3n en el uso de las fuentes documentales de Galicia\u00bb, La Coru\u00f1a 1 al 16 de julio de 1976.<br \/>\n. Universidade de Santiago de Compostela: \u00abConstrucciones aut\u00f3ctonas gallegas\u00bb, La Coru\u00f1a 26 al 28 de agosto de 1980.<br \/>\n. Universidad Internacional Men\u00e9ndez Pelayo: \u00abArquitectura, t\u00e9cnica y naturaleza en el ocaso de la modernidad\u00bb, Toledo 17 al 21 de mayo de 1982.<br \/>\n. Direcci\u00f3n Xeral do Patrimonio Art\u00edstico e Monumental-Xunta de Galicia: \u00abPatoloxia e tratamento da pedra. O granito galego\u00bb, Santiago de Compostela 17 y 18 de septiembre de 1985.<br \/>\n. Universidad de Educaci\u00f3n a Distancia, programa de Ense\u00f1anza Abierta, curso a\u00f1o 1987: \u00abEl debate arquitect\u00f3nico en Espa\u00f1a en la segunda mitad del siglo XVIII\u00bb. Diploma: 1 de julio de 1988.<\/p>\n<p>LIBROS PUBLICADOS<br \/>\n. \u00abEl convento de San Jos\u00e9 de los Cl\u00e9rigos Regulares Menores, llamados Caracciolos\u00bb. Colecci\u00f3n Universitaria, n\u00ba 1, Alcal\u00e1 de Henares, 1975, 60 p\u00e1gs.<br \/>\n. \u00abArquitectura rom\u00e1nica de La Coru\u00f1a: Faro-Mari\u00f1as-Eume\u00bb. Coordinador-director. Colegio Oficial de Arquitectos de Galicia, Santiago de Compostela, 1983, 90 p\u00e1gs.<br \/>\n. \u00abO castelo de San Anton\u00bb. Colecci\u00f3n Monograf\u00edas Urxentes do Museu, Museo Arqueol\u00f3gico e Hist\u00f3rico Provincial, La Coru\u00f1a, 1984, 46 p\u00e1gs.<br \/>\n. \u00abMonasterios rom\u00e1nicos gallegos\u00bb. Colecci\u00f3n Arte y Arquitectura, Pontedeume, 1985, 16 p\u00e1gs. y 20 diapositivas.<br \/>\n. \u00abLos castros\u00bb. En colaboraci\u00f3n con Antonio R\u00edo L\u00f3pez. Colecci\u00f3n Arte y Arquitectura, Pontedeume, 1985, 16 p\u00e1gs. y 20 diapositivas.<br \/>\n. \u00abCastillos y fortificaciones de Galicia. La arquitectura militar de los siglos XVI-XVIII\u00bb. Serie Catalogaci\u00f3n Arqueol\u00f3gica y Art\u00edstica de Galicia, Fundaci\u00f3n Pedro Barri\u00e9 de la Maza \u00abConde de Fenosa\u00bb, La Coru\u00f1a, 1985, 106 p\u00e1gs.<br \/>\n. \u00abArquitectura g\u00f3tica en Galicia\u00bb. Coordinador-director. Colegio Oficial de Arquitectos de Galicia y Universidade de Santiago de Compostela, Vigo, 1986, 128 p\u00e1gs.<br \/>\n. \u00abLa Real Colegiata de Santa Mar\u00eda del Campo de La Coru\u00f1a\u00bb. (Co-autor). Diputaci\u00f3n Provincial de A Coru\u00f1a. A Coru\u00f1a, 1990.<br \/>\n. \u00abEl Banco Pastor de La Coru\u00f1a\u00bb. (Co-autor). Fundaci\u00f3n Pedro Barri\u00e9 de la Maza. A Coru\u00f1a, 1994.<br \/>\n. \u00abA Antiga Maestranza de Artiller\u00eda, Rectorado da Universidade de A Coru\u00f1a\u00bb. (Co-autor). Universidade da Coru\u00f1a. A Coru\u00f1a, 1994.<br \/>\n. \u00abO Antigo Hospital de Esteiro \u2013 Campus Universitario de Ferrol\u00bb. Universidade da Coru\u00f1a. A Coru\u00f1a, 1997.<br \/>\n. \u00abArquitecturas da Provincia da Coru\u00f1a\u00bb, tomos 1-15, A Coru\u00f1a, 1995-2001.<br \/>\n. \u00abArquitectura de la casa cubana\u00bb. (Co-autor). Universidade da Coru\u00f1a. A Coru\u00f1a, 2001.<br \/>\n. \u00abHistoria de la arquitectura restaurada. De la antig\u00fcedad al Renacimiento\u00bb. Universidade da Coru\u00f1a, 2008.<br \/>\n. \u00abHistoria de la arquitectura restaurada. Del Renacimiento al movimiento moderno\u00bb, Universidade da Coru\u00f1a, 2010.<\/p>\n<p>TRABAJOS Y ART\u00cdCULOS PUBLICADOS<br \/>\n. \u00abUna nueva versi\u00f3n del ataque franc\u00e9s a La Coru\u00f1a en 1639\u00bb, en \u00abRevista del Instituto Jos\u00e9 Cornide de Estudios Coru\u00f1enses\u00bb, a\u00f1o XII, n\u00ba 12, La Coru\u00f1a, 1976, p. 229-239.<br \/>\n. \u00abEl puente romano de Arteixo se conserva intacto\u00bb, en \u00abEl Ideal Gallego\u00bb, La Coru\u00f1a, 17.04.1977, p. 20-21.<br \/>\n. \u00abPastoriza: Reconstrucci\u00f3n de un templo rom\u00e1nico\u00bb, en \u00abBolet\u00edn de la Comisi\u00f3n de Cultura del COAG\u00bb, n\u00ba 8, Santiago de Compostela, 1978, p. 61-72.<br \/>\n. \u00abCastillos de la Costa de la Muerte\u00bb, en \u00abEl Ideal Gallego\u00bb, La Coru\u00f1a, 19.02.1978 y 26.02.1978, p. 17-18 y 17-18. Y en \u00abHoja del Mar\u00bb, (I.S.M.), n\u00ba 153, a\u00f1o XIV, Madrid, junio 1978, p. 32-34.<br \/>\n. \u00abRom\u00e1nico desconocido en Galicia I y II\u00bb, en \u00abEl Ideal Gallego\u00bb, La Coru\u00f1a, 16.07.1978 y 30.07.1978, p. 16-17 y 16-17.<br \/>\n. \u00abArteixo, un municipio rico en templos rom\u00e1nicos\u00bb, en \u00abEl Ideal Gallego\u00bb, La Coru\u00f1a, 25.05.1979, p. 20-23.<br \/>\n. \u00abEsclavos negros para la construcci\u00f3n de castillos espa\u00f1oles\u00bb, en \u00abLa Voz de Galicia\u00bb, La Coru\u00f1a, 25.03.1979, suplemento 2 p\u00e1gs.<br \/>\n. \u00abNove seculos de arquitectura galega. Cinco estilos de arquitectura\u00bb, en \u00abGalicia: A destruccion e a integracion do patrimonio arquitectonico\u00bb, COAG, Santiago de Compostela, 1981, p. 26-33.<br \/>\n. \u00abCastelo de Santa Cruz\u00bb, Axuntamento de Oleiros, La Coru\u00f1a, 1981, 8 p\u00e1gs.<br \/>\n. \u00abConsideraciones sobre un curso de la Universidad Men\u00e9ndez Pelayo\u00bb, en \u00abBolet\u00edn de la Comisi\u00f3n de Cultura del COAG\u00bb, n\u00ba 10, Santiago de Compostela, octubre 1982, p. 8-9.<br \/>\n. \u00abFeliciano Miguez y los ingenieros militares en Betanzos\u00bb, en \u00abAnuario Brigantino\u00bb, Betanzos, 1982, p. 100-107.<br \/>\n. \u00abEl arquitecto Pedro Luis Escriba. Un tratadista espa\u00f1ol en la Italia del Renacimiento\u00bb, en \u00abArquitectos. Revista del Consejo Superior de Colegios de Arquitectos de Espa\u00f1a\u00bb, n\u00ba 68, Madrid, junio 1983, p. 16-30.<br \/>\n. \u00abLa arquitectura en la ciudad de los muertos\u00bb, en \u00abBrigantium. Boletin do Museu Arqueoloxico e Historico de A Coru\u00f1a\u00bb, n\u00ba 4, La Coru\u00f1a, 1983, p. 183-201. En colaboraci\u00f3n con A. Monteoliva, V. Souto y C. Ardid.<br \/>\n. \u00abEl puente internacional de Tuy cumple cien a\u00f1os\u00bb, en \u00abLa Voz de Galicia\u00bb, La Coru\u00f1a, 08.05.1984, p. 18.<br \/>\n. \u00abSanta Maria de Donas: Un monasterio para la piqueta\u00bb, en \u00abBolet\u00edn de la Comision de Cultura del COAG\u00bb, n\u00ba 17, Santiago de Compostela, marzo 1984, p. 28. Y en \u00abEl Ideal Gallego\u00bb, La Coru\u00f1a, 16.05.1984.<br \/>\n. \u00abDescripci\u00f3n de la villa de Puente de Heume. A\u00f1o de 1798\u00bb, Pontedeume, 1984, 27 p\u00e1gs.<br \/>\n. \u00abLa arquitectura gallega del siglo XIX\u00bb de Pedro Navascu\u00e9s. Presentaci\u00f3n-pr\u00f3logo, suplemento n\u00ba 5 de \u00abObradoiro\u00bb, Comisi\u00f3n de Cultura del COAG, Santiago de Compostela, 1984.<br \/>\n. \u00abTeatro Rosal\u00eda de Castro. La Coru\u00f1a\u00bb y \u00abTeatro Garc\u00eda Barb\u00f3n. Vigo\u00bb, en \u00abArquitectura teatral en Espa\u00f1a\u00bb, publicaciones del M.O.P.U., Madrid, 1984, p. 132-135 y 208-211. Y en \u00abBolet\u00edn de la Comis\u00f3n de Cultura del COAG\u00bb, n\u00ba 22, Santiago de Compostela, febrero 1985, p. 10-13.<br \/>\n. \u00abQuinientos a\u00f1os de la Capitan\u00eda General de Galicia\u00bb, en \u00abArquitectura militar\u00bb, Ministerio de Defensa, Madrid, 1985, p. 135-145.<br \/>\n. \u00abCinco templos rom\u00e1nicos en Las Mari\u00f1as\u00bb, en \u00abUntia-Bolet\u00edn do Seminario de Estudios Mari\u00f1ans\u00bb, n\u00ba 1, Betanzos, 1985, p. 9-15.<br \/>\n. \u00abCuatro planos de Arteixo del siglo XVIII\u00bb, en \u00abBrigantium-Bolet\u00edn do Museu Arqueoloxico e Historico de A Coru\u00f1a\u00bb, n\u00ba 5, La Coru\u00f1a, 1985, p. 291-295.<br \/>\n. \u00abAlumno 1985\u00bb, en \u00abBolet\u00edn Acad\u00e9mico de la E.T.S.A. de La Coru\u00f1a\u00bb, n\u00ba 1, La Coru\u00f1a, abril 1985, p. 4-7.<br \/>\n. \u00abGalicia en el contexto de la arquitectura neocl\u00e1sica espa\u00f1ola\u00bb, en \u00abAbrente. Bolet\u00edn de la Real Academia Gallega de Bellas Artes\u00bb, n\u00ba 13-15, La Coru\u00f1a, 1986, p. 59-80.<br \/>\n. \u00abLa arquitectura prerrom\u00e1nica asturiana en Galicia\u00bb, en \u00abCota 0. Revista del Colegio de Arquitectos de Asturias\u00bb, n\u00ba 3, Oviedo, 1986, p. 89-90.<br \/>\n. \u00abUna vez m\u00e1s el pasatiempos\u00bb, en \u00abUntia. Bolet\u00edn do Seminario de Estudios Mari\u00f1ans\u00bb, n\u00ba 2, Betanzos, 1986, p. 45-49.<br \/>\n. \u00abMarcas y signos en templos medievales gallegos\u00bb, en \u00abActas del V Congreso Internacional de Gliptograf\u00eda\u00bb, tomo II, Pontevedra, julio 1986, p. 695-713.<br \/>\n. \u00abPoliorc\u00e9tica gallega: arquitectura para la guerra\u00bb, en \u00abBolet\u00edn acad\u00e9mico de la E.T.S.A. de La Coru\u00f1a\u00bb, n\u00ba 5, La Coru\u00f1a, diciembre 1986, p. 10-18.<br \/>\n. \u00abLa Coru\u00f1a. Ciudad abaluartada\u00bb, en \u00abActas de las Jornadas de Arquitectura Militar Hist\u00f3rica en la costa de Galicia\u00bb, El Ferrol, 1987, p. 9-16.<br \/>\n. \u00abCiencia y arquitectura en el ocaso del Renacimiento: Notas para la historia de la Real Academia de Matem\u00e1ticas de Madrid\u00bb, en \u00abAcademia. Bolet\u00edn de la Real Academia de Bellas Artes de San Fernando\u00bb, n\u00ba 65, Madrid, 1987, p. 67-107.<br \/>\n. \u00abEl l\u00edo del jard\u00edn de San Carlos de A Coru\u00f1a\u00bb, en \u00abEl Correo Gallego\u00bb, Santiago de Compostela, 12.08.1988.<br \/>\n. \u00abLa presa de O Pindo puede anegar el templo barroco de Santa Uxia de Ezaro\u00bb, en \u00abDiario de Galicia\u00bb, Vigo, 07.09.1988.<br \/>\n. \u00abSecuencia hist\u00f3rica de la formaci\u00f3n del borde fortificado de la ciudad alta de La Coru\u00f1a\u00bb. Bases del concurso de ideas de ordenaci\u00f3n del litoral de la ciudad alta de A Coru\u00f1a, C.O.A.G., Santiago de Compostela, 1988, p. 19-35.<br \/>\n. \u00abLa creaci\u00f3n de las escuelas de arquitectura de La Coru\u00f1a por la Fundaci\u00f3n Barri\u00e9 de la Maza\u00bb, en \u00abBolet\u00edn Acad\u00e9mico de la E.T.S.A. de La Coru\u00f1a\u00bb, n\u00ba 9, La Coru\u00f1a, octubre 1988, p. 4-7.<br \/>\n. \u00abEl espacio del espect\u00e1culo: Los primeros teatros de Galicia\u00bb, en \u00abBolet\u00edn Acad\u00e9mico de la E.T.S.A. de La Coru\u00f1a\u00bb, n\u00ba 9, La Coru\u00f1a, octubre 1988, p. 26-37.<br \/>\n. \u00abPuentes de Garc\u00eda Rodr\u00edguez y su comarca en el siglo XVIII\u00bb, en \u00abUntia. Bolet\u00edn do Seminario de Estudios Mari\u00f1ans\u00bb, n\u00ba 3, Betanzos, 1988, p. 75-83.<\/p>\n<p>PARTICIPACI\u00d3N EN CURSOS Y CONGRESOS<br \/>\n. \u00abI Simposium Internacional de Castellolog\u00eda\u00bb. Organiza: Asociaci\u00f3n Espa\u00f1ola de Amigos de los Castillos. Comunicaci\u00f3n: \u00abCastillos de la Costa de la Muerte\u00bb. Publicaci\u00f3n: Resumen en \u00abCastillos de Espa\u00f1a\u00bb; \u00abEl Ideal Gallego\u00bb, La Coru\u00f1a, 18.02.1978, p. 17-18 y 26.02.1978, p. 17-18; y \u00abHoja del Mar-I.S.M.\u00bb, n\u00ba 153, junio 1978, p. 32-34.<br \/>\n. \u00abIII Xornadas de Arquitectura Galega: A destruccion e a integracion do patrimonio arquitectonico\u00bb. Organiza: Colegio Oficial de Arquitectos de Galicia, Santiago de Compostela, 30 de abril al 2 de mayo de 1981. Comunicaci\u00f3n: \u00abNuevas fuentes de documentaci\u00f3n para la arquitectura gallega\u00bb.<br \/>\n. \u00abJornadas de expresi\u00f3n gr\u00e1fica arquitect\u00f3nica\u00bb. Organiza: Escuela T\u00e9cnica Superior de Arquitectura de La Coru\u00f1a, La Coru\u00f1a, 16 al 18 de febrero de 1984. Comunicaci\u00f3n: \u00abLa ense\u00f1anza del dibujo de C.O.U. en la Universidad de Santiago\u00bb.<br \/>\n. \u00abJornadas de estudio sobre arquitectura militar hist\u00f3rica en la costa de Galicia\u00bb. Organiza: Delegaci\u00f3n del Instituto de Historia y Cultura Naval de la zona mar\u00edtima del Cant\u00e1brico, El Ferrol, 16 al 18 de febrero de 1985. Comunicaci\u00f3n: \u00abLa Coru\u00f1a: Ciudad abaluartada\u00bb. Publicaci\u00f3n: \u00abActas\u00bb, 1987, p. 9-16. Y \u00abBolet\u00edn Acad\u00e9mico E.T.S.A.L.C.\u00bb, n\u00ba 5, p. 10-12.<br \/>\n. \u00abII Simposio sobre castillos de la raya entre Portugal y Espa\u00f1a\u00bb. Organiza: Associa\u00e7ao Portuguesa de Amigos de los Castillos Viana do Castelo, La Coru\u00f1a 24 al 28 de julio de 1985. Comunicaci\u00f3n: \u00abLas fortificaciones gallegas de la frontera del Mi\u00f1o en los siglos XVII y XVIII\u00bb. Publicaci\u00f3n: \u00abBolet\u00edn Acad\u00e9mico E.T.S.A.L.C.\u00bb, n\u00ba 5, p. 15-18.<br \/>\n. \u00abII Congreso Europeo do Horreo na Arquitectura Rural\u00bb. Organiza: Xunta de Galicia-C.O.A.G. y otros. Santiago de Compostela 24 al 26 de octubre de 1985. Miembro del comit\u00e9 ejecutivo-Representante del C.O.A.G. Comunicaci\u00f3n: \u00abCambre: Modelo de inventario de h\u00f3rreos de un t\u00e9rmino municipal\u00bb.<br \/>\n. \u00abV Coloquio Internacional de Gliptograf\u00eda\u00bb. Organiza: Centre International de Recherches Gliptographiques, Poio (Pontevedra) 8 al 13 de julio de 1986. Comunicaci\u00f3n: \u00abMarcas y signos en templos medievales gallegos\u00bb. Publicaci\u00f3n: \u00abActas\u00bb, 1988, tomo II, p. 695-713.<br \/>\n. \u00abXIX curso de doctorado de conservaci\u00f3n y restauraci\u00f3n de monumentos y ambientes\u00bb. Organiza: Escuela T\u00e9cnica Superior de Arquitectura de Barcelona-C\u00e1tedra Gaud\u00ed. Barcelona 6 de abril de 1987. Lecci\u00f3n: \u00abHistoria de la construcci\u00f3n de la catedral de Santiago\u00bb.<br \/>\n. \u00abMedievalismo y neomedievalismo en la arquitectura espa\u00f1ola\u00bb. Organiza: Universidad de Salamanca. \u00c1vila 25 al 27 de septiembre de 1987. Comunicaci\u00f3n: \u00abGalicia: Arquitectura medieval y neomedieval\u00bb.<br \/>\n. \u00abMuseolxia: Conservaci\u00f3n, restauraci\u00f3n e rehabilitaci\u00f3n\u00bb. Organiza: Universidade de Santiago de Compostela. Santiago de Compostela 11 al 16 de julio de 1988. Lecci\u00f3n: \u00abMonumentos: Edificios singulares, monasterios, iglesias,&#8230;\u00bb.<\/p>\n<p>CONFERENCIAS, MESAS REDONDAS, PRESENTACIONES<br \/>\n. \u00abEl castillo de Santa Cruz y las fortificaciones de La Coru\u00f1a\u00bb. Organiza: Ayuntamiento de Oleiros. Ciclo: \u00abO patrimonio historico artistico do Axuntamento de Oleiros\u00bb. Conferencia, La Coru\u00f1a 21 de enero de 1983.<br \/>\n. \u00abA memoria de A Coru\u00f1a: Feitos, historias e edificios\u00bb. Organiza: Ateneo da Coru\u00f1a. Ciclo: \u00abHistoria de A Coru\u00f1a\u00bb. Mesa redonda, La Coru\u00f1a 24 de abril de 1983.<br \/>\n. \u00abO castelo de San Anton\u00bb. Organiza: Museu Arqueoloxico Provincial de A Coru\u00f1a. Presentaci\u00f3n de la colecci\u00f3n \u00abMonografias urxentes do museu\u00bb. Conferencia, La Coru\u00f1a 7 de junio de 1984.<br \/>\n. \u00abValoraci\u00f3n de los restos de las murallas de La Coru\u00f1a aparecidas en la excavaci\u00f3n de la plaza de Mar\u00eda Pita\u00bb. Organiza: Colegio Oficial de Arquitectos de Galicia. Mesa redonda, La Coru\u00f1a 5 de noviembre de 1985.<br \/>\n. \u00abLa Real Academia de Arquitectura de Madrid\u00bb. Discurso de ingreso en la Real Academia Gallega de Bellas Artes, La Coru\u00f1a, 30 de marzo de 1987.<br \/>\n. \u00abRecuperaci\u00f3n del clasicismo en la arquitectura gallega y espa\u00f1ola del siglo XVIII\u00bb. Organiza: Delegaci\u00f3n del Instituto de Historia y Cultura Naval de la zona mar\u00edtima del Cant\u00e1brico. Ciclo: \u00abJuli\u00e1n S\u00e1nchez Bort y la Ilustraci\u00f3n\u00bb. Conferencia, El Ferrol 16 de septiembre de 1988.<br \/>\n. \u00abPresentaci\u00f3n del Bolet\u00edn &#8216;Untia III'\u00bb. Organiza: Seminario de Estudios Mari\u00f1ans. Presentaci\u00f3n: Betanzos 11 de noviembre de 1988 y As Pontes 18 de noviembre de 1988.<\/p>\n","protected":false},"template":"","rang":[144],"class_list":["post-31254","academic","type-academic","status-publish","hentry","rang-academics-corresponents"],"acf":[],"_links":{"self":[{"href":"https:\/\/www.racba.org\/es\/wp-json\/wp\/v2\/academic\/31254","targetHints":{"allow":["GET"]}}],"collection":[{"href":"https:\/\/www.racba.org\/es\/wp-json\/wp\/v2\/academic"}],"about":[{"href":"https:\/\/www.racba.org\/es\/wp-json\/wp\/v2\/types\/academic"}],"wp:attachment":[{"href":"https:\/\/www.racba.org\/es\/wp-json\/wp\/v2\/media?parent=31254"}],"wp:term":[{"taxonomy":"rang","embeddable":true,"href":"https:\/\/www.racba.org\/es\/wp-json\/wp\/v2\/rang?post=31254"}],"curies":[{"name":"wp","href":"https:\/\/api.w.org\/{rel}","templated":true}]}}