{"id":31281,"date":"2023-12-12T16:52:16","date_gmt":"2023-12-12T15:52:16","guid":{"rendered":"https:\/\/www.racba.org\/academic\/flores-lopez-carlos-2\/"},"modified":"2023-12-12T16:52:16","modified_gmt":"2023-12-12T15:52:16","slug":"flores-lopez-carlos","status":"publish","type":"academic","link":"https:\/\/www.racba.org\/es\/academic\/flores-lopez-carlos\/","title":{"rendered":"Flores L\u00f3pez, Carlos"},"content":{"rendered":"<p>Cuenca, 1928.<br \/>\nT\u00edtulo de arquitecto, 1958.<br \/>\nT\u00edtulo de doctor arquitecto, 1965, Escuela T\u00e9cnica Superior de Arquitectura de Madrid.<br \/>\nMiembro de la Real Academia Conquense de Artes y Letras.<br \/>\nElegido acad\u00e9mico correspondiente por Madrid de la Reial Acad\u00e8mia Catalana de Belles Arts de Sant Jordi el 24 de octubre de 2000, aprobando as\u00ed la propuesta en su d\u00eda presentada por los acad\u00e9micos de n\u00famero Jordi Bonet Armengol, Leopoldo Gil Nebot y Antoni Pladevall Font.<\/p>\n<p>ACTIVIDAD PROFESIONAL<br \/>\n. Colaboraci\u00f3n en revistas profesionales y de informaci\u00f3n general (1956-1999).<br \/>\n. Premio Colegio Oficial de Arquitectos de Madrid a la mejor labor cr\u00edtica e historiogr\u00e1fica en 1962.<br \/>\n. Director revista \u00abHogar y arquitectura\u00bb (1963-1974).<br \/>\n. Profesor titular de la Escuela T\u00e9cnica Superior de Arquitectura de Madrid desde 1987 hasta 1998 en la asignatura de Composici\u00f3n II (cuarto curso).<br \/>\n. Miembro del equipo ganador del concurso \u00abArquitectura y urbanismo Andaluc\u00eda-Sudam\u00e9rica\u00bb, convocado por la Junta de la Comunidad Aut\u00f3noma Andaluza, 1989.<br \/>\n. Premio Ayuntamiento de Madrid, 1990, por el conjunto de su labor investigadora.<br \/>\n. Participante como ponente en el congreso sobre arquitectura contempor\u00e1nea celebrado en Sevilla, mayo 1992.<br \/>\n. Arquitecto asesor en el proyecto de construcci\u00f3n de un \u00abpueblo espa\u00f1ol\u00bb junto a la localidad de Tamano City, Kurashiki, Jap\u00f3n (1992-1993).<br \/>\n. Participante como ponente en el simposio sobre arquitectura religiosa celebrado en el convento de Tourette, pr\u00f3ximo a Lyon, 1993.<br \/>\n. Profesor invitado sobre los temas \u00abArquitectura popular y arquitectura espa\u00f1ola contempor\u00e1nea\u00bb en el m\u00e1ster sobre restauraci\u00f3n de edificios impartido en el Centro Superior de Arquitectura, Madrid, octubre 1993 a julio 1994.<br \/>\n. Participante como ponente en el I curso sobre estudios tradicionales, Universidad de Valladolid, febrero 1994.<br \/>\n. Participaciones diversas en los cursos de conferencias organizados por el Colegio Oficial de Aparejadores y Arquitectos T\u00e9cnicos de Madrid entre 1992-1999.<br \/>\n. Participaciones diversas en los cursos sobre arquitectura organizados por la Fundaci\u00f3n Joaqu\u00edn D\u00edaz entre 1993-1998.<br \/>\n. Ponente principal en el seminario internacional sobre arquitectura vern\u00e1cula organizado por el I.C.R.B.C. en colaboraci\u00f3n con ICOMOS (Comit\u00e9 Internacional de Monumentos y Sitios), Madrid 1996.<br \/>\n. Ponente principal en el congreso sobre arquitectura popular organizado por la Universidad Lusiada, Oporto, mayo 1998.<br \/>\n. Director de las jornadas sobre la arquitectura de Gaud\u00ed celebradas en Reus (Tarragona), noviembre 1998, organizadas por el Excmo. Ayuntamiento de dicha ciudad.<br \/>\n. Numerosas intervenciones en cursos, seminarios, simposios, mesas redondas, etc. entre 1987-1999.<br \/>\n. Participaci\u00f3n en los actos organizados por el Colegio Oficial de Arquitectos de Tarragona con motivo de la recuperaci\u00f3n del Teatro Metropol (1995) y de la celebraci\u00f3n del \u00abAny Jujol\u00bb, 1999.<br \/>\n. Miembro del consejo editor de la revista \u00abArquitectura\u00bb, \u00f3rgano del Colegio Oficial de Arquitectos de Madrid (1994-1999).<br \/>\n. Ponente en las \u00abV Jornadas de Estudios Gaudinistas\u00bb, celebradas en Sant Joan Desp\u00ed (Barcelona), 1999.<br \/>\n. \u00abTres lecciones en torno al modernismo catal\u00e1n\u00bb, Colegio Oficial de Aparejadores y Arquitectos T\u00e9cnicos de Madrid, 2000.<\/p>\n<p>PUBLICACIONES<br \/>\n. \u00abArquitectura espa\u00f1ola contempor\u00e1nea\u00bb, 1961, Aguilar, S.A.<br \/>\n. \u00abGu\u00eda de la arquitectura de Madrid\u00bb, 1964. En colaboraci\u00f3n con Eduardo Amann.<br \/>\n. \u00abGu\u00eda de la arquitectura de Barcelona\u00bb, 1964. En colaboraci\u00f3n con Eduardo Amann.<br \/>\n. \u00abGu\u00eda de la arquitectura de Toledo\u00bb, 1965. En colaboraci\u00f3n con Eduardo Amann.<br \/>\n. \u00abArturo Soria y la Ciudad Lineal\u00bb, 1968, Ed. Revista de Occidente. En colaboraci\u00f3n con George R. Collins y A. Soria Puig. (Versi\u00f3n en italiano publicada por \u00abIl saggiattore\u00bb, Mil\u00e1n, 1968).<br \/>\n. \u00abArquitectura popular espa\u00f1ola\u00bb, 5 vol\u00famenes, 1972-1976, Aguilar, S.A.<br \/>\n. \u00abLa arquitectura de J. M. Jujol\u00bb, 1974, La Gaya Ciencia, Barcelona.<br \/>\n. \u00abLa Espa\u00f1a popular, ra\u00edces de una arquitectura vern\u00e1cula\u00bb, 1978, Aguilar, S.A.<br \/>\n. \u00abGaud\u00ed, Jujol y el modernismo catal\u00e1n\u00bb, 1982, Aguilar, S.A. Reeditado en 2004.<br \/>\n. Cap\u00edtulos sobre Espa\u00f1a en \u00abHistoria de la arquitectura moderna\u00bb, Leonardo Ben\u00e9volo, Editorial Taurus, 1963. Ampliaci\u00f3n Ed. Gustavo Gili, 1979.<br \/>\n. \u00abLos sitios de Villaca\u00f1as\u00bb, 1984, MOPU. En colaboraci\u00f3n con Fern\u00e1n Bravo.<br \/>\n. \u00abPueblos y lugares de Espa\u00f1a\u00bb, 1991, Espasa Calpe.<br \/>\n. \u00abCiudades de Europa\u00bb, 1992, Espasa Calpe.<br \/>\n. \u00abSobre arquitecturas y arquitectos\u00bb, 1994, Colegio Oficial de Arquitectos de Madrid.<br \/>\n. \u00abGu\u00eda de la arquitectura de Espa\u00f1a\u00bb, 1996, Fundaci\u00f3n Caja de Arquitectos. En colaboraci\u00f3n con Xavier G\u00fcell.<br \/>\n. Participaci\u00f3n en libros colectivos en homenaje a los arquitectos Ram\u00f3n V\u00e1zquez Molezum (1993) y Alejandro de la Sota (1996).<br \/>\n. Texto-base sobre la arquitectura de Santiago Lagunas en el libro-cat\u00e1logo publicado como homenaje al citado pintor-arquitecto, 1997, Colegio Oficial de Arquitectos de Arag\u00f3n.<br \/>\n. \u00abDesarrollo hist\u00f3rico de las ciudades espa\u00f1olas\u00bb, 1998, Fundaci\u00f3n FCC. Textos de L. Cervera Vera, F. Chueca Goitia y Carlos Flores.<br \/>\n. \u00abLa Pedrera\u00bb, 1999, Fundaci\u00f3n Cultural Caja Catalu\u00f1a, Barcelona. Coautor J. M. Huertas Claver\u00eda.<br \/>\n. \u00abLes lli\u00e7ons de Gaud\u00ed\u00bb, 2002, Ed. Emp\u00faries.<\/p>\n","protected":false},"template":"","rang":[144],"class_list":["post-31281","academic","type-academic","status-publish","hentry","rang-academics-corresponents"],"acf":[],"_links":{"self":[{"href":"https:\/\/www.racba.org\/es\/wp-json\/wp\/v2\/academic\/31281","targetHints":{"allow":["GET"]}}],"collection":[{"href":"https:\/\/www.racba.org\/es\/wp-json\/wp\/v2\/academic"}],"about":[{"href":"https:\/\/www.racba.org\/es\/wp-json\/wp\/v2\/types\/academic"}],"wp:attachment":[{"href":"https:\/\/www.racba.org\/es\/wp-json\/wp\/v2\/media?parent=31281"}],"wp:term":[{"taxonomy":"rang","embeddable":true,"href":"https:\/\/www.racba.org\/es\/wp-json\/wp\/v2\/rang?post=31281"}],"curies":[{"name":"wp","href":"https:\/\/api.w.org\/{rel}","templated":true}]}}