{"id":31285,"date":"2023-12-12T16:52:17","date_gmt":"2023-12-12T15:52:17","guid":{"rendered":"https:\/\/www.racba.org\/academic\/fernandez-pardo-francisco-2\/"},"modified":"2023-12-12T16:52:17","modified_gmt":"2023-12-12T15:52:17","slug":"fernandez-pardo-francisco","status":"publish","type":"academic","link":"https:\/\/www.racba.org\/es\/academic\/fernandez-pardo-francisco\/","title":{"rendered":"Fern\u00e1ndez Pardo, Francisco"},"content":{"rendered":"<p>Elegido acad\u00e9mico correspondiente por San Sebasti\u00e1n (Guip\u00fazcoa) de la Reial Acad\u00e8mia Catalana de Belles Arts de Sant Jordi el 16 de mayo de 2001, aprobando as\u00ed la propuesta en su d\u00eda presentada por los acad\u00e9micos de n\u00famero Jordi Bonet Armengol, Francesc Fontbona de Vallescar y Leopoldo Gil Nebot.<\/p>\n<p>Nacido en Logro\u00f1o en 1937, licenciado en Psicolog\u00eda y Doctor en Filosof\u00eda. Ha impartido la ense\u00f1anza de la Filosof\u00eda, de la Historia y de la Historia del Arte en distintos Institutos de Ense\u00f1anza Media y Escuelas de Magisterio y tras ejercer largos a\u00f1os como Jefe de la Obra Cultural de Kutxa (San Sebasti\u00e1n), en los \u00faltimos tiempos fue nombrado Director de Pr\u00e1cticas del Master en Recursos Culturales de la Universidad del Pa\u00eds Vasco (Campus de San Sebasti\u00e1n). <\/p>\n<p>Durante el ejercicio de estas \u00faltimas funciones son innumerables las exposiciones monogr\u00e1ficas de pintura que ha organizado (\u00abVald\u00e9s Leal\u00bb, \u00abRibera\u00bb, \u00abLa pintura del siglo XIX en el Museo de Sevilla\u00bb, \u00abGoya y los pintores de la Ilustraci\u00f3n\u00bb, \u00abLos Benlliure\u00bb, \u00abPintura barroca sevillana\u00bb, \u00abEl aguafuerte en el siglo XIX\u00bb, \u00abSorolla en Guip\u00fazcoa\u00bb, donde aparecen sus rebuscas en las actividades del pintor durante sus estancias en el Pa\u00eds Vasco, etc.). Por otro lado intervino en la organizaci\u00f3n de infinidad de congresos y ciclos de conferencias (como \u00abAmenazas de nuestro tiempo\u00bb) y en la organizaci\u00f3n de reuniones cient\u00edficas (como \u00abJornadas de Psicosociolog\u00eda\u00bb) en cuyos actos participaron los mejores intelectuales del momento; o en concursos internacionales de m\u00fasica, como el \u00abConcurso Nicanor Zabaleta\u00bb. <\/p>\n<p>Esta labor referida al campo de la ense\u00f1anza y de la difusi\u00f3n cultural se corresponde con su intervenci\u00f3n en la recuperaci\u00f3n y exhibici\u00f3n de la obra debida a los pinceles de Navarrete \u00abel Mudo\u00bb (exposiciones en El Escorial, Logro\u00f1o, Zaragoza -salas de Ibercaja-); en descubrimientos de pinturas como la \u00abInmaculada\u00bb de Ribera aparecida en la parroquia de San Andr\u00e9s de Calahorra y de otros valiosos conjuntos art\u00edsticos casi desconocidos como los derivados de la obra pict\u00f3rica realizada por Francisco Domingo Marqu\u00e9s (exposiciones en las salas de Bancaixa en Valencia y Alicante). <\/p>\n<p>Tambi\u00e9n intervino en la puesta en valor y difusi\u00f3n de los bienes pict\u00f3ricos de la Reial Acad\u00e8mia Catalana de Belles Arts de Sant Jordi (exposiciones en la Real Academia de Bellas Artes de San Fernando, Museo de Navarra. Bilbao y Vitoria), as\u00ed como en la difusi\u00f3n del retablo de Dami\u00e1n Forment (catedral de Santo Domingo de la Calzada), cuyos conjuntos escult\u00f3ricos una vez restaurados se exhibieron en las mejores salas de Valencia, Zaragoza y Logro\u00f1o. De igual modo particip\u00f3 en la localizaci\u00f3n, rescate y restauraci\u00f3n de las tablas flamencas existentes en el Camino de Santiago (exposiciones en Bruselas, Le\u00f3n, Palencia, Santo Domingo de la Calzada, etc.); en el hallazgo y restauraci\u00f3n de los cobres flamencos del siglo XVII desperdigados y casi perdidos en el Norte de Espa\u00f1a (exposiciones en Gij\u00f3n -Palacio de Revillagigedo-, Zaragoza -Palacio de S\u00e1stago-, Pamplona -Museo de Navarra-, Vitoria -salas de Caja Vital-); o bien en la expertizaci\u00f3n, cat\u00e1logo y presentaci\u00f3n en distintas salas de Pamplona, Tenerife y Las Palmas del conjunto de la colecci\u00f3n art\u00edstica reunida por Rudolf Gerstenmaier. <\/p>\n<p>Igualmente en los \u00faltimos tiempos intervino en el rescate y difusi\u00f3n del notable retablo mayor de la Imperial Iglesia de Palacio (Logro\u00f1o), obra del escultor Arnao de Bruselas cuyos conjuntos se exhibieron en el Museo de Bellas Artes de Sevilla, Salas de Caja Sur de C\u00f3rdoba, Sala de Exposiciones de la Real Academia de Bellas Artes de San Fernando, Casa Botines de Le\u00f3n, Museo de la Universidad en el palacio de Santa Cruz en Valladolid, etc. <\/p>\n<p>Con motivo de la recuperaci\u00f3n y difusi\u00f3n de los conjuntos art\u00edsticos citados figur\u00f3 como comisario en las sucesivas exposiciones que se llevaron a cabo por toda la geograf\u00eda nacional, y asimismo en distintas ciudades europeas como Bruselas o Par\u00eds (Salas del Instituto Cervantes), Dubl\u00edn (National Gallery of Ireland), Lisboa (Palacio Galbeias) o Museo Nacional de T\u00fanez, en cuyas ciudades dio a conocer la exposici\u00f3n titulada \u00abDe Rembrandt a Goya\u00bb que concern\u00eda a una selecci\u00f3n de los mejores grabados hallados en Espa\u00f1a. Bajo este t\u00edtulo public\u00f3 una monograf\u00eda ilustrada e igualmente otra breve titulada \u00abLos seguidores de Goya\u00bb con motivo de una exposici\u00f3n comisariada por el biografiado que se celebr\u00f3 en Barcelona (sede de Caja Madrid). <\/p>\n<p>Quedan de todas las experiencias citadas numerosos cat\u00e1logos ilustrados e impresos en ediciones de lujo donde, bajo la firma del biografiado o junto a otros especialistas, aparecen t\u00e9cnicamente documentados los bienes art\u00edsticos restaurados y dados a conocer. E igualmente quedan en las revistas cient\u00edficas las excelentes cr\u00edticas que merecieron dichas exposiciones y sus cat\u00e1logos. <\/p>\n<p>Ha rehuido cualquier especialidad y sus publicaciones van desde tratados de psicolog\u00eda (\u00abPsicolog\u00eda General y Evolutiva\u00bb) o de sociolog\u00eda (\u00abSociolog\u00eda de la Educaci\u00f3n\u00bb), hasta la novela hist\u00f3rica (\u00abLa Ruavieja\u00bb y \u00abEl golpe en la crisma\u00bb, en proceso de edici\u00f3n) o el ensayo (\u00abLa otra alternativa\u00bb, premio Ciudad de Ir\u00fan, pr\u00f3logo de Jos\u00e9 Luis Pinillos). Desde incursiones en la historia actual (\u00abLa Independencia Vasca\u00bb, pr\u00f3logo de Julio Caro Baroja) hasta biograf\u00edas (\u00abJ. A. Llorente, espa\u00f1ol maldito\u00bb, introducci\u00f3n y pr\u00f3logo de Ignacio Tellechea y Miguel Artola, respectivamente), por no citar sus numerosas conferencias y otros art\u00edculos de car\u00e1cter cient\u00edfico aparecidos en distintos diarios nacionales y revistas como el \u00abBulletin Hispanique\u00bb, Instituto de Estudios Riojanos y en publicaciones universitarias. <\/p>\n<p>Durante venticinco a\u00f1os ha ido recogiendo la informaci\u00f3n y los materiales necesarios para culminar su trabajo de investigaci\u00f3n m\u00e1s voluminoso y comprometido referente a la \u00abDispersi\u00f3n y destrucci\u00f3n del patrimonio art\u00edstico espa\u00f1ol\u00bb, publicado en el a\u00f1o 2007.<\/p>\n","protected":false},"template":"","rang":[144],"class_list":["post-31285","academic","type-academic","status-publish","hentry","rang-academics-corresponents"],"acf":[],"_links":{"self":[{"href":"https:\/\/www.racba.org\/es\/wp-json\/wp\/v2\/academic\/31285","targetHints":{"allow":["GET"]}}],"collection":[{"href":"https:\/\/www.racba.org\/es\/wp-json\/wp\/v2\/academic"}],"about":[{"href":"https:\/\/www.racba.org\/es\/wp-json\/wp\/v2\/types\/academic"}],"wp:attachment":[{"href":"https:\/\/www.racba.org\/es\/wp-json\/wp\/v2\/media?parent=31285"}],"wp:term":[{"taxonomy":"rang","embeddable":true,"href":"https:\/\/www.racba.org\/es\/wp-json\/wp\/v2\/rang?post=31285"}],"curies":[{"name":"wp","href":"https:\/\/api.w.org\/{rel}","templated":true}]}}