{"id":31289,"date":"2023-12-12T16:52:18","date_gmt":"2023-12-12T15:52:18","guid":{"rendered":"https:\/\/www.racba.org\/academic\/doderer-gerhard-otto-2\/"},"modified":"2023-12-12T16:52:18","modified_gmt":"2023-12-12T15:52:18","slug":"doderer-gerhard-otto","status":"publish","type":"academic","link":"https:\/\/www.racba.org\/es\/academic\/doderer-gerhard-otto\/","title":{"rendered":"Doderer, Gerhard Otto"},"content":{"rendered":"<p>(1944). Elegido acad\u00e9mico correspondiente por Lisboa (Portugal) de la Reial Acad\u00e8mia Catalana de Belles Arts de Sant Jordi el 15 de enero de 2003, aprobando as\u00ed la propuesta en su d\u00eda presentada por los acad\u00e9micos de n\u00famero Francesc Bonastre Bertr\u00e1n, Leopoldo Gil Nebot y Joan Guinjoan Gispert.<\/p>\n<p>Ver ingl\u00e9s<\/p>\n","protected":false},"template":"","rang":[144],"class_list":["post-31289","academic","type-academic","status-publish","hentry","rang-academics-corresponents"],"acf":[],"_links":{"self":[{"href":"https:\/\/www.racba.org\/es\/wp-json\/wp\/v2\/academic\/31289","targetHints":{"allow":["GET"]}}],"collection":[{"href":"https:\/\/www.racba.org\/es\/wp-json\/wp\/v2\/academic"}],"about":[{"href":"https:\/\/www.racba.org\/es\/wp-json\/wp\/v2\/types\/academic"}],"wp:attachment":[{"href":"https:\/\/www.racba.org\/es\/wp-json\/wp\/v2\/media?parent=31289"}],"wp:term":[{"taxonomy":"rang","embeddable":true,"href":"https:\/\/www.racba.org\/es\/wp-json\/wp\/v2\/rang?post=31289"}],"curies":[{"name":"wp","href":"https:\/\/api.w.org\/{rel}","templated":true}]}}