{"id":31292,"date":"2023-12-12T16:52:20","date_gmt":"2023-12-12T15:52:20","guid":{"rendered":"https:\/\/www.racba.org\/academic\/vives-i-ramiro-josep-maria-2\/"},"modified":"2023-12-12T16:52:20","modified_gmt":"2023-12-12T15:52:20","slug":"vives-i-ramiro-josep-maria","status":"publish","type":"academic","link":"https:\/\/www.racba.org\/es\/academic\/vives-i-ramiro-josep-maria\/","title":{"rendered":"Vives i Ramiro, Josep Maria"},"content":{"rendered":"<p>T\u00cdTULOS ACAD\u00c9MICOS<br \/>\n. Catedr\u00e1tico Numerario de Musicolog\u00eda.<br \/>\n. Jefe de Departamento de Musicolog\u00eda y Pedagog\u00eda del Conservatorio Superior de M\u00fasica de Alicante.<br \/>\n. Licenciado con Grado en Filosof\u00eda y Letras. Premio Extraordinario de Licenciatura por la Universidad Aut\u00f3noma de Barcelona. 1977.<br \/>\n. Profesor Superior de Musicolog\u00eda. Premio Fin de Carrera. 1982.<br \/>\n. Profesor Superior de Guitarra. Premio Fin de Carrera. 1980.<br \/>\n. Profesor Superior de Pedagog\u00eda Musical. Sobresaliente. 1979.<br \/>\n. Profesor Superior de Armon\u00eda, Contrapunto, Composici\u00f3n e Instrumentaci\u00f3n. Sobresaliente. 1981.<br \/>\n. Profesor de Solfeo, Teor\u00eda de la M\u00fasica, Transposici\u00f3n y Acompa\u00f1amiento. Sobresaliente. 1982.<br \/>\n. Doctor cum laude en Filosof\u00eda y Letras por la Universidad Aut\u00f3noma de Barcelona. 1990.<br \/>\n. Tesis de licenciatura: La Festa y el Consueta de 1709 (Misterio de Elche), 1977.<br \/>\n. Tesis doctoral: El Cancionero de Uppsala (m\u00fasica y poes\u00eda), 1990.<\/p>\n<p>CURSOS, M\u00c1STERES Y SEMINARIOS IMPARTIDOS<br \/>\n. Colegio Oficial de Doctores y Licenciados en Filosof\u00eda y Letras y en Ciencias de Alicante: Actualizaci\u00f3n de contenidos y programaci\u00f3n de objetivos did\u00e1cticos de la asignatura de M\u00fasica en B.U.P. Curso de 6 h. celebrado del 18 al 23 de octubre de 1983.<br \/>\n. Asociaci\u00f3n de Profesores de M\u00fasica: Curso de did\u00e1ctica y metodolog\u00eda de la M\u00fasica en Bachillerato. Curso de 9 h. celebrado en El Escorial del 8 al 14 de abril de 1985.<br \/>\n. Federaci\u00f3 d\u2019Ensenyent del Pa\u00eds Valenci\u00e0 de CC.OO.: Problem\u00e1tica de las ense\u00f1anzas profesionales de la M\u00fasica. Curso de Formaci\u00f3n de 2 h. Valencia, 1998.<br \/>\n. Conservatorio Superior de M\u00fasica de Alicante:<br \/>\n-Curso Monogr\u00e1fico de Musicolog\u00eda. Curso de 50 h. celebrado del 2 de marzo al 13 de abril de 1987.<br \/>\n-Curso de Canto Gregoriano. Curso de 50 h. celebrado del 5 de febrero al 12 de marzo de 1990.<br \/>\n. Universidad de Valencia:<br \/>\n-C.A.P. de M\u00fasica en el Centro de Formaci\u00f3n Permanente del Profesorado de 240 h. en cada uno de los cursos acad\u00e9micos comprendidos entre 1986 a 1990.<br \/>\n-M\u00e1ster de Est\u00e9tica y Creatividad Musical, curso M\u00fasica y poes\u00eda en el Cancionero de Uppsala (siglo XVI) de 40 h. computables como cursos de doctorado, en dos ediciones; la primera, entre febrero de 1998 y marzo de 2000 y, la segunda, en abril de 2002.<br \/>\n-Seminario \u00abEst\u00e8tica, M\u00fasica i Teatre\u00bb. 10 h. Curso 1999 \u2013 2000.<br \/>\n. Cursos de Doctorado en la Universidad Polit\u00e9cnica de Valencia:<br \/>\n-Contrapunto del Renacimiento de 40 h. durante los cursos 2001-2002, 2002-2003; de 30 h. durante el curso 2003-2004.<br \/>\n-El patrimonio musical valenciano y la metodolog\u00eda de la investigaci\u00f3n musicol\u00f3gica de 30 h. durante los cursos 2004-2005, 2005-2006.<br \/>\n. Curso de 10 h. para la obtenci\u00f3n del Diploma de M\u00fasica Sacra en la Universidad Cat\u00f3lica de Valencia \u201cSan Vicente Martir\u201d en abril de 2007.<br \/>\n. Cursos de doctorado en la Universidad de Alicante de 10 h. cada uno, durante los cursos acad\u00e9micos 2006-2007 y 2007-2008.<br \/>\n. M\u00e1ster Erasmus Mundus \u201cTecniques, propri\u00e9t\u00e9, territoire de l\u2019industrie, histoire, valorisation, enseignement\u201d, Universit\u00e9 Pant\u00e9on-Sorbone de Paris, conferencia y mesa redonda (junio 2011).<br \/>\n. M\u00e1ster de Patrimonio Musical en la Universidad Internacional de Andaluc\u00eda \u2013 Baeza (de 10 h. durante el curso 2010-2011).<br \/>\n. M\u00e1ster de Patrimonio Musical en la Universidad Internacional de Andaluc\u00eda \u2013 Baeza (de 15 h. durante el curso 2011-2012).<\/p>\n<p>OTROS PROYECTOS DE INVESTIGACI\u00d3N<br \/>\n. Catalogaci\u00f3n de la obra del compositor valenciano Salvador Giner, con ayuda de investigaci\u00f3n de la Excma. Diputaci\u00f3n Provincial de Valencia, 1981.<br \/>\n. Transcripci\u00f3n y estudio del Cancionero de Uppsala, becado por Instituci\u00f3n Valenciana de Estudios e Investigaci\u00f3n \u2013 Diputaci\u00f3n Provincial de Valencia, durante los a\u00f1os 1989, 1990 y 1991.<br \/>\n. Miserere en do menor (Salmo 50) de Francisco Crevea y Cort\u00e9s, 1993.<br \/>\n. Visitatio Sepulchri de Gandia, 1997 y 1998, becado por la Fundaci\u00f3n Santiago Lope.<br \/>\n. Teor\u00eda y pr\u00e1ctica musical en el Renacimiento espa\u00f1ol, 2000 a 2006.<br \/>\n. El Canto de la Sibila valenciano, 2006 y 2007, encargo del Festival de M\u00fasica y Teatro Medieval de Elche.<br \/>\n. Teor\u00eda y pr\u00e1ctica musical en el Barroco espa\u00f1ol, 2008 a la actualidad.<\/p>\n<p>PUBLICACIONES<br \/>\n. \u00abPuntualizaciones sobre la m\u00fasica de la &#8216;Festa d&#8217;Elx&#8217; en el Consueta de 1709\u00bb, en \u00abFesta d&#8217;Elig\u00bb, Elche, Ayuntamiento, 1978, pp. 53-61.<br \/>\n. \u00abEl texto de la &#8216;Festa'\u00bb, en \u00abLa Verdad\u00bb, Alicante, extraordinario sobre el \u00abMisterio\u00bb de Elche, agosto 1979.<br \/>\n. \u00abLa &#8216;Festa&#8217; y el Consueta de 1709\u00bb, Elche, Ediciones del Ayuntamiento, 1980, 387 pp.<br \/>\n. \u00abEl &#8216;Original&#8217; del &#8216;Misterio&#8217; de Elche\u00bb, en \u00abFesta d&#8217;Elig\u00bb, Elche, Ayuntamiento, 1980, pp. 13-23.<br \/>\n. \u00abLa m\u00fasica del tr\u00e1nsito asuncionista de Elche\u00bb, en \u00abDiario de Valencia\u00bb, Valencia, 12.08.1981, p. 9.<br \/>\n. \u00abLa partitura oficial de la &#8216;Festa'\u00bb, en \u00abInformaci\u00f3n\u00bb, Alicante, 13.08.1981, p. 23.<br \/>\n. \u00abEl drama del tr\u00e1nsito de la Virgen de la Asunci\u00f3n conocido por los nombres de &#8216;Festa&#8217; o &#8216;Misterio&#8217; de Elche\u00bb, en \u00abL&#8217;Arrel\u00bb, Elche, Universidad Nacional de Educaci\u00f3n a Distancia, 1983, pp. 75-98.<br \/>\n. \u00abReflexiones sobre la &#8216;Festa'\u00bb, en \u00abInformaci\u00f3n\u00bb, extraordinario sobre el &#8216;Misterio&#8217; de Elche, Alicante, agosto 1985.<br \/>\n. \u00abPersonajes alicantinos. Oscar Espl\u00e1\u00bb, en \u00abDiario La Verdad\u00bb, Alicante, 1985, pp. 17-20.<br \/>\n. \u00abLa m\u00fasica en los Institutos de Bachillerato\u00bb, en \u00abEstudios Musicales\u00bb, Valencia, Conservatorio Superior de M\u00fasica, 1985, n\u00ba 1, pp. 21-22.<br \/>\n. \u00abLe drame du tr\u00e9spas de la Vierge de l&#8217;Assomption connu aussi sous le nom de &#8216;Festa&#8217; ou &#8216;Misterio de Elche'\u00bb, en \u00abLa musique et le rite sacr\u00e9 et profane\u00bb, Actas del XIII Congreso de la Sociedad Internacional de Musicolog\u00eda, 1982, Strasbourg, Association des Publications pr\u00e8s les Universites de Strasbourg, 1986, pp. 82-102.<br \/>\n. \u00abLa Festa\u00bb, en \u00abM\u00f3n i misteri de la Festa d&#8217;Elx\u00bb, Valencia, Conselleria de Cultura, Generalitat Valenciana, 1986, pp. 239-253.<br \/>\n. \u00abRafael Rodr\u00edguez Albert. El compositor y su obra\u00bb, Madrid, Asociaci\u00f3n de Compositores Sinf\u00f3nicos Espa\u00f1oles, 1987, 202 pp.<br \/>\n. \u00abEl siglo XVI\u00bb, en \u00abHistoria de la M\u00fasica Valenciana\u00bb, Valencia, Ed. EGT, 1987, 2 pp. sin numerar.<br \/>\n. \u00abLa m\u00fasica en la provincia de Alicante durante los a\u00f1os 50\u00bb, en \u00abCanelobre\u00bb, Alicante, Diputaci\u00f3n Provincial, 1989, n\u00ba 14\/15, pp. 181-184.<br \/>\n. \u00abLa Festa o Misterio de Elche\u00bb, en \u00abHistoria de la provincia de Alicante\u00bb, Murcia, Ediciones Mediterr\u00e1neo, 1991, vol. VII, pp. 87-92.<br \/>\n. \u00abLa M\u00fasica en la provincia de Alicante\u00bb, en \u00abHistoria de la provincia de Alicante\u00bb, Murcia, Ediciones Mediterr\u00e1neo, 1991, vol. VII, pp. 547-564.<br \/>\n. \u00abEl Cancionero de Uppsala\u00bb, tesis doctoral dirigida por el Dr. Francesc Bonastre, Bellaterra, Publicacions de la U.A.B., 1992, 1134 microfichas.<br \/>\n. \u00abEl per\u00edodo visigodo. La \u00e9poca musulmana\u00bb, en \u00abHistoria de la M\u00fasica de la Comunidad Valenciana\u00bb, Valencia, Ed. Prensa Alicantina S.A.-Prensa Valenciana S.A., 1992, pp. 21-40.<br \/>\n. \u00abLa Edad Media: El teatro l\u00edrico medieval &#8211; Los dramas religiosos\u00bb, en \u00abHistoria de la M\u00fasica en la Comunidad Valenciana\u00bb, Valencia, Ed. Prensa Alicantina S.A.-Prensa Valenciana S.A., 1992, pp. 41-60.<br \/>\n. \u00abLa Festa d&#8217;Elx\u00bb, en \u00abHistoria de la M\u00fasica de la Comunidad Valenciana\u00bb, Ed. Prensa Alicantina S.A.-Prensa Valenciana S.A., 1992, pp. 61-80.<br \/>\n. \u00abLas espa\u00f1oletas de la &#8216;Instrucci\u00f3n de M\u00fasica sobre la Guitarra Espa\u00f1ola&#8217; de Gaspar Sanz\u00bb, en \u00abCadencia\u00bb, Murcia, Conservatorio Superior de M\u00fasica \u00abManuel Massotti Littel\u00bb, abril 1993, n\u00ba 9, pp. 31-37.<br \/>\n. \u00abLas Libretas y Cartones de los Cantores de la Festa\u00bb, en \u00abFesta d&#8217;Elx\u00bb, Elche, Ayuntamiento, 1993, pp. 119-133.<br \/>\n. \u00abLa Festa o Misterio de Elche a la luz de las fuentes documentales\u00bb, Valencia, Generalitat Valenciana-Ajuntament d&#8217;Elx, 1998, 569 pp.<br \/>\n. \u00abLa &#8216;Visitatio Sepulchri&#8217; de Gand\u00eda\u00bb, en \u00abVisitatio Sepulchri de Sant Francesc de Bonja\u00bb, Gand\u00eda, CEIC \u00abAlfons el Vell\u00bb, 1998, pp. 67-75 y 145-199.<br \/>\n. \u00abLa M\u00fasica y el Consueta de la Festa\u00bb, en \u00abTeatralidad medieval y su supervivencia\u00bb, Actas del Seminario celebrado con motivo del Festival de Elche de Teatro y M\u00fasica Medieval de 1994, Alicante, Instituto de Cultura \u00abJuan Gil Albert\u00bb &#8211; Ajuntament d&#8217;Elx, 1998, pp. 185-194.<br \/>\n. M\u00e1s de 30 art\u00edculos en el \u00abDiccionario de la M\u00fasica Espa\u00f1ola e Iberoamericana\u00bb, Madrid, Sociedad General de Autores y Editores, 1999.<br \/>\n. \u00abEl Miserere en do menor para voces solistas, coro y orquesta de Miguel Francisco Crevea y Cort\u00e9s\u00bb, en \u00abSemana Santa-Alicante 2000\u00bb, Alicante, Ayuntamiento, pp. 31-35.<br \/>\n. \u00abRecuperaci\u00f3n de la Visitatio Sepulchri de Gand\u00eda\u00bb, en \u00abTeatro Medieval Teatro Vivo\u00bb, Actas del Seminario celebrado con motivo del Festival de Elche de Teatro y M\u00fasica Medieval de 1998, Elche, Instituto Municipal de Cultura, 2001, pp. 243-252.<br \/>\n. \u00abRafael Rodr\u00edguez Albert\u00bb, en los comentarios al compact disc \u00abRafael Rodr\u00edguez Albert\u00bb, Joven Orquesta Nacional de Espa\u00f1a, director Jos\u00e9 Antonio Pascual; obras: \u00abMeditaci\u00f3n y Ronda\u00bb, \u00abCinco Piezas\u00bb, \u00abHomenaje a Chap\u00ed\u00bb y \u00abFantas\u00eda en Tr\u00edptico\u00bb; Madrid, SGAE, 2002, pp. 3-6 y 8-11.<br \/>\n. \u00abRafael Rodr\u00edguez Albert\u00bb, en \u00abXVIII Festival de M\u00fasica Contempor\u00e1nea de Alicante\u00bb, Madrid, Centro para la Difusi\u00f3n de la M\u00fasica Contempor\u00e1nea, 2002, pp. 35-36.<br \/>\n. \u201cLa pervivencia de la Visitatio Sepulchri de Gand\u00eda (Valencia) (1550-2004)\u201d, a \u00abAnuario Musical\u00bb, n\u00ba 59, Barcelona, Departamento de Musicolog\u00eda de Instituci\u00f3n \u201cMil\u00e0 i Fontanals\u201d del C. S. I. C., 2004, pp. 23-84.<br \/>\n . En colaboraci\u00f3n con M\u00aa Rosa Verd\u00fa Alonso: \u201cTradici\u00f3n y fuentes documentales en la Festa\u201d, en \u00abMisteri d\u2019Elx \u2013 Su evoluci\u00f3n en el siglo XX\u00bb, Elche, Instituto Municipal de Cultura del Excmo. Ayuntamiento de Elche, 2004, pp. 80-204.<br \/>\n. \u201cO texto e a M\u00fasica\u201d, en \u00abMilagre e Misterio &#8211; A Festa Cami\u00f1o de Santiago\u00bb, Coru\u00f1a, Conseller\u00eda de Cultura, Comunicaci\u00f3n Social e Turismo &#8211; Xunta de Galicia \u2013 Xacobeo 2004, pp. 109-155. Hay otra edici\u00f3n en castellano: \u201cEl texto y la M\u00fasica\u201d, en \u00abMilagro y Misterio\u2026\u00bb, con las mismas se\u00f1as.<br \/>\n. \u201cLa labor de Miquel Querol Gavald\u00e0 en la investigaci\u00f3n musicol\u00f3gica espa\u00f1ola\u201d, en \u00abEstudios sobre el Barroco musical hisp\u00e1nico\u00bb, Barcelona, Departamento de Musicolog\u00eda de la Instituci\u00f3n \u201cMil\u00e0 i Fontanals\u201d del C. S. I. C., 2005, pp. 181-184.<br \/>\n. \u201cLa Festa o Misterio de Elche\u201d, en \u00abAnuario Musical\u00bb, n\u00ba 61, Barcelona, Departamento de Musicolog\u00eda de la Instituci\u00f3n \u201cMil\u00e0 i Fontanals\u201d del C. S. I. C., 2006, pp. 23-54.<br \/>\n . M\u00e1s de 30 art\u00edculos en el \u00abDiccionario de la M\u00fasica Valenciana\u00bb, Madrid, Iberautor Promociones Culturales \u2013 Institut Valenci\u00e0 de la M\u00fasica \u2013 ICCMU, 2 vols., 2006.<br \/>\n. \u201cLa figura de Jos\u00e9 Climent Barber en el contexto del patrimonio musical valenciano\u201d, en \u00abMiscel\u00e1nea musical en homenaje a Josep Climent\u00bb, Valencia, Institut Valenci\u00e0 de la M\u00fasica \u2013 Generalitat Valenciana, colecci\u00f3n Serie Mayor &#8211; Biblioteca de M\u00fasica Valenciana, n\u00ba 3, 2009, pp. 19-23.<br \/>\n. \u00abConsueta de la Festa o Misterio de Elche\u00bb, Elx, Ajuntament d\u2019Elx \u2013 Turisme d\u2019Elx, 2009, VIII + 447 pp.<\/p>\n<p>GRABACIONES<br \/>\n. Vives Ramiro, Jos\u00e9 M\u00aa (autor y director); Orquesta Filarm\u00f3nica de Alicante, Agrupaciones Corales CAM: Navidad en el Mediterr\u00e1neo, Alicante, MIZA \u2013 CAM \u2013 Club de Leones, CD GG0091, 2001.<br \/>\n. Vives Ramiro, Jos\u00e9 M\u00aa (autor de la reconstrucci\u00f3n); Cor de la Generalitat Valenciana, Collegium Instrumentale, Perales, Francesc (director): Alacant sacro-musical. La Llum de les Imatges. La Fa\u00e7 de l\u2019Eternitat 2006. CD 1 Salm 50 \u201cMiserere\u201d, Miquel Crevea i Cortes, Valencia, Tabalet Estudis \u2013 Generalitat Valenciana, 989 CD 1, 2006.<br \/>\n. Vives Ramiro, Jos\u00e9 M\u00aa (autor de la reconstrucci\u00f3n); Orfe\u00f3n Borja de Gand\u00eda,  Cogollos, Vicente (director): Visitatio Sepulchri de Gand\u00eda, Gand\u00eda, Tabalet Estudis \u2013 CEIC Alfons el Vell, 1007V-CD, 2007.<br \/>\n. Vives Ramiro, Jos\u00e9 M\u00aa (autor); Bego\u00f1a L\u00f3pez (soprano) y Alejandro Zabala (piano); \u201cAzules campanillas\u201d en Rumor de besos y batir de alas, Barcelona, Edicions Albert Moraleda, CD 0205, 2008.<br \/>\n. Vives Ramiro, Jos\u00e9 M\u00aa (autor de la reconstrucci\u00f3n); Mossman, Michael Ph. (arreglos de jazz); James John Choir, Calidoscopi Mostra Tua Jazz: Visitatio Sepulchri de Gand\u00eda, Gand\u00eda, Calidoscopi records, CR-001-CD, 2010; otra edici\u00f3n en vinilo: Calidoscopi records, CR-001-LP, 2010.<\/p>\n<p>COMPOSICIONES ESTRENADAS<br \/>\n. Sonata sinf\u00f3nica para la Festa, orquesta sinf\u00f3nica y coro mixto, 40 minutos, 2005.<br \/>\n. M\u00fasica para Ifigenia en \u00c1ulide, coro femenino, oboe, arpa y pandereta, 25 minutos, 2007.<br \/>\n. Canto de la Sibila valenciano, mezzosoprano, coro mixto y grupo de c\u00e1mara, 20 minutos, 2008.<br \/>\n. Cielo y mar, texto de Gustavo Adolfo B\u00e9cquer, soprano, mezzosoprano, piano y orquesta sinf\u00f3nica, 25 minutos, 2009.<br \/>\n. Palmeral, orquesta sinf\u00f3nica, 20 minutos, 2012.<br \/>\n. M\u00e1s de 20 composiciones para coro mixto, voces iguales o solistas, con o sin acompa\u00f1amiento instrumental.<\/p>\n<p>CONGRESOS (entre otros)<br \/>\n. \u00abLa musique et le rite sacr\u00e9 et profane\u00bb. Ponencia. XIII Congreso de la Sociedad Internacional de Musicolog\u00eda. Publicaci\u00f3n: Association des Publications pr\u00e8s les Universit\u00e9s de Strasbourg, 1986. Lugar y fecha de celebraci\u00f3n: Strasbourg, 29 de agosto al 3 de septiembre de 1982.<br \/>\n. \u00abLa ense\u00f1anza superior de la M\u00fasica\u00bb. Ponencia. III Simposio Nacional sobre Educaci\u00f3n \u201cM\u00fasica y Cultura de Masas\u201d. Lugar de celebraci\u00f3n: C\u00edrculo de Bellas Artes de Madrid, 1994.<br \/>\n. \u00abLa M\u00fasica y el Consueta de la Festa\u00bb. Ponencia. Seminario \u00abTeatralidad medieval y su supervivencia\u00bb. Publicaci\u00f3n: Instituto de Cultura \u201cJuan Gil Albert\u201d \u2013 Ajuntament d\u2019Elx, 1998. Lugar de celebraci\u00f3n: Elche, 1994.<br \/>\n. \u00abTiento a Cabanilles\u00bb. Presidente de mesa. Symposium Internacional sobre Cabanilles. Lugar y fecha de celebraci\u00f3n: Palau de la M\u00fasica, Valencia, 14 y 15 de noviembre de 1994.<br \/>\n. \u00abRecuperaci\u00f3n de la Visitatio Sepulchri de Gand\u00eda\u00bb. Ponencia. Seminario \u00abTeatro medieval, teatro vivo\u00bb. Publicaci\u00f3n: Instituto Municipal de Cultura  \u2013 Ajuntament d\u2019Elx, 2001. Lugar de celebraci\u00f3n: Elche, 1998.<br \/>\n. \u00abLa labor de Miquel Querol en la creaci\u00f3n y desarrollo de la investigaci\u00f3n musicol\u00f3gica en Espa\u00f1a\u00bb. Ponencia. Congreso: \u201cMiquel Querol i la m\u00fasica hisp\u00e0nica del Barroc\u201d. Publicaci\u00f3n: C.S.I.C., Barcelona, 2005. Lugar y fecha de celebraci\u00f3n: C.S.I.C., Barcelona, 5 al 7 de febrero de 2004.<br \/>\n. \u00abLa m\u00fasica del Consueta\u00bb. Ponencia. Congreso: \u00abLa Consueta del Misteri y los Decretos de Nueva Planta\u00bb. Lugar y fecha de celebraci\u00f3n: Universidad Miguel Hern\u00e1ndez, Elche, 29 y 30 de octubre de 2009.<\/p>\n<p>OTROS M\u00c9RITOS:<br \/>\n. Elegido acad\u00e9mico correspondiente por Alicante de la Reial Acad\u00e8mia Catalana de Belles Arts de Sant Jordi el 17 de septiembre de 2003, aprobando as\u00ed la propuesta en su d\u00eda presentada por los acad\u00e9micos de n\u00famero Francesc Bonastre Bertran, Joan Guinjoan Gispert y Cecilia Colien Honegger.<br \/>\n. Miembro del Patronato Rector del Misterio de Elche desde febrero de 1986.<br \/>\n. M\u00e1s de 500 conciertos como director o solista con programas que abarcan desde la m\u00fasica de la Edad Media hasta la de nuestros d\u00edas.<br \/>\n. M\u00e1s de 100 conferencias sobre temas musicol\u00f3gicos.<br \/>\n. Becado para realizar estudios musicales durante los cursos acad\u00e9micos 1971-1972, 1972-1973, 1973-1974 por la Exma. Diputaci\u00f3n Provincial de Alicante.<br \/>\n. M\u00fasica de C\u00e1mara: Premio Fin de Grado Superior.<br \/>\n. Los compositores Miguel Querol Gavald\u00e1, M\u00aa Teresa Oller, Santiago Sansaloni, Fernando Cabedo, L\u00e1zaro Villena y Jos\u00e9 Alonso Dub\u00f3n, entre otros, le han dedicado obras y encargado sus estrenos.<br \/>\n. En 1984 obtuvo el n\u00famero uno en el concurso oposici\u00f3n a plazas de profesores agregados de Bachillerato de la asignatura de M\u00fasica, renunciando posteriormente al nombramiento.<br \/>\n. Ha formado parte de jurados en diversos concursos, como el de composici\u00f3n \u201cRodr\u00edguez Albert\u201d de la Excma. Diputaci\u00f3n Provincial de Alicante, el de Producci\u00f3n de Espect\u00e1culos Teatrales y Musicales de la Excma. Diputaci\u00f3n Provincial de Valencia, el de composici\u00f3n e interpretaci\u00f3n \u201cAndr\u00e9s Segovia\u201d para Guitarra de la Herradura \u2013 Almu\u00f1ecar (Granada), el de composici\u00f3n e interpretaci\u00f3n coral de Rojales (Alicante) y Cocentaina (Alicante), etc.<br \/>\n. Ha sido miembro de la Sociedad Nacional e Internacional de Musicolog\u00eda.<br \/>\n. Ha transcrito numerosas obras ofrecidas posteriormente en conciertos p\u00fablicos.<br \/>\n. Fundador y Director Titular de la Schola Cantorum Lucentina (1977-1985).<br \/>\n. Fundador y Director Titular de la Orquesta del Conservatorio de Elche (1979-1983).<br \/>\n. Director Titular de Orfe\u00f3n Stella Maris (1985-2002).<br \/>\n. Director Titular del Orfe\u00f3n Alicante (1992-2002).<br \/>\n. Fundador y Director Titular de la Orquesta Filarm\u00f3nica de Alicante (1995-2002).<br \/>\n. Ha sido nombrado Miembro de Honor de algunas sociedades culturales, como la Asociaci\u00f3n de la Blusa y el Blus\u00f3n (2003) o EDA (2010).<br \/>\n. Su biograf\u00eda consta en diccionarios, revistas e historias de la M\u00fasica nacionales e internacionales, como las realizadas por Juan de Dios Aguilar G\u00f3mez: \u00abHistoria de la M\u00fasica en la Provincia de Alicante\u00bb, Alicante, Diputaci\u00f3n Provincial, 2\u00aa ed. 1980; Raimundo Escribano: \u201cJos\u00e9 Mar\u00eda Vives, Music\u00f3logo\u201d en \u00ab\u00c1brego\u00bb, febrero de 2008, n\u00ba 8, p\u00e1gs. 15 y 16; \u00abQui\u00e9n es qui\u00e9n en la Comunidad Valenciana\u00bb, Valencia, S.A. de Publicaciones Gr\u00e1ficas Vicent Garc\u00eda, 1988, p\u00e1g. 407; \u00abDiccionario de la M\u00fasica Valenciana\u00bb, Madrid, Iberautor Promociones Culturales S.R.L. \u2013 Institut Valenci\u00e0 de la M\u00fasica, 2 vols., 2006, vol. II, p\u00e1gs. 590 y 591; \u00abDiccionario de la M\u00fasica espa\u00f1ola e hispanoamericana\u00bb, Madrid, SGAE, 10 vols., 1999 a 2002, vol. X, p\u00e1gs. 986 y 987; \u00abM\u00fasicos espa\u00f1oles de todos los tiempos\u00bb, Madrid, Editorial Tres, 1984, p\u00e1gs. 449 y 450; Francisco Herrera Pauner: \u00abEnciclopedia de la Guitarra\u00bb, Valencia, Piles, 6 vols., 3\u00aa edici\u00f3n, 2011, entre otras publicaciones.<\/p>\n<p>PUESTOS DOCENTES DESEMPE\u00d1ADOS<br \/>\n. Direcci\u00f3n de la Secci\u00f3n de Actividades Musicales del Centro de Estudios Universitarios de Alicante (posteriormente Universidad de Alicante) desde el 1-X-1973 hasta el 30-IX-1975.<br \/>\n. C\u00e1tedra Interina de M\u00fasica en el I.B. \u201cJorge Juan\u201d de Alicante desde el 1-X-1977 hasta el 30-IX-1985.<br \/>\n. C\u00e1tedra de Musicolog\u00eda y Jefe de Departamento de Musicolog\u00eda y Pedagog\u00eda del Conservatorio Superior de M\u00fasica de Valencia, desde el 1-X-1977 hasta el 31-VIII-2006.<br \/>\n. C\u00e1tedra de Musicolog\u00eda y Jefe de Departamento de Musicolog\u00eda y Pedagog\u00eda del Conservatorio Superior de M\u00fasica de Alicante, desde el 1-IX-2006 hasta la actualidad.<br \/>\n. C\u00e1tedra de Musicolog\u00eda en comisi\u00f3n de servicios durante el curso 1990-1991 en el Departamento de Historia del Arte de la Facultad de Filosof\u00eda y Letras de la Universidad de Granada.<br \/>\n. Direcci\u00f3n del Conservatorio de Elche desde el 1-IX-1979 hasta el 30-IX-1983.<\/p>\n<p>CURSOS Y SEMINARIOS RECIBIDOS<br \/>\n. IV Curso Nacional Orff-Schulwerk. Alicante, 1970. Organizado por la Direcci\u00f3n General de Bellas Artes y Ense\u00f1anza Primaria del Ministerio de Educaci\u00f3n y Ciencia con la colaboraci\u00f3n del Instituto Orff de la Academia Mozarteum de Salzburgo.<br \/>\n. I, II y III Curso Internacional de Guitarra. Alicante, 1973, 1974 y 1975. Organizados por la Universidad de Valencia-\u00abC\u00e1tedra Mediterr\u00e1neo\u00bb.<br \/>\n. V Curso \u00abManuel de Falla\u00bb. Especialidad de Paleograf\u00eda Musical. Granada, 1974. Organizado por la Direcci\u00f3n General de Patrimonio Art\u00edstico y Cultural del Ministerio de Educaci\u00f3n y Ciencia (becado).<br \/>\n. IV Curso de Pedagog\u00eda Musical \u00abAtaulfo Argenta\u00bb. Castro Urdiales, 1974. Organizado por la Direcci\u00f3n General del Patrimonio Art\u00edstico y Cultural del MEC (becado).<br \/>\n. VI Curso \u00abManuel de Falla\u00bb. Especialidad de Guitarra. Granada, 1975. Organizado por la Direcci\u00f3n General del Patrimonio Art\u00edstico y Cultural del MEC (becado).<br \/>\n. VII Curso \u00abManuel de Falla\u00bb. Especialidad de Composici\u00f3n. Granada, 1976. Organizado por la Direcci\u00f3n General del Patrimonio Art\u00edstico y Cultural del MEC.<br \/>\n. XIX Curso Internacional de M\u00fasica Espa\u00f1ola &#8211; Interpretaci\u00f3n e Informaci\u00f3n. Especialidades de Musicolog\u00eda y Canto Coral. Santiago de Compostela, 1976. Organizado por la Direcci\u00f3n General de Relaciones Culturales del Ministerio de Asuntos Exteriores conjuntamente con el Consejo Directivo de \u00abM\u00fasica en Compostela\u00bb (becado).<\/p>\n","protected":false},"template":"","rang":[144],"class_list":["post-31292","academic","type-academic","status-publish","hentry","rang-academics-corresponents"],"acf":[],"_links":{"self":[{"href":"https:\/\/www.racba.org\/es\/wp-json\/wp\/v2\/academic\/31292","targetHints":{"allow":["GET"]}}],"collection":[{"href":"https:\/\/www.racba.org\/es\/wp-json\/wp\/v2\/academic"}],"about":[{"href":"https:\/\/www.racba.org\/es\/wp-json\/wp\/v2\/types\/academic"}],"wp:attachment":[{"href":"https:\/\/www.racba.org\/es\/wp-json\/wp\/v2\/media?parent=31292"}],"wp:term":[{"taxonomy":"rang","embeddable":true,"href":"https:\/\/www.racba.org\/es\/wp-json\/wp\/v2\/rang?post=31292"}],"curies":[{"name":"wp","href":"https:\/\/api.w.org\/{rel}","templated":true}]}}