{"id":31295,"date":"2023-12-12T16:52:21","date_gmt":"2023-12-12T15:52:21","guid":{"rendered":"https:\/\/www.racba.org\/academic\/barber-i-colomer-llorenc-2\/"},"modified":"2023-12-12T16:52:21","modified_gmt":"2023-12-12T15:52:21","slug":"barber-i-colomer-llorenc","status":"publish","type":"academic","link":"https:\/\/www.racba.org\/es\/academic\/barber-i-colomer-llorenc\/","title":{"rendered":"Barber i Colomer, Lloren\u00e7"},"content":{"rendered":"<p>Compositor, instrumentista y music\u00f3logo, nacido en Aielo de Malferit (Pa\u00eds Valenciano) el 6 de agosto de 1948.<br \/>\nEstudi\u00f3 m\u00fasica en los conservatorios de Valencia, Madrid y Murcia.<br \/>\nEstudi\u00f3 Filosof\u00eda y Letras en la Universidad Complutense de Madrid.<br \/>\nEn 1973 fund\u00f3 \u00abActum\u00bb en Valencia, grupo interdisciplinario de compositores, instrumentistas, actores y pintores, que hac\u00eda conciertos, performances y cre\u00f3 un laboratorio de m\u00fasica electroac\u00fastica.<br \/>\nEn 1978 se instal\u00f3 en Madrid y cre\u00f3 el Taller de M\u00fasica Mundana con el prop\u00f3sito de estudiar, transformar y dise\u00f1ar el entorno sonoro de nuestro h\u00e1bitat.<br \/>\nDe 1979 a 1984 se hizo cargo de la direcci\u00f3n del Aula de M\u00fasica de la Universidad Complutense, desde donde impuls\u00f3 el Festival de la Libre Expresi\u00f3n Sonora como muestra de m\u00fasicas alternativas.<br \/>\nDe 1987 a 1990 colabor\u00f3 con el programa \u00abEl Mirador\u00bb de Televisi\u00f3n Espa\u00f1ola.<br \/>\nDe 1990 a 1994 fue profesor del Instituto de Est\u00e9tica de Madrid y desde 1992 dirige \u00abParalelo Madrid\u00bb, serie de conciertos que el \u00abC\u00edrculo de Bellas Artes\u00bb dedica a \u00abotras\u00bb m\u00fasicas y desde 1998 organiza las \u00abNits d&#8217;Aielo i Art\u00bb, un festival anual dedicado al arte experimental.<br \/>\nDesde 1980 practica la voz dif\u00f3nica, la improvisaci\u00f3n, la m\u00fasica plurifocal, la poes\u00eda fon\u00e9tica, los conciertos urbanos con campanas y la desmesura de los conciertos \u00abde sol a sol\u00bb.<br \/>\nEn 1982 inici\u00f3 los conciertos con campanas que le han dado celebridad en todo el mundo.<br \/>\nAutor de unas doscientas obras entre solistas, conjuntos instrumentales, sinf\u00f3nica, m\u00fasica de acci\u00f3n y sobre todo conciertos urbanos.<br \/>\nDe sus conciertos destacan el recital ofrecido en el \u00abMusikverein\u00bb de Viena en octubre de 1990, \u00abLa M\u00fasica para un tr\u00e1nsito c\u00f3smico\u00bb ofrecida en Oaxaca (M\u00e9xico) coincidiendo con un eclipse solar total (julio 1991), o el concierto de clausura de los \u00abD\u00edas mundiales de la M\u00fasica (festival de la SIMC, 1993).<br \/>\nEn los \u00faltimos a\u00f1os ha enriquecido sus conciertos ciudadanos con la sonora inclusi\u00f3n de tambores, ca\u00f1ones, sirenas, buques, fuegos de artificio, as\u00ed como de bandas de m\u00fasica distribuidas por el espacio. As\u00ed surge \u00abNaumaquia\u00bb, un concierto-combate en el que participaron 19 buques de la armada espa\u00f1ola, o el \u00abConcierto de los sentidos\u00bb, sinest\u00e9sica composici\u00f3n espacial en que participaron unos 1.700 m\u00fasicos.<br \/>\nHa publicado un buen n\u00famero de art\u00edculos te\u00f3ricos y el libro \u00abEl placer de la escucha\u00bb, Madrid, 2003.<br \/>\nElegido acad\u00e9mico correspondiente por Madrid de la Reial Acad\u00e8mia Catalana de Belles Arts de Sant Jordi el 16 de marzo de 2005, aprobando as\u00ed la propuesta en su d\u00eda presentada por los acad\u00e9micos de n\u00famero Francesc Bonastre Bertran, Joan Guinjoan Gipert y Josep Maria Mestres Quadreny.<\/p>\n","protected":false},"template":"","rang":[144],"class_list":["post-31295","academic","type-academic","status-publish","hentry","rang-academics-corresponents"],"acf":[],"_links":{"self":[{"href":"https:\/\/www.racba.org\/es\/wp-json\/wp\/v2\/academic\/31295","targetHints":{"allow":["GET"]}}],"collection":[{"href":"https:\/\/www.racba.org\/es\/wp-json\/wp\/v2\/academic"}],"about":[{"href":"https:\/\/www.racba.org\/es\/wp-json\/wp\/v2\/types\/academic"}],"wp:attachment":[{"href":"https:\/\/www.racba.org\/es\/wp-json\/wp\/v2\/media?parent=31295"}],"wp:term":[{"taxonomy":"rang","embeddable":true,"href":"https:\/\/www.racba.org\/es\/wp-json\/wp\/v2\/rang?post=31295"}],"curies":[{"name":"wp","href":"https:\/\/api.w.org\/{rel}","templated":true}]}}