{"id":31296,"date":"2023-12-12T16:52:21","date_gmt":"2023-12-12T15:52:21","guid":{"rendered":"https:\/\/www.racba.org\/academic\/darias-i-paya-xavier-2\/"},"modified":"2023-12-12T16:52:21","modified_gmt":"2023-12-12T15:52:21","slug":"darias-i-paya-xavier","status":"publish","type":"academic","link":"https:\/\/www.racba.org\/es\/academic\/darias-i-paya-xavier\/","title":{"rendered":"D\u00e0rias i Pay\u00e0, Xavier"},"content":{"rendered":"<p>Oriundo de la isla de La Gomera, naci\u00f3 en Terra de Lorna (07\/04\/1946) en Mariola Nororiental (Pa\u00eds Valenciano), su lugar de residencia. Compositor, disc\u00edpulo de Patricio Galindo en Valencia y de Juan Hidalgo en Madrid; y Qu\u00edmico, especializado posteriormente en cer\u00e1mica en el Departamento de Silicatos de la Facultad de Ciencias de Valencia.<br \/>\n\u2022 Sus composiciones orquestales y camer\u00edsticas est\u00e1n recogidas en nueve discos monogr\u00e1ficos -cuatro LPs, cinco CDs, y un MC (Discograf\u00eda)-, y sus ocho sinfon\u00edas han sido publicadas por Ediciones Quiroga (EMEC, Madrid), contando con grabaciones discogr\u00e1ficas de la Orquesta Sinf\u00f3nica de Tenerife, Orquesta Sinf\u00f3nica de Galicia, Orquesta Sinf\u00f3nica de la RTVE, y un disco monogr\u00e1fico grabado en Londres por la Royal Philharmonic Orchestra, con sus dos primeras sinfon\u00edas. Ha realizado grabaciones videogr\u00e1ficas, adem\u00e1s de las tres primeras orquestas mencionadas (OST, OSG, OSRTVE), con la Orquesta Sinf\u00f3nica de Asturias, Orquesta Municipal de Valencia, Orquesta Sinf\u00f3nica de la RTV Rumana y Orquesta Sinf\u00f3nica de la RTV Moldava. Tambi\u00e9n dispone de grabaciones con otros sellos discogr\u00e1ficos, como EGT, Ed. Enciclop\u00e8dia Catalana, Euskal Bidea-CBS, Pertegas EGPCD, Piles, RTVE-M\u00fasica, Tecnodisco, y Trit\u00f3.<br \/>\n\u2022 A lo largo de la d\u00e9cada de los &#8217;70, en los inicios de su carrera, realiz\u00f3 la mayor parte de sus trabajos multidisciplinarios, nuevas graf\u00edas, instrumentos preparados (piano para dos y para tres int\u00e9rpretes, guitarra\u2026), feed-back (fbk con voz, fbk con piano y clarinete, fbk con piano y saxof\u00f3n, fbk con piano y clarinete bajo, \u2026) y de investigaci\u00f3n con otras fuentes sonoras. Hasta ahora ha continuado manteniendo su colaboraci\u00f3n con diferentes manifestaciones art\u00edsticas (pintura, escultura, dibujo y collage, fotograf\u00eda, pintura electrogr\u00e1fica, poes\u00eda-acci\u00f3n, poes\u00eda visual, haiku, propuesta conceptual, \u2026). Muchas de sus obras camer\u00edsticas y para instrumentos a solo, en las diferentes versiones, pueden ser consultadas en su bloc (https:\/\/lepsis-darias.blogspot.com).<br \/>\n\u2022 Dirige desde su fundaci\u00f3n en 1987, la Escuela y Colectivo de Compositores del ECCA, y de 1996 a 2000, en Sevilla, el Aula de Composici\u00f3n \u00abManuel de Falla\u00bb de la Orquesta Joven de Andaluc\u00eda (OJA). Dirigi\u00f3 los seis Cicles Contemporary Spanish Music in Europe (2000-2005), con la programaci\u00f3n de 88 Compositores Espa\u00f1oles en trece capitales europeas: Andorra, Bacau, Barcelona, Berl\u00edn, Bruselas, Bucarest, Cracovia, Kishinev-Chisinau, Madrid, M\u00fanich, Odesa, Par\u00eds y Varsovia.<br \/>\n\u2022 Durante 24 a\u00f1os ha colaborado en la creaci\u00f3n de las siguientes orquestas espa\u00f1olas y en sus posteriores audiciones: Orquesta Sinf\u00f3nica de Tenerife (1989-2004) con V\u00edctor Pablo, Orquesta Sinf\u00f3nica de Asturias (1990-1991) con Edmond Colomer, Orquesta Sinf\u00f3nica de Galicia (1992-2013) con V\u00edctor Pablo, Real Filharmonia de Santiago (1995-1996) con Helmuth Riling, Orquestra del Palau de les Arts de Val\u00e8ncia (2005-2006) con Lorin Maazel; y en formaciones ya establecidas, con Eiji Oue, en la Orquestra Simf\u00f2nica de Barcelona i Nacional de Catalunya (2008-2010).<br \/>\n\u2022 Es Acad\u00e9mico Numerario de la Muy Ilustre Academia de la M\u00fasica Valenciana, Premio Honor\u00edfico \u00abEstanislao Marco\u00bb, Premio Nacional de M\u00fasica 2018, por la siguiente y textual resoluci\u00f3n: \u00abSe concede el Premio Nacional de M\u00fasica, en su modalidad de composici\u00f3n, a Javier Darias, por la calidad y solidez de su obra, por su dilatada trayectoria en el \u00e1mbito de la creaci\u00f3n, por su importante faceta de investigador musical con la publicaci\u00f3n de significativos estudios a en torno de las teor\u00edas escal\u00edsticas (L\u00eapsis I, L\u00eapsis II, Estudios y clasificaci\u00f3n de las maneras o Las transposiciones limitadas en la teor\u00eda escal\u00edstica)\u00bb. As\u00ed mismo, el jurado destaca \u00absu labor al frente de la Escuela de Composici\u00f3n y Creaci\u00f3n Art\u00edstica (ECCA), que acaba de celebrar el 30\u00ba aniversario, y en la que se han formado diversas generaciones de compositores\u00bb (BOE 05\/12\/2018 ).<br \/>\n\u2022 Sus obras sinf\u00f3nicas han sido estrenadas e interpretadas por las orquestas siguientes: Joven Orquesta Nacional de Espa\u00f1a, Orquesta de C\u00e1mara de la Radio Rumana, European Community Chamber Orchestra, Orquesta Filarm\u00f3nica de Arad, Orquesta Filarm\u00f3nica de Bacau, Orquesta Filarm\u00f3nica de Gran Canaria, Orquesta Filarm\u00f3nica de Iasi, Orquesta Filarm\u00f3nica de Timisoara, Orquesta Filarm\u00f3nica de Varna, Orquesta Internacional&#8217;92 del Festival de Murcia, Orquesta Joven de Andaluc\u00eda, Orquesta Municipal de Valencia, Orquesta Nacional de Espa\u00f1a, Orquesta Nacional de la Radio Rumana, Orquesta Sinf\u00f3nica Alcoyana, Orquesta Sinf\u00f3nica de Asturias, Orquesta Sinf\u00f3nica de Galicia, Orquesta Sinf\u00f3nica de M\u00e9xico, Orquesta Sinf\u00f3nica de Ploiesti, Orquesta Sinf\u00f3nica de RTV-Espa\u00f1ola, Orquesta Sinf\u00f3nica de la Radiodifusi\u00f3n Polonesa, Orquesta Sinf\u00f3nica de la RTV-Moldava, Orquesta Sinf\u00f3nica de Tenerife, Orquesta Sinf\u00f3nica Nacional Moldava y Royal Philharmonic Orchestra de Londres.<br \/>\n\u2022 Sus investigaciones escal\u00edsticas, arm\u00f3nicas y formales, est\u00e1n recogidas en su tratado \u00abL\u00eapsis, vol. I: T\u00e9cnicas de Organizaci\u00f3n y Control en la Creaci\u00f3n Musical\u00bb (2006), y \u00abL\u00eapsis, vol. II: Hacia una Teor\u00eda Escal\u00edstica Unificada\u00bb (2012), y las relativas tanto al terreno ac\u00fastico como al te\u00f3rico y pedag\u00f3gico, han sido divulgadas en diferentes trabajos, entre los que destacan sus libros \u00abAlog\u00edas\u00bb (1979), \u00abLa Armon\u00eda en el Ciclo Cerrado de Cuartas\u00bb (1987), \u00abUna Carta a David Tudor\u00bb (1992), y \u00abOh Cage\u00bb (1994); y tambi\u00e9n en diversas publicaciones, como el libro de Josep Ruvira: \u00abJavier Darias, Obra de Composici\u00f3n e Investigaci\u00f3n Musical\u00bb (1990), donde se incluyen  sus ensayos \u00abFundamentos Matem\u00e1ticos de la Armon\u00eda Tradicional\u00bb (1984) y \u00abFundamentos Matem\u00e1ticos de la Escal\u00edstica Tradicional a la Serie\u00bb (1987).<br \/>\n\u2022 Entre sus ponencias, destacan: \u00abReflexiones en torno a la instrucci\u00f3n de las ense\u00f1anzas art\u00edsticas en los Conservatorios de hoy\u00bb (1987), II Congr\u00e9s SEEA \u00abL&#8217;Educaci\u00f3 Art\u00edstica\u00bb, Facultat de BB.AA. (Sevilla); \u00abConflu\u00e8ncies Est\u00e8tiques en la M\u00fasica del s. XX\u00bb (1987), IV Universitat d&#8217;Estiu a Gandia, \u201cEl Futur a Debat\u201d, Universitat de Val\u00e8ncia; \u00abEl Arte y otros Desamores\u00bb (1992), Universitat Hispanoamericana, Sta. Mar\u00eda de la R\u00e1bida (Huelva), Universitat de Sevilla; \u00abLiteralidad, Evocaci\u00f3n, Excusa\u2026 las ra\u00edces en la g\u00e9nesis del proceso\u00bb (2001), I Congr\u00e9s \u00abCan\u00e0ries a la M\u00fasica\u00bb, publicada en el libro de actas del Congreso (La Laguna 2003); \u00abReferentes y Destinatarios en la G\u00e9nesis del Proceso\u00bb (2005), II Congr\u00e9s de Creaci\u00f3 Musical (Valladolid); \u00ab\u00bfQu\u00e9 es la M\u00fasica Contempor\u00e1nea? Estado de la Cuesti\u00f3n\u00bb (2006), III Encuentro M\u00fasica y Filosofia, V Cursos de Verano de la Universidad de M\u00e1laga (Ronda); \u00abLa Funci\u00f3n de la Cuantificaci\u00f3n\u00bb (2007), IV Encuentro M\u00fasica y Filosof\u00eda, VI Cursos de Verano de la Universidad de M\u00e1laga (Ronda); \u00abFenomenolog\u00eda de la Percepci\u00f3n Musical\u00bb (2007), V Encuentro M\u00fasica y Filosof\u00eda, Fundaci\u00f3n Paideia Galiza (La Coru\u00f1a).<br \/>\n\u2022 Sus trabajos de investigaci\u00f3n m\u00e1s recientes publicados \u00abLas Transposiciones Limitadas en la Teor\u00eda Escal\u00edstica. Las 31 Escalas Sint\u00e9ticas\u00bb  (2017), y \u00abEstudio y Clasificaci\u00f3n de los Modos. Los 145 Modos\u00bb (2017), ambos publicados tambi\u00e9n como anexos en la versi\u00f3n digital de \u00abL\u00eapsis, vol II\u00bb. En 2018 se public\u00f3 la versi\u00f3n digital de \u00abL\u00eapsis, vol I\u00bb, en edici\u00f3n revisada y actualizada y, en 2019, la versi\u00f3n digital revisada y ampliada de \u00abL\u00eapsis, vol II\u00bb. Completando su \u00abTrilog\u00eda\u00bb con las dos primeras, \u00abDe las Prime Forms a las Escalas de Partida del Modo\u00bb (2021). Actualmente desarrolla un nuevo proyecto de investigaci\u00f3n sobre la aproximaci\u00f3n a los coeficientes de estabilidad en los modelos de distribuci\u00f3n de las escalas temperadas.<\/p>\n<p>\u2022 Toda la informaci\u00f3n relativa a discograf\u00eda, publicaciones, trabajos de investigaci\u00f3n, bibliograf\u00eda, etc., en: http:\/\/lepsis-darias.blogspot.com<\/p>\n<p>\u2022 Fue elegido acad\u00e9mico correspondiente por Alcoy (Alicante) de la Reial Acad\u00e8mia Catalana de Belles Arts de Sant Jordi el 16 de marzo de 2005, aprobando as\u00ed la propuesta en su d\u00eda presentada por los acad\u00e9micos de n\u00famero Francesc Bonastre Bertran, Joan Guinjoan Gispert y Josep Maria Mestres Quadreny.<\/p>\n","protected":false},"template":"","rang":[144],"class_list":["post-31296","academic","type-academic","status-publish","hentry","rang-academics-corresponents"],"acf":[],"_links":{"self":[{"href":"https:\/\/www.racba.org\/es\/wp-json\/wp\/v2\/academic\/31296","targetHints":{"allow":["GET"]}}],"collection":[{"href":"https:\/\/www.racba.org\/es\/wp-json\/wp\/v2\/academic"}],"about":[{"href":"https:\/\/www.racba.org\/es\/wp-json\/wp\/v2\/types\/academic"}],"wp:attachment":[{"href":"https:\/\/www.racba.org\/es\/wp-json\/wp\/v2\/media?parent=31296"}],"wp:term":[{"taxonomy":"rang","embeddable":true,"href":"https:\/\/www.racba.org\/es\/wp-json\/wp\/v2\/rang?post=31296"}],"curies":[{"name":"wp","href":"https:\/\/api.w.org\/{rel}","templated":true}]}}