{"id":31301,"date":"2023-12-12T16:52:22","date_gmt":"2023-12-12T15:52:22","guid":{"rendered":"https:\/\/www.racba.org\/academic\/fernandez-garcia-rosa-m-2\/"},"modified":"2023-12-12T16:52:22","modified_gmt":"2023-12-12T15:52:22","slug":"fernandez-garcia-rosa-m","status":"publish","type":"academic","link":"https:\/\/www.racba.org\/es\/academic\/fernandez-garcia-rosa-m\/","title":{"rendered":"Fern\u00e1ndez Garc\u00eda, Rosa M."},"content":{"rendered":"<p>Doctora en musicolog\u00eda por la Universidad Aut\u00f3noma de Barcelona y licenciada con grado en Geograf\u00eda e Historia, especialidad de Musicolog\u00eda por la Universidad de Oviedo.<\/p>\n<p>I. Actividad profesional<br \/>\n. Asesora especialista de m\u00fasica en la Conseller\u00eda de Educaci\u00f3n y Ordenaci\u00f3n Educativa de la Xunta de Galicia.<br \/>\n. Miembro del grupo de investigaci\u00f3n de m\u00fasica de la Universidad de Santiago de Compostela.<br \/>\n. Profesora del curso de doctorado \u00abM\u00fasica y emigraci\u00f3n\u00bb del Departamento de Artes de la USC.<br \/>\n. Comisionada por la Conseller\u00eda de Educaci\u00f3n y Ordenaci\u00f3n Universitaria de la Xunta de Galicia para la elaboraci\u00f3n de los curricula de educaci\u00f3n primaria: educaci\u00f3n art\u00edstica.<br \/>\n. Comisionada por la Conseller\u00eda de Educaci\u00f3n y Ordenaci\u00f3n Universitaria de la Xunta de Galicia para la elaboraci\u00f3n de los curricula de educaci\u00f3n secundaria de la materia de M\u00fasica.<br \/>\n. Comisionada por la Conseller\u00eda de Educaci\u00f3n y Ordenaci\u00f3n Universitaria de la Xunta de Galicia para la elaboraci\u00f3n del curriculum de la materia de Historia de la m\u00fasica de Bachillerato.<br \/>\n. Miembro de la Sociedad Espa\u00f1ola de Musicolog\u00eda.<br \/>\n. Profesora titular con destino definitivo en comisi\u00f3n de servicios de jefe del departamento de M\u00fasica en el Instituto de Bachillerato \u00abAntonio Fraguas\u00bb, de Santiago de Compostela.<br \/>\n. Asesor\u00eda musical del Ayuntamiento de Lugo (1996-1999).<br \/>\n. Directora de las \u00abI Jornadas did\u00e1cticas de m\u00fasica para ni\u00f1os\u00bb organizadas por el Excmo. Ayuntamiento de Lugo, abril de 1997.<br \/>\n. Directora del curso \u00abAproximaci\u00f3n a la m\u00fasica cl\u00e1sica\u00bb, Centro sociocultural del Excmo. Ayuntamiento de Lugo, diciembre de 1997.<br \/>\n. Directora del curso \u00abAn\u00e1lisis de m\u00fasica cl\u00e1sica\u00bb, Ayuntamiento de Lugo, marzo de 1998.<br \/>\n. Profesora de licenciados en pr\u00e1cticas del \u00abCurso de Adaptaci\u00f3n Pedag\u00f3gica\u00bb, 1998, 2000 y 2001.<br \/>\n. Miembro del \u00abSeminario virtual transnacional sobre nuevas tecnolog\u00edas aplicadas a la educaci\u00f3n\u00bb, marzo 1999.<br \/>\n. Colaboradora del \u00abDiccionario de la M\u00fasica Espa\u00f1ola e Hispanoamericana\u00bb, editado por el Ministerio de Cultura-INAEM y la Sociedad General de Autores de Espa\u00f1a.<br \/>\n. Cr\u00edtico y articulista del peri\u00f3dico \u00abEl Progreso\u00bb de Lugo.<br \/>\n. Cr\u00edtico del VI Festival Internacional de Jazz de Lugo.<br \/>\n. Cr\u00edtico del VII Festival Internacional de Jazz de Lugo.<br \/>\n. Coordinadora en Espa\u00f1a del programa S\u00f3crates\/Comenius titulado \u00abLas ciudades y los r\u00edos\u00bb, en el que se encuentran trabajando representantes de Inglaterra, Alemania, Francia, Italia y Rusia.<br \/>\n. Colaboradora con la \u00abObra Cultural\u00bb de la Caja de Ahorros de Asturias para el proyecto \u00abAntolog\u00eda de Cuartetos espa\u00f1oles\u00bb.<br \/>\n. Corresponsable del \u00abPrograma Arion: Enrichment programes for gifted childen\u00bb.<br \/>\n. Coordinadora cient\u00edfica del encuentro internacional sobre Cooperaci\u00f3n al Desarrollo \u201cEliminando fronteras: los objetivos del Milenio\u201d, Palacio de Congresos de Santiago de Compostela, noviembre de 2009.<br \/>\n. Coordinadora cient\u00edfica del curso \u201cReformulaci\u00f3n de conceptos en la m\u00fasica cl\u00e1sica\u201d. Conseller\u00eda de Educaci\u00f3n, Santiago de Compostela, mayo 2010.<br \/>\n. Profesora del Curso en Internet de la Conseller\u00eda de Educaci\u00f3n de Galicia \u201cLenguaje musical; pr\u00e1ctica y pedagog\u00eda\u201d.<br \/>\n. Coordinadora cient\u00edfica del curso \u201cLa \u00f3pera en los siglos XIX, XX y XXI\u201d, Conseller\u00eda de Educaci\u00f3n, Santiago de Compostela, junio 2010.<br \/>\n. Master en Derecho de la Uni\u00f3n Europea, realizado en A Coru\u00f1a, 2010.<br \/>\n. Responsable de Innovaci\u00f3n de la Conseller\u00eda de Educaci\u00f3n de Galicia, 2009 y 2010.<br \/>\n. Estancia en las Instituciones Europeas en Bruselas para realizar un trabajo de investigaci\u00f3n sobre \u00abPol\u00edticas europeas de evaluaci\u00f3n e innovaci\u00f3n en Educaci\u00f3n al Desarrollo\u00bb, junio de 2010.<br \/>\n. Agregada de M\u00fasica en Andorra del Ministerio de Educaci\u00f3n y del Ministerio de Asuntos Exteriores en el Instituto Espa\u00f1ol de Andorra, desde septiembre de 2010.<\/p>\n<p>II. Cargos directivos y de responsabilidad ocupados<br \/>\n. Asesora especialista de temas transversales de educaci\u00f3n en la Conseller\u00eda de Educaci\u00f3n y Ordenaci\u00f3n Universitaria.<br \/>\n. Miembro del tribunal de los Premios Extraordinarios de Bachillerato de Galicia.<br \/>\n. Responsable del Plan Galego de Fomento de la Lectura.<br \/>\n. Miembro de la Comisi\u00f3n Interuniversitaria de Galicia.<br \/>\n. Vicedirectora del Instituto de Ense\u00f1anza Secundaria \u00abA Nosa Se\u00f1ora dos ollos grandes\u00bb de Lugo.<br \/>\n. Jefa del departamento de m\u00fasica en el citado instituto.<br \/>\n. Responsable del plan de innovaci\u00f3n educativa de \u00absecci\u00f3n europea\u00bb en el mismo instituto.<br \/>\n. Responsable de los proyectos \u00abS\u00f3crates\u00bb del centro entre los a\u00f1os 1998-2000.<br \/>\n. Responsable del intercambio con Alemania en el curso 1998-1999.<br \/>\n. Organizadora de la \u00abEuropean week\u00bb, que, con sede en el citado instituto, prepar\u00f3 distintas actividades para alumnos de seis pa\u00edses, en el curso 1999-2000.<br \/>\n. Responsable del intercambio con Suecia en el curso 2000-2001.<\/p>\n<p>III. Libros publicados<br \/>\n. \u00abLa obra pian\u00edstica de Joan Guinjoan\u00bb, Editorial Alpuerto, Madrid, 1996.<br \/>\n. \u00abHistoria de la m\u00fasica\u00bb, Ed. Galinova, A Coru\u00f1a, 2003.<br \/>\n. \u00abJes\u00fas Bal y Gay. O seu pensamento antes de 1933\u00bb, Edici\u00f3s do Castro, A Coru\u00f1a, 2005.<br \/>\n. \u00abAndr\u00e9s Gaos\u00bb, Conseller\u00eda de Cultura e Deporte, Santiago de Compostela, 2005.<\/p>\n<p>IV. Art\u00edculos y conferencias<br \/>\n. \u00abLas est\u00e9ticas \u00edntimas: Eduardo Toldr\u00e1 y Gerardo Gombau\u00bb, en \u00abAntolog\u00eda del Cuarteto en Espa\u00f1a\u00bb, Oviedo, 1995.<br \/>\n. \u00abConversaciones con Joan Guinjoan y Ernest Mart\u00ednez Izquierdo\u00bb, en \u00ab2\u00ba Festival de m\u00fasica del siglo XX\u00bb, Barcelona, Excmo. Ayuntamiento de Barcelona, 1996.<br \/>\n. \u00abEl eclecticismo como concepci\u00f3n est\u00e9tica en la obra de Joan Guinjoan\u00bb, conferencia pronunciada en el Teatro Fortuny, Reus, 1997.<br \/>\n. \u00abJoan Guinjoan: la creaci\u00f3n constante\u00bb, en \u00abJoan Guinjoan\u00bb, Ed. Asociaci\u00f3n de Ingenieros Industriales de Catalu\u00f1a, Barcelona, diciembre 1997.<br \/>\n. \u00abConciliaci\u00f3n de identidades extramusicales: en torno al nacionalismo\u00bb, en \u00abActas del V Congreso Internacional &#8216;El Discurso art\u00edstico Norte y Sur'\u00bb, Servicio de Publicaciones de la Universidad de Oviedo, Oviedo, 1998.<br \/>\n. \u00abJoan Guinjoan: un acercamiento a su est\u00e9tica musical\u00bb, Revista \u00abM\u00fasica d&#8217;ara\u00bb, n\u00ba 1, Ed. Asociaci\u00f3n Catalana de Compositores, Barcelona, 1998.<br \/>\n. \u00abLa italiana en Argel\u00bb, programa de mano de esta \u00f3pera de Rossini, Semana del Corpus Lucense, Lugo, 1998.<br \/>\n. \u00abEl lenguaje cinematogr\u00e1fico de la m\u00fasica\u00bb, en \u00abActas del VI Congreso Internacional sobre el discurso art\u00edstico &#8216;El cine: otra dimensi\u00f3n del discurso art\u00edstico'\u00bb, Servicio de Publicaciones de la Universidad de Oviedo, Oviedo, 1999.<br \/>\n. \u00abPupils teach pupils on-line\u00bb, conferencia enmarcada en el \u00abSeminario Comunet 99\u00bb de altas tecnolog\u00edas aplicadas a proyectos europeos, Barcelona, abril 1999.<br \/>\n. \u00abM\u00fasica de sal\u00f3n: el C\u00edrculo de las Artes de Lugo\u00bb, conferencia en las Jornadas sobre Juan Montes, Conseller\u00eda de Cultura.<br \/>\n. \u00abM\u00fasica de sal\u00f3n: el C\u00edrculo de las Artes de Lugo\u00bb, en \u00abActas del Congreso &#8216;Juan Montes'\u00bb, Xunta de Galicia, Santiago de Compostela, 1999.<br \/>\n. \u00abUnsere stadt am Strom\u00bb, ponencia mantenida en Alemania, 1999, enmarcada en el programa S\u00f3crates, el programa de acci\u00f3n de la Uni\u00f3n Europea para la cooperaci\u00f3n en el \u00e1mbito de la educaci\u00f3n.<br \/>\n. \u00abCien a\u00f1os sin Juan Montes\u00bb, art\u00edculo publicado en el \u00abAnuario\u00bb del diario \u00abEl Progreso\u00bb, Lugo, 2000.<br \/>\n. \u00abLa est\u00e9tica expresionista alemana\u00bb, conferencia celebrada en la Facultad de Humanidades, Lugo, 2000.<br \/>\n. \u00abAproximaci\u00f3n est\u00e9tica a la m\u00fasica de Guinjoan\u00bb, en \u00abJoan Guinjoan; testimonio de un m\u00fasico\u00bb, Garc\u00eda del Busto (ed.), SGAE, 2001.<br \/>\n. \u00abJes\u00fas Bal y Gay: visi\u00f3n del exilio a trav\u00e9s de sus cartas\u00bb, en \u00abCongreso Internacional &#8216;O Exilio Galego'\u00bb, Consello da Cultura Gallega, Santiago de Compostela, 2001.<br \/>\n. \u00abCuesti\u00f3ns te\u00f3ricas sobre a creaci\u00f3n musical espa\u00f1ola na actualidade\u00bb, en \u00abRevista Galega do Ensino\u00bb, n\u00fam. 36, Xunta de Galicia, Santiago de Compostela, 2002.<br \/>\n. \u00abM\u00fasica contempor\u00e1nea catalana: aproximaci\u00f3n metodol\u00f3gica\u00bb, Conseller\u00eda de Educaci\u00f3n y Ordenaci\u00f3n Universitaria, Santiago de Compostela, abril 2003.<br \/>\n. \u00abMusic education in Galicia\u00bb, Cracovia, enero 2003.<br \/>\n. \u00abVisi\u00f3n de Bal y Gay en los intelectuales de su tiempo\u00bb, Xornadas Bal y Gay, Lugo, 2003.<br \/>\n. \u00abA m\u00fasica contempor\u00e1nea catalana\u00bb, Conseller\u00eda de Educaci\u00f3n y Ordenaci\u00f3n Universitaria, Santiago de Compostela, febrero 2004.<br \/>\n. \u00abJes\u00fas Bal y Gay; una generaci\u00f3n en torno a un m\u00fasico\u00bb, Pontevedra, 2004.<br \/>\n. \u00abJoan Guinjoan e Josep Soler; est\u00e9ticas de contraste\u00bb, Santiago de Compostela, Conseller\u00eda de Educaci\u00f3n, marzo 2005.<br \/>\n. \u00abLa programaci\u00f3n musical en la \u00e9poca de Canalejas\u00bb, en \u00abActas del Congreso Canalejas\u00bb, Ferrol, 2005.<br \/>\n. \u00abHistoria da M\u00fasica\u00bb, material complementario de esta materia para segundo curso de Bachillerato, 2005.<br \/>\n. \u00abJoan Guinjoan\u00bb, en revista \u00abSibila\u00bb, Sevilla, 2005.<\/p>\n<p>V. Becas de investigaci\u00f3n y premios recibidos<br \/>\n. Becaria de colaboraci\u00f3n, beca concedida por la Universidad de Oviedo en 1993 y 1994 (Becas de Formaci\u00f3n de Personal Investigador &#8211; Subprograma de Formaci\u00f3n de Profesorado Universitario).<br \/>\n. Becada por la Fundaci\u00f3n de M\u00fasica Contempor\u00e1nea, organismo dependiente de la Consejer\u00eda de Cultura de la Generalitat de Catalunya por el trabajo de investigaci\u00f3n \u00abAn\u00e1lisis y po\u00e9tica del compositor catal\u00e1n contempor\u00e1neo Joan Guinjoan\u00bb, 1994.<br \/>\n. Becada por la Fundaci\u00f3n Montele\u00f3n (convocatoria 1994) por el proyecto de trabajo \u00abEstudio organol\u00f3gico en El Bierzo\u00bb.<br \/>\n. Becada por la Fundaci\u00f3n Montele\u00f3n (convocatoria 1995) por el proyecto de trabajo \u00ab\u00c1ngel Barja: Obra camar\u00edstica I\u00bb.<br \/>\n. Becada por la Fundaci\u00f3n Caixavigo (convocatoria 1999) por el proyecto de investigaci\u00f3n \u00abJes\u00fas Bal y Gay a trav\u00e9s de la Residencia de Estudiantes\u00bb.<br \/>\n. Becada por la Comisi\u00f3n Europea para participar en el Programa \u00abArion\u00bb de educaci\u00f3n para ni\u00f1os con sobredotaci\u00f3n intelectual, Austria, 2003.<br \/>\n. Elegida acad\u00e9mica correspondiente por Santiago de Compostela (La Coru\u00f1a) de la Reial Acad\u00e8mia Catalana de Belles Arts de Sant Jordi el 19 de abril de 2006, aprobando as\u00ed la propuesta en su d\u00eda presentada por los acad\u00e9micos de n\u00famero Francesc Bonastre Bertran, Joan Guinjoan Gispert y Cecilia Colien Honegger.<\/p>\n<p>VI. Idiomas y cursos realizados<br \/>\n. Nivel avanzado de ingl\u00e9s, franc\u00e9s y gallego.<br \/>\n. Nivel medio de portugu\u00e9s.<br \/>\n. Advanced English and Teaching Methodology for Music Teachers, 1999.<br \/>\n. Curso de Gesti\u00f3n Cultural, Conseller\u00eda de Cultura, Comunicaci\u00f3n Social y Turismo, 2004.<br \/>\n. Curso de Conversaci\u00f3n en ingl\u00e9s, Escuela Gallega de Administraci\u00f3n P\u00fablica, 2005.<br \/>\n. Curso de Conversaci\u00f3n en franc\u00e9s, Escuela Gallega de Administraci\u00f3n P\u00fablica, 2005.<\/p>\n","protected":false},"template":"","rang":[144],"class_list":["post-31301","academic","type-academic","status-publish","has-post-thumbnail","hentry","rang-academics-corresponents"],"acf":[],"_links":{"self":[{"href":"https:\/\/www.racba.org\/es\/wp-json\/wp\/v2\/academic\/31301","targetHints":{"allow":["GET"]}}],"collection":[{"href":"https:\/\/www.racba.org\/es\/wp-json\/wp\/v2\/academic"}],"about":[{"href":"https:\/\/www.racba.org\/es\/wp-json\/wp\/v2\/types\/academic"}],"wp:featuredmedia":[{"embeddable":true,"href":"https:\/\/www.racba.org\/es\/wp-json\/wp\/v2\/media\/8865"}],"wp:attachment":[{"href":"https:\/\/www.racba.org\/es\/wp-json\/wp\/v2\/media?parent=31301"}],"wp:term":[{"taxonomy":"rang","embeddable":true,"href":"https:\/\/www.racba.org\/es\/wp-json\/wp\/v2\/rang?post=31301"}],"curies":[{"name":"wp","href":"https:\/\/api.w.org\/{rel}","templated":true}]}}