{"id":31325,"date":"2023-12-12T16:52:28","date_gmt":"2023-12-12T15:52:28","guid":{"rendered":"https:\/\/www.racba.org\/academic\/botey-i-gomez-josep-maria-2\/"},"modified":"2023-12-12T16:52:28","modified_gmt":"2023-12-12T15:52:28","slug":"botey-i-gomez-josep-maria","status":"publish","type":"academic","link":"https:\/\/www.racba.org\/es\/academic\/botey-i-gomez-josep-maria\/","title":{"rendered":"Botey i G\u00f3mez, Josep Maria"},"content":{"rendered":"<p>Nace en Granollers (Barcelona) en 1943 y es arquitecto por la Escuela de Arquitectura de Barcelona desde 1968. Desde 1960 interviene como escen\u00f3grafo y director en el mundo del teatro, escribe en diferentes peri\u00f3dicos locales y es colaborador cultural de la biblioteca de la ciudad. De 1976 a 1983 participa en la direcci\u00f3n del Museo de Granollers.<br \/>\nHa trabajado en colaboraci\u00f3n con arquitectos, ingenieros y otros profesionales hasta el a\u00f1o 1985 en que cre\u00f3 el estudio de arquitectura Josep M. Botey y Asociados S.L.P. en Barcelona. De 1997 a 2000 actua como arquitecto de la catedral de Barcelona. Organizador y profesor en diferentes cursos monogr\u00e1ficos, ha participado como ponente en diversas jornadas de arquitectura y urbanismo y, en calidad de profesor invitado, ha dado conferencias sobre diversos temas de patrimonio arquitect\u00f3nico, energ\u00eda pasiva y nuevas ciudades, en diferentes universidades de Europa y Am\u00e9rica.<br \/>\nEntre sus obras m\u00e1s representativas cabe destacar:<\/p>\n<p>ARQUITECTURA<br \/>\n. 1971 &#8211; Museo de Granollers.<br \/>\n. 1975 &#8211; Centro comarcal de pedagog\u00eda especial del Vall\u00e9s Oriental.<br \/>\n. 1977 &#8211; Centro comarcal para personas con disminuci\u00f3n ps\u00edquica Montserrat Montero (Granollers).<br \/>\n. 1981 &#8211; Parque Plana Lled\u00f3 (Mollet del Vall\u00e9s).<br \/>\n. 1981 &#8211; Ordenaci\u00f3n y restauraci\u00f3n de la Plaza Gran de Calaf.<br \/>\n. 1981\/85 &#8211; Rehabilitaci\u00f3n y ampliaci\u00f3n de Can Butjosa (Parets del Vall\u00e9s).<br \/>\n. 1983 &#8211; Rehabilitaci\u00f3n y remodelaci\u00f3n del pabell\u00f3n \u00abAve Mar\u00eda\u00bb de la Casa de la Maternidad de Barcelona.<br \/>\n. 1984 &#8211; Rehabilitaci\u00f3n y remodelaci\u00f3n de Can Buxeres como escuela de m\u00fasica (Hospitalet de Llobregat).<br \/>\n. 1984 &#8211; 24 viviendas unifamiliares en Camprod\u00f3n.<br \/>\n. 1985 &#8211; Rehabilitaci\u00f3n del edificio \u00abLa Tela\u00bb como Museo de Ciencias Naturales (Granollers).<br \/>\n. 1985 &#8211; Rehabilitaci\u00f3n del patio Manning, Casa de Caridad de Barcelona.<br \/>\n. 1985\/89 &#8211; Rehabilitaci\u00f3n del subsuelo romano y ampliaci\u00f3n del Museo de Historia de la Ciudad (Barcelona).<br \/>\n. 1986 &#8211; Rehabilitaci\u00f3n de edificio en la plaza de Sant Josep Oriol (Barcelona).<br \/>\n. 1986\/92 &#8211; Rehabilitaci\u00f3n Antiguo Hospital como Museo Manolo Hugu\u00e9 (Caldes de Montbui).<br \/>\n. 1986 &#8211; Instituto de Acuicultura Marina (Sant Carles de la R\u00e1pita).<br \/>\n. 1987\/94 &#8211; 120 viviendas adosadas en Can Gusi (Badalona).<br \/>\n. 1988 &#8211; Instituto de Ense\u00f1anza Secundaria en Granollers.<br \/>\n. 1988\/03 &#8211; Proyecto museol\u00f3gico y museogr\u00e1fico de la P\u00eda Almoina como Museo Diocesano del Arzobispado de Barcelona.<br \/>\n. 1989 &#8211; Proyecto de edificio para la sede del Instituto Cartogr\u00e1fico de Catalu\u00f1a (Sant Cugat del Vall\u00e9s).<br \/>\n. 1989 &#8211; Restauraci\u00f3n de la capilla de Santa Susana y su entorno (Caldes de Montbui).<br \/>\n. 1989\/90 &#8211; Estudio para la restauraci\u00f3n de balnearios de Barcelona y Tarragona.<br \/>\n. 1989\/93 &#8211; Rehabilitaci\u00f3n y ampliaci\u00f3n del hospital y el CAP de Sant Celoni.<br \/>\n. 1990 &#8211; Proyecto de reforma y ampliaci\u00f3n de la estaci\u00f3n ferroviaria de RENFE en Gerona.<br \/>\n. 1990\/92 &#8211; Rehabilitaci\u00f3n de la Casa Batll\u00f3 (Barcelona).<br \/>\n. 1990 &#8211; Proyecto del Instituto de Tecnolog\u00eda Educativa (Barcelona).<br \/>\n. 1990 &#8211; Proyecto de hotel y centro l\u00fadico (Granollers).<br \/>\n. 1990\/93 &#8211; Residencia de disminuidos ps\u00edquicos profundos y centro de d\u00eda en La Roca del Vall\u00e9s.<br \/>\n. 1991 &#8211; Concurso Pabell\u00f3n de Catalu\u00f1a en la Expo92 de Sevilla.<br \/>\n. 1991 &#8211; Rehabilitaci\u00f3n fachada del Palacio Episcopal (Barcelona).<br \/>\n. 1991\/93 &#8211; Rehabilitaci\u00f3n y ampliaci\u00f3n del balneario de Vallfogona de Riucorb.<br \/>\n. 1992 &#8211; Edificio de 30 viviendas en Badalona.<br \/>\n. 1992\/95 &#8211; Edificio de 48 viviendas de protecci\u00f3n oficial en Granollers.<br \/>\n. 1993 &#8211; Proyecto de rehabilitaci\u00f3n del pabell\u00f3n de las cocinas del edificio de la Maternidad como restaurante para la Consejer\u00eda de Sanidad.<br \/>\n. 1993\/97 &#8211; Teatro y Casa de la Cultura en Parets del Vall\u00e9s.<br \/>\n. 1994 &#8211; Proyecto de 10 viviendas adosadas en Badalona.<br \/>\n. 1995 &#8211; Pasarelas de circulaci\u00f3n y adecuaci\u00f3n de las cubiertas de la catedral de Barcelona.<br \/>\n. 1995\/01 &#8211; Rehabilitaci\u00f3n de la biblioteca de la Universidad de Barcelona: 1\u00aa fase, dep\u00f3sito de libros; 2\u00aa y 3\u00aa fase, sala de acceso y sala de lectura.<br \/>\n. 1996 &#8211; 28 viviendas adosadas en Can Pontons (Badalona).<br \/>\n. 1997 &#8211; Iluminaci\u00f3n por fibra \u00f3ptica del coro de la catedral de Barcelona.<br \/>\n. 1997 &#8211; Reforma interior de una vivienda en Badalona.<br \/>\n. 1997 &#8211; Rehabilitaci\u00f3n de un edificio de viviendas en Barcelona.<br \/>\n. 1997\/99 &#8211; 28 viviendas de precio tasado en Pallej\u00e1 &#8211; IMPSOL.<br \/>\n. 1997 &#8211; Restauraci\u00f3n de la iglesia de Santa Mar\u00eda de Montmel\u00f3.<br \/>\n. 1998 &#8211; Estaci\u00f3n mar\u00edtima \u00abDrassanes\u00bb en el Puerto de Barcelona.<br \/>\n. 1998\/99 &#8211; Bloque de 23 viviendas en Badalona.<br \/>\n. 1998\/02 &#8211; Teatro\/auditorio, escuela de m\u00fasica y de teatro en Granollers.<br \/>\n. 1999 &#8211; Ampliaci\u00f3n del hospital de Granollers.<br \/>\n. 1999 &#8211; Plan director de la catedral de Barcelona.<br \/>\n. 1999 &#8211; Estudio de detalle de la Plaza de la Seu.<br \/>\n. 2000 &#8211; Edificio de viviendas plurifamiliares en la calle de Santa Madrona.<br \/>\n. 2000 &#8211; Estaci\u00f3n de cercan\u00edas de RENFE en Tarrasa en el sector La Gripia.<br \/>\n. 2000\/08 &#8211; Rehabilitaci\u00f3n y restauraci\u00f3n de la iglesia de Santa Mar\u00eda de Llerona en Franqueses del Vall\u00e9s.<br \/>\n. 2001\/06 &#8211; Construcci\u00f3n de 63 viviendas unifamiliares en Canyet de Badalona.<br \/>\n. 2001\/02 &#8211; Edificio de 8 viviendas en la calle Mart\u00ed Juli\u00e0 de Badalona.<br \/>\n. 2003\/04 &#8211; Edificio de 13 viviendas en la calle Mig de Badalona.<br \/>\n. 2003\/06 &#8211; Edificio de 6 viviendas en Granollers.<br \/>\n. 2003\/08 &#8211; Remodelaci\u00f3n del faro de Montju\u00efc para sede de actividades sociales de la Autoridad Portuaria de Barcelona.<br \/>\n. 2003\/08 &#8211; Torre de control y vigilancia del Puerto Aut\u00f3nomo de Barcelona.<br \/>\n. 2004\/13 &#8211; Rehabilitaci\u00f3n de la residencia de Nuestra Se\u00f1ora de la Esperanza en Barcelona.<br \/>\n. 2005\/08 &#8211; Nueva construcci\u00f3n de un edificio judicial en Tarrasa.<br \/>\n. 2007\/08 &#8211; Comisar\u00eda de Mossos d&#8217;Esquadra, Unidad de Tr\u00e1nsito, en el Vendrell.<br \/>\n. 2008\/11 &#8211; Centro C\u00edvico y Casa de la Mujer en Reus.<br \/>\n. 2009\/11 &#8211; Restauraci\u00f3n y recuperaci\u00f3n del refugio antia\u00e9reo de la Guerra Civil Espa\u00f1ola en Reus.<br \/>\n. 2010 &#8211; Restauraci\u00f3n del complejo deportivo de Can Butjosa en Parets del Vall\u00e9s.<br \/>\n. 2013 &#8211; Restauraci\u00f3n Ferm\u00ed Puig en Barcelona.<\/p>\n<p>URBANISMO<br \/>\n. 1975 &#8211; Proyecto de urbanizaci\u00f3n Can Poy del Bosch en La Garriga.<br \/>\n. 1980 &#8211; Plan parcial de ordenaci\u00f3n del Castillo en Amposta.<br \/>\n. 1980 &#8211; Plan parcial de ordenaci\u00f3n del Ensanche de Vilanova en La Roca.<br \/>\n. 1986 &#8211; Plan parcial de ordenaci\u00f3n de Can Gusi en Badalona.<br \/>\n. 1986 &#8211; Ordenaci\u00f3n de Can Roca Humbert en Granollers.<br \/>\n. 1989 &#8211; Reforma del sector del plan general de La Roca del Vall\u00e9s.<br \/>\n. 1989 &#8211; Plan parcial de la B\u00f3bila en Granollers.<br \/>\n. 1990 &#8211; Plan parcial de la Iglesia Vieja en Sant Fost.<br \/>\n. 1993 &#8211; Plan parcial U36 en Granollers.<br \/>\n. 1994 &#8211; Estudio y ordenaci\u00f3n de los terrenos de la v\u00eda f\u00e9rrea en Figueras.<br \/>\n. 1995 &#8211; Plan parcial Guiera en Cerda\u00f1ola del Vall\u00e9s.<br \/>\n. 1997 &#8211; Modificaci\u00f3n puntual del \u00e1rea Can Pontons en Badalona.<br \/>\n. 2002\/04 &#8211; Junta de compensaci\u00f3n UA26 en Granollers.<br \/>\n. 2007 &#8211; Acceso y aparcamiento en el faro de Montju\u00efc de Barcelona.<\/p>\n<p>OBRAS Y PUBLICACIONES<br \/>\n. 1988 &#8211; \u00abArquitectura esportiva\u00bb, Direcci\u00f3n General del Deporte.<br \/>\n. 1990 &#8211; \u00abRehabilitaci\u00f3 de fa\u00e7anes i elements arquitect\u00f2nics\u00bb, Direcci\u00f3n General de Arquitectura y Vivienda, C\u00e1mara Oficial de la Propiedad de Barcelona.<br \/>\n. 1990 &#8211; \u00abNiemeyer\u00bb, Fundaci\u00f3n Caja de Barcelona, COAC y Generalitat.<br \/>\n. 1991 &#8211; \u00abInside Barcelona\u00bb, Phaidon Press Limited, Oxford 3\u00aa edici\u00f3n.<br \/>\n. 1996 &#8211; \u00abOscar Niemeyer\u00bb, Editorial Gustavo Gili.<br \/>\n. 1997 &#8211; \u00abCascarrutlles\u00bb, M. Ponseti, coordinaci\u00f3n y selecci\u00f3n.<br \/>\n. 1999 &#8211; \u00abAs Corvas do tempo\u00bb, introducci\u00f3n Oscar Niemeyer.<br \/>\n. 2000 &#8211; \u00abLes curves del temps\u00bb, Oscar Niemeyer, coordinador y responsable de la versi\u00f3n catalana.<br \/>\n. 2001 &#8211; \u00abOscar Niemeyer\u00bb, Editorial Gustavo Gili, 2\u00aa edici\u00f3n.<br \/>\n. 2007 &#8211; \u00abSao Paulo\u00bb, obra Oscar Niemeyer por Ruth Verde Zein, introducci\u00f3n de Josep M. Botey.<br \/>\n. 2008 &#8211; \u00abOscar Niemeyer un arquitecto comprometido\u00bb, entrevistado por Josep M. Botey G\u00f3mez.<br \/>\n. 2011 &#8211; \u00abRehabilitaci\u00f3 amb hist\u00f2ria i altres propostes: la Pia Almoina, el museu Dioces\u00e0 de Barcelona, la Torre Portu\u00e0ria del Port de Barcelona\u00bb.<br \/>\n. Art\u00edculos: \u00abLa ac\u00fastica en las piscinas\u00bb, \u00abContenedores y contenidos\u00bb, \u00abEl pavimento\u00bb, \u00abBarrag\u00e1n\u00bb, \u00abGaud\u00ed\u00bb.<br \/>\n. Monogr\u00e1ficos sobre Jos\u00e9 Antonio Coderch, Lina Do Bardi, Alberto Sartorius, Carlos Bratke, Lucio Costa, Oscar Niemeyer, Abraham Zabludowsky, Laureano Forero y Luis Barrag\u00e1n.<br \/>\n. Art\u00edculos en revistas como Hogares Modernos, ON, AB y Quaderns (ambas publicaciones del Colegio Oficial de Arquitectos de Catalu\u00f1a), Ars Sacra (monogr\u00e1fico dedicado a las catedrales catalanas) y Cercha, todas ellas en Espa\u00f1a. Portsmouth Profile 94-95 en Inglaterra; La Escalera, El Cronista, La Cuarta Pared en M\u00e9xico; Projeto Design, Projeto AU en Brasil; y News en Jap\u00f3n.<\/p>\n<p>PREMIOS, MENCIONES ACAD\u00c9MICAS E INTERNACIONALES<br \/>\n. 1973 &#8211; Medalla de plata, Exempla 73 (M\u00fanich).<br \/>\n. 1975 &#8211; Premio de la cr\u00edtica al mejor montaje (Barcelona).<br \/>\n. 1980 &#8211; MdG finalista Premio Cr\u00edtica (Barcelona).<br \/>\n. 1983 &#8211; Premio FAD de Restauraci\u00f3n (Barcelona).<br \/>\n. 1983 &#8211; Premio Opini\u00f3n (Barcelona).<br \/>\n. 1984 &#8211; Adelpha de Plata (Madrid).<br \/>\n. 1985 &#8211; Universidad de Mor\u00f3n &#8211; Facultad de Arquitectura.<br \/>\n. 1986 &#8211; Premio \u00abThe Conservation Awards\u00bb (Londres).<br \/>\n. 1986 &#8211; Selecci\u00f3n Construmat (Barcelona).<br \/>\n. 1987 &#8211; Profesor de verano UNTEC &#8217;87.<br \/>\n. 1988 &#8211; Selecci\u00f3n Premio FAD de restauraci\u00f3n (Barcelona).<br \/>\n. 1988 &#8211; Universidad Kennedy &#8211; Facultad de Arquitectura (Buenos Aires).<br \/>\n. 1988 &#8211; Universidad de Montevideo.<br \/>\n. 1988 &#8211; Universidad Federal de Bah\u00eda (Salvador de Bah\u00eda).<br \/>\n. 1988 &#8211; Conselho Defensa Patrim\u00f4nio Hist\u00f3rico, Arqueol\u00f3gico, Art\u00edstico e Tur\u00edstico do Estado CONDEPHAAT (S\u00e2o Paulo).<br \/>\n. 1988 &#8211; Universidad de Mackenzie (S\u00e2o Paulo).<br \/>\n. 1988 &#8211; Instituto de Arquitectos do Brasil (R\u00edo de Janeiro).<br \/>\n. 1989 &#8211; Disenho Urbano. SEDUR. Minist\u00e9rio da Cultura (Brasilia).<br \/>\n. 1989 &#8211; Profesor m\u00e1ster de acuicultura, Facultad de Biolog\u00eda, Universidad de Barcelona.<br \/>\n. 1989 &#8211; Universidad Iberoamericana (M\u00e9xico D.F.).<br \/>\n. 1990 &#8211; Selecci\u00f3n Premio FAD de Arquitectura. Edificios de nueva planta de uso p\u00fablico (Barcelona).<br \/>\n. 1990 &#8211; Selecci\u00f3n concurso pavell\u00f3n de Catalu\u00f1a para la Expo92 de Sevilla.<br \/>\n. 1990 &#8211; Universidad de La Salle y UNAM (Azcapuzalco, M\u00e9xico).<br \/>\n. 1990 &#8211; Selecci\u00f3n por el Premio FAD de Arquitectura, realizaciones ef\u00edmeras (Barcelona).<br \/>\n. 1991 &#8211; Profesor m\u00e1ster en Acuicultura, Facultad de Biolog\u00eda, Universidad de Barcelona.<br \/>\n. 1992 &#8211; Menci\u00f3n JEHI OR Rituells Licht (Frankfurt am Main).<br \/>\n. 1992 &#8211; Universidad Iberoamericana (M\u00e9xico D.F.).<br \/>\n. 1992 &#8211; I Bienal Internacional de Arquitectura (Olinda, Recife).<br \/>\n. 1992 &#8211; Encontro das Am\u00e9ricas (S\u00e2o Paulo).<br \/>\n. 1993 &#8211; VNIITAG III Conferencia Internacional (Mosc\u00fa).<br \/>\n. 1993 &#8211; II Bienal Internacional de Arquitectura (S\u00e2o Paulo).<br \/>\n. 1993 &#8211; V Bienal Internacional de Arquitectura (Buenos Aires).<br \/>\n. 1993 &#8211; II Foro Internacional Arquitectura (C\u00f3rdoba, Argentina).<br \/>\n. 1993 &#8211; Premio Concurso Internacional Remodelaci\u00f3n de Edificios. CIANA-FPAA (Santiago de Chile).<br \/>\n. 1993 &#8211; Pontificia Universidad Cat\u00f3lica de Chile (Santiago de Chile).<br \/>\n. 1994 &#8211; II Simposium Internacional Patrimonio Arquitect\u00f3nico (Jerusal\u00e9n, Israel).<br \/>\n. 1994 &#8211; III Foro Internacional Arquitectura (C\u00f3rdoba, Argentina).<br \/>\n. 1994 &#8211; Encuentros Universidad Iberoamericana (M\u00e9xico D.F.).<br \/>\n. 1994 &#8211; Vicepresidente II Bienal Internacional de Arquitectura (Olinda, Recife, Brasil).<br \/>\n. 1994 &#8211; Conferencia Magistral, The University for Humanistic Studies (San Diego, California, EE.UU.).<br \/>\n. 1995 &#8211; VNIITAG V Conferencia Internacional (Mosc\u00fa).<br \/>\n. 1995 &#8211; NET Architecture Symposium, University of Portsmouth (Inglaterra).<br \/>\n. 1995 &#8211; Congreso Internacional de Arquitectura y Dise\u00f1o, Universidad de La Salle (M\u00e9xico D.F.).<br \/>\n. 1995 &#8211; Profesor invitado Talleres \u00abUtop\u00eda y Urbanismo\u00bb, Universidad Iberoamericana (M\u00e9xico D.F. y Puebla).<br \/>\n. 1995 &#8211; Third Conference on Heritage (Jerusal\u00e9n, Israel).<br \/>\n. 1996 &#8211; Bezalel, Academy of Arts and Design (Jerusal\u00e9n, Israel).<br \/>\n. 1996 &#8211; Selecci\u00f3n Judaica Design (Jerusal\u00e9n, Israel).<br \/>\n. 1997 &#8211; Arquitectura UNAM, Instituto Polit\u00e9cnico Nacional (M\u00e9xico).<br \/>\n. 1997 &#8211; Profesor invitado Universidad Iberoamericana (M\u00e9xico D.F.).<br \/>\n. 1997 &#8211; Conferencia \u00abArquitectura o Bits\u00bb, UIA (M\u00e9xico D.F.).<br \/>\n. 1997 &#8211; Selecci\u00f3n Construmat (Barcelona).<br \/>\n. 1997 &#8211; Profesor invitado Universidad Nacional de C\u00f3rdoba, Facultad de Arquitectura, Urbanismo y Dise\u00f1o (Argentina).<br \/>\n. 1997 &#8211; III Bienal de Arquitectura S\u00e2o Paulo (Brasil).<br \/>\n. 1998 &#8211; Profesor invitado taller \u00abUtop\u00eda Vasco de Quiroga\u00bb, Universidad Iberoamericana &#8211; Universidad de Wisconsin (Milwaukee, EE.UU.).<br \/>\n. 1998 &#8211; Conferencia Universidad de Texas Austin (San Diego, EE.UU.).<br \/>\n. 1998 &#8211; Profesor invitado XV Semana de Arquitectura (Monterrey, M\u00e9xico).<br \/>\n. 1999 &#8211; Profesor visitante Facultad de Arquitectura y Urbanismo, Universidad de S\u00e2o Paulo (Brasil).<br \/>\n. 1999 &#8211; Conferencia auditorio de la FAUUSP, S\u00e2o Paulo (Brasil).<br \/>\n. 1999 &#8211; Invitado IV Bienal Arquitectura de S\u00e2o Paulo (Brasil).<br \/>\n. 1999 &#8211; Socio fundador Fundaci\u00f3n Alonso Garc\u00eda Bravo (M\u00e9xico).<br \/>\n. 1999 &#8211; Miembro honorario consejo constructivo licenciatura y arquitectura, Universidad Iberoamericana (M\u00e9xico).<br \/>\n. 2000 &#8211; Conferencia magistral simposium de centros hist\u00f3ricos, COPLAUR (Guadalajara, M\u00e9xico).<br \/>\n. 2000 &#8211; Conferencia magistral invitado por la Comisi\u00f3n de Puebla (M\u00e9xico).<br \/>\n. 2000 &#8211; Conferencia magistral y taller ITESO (Guadalajara, M\u00e9xico).<br \/>\n. 2000 &#8211; Premio en rehabilitaci\u00f3n, teatro Kursal de Manresa.<br \/>\n. 2000 &#8211; Conferencia\/taller Instituto Tecnol\u00f3gico de Monterrey (M\u00e9xico).<br \/>\n. 2000 &#8211; Conferencia seminario sobre catedrales g\u00f3ticas (Gerona).<br \/>\n. 2001 &#8211; Conferencia en AADIPPA sobre la catedral de Barcelona (Pereira).<br \/>\n. 2001 &#8211; Taller \u00abLas il\u00f3gicas del dise\u00f1o\u00bb (C\u00f3rdoba, Argentina).<br \/>\n. 2002 &#8211; III Jornadas Restauradores de Catedrales, Universidad de Alcal\u00e1 de Henares.<br \/>\n. 2002 &#8211; Taller \u00abImponderables del dise\u00f1o\u00bb, Universidad de C\u00f3rdoba (Argentina).<br \/>\n. 2003 &#8211; Monogr\u00e1fico Gaud\u00ed, UIA (Le\u00f3n y Puebla, M\u00e9xico).<br \/>\n. 2003 &#8211; Oscar Niemeyer\/Antonio Gaud\u00ed, Unisinos R\u00edo Grande do Sul (Brasil).<br \/>\n. 2003 &#8211; XI Bienal Internacional de Arquitectura (Buenos Aires, Argentina).<br \/>\n. 2003 &#8211; XVII Congreso de Arquitectos Brasile\u00f1os, arquitecto invitado (R\u00edo de Janeiro, Brasil).<br \/>\n. 2004 &#8211; Bienal de Arquitectura Asunci\u00f3n (M\u00e9xico).<br \/>\n. 2004 &#8211; Facultad de Arquitectura de Niteroi (R\u00edo de Janeiro, Brasil).<br \/>\n. 2004 &#8211; Oscar Niemeyer, Museo de Curitivia (Brasil).<br \/>\n. 2004 &#8211; Gaud\u00ed, Design School Tel-Aviv (Haifa, Israel).<br \/>\n. 2004 &#8211; M\u00e1ster internacional de escenograf\u00eda, Universidad Complutense (Madrid).<br \/>\n. 2005 &#8211; CAYC Premio de la Cr\u00edtica X Bienal de Arquitectura (Buenos Aires, Argentina).<br \/>\n. 2006 &#8211; Menci\u00f3n-selecci\u00f3n Dedalo Minosse (Italia).<br \/>\n. 2007 &#8211; Conferencia magistral, Zabludovsky (Puebla, M\u00e9xico).<br \/>\n. 2009 &#8211; Invitado XII Bienal de Arquitectura (Buenos Aires).<br \/>\n. 2010 &#8211; Conferencia Academia Wizo de Dise\u00f1o y Educaci\u00f3n (Haifa), Escuela Azriely de Arquitectura &#8211; Universidad de Tel-Aviv e Instituto Cervantes (Tel-Aviv).<br \/>\n. 2010 &#8211; Conferencia \u00abArquitectura en el teatro\u00bb, Facultad de Bellas Artes, Universidad Complutense (Madrid).<br \/>\n. 2010 &#8211; Seminario taller Universidad Nacional de Colombia, sede de Medell\u00edn exposici\u00f3n de proyectos y actuaciones patrimoniales.<br \/>\n. 2010 &#8211; Conferencia Instituto Cervantes (Tel-Aviv, Israel).<br \/>\n. 2011 &#8211; Conferencia Colegio de Arquitectos (Tel-Aviv, Israel).<br \/>\n. 2011 &#8211;  Premio por intervenci\u00f3n patrimonial y comunicaci\u00f3n XIII Bienal (Buenos Aires, Argentina).<br \/>\n. 2013 &#8211; XIV Bienal Internacional de Arquitectura (Buenos Aires, Argentina).<br \/>\n. 2013 &#8211; Elegido acad\u00e9mico correspondiente por Granollers (Barcelona) el d\u00eda 16 de octubre, aprobando as\u00ed la propuesta en su d\u00eda presentada por los acad\u00e9micos de n\u00famero Jordi Bonet Armengol, Leopoldo Gil Nebot, Josep Munta\u00f1ola Thornberg y Jordi Pericot Canaleta.<\/p>\n<p>EXPOSICIONES<br \/>\n. 1972 &#8211; Exposici\u00f3n sector del mueble, Palacio Alfonso XIII.<br \/>\n. 1973 &#8211; Espa\u00f1a, una cultura (M\u00fanich).<br \/>\n. 1973 &#8211; El vino de Jerez (M\u00fanich).<br \/>\n. 1975\/78 &#8211; Exposiciones Manolo Hugu\u00e9, Antoni Cumella y Salvador Dal\u00ed. Dau al Set (Barcelona).<br \/>\n. 1979 &#8211; Dise\u00f1o y montaje del \u00e1rea g\u00f3tica del Museo Nacional de Arte de Catalu\u00f1a (Barcelona).<br \/>\n. 1980 &#8211; Itinerante \u00ab50 anys de Tint\u00edn\u00bb.<br \/>\n. 1981 &#8211; Exposici\u00f3n de Lloren\u00e7 Artigas en el Palacio de la Virreina.<br \/>\n. 1981 &#8211; Bus cultural para el Ayuntamiento de Barcelona.<br \/>\n. 1982 &#8211; Exposici\u00f3n Darwin en las Atarazanas.<br \/>\n. 1982 &#8211; Exposici\u00f3n e instalaci\u00f3n de las cer\u00e1micas de Picasso, Museo Picasso (Barcelona).<br \/>\n. 1985 &#8211; Amor\u00f3s-Bofill-Madola-Mart\u00ed Coll, Museo de la Cer\u00e1mica (Barcelona).<br \/>\n. 1986 &#8211; Mil\u00e0 y Fontanals, Universidad de Barcelona.<br \/>\n. 1986 &#8211; Exposici\u00f3n y jurado \u00abI Bienal del Vall\u00e9s\u00bb.<br \/>\n. 1987 &#8211; 20 ceramistas de la Real Academia, Museo Espa\u00f1ol de Arte Contempor\u00e1neo (Madrid).<br \/>\n. 1987 &#8211; Homenaje a Cumella, Museo Espa\u00f1ol de Arte Contempor\u00e1neo (Madrid).<br \/>\n. 1987 &#8211; Lloren\u00e7 Artigas, Museo Gargallo (Zaragoza).<br \/>\n. 1987\/94 &#8211; Itinerante \u00abArquitectura p\u00fablica en Catalu\u00f1a\u00bb, Argentina, Uruguay, Brasil, Canad\u00e1, Francia, Grecia, Portugal, Israel, Suecia, Finlandia y Alemania.<br \/>\n. 1988 &#8211; \u00abDe l&#8217;aventura\u00bb, Fundaci\u00f3n Caja de Pensiones (Barcelona).<br \/>\n. 1988 &#8211; \u00abConstru\u00efm Catalunya\u00bb, Palacio Robert (Barcelona).<br \/>\n. 1989 &#8211; \u00abCatalunya, una realitat avui\u00bb (Nagoya).<br \/>\n. 1989 &#8211; \u00abCatalunya mais perto\u00bb (S\u00e2o Paulo).<br \/>\n. 1989 &#8211; Presentaci\u00f3n \u00abPla reforma del Port Vell\u00bb.<br \/>\n. 1990 &#8211; \u00abOscar Niemeyer\u00bb, Centro Cultural Caja de Barcelona.<br \/>\n. 1990 &#8211; \u00abCer\u00e0mica d&#8217;Israel\u00bb (Barcelona).<br \/>\n. 1990 &#8211; Primera piedra de \u00abL&#8217;illa-Winthertur\u00bb (Barcelona).<br \/>\n. 1991 &#8211; \u00ab10 a\u00f1os de arquitectura espa\u00f1ola\u00bb (Madrid, Santander).<br \/>\n. 1991 &#8211; \u00abCatalunya, un pa\u00eds d&#8217;Europa\u00bb, Palacio Robert (Barcelona).<br \/>\n. 1992 &#8211; Primera piedra de \u00abGrand Pen\u00ednsula\u00bb (Salou).<br \/>\n. 1994 &#8211; \u00abLina Bo Bardi\u00bb, Colegio Oficial de Arquitectos de Catalu\u00f1a (Barcelona).<br \/>\n. 1994 &#8211; \u00abArquitectura Serra de Mantequeira. Marcelo Ferraz\u00bb, P\u00eda Almoina (Barcelona).<br \/>\n. 1995 &#8211; \u00ab\u00c0ngels i Esperit. A Mu\u00f1oz\u00bb, P\u00eda Almoina (Barcelona).<br \/>\n. 1995 &#8211; \u00abGravats. Isabel Pons\u00bb, P\u00eda Almoina (Barcelona-Brasilia).<br \/>\n. 1996 &#8211; \u00abAbraham Zabludovsky\u00bb, P\u00eda Almoina (Barcelona).<br \/>\n. 1998 &#8211; \u00abMadola. L&#8217;arca\u00bb, P\u00eda Almoina (Barcelona).<br \/>\n. 1998 &#8211; \u00abArquitecturas. Fernando Higueras\u00bb, P\u00eda Almoina (Barcelona).<br \/>\n. 1999 &#8211; Participaci\u00f3n en \u00abOscar Niemeyer, 90 a\u00f1os\u00bb (S\u00e2o Paulo, R\u00edo de Janeiro, Buenos Aires).<br \/>\n. 2001 &#8211; Dise\u00f1o stand Espelt para la feria Iberjoya (Madrid).<br \/>\n. 2002 &#8211; Dise\u00f1o exposici\u00f3n Dom\u00e9nech y Montaner, Hospital de San Pablo (Barcelona).<br \/>\n. 2009 &#8211; Dise\u00f1o exposici\u00f3n Salvador Casanova (Granollers).<br \/>\n. 2010 &#8211; Exposici\u00f3n Instituto Cervantes (Tel-Aviv, Israel).<br \/>\n. 2011 &#8211; Exposici\u00f3n Colegio de Arquitectos (Tel-Aviv, Israel).<br \/>\n. 2012 &#8211; Exposici\u00f3n Argentina, M\u00e9xico, Ecuador y Per\u00fa.<\/p>\n","protected":false},"template":"","rang":[144],"class_list":["post-31325","academic","type-academic","status-publish","hentry","rang-academics-corresponents"],"acf":[],"_links":{"self":[{"href":"https:\/\/www.racba.org\/es\/wp-json\/wp\/v2\/academic\/31325","targetHints":{"allow":["GET"]}}],"collection":[{"href":"https:\/\/www.racba.org\/es\/wp-json\/wp\/v2\/academic"}],"about":[{"href":"https:\/\/www.racba.org\/es\/wp-json\/wp\/v2\/types\/academic"}],"wp:attachment":[{"href":"https:\/\/www.racba.org\/es\/wp-json\/wp\/v2\/media?parent=31325"}],"wp:term":[{"taxonomy":"rang","embeddable":true,"href":"https:\/\/www.racba.org\/es\/wp-json\/wp\/v2\/rang?post=31325"}],"curies":[{"name":"wp","href":"https:\/\/api.w.org\/{rel}","templated":true}]}}