{"id":31326,"date":"2023-12-12T16:52:28","date_gmt":"2023-12-12T15:52:28","guid":{"rendered":"https:\/\/www.racba.org\/academic\/estrada-i-rius-albert-2\/"},"modified":"2023-12-12T16:52:28","modified_gmt":"2023-12-12T15:52:28","slug":"estrada-i-rius-albert","status":"publish","type":"academic","link":"https:\/\/www.racba.org\/es\/academic\/estrada-i-rius-albert\/","title":{"rendered":"Estrada i Rius, Albert"},"content":{"rendered":"<p>Barcelona, 1970.<\/p>\n<p>Doctor en Derecho por la Universidad Pompeu Fabra (2001) y en Historia por la Universidad de Barcelona (2012). Licenciado en Filosof\u00eda y Letras (Geograf\u00eda e Historia) (1993), en Derecho (1998), en Ciencias Pol\u00edticas y de la Administraci\u00f3n (2001) y en Historia del Arte (2006) por la Universidad Aut\u00f3noma de Barcelona.<\/p>\n<p>Es conservador del Gabinete Numism\u00e1tico de Catalu\u00f1a del MNAC, desde 2000, y profesor asociado a las facultades de Derecho de las universidades Pompeu Fabra y Aut\u00f3noma de Barcelona, desde 2001. Es vocal de la Junta Directiva de la Sociedad Iberoamericana de Estudios Numism\u00e1ticos (SIAEN, Madrid), desde 2012. Tambi\u00e9n es miembro de la Fundaci\u00f3n Bosch Cardellach (Sabadell, 2009), del Centro de Estudios de la Orden Ecuestre del Santo Sepulcro de Jerusal\u00e9n (Zaragoza, 2008) y del International Council of Museums (ICOM, Par\u00eds, 2002). Es miembro del consejo de redacci\u00f3n de la revista de historia \u00abArraona\u00bb (Sabadell, 2001) y ha fundado la colecci\u00f3n \u00abFundamenta Rei Publicae\u00bb (2012). La Asociaci\u00f3n Numism\u00e1tica Espa\u00f1ola le ha concedido la medalla \u00abJavier Conde Garriga\u00bb (2011).<\/p>\n<p>Ha comisariado diversas exposiciones de tem\u00e1tica numism\u00e1tica en el MNAC. Destacan: \u00abLa moneda a la Mediterr\u00e0nia medieval\u00bb (2006), \u00abMonedes en lluita. Catalunya a l&#8217;Europa napole\u00f2nica\u00bb (2008) y \u00abLa moneda falsa. De l&#8217;Antiguitat a l&#8217;euro\u00bb (2010). Ha estado vinculado a la Fundaci\u00f3n Caja Pened\u00e9s para la que ha comisariado, entre otras colaboraciones de difusi\u00f3n cultural, las exposiciones: \u00abEl bisbe Torras i Bages i els artistes del seu temps\u00bb (1993), \u00abEl frontal rom\u00e0nic de santa Margarida de Vilaseca\u00bb (1996), y \u00abLa llum de l&#8217;Ortod\u00f2xia. Icones russes dels segles XVIII-XIX\u00bb (2002).<\/p>\n<p>Coordina, desde 2002, el Seminario de Historia Monetaria de la Corona de Arag\u00f3n que se celebra con una periodicidad anual en el MNAC. Tambi\u00e9n coordina los ciclos de conferencias hist\u00f3rico-art\u00edsticas que la Lugartinencia de Espa\u00f1a Oriental de la Orden Ecuestre del Santo Sepulcro de Jerusal\u00e9n celebra en la parroquia Mayor de Santa Ana de Barcelona, antiguo Priorato de la Orden. Ha realizado tareas de divulgaci\u00f3n numism\u00e1tica e hist\u00f3rico-art\u00edstica en forma de conferencias, art\u00edculos de prensa y colaboraciones en revistas de amplio espectro, sin olvidar la preparaci\u00f3n de gu\u00edas divulgativas como la numism\u00e1tica del MNAC (2004) y la de la catedral de Vic (1997).<\/p>\n<p>Ha enfocado su investigaci\u00f3n en diferentes campos vinculados, casi siempre, con aspectos diversos de la autoridad p\u00fablica. En este sentido, ha enmarcado la arquitectura institucional en la Catalu\u00f1a medieval y moderna como una manifestaci\u00f3n m\u00e1s del desarrollo org\u00e1nico de los entes p\u00fablicos. Destacan sus trabajos sobre la sede de la Diputaci\u00f3n del General de Catalu\u00f1a -actual Palacio de la Generalitat de Catalu\u00f1a- as\u00ed como sobre la Atarazana Real de Barcelona o sobre la Seca Real de Barcelona. En referencia a la primera ha publicado en una monograf\u00eda (Generalitat de Catalu\u00f1a, 2000) el hasta entonces in\u00e9dito documento de compraventa del edificio primigenio por los diputados el a\u00f1o 1400. En cuanto a la Atarazana, le ha dedicado diversos art\u00edculos y dos monograf\u00edas (Museo Mar\u00edtimo de Barcelona, 2004 y 2008), en las que ha cambiado muchas de las interpretaciones tradicionales de este conjunto medieval y algunas de las cuales han sido ratificadas, \u00faltimamente, con las intervenciones arqueol\u00f3gicas. En el marco de esta l\u00ednea de investigaci\u00f3n tambi\u00e9n ha estudiado documentaci\u00f3n in\u00e9dita sobre la llamada Casa del General que, hasta el siglo XVIII, se levantaba al lado de la Casa Lonja de Mar de Barcelona, as\u00ed como sobre la Casa del General de Perpi\u00f1\u00e1n.<\/p>\n<p>Ha investigado, tambi\u00e9n, sobre algunos aspectos iconogr\u00e1ficos vinculados a la imagen de la autoridad p\u00fablica. En este sentido, ha analizado el repertorio iconogr\u00e1fico de la monarqu\u00eda en la moneda, de manera general, en el cat\u00e1logo de la exposici\u00f3n \u00abLa moneda a la Mediterr\u00e0nia medieval\u00bb (MNAC, 2006, p. 87-96) y, en casos concretos, como en \u00abDe retrato a arquetipo: anotaciones sobre la difusi\u00f3n de la efigie de Juan VIII Pale\u00f3logo\u00bb (\u00abXIV International Numismatic Congress\u00bb, Glasgow, 2011, vol. 2, p. 1931-1936). Ha estudiado, igualmente, la proyecci\u00f3n de la imagen pl\u00e1stica y aleg\u00f3rica de la Seca Real de Barcelona -tema de su tesis doctoral en Historia- a trav\u00e9s de grabados (\u00abButllet\u00ed de la Reial Acad\u00e8mia Catalana de Belles Arts de Sant Jordi\u00bb, XX, 2006, p. 35-49) y de dibujos (\u00abActas del XIII Congreso Nacional de Numism\u00e1tica\u00bb, C\u00e1diz, Real Casa de la Moneda de Madrid, 2009, tomo 2, p. 1107-1127).<\/p>\n<p>El comisariado de la exposici\u00f3n \u00abCinc segles de numism\u00e0tica a Catalunya\u00bb le ha abierto la posibilidad de emprender el estudio de diversas colecciones de moneda y medalla en Catalu\u00f1a que se recogen en el cat\u00e1logo de la exposici\u00f3n (MNAC, 2007) y en art\u00edculos posteriores (\u00abButllet\u00ed de la Reial Acad\u00e8mia Catalana de Belles Arts de Sant Jordi\u00bb, XXII, 2008, p. 45-54).<\/p>\n<p>En los \u00faltimos a\u00f1os ha trabajado sobre la falsificaci\u00f3n monetaria. Ha comisariado la exposici\u00f3n \u00abLa moneda falsa. De l&#8217;Antiguitat a l&#8217;euro\u00bb y preparado su cat\u00e1logo (MNAC, 2010); coordinado la jornada \u00abLa falsificaci\u00f3 de moneda a la Catalunya del segle XIX\u00bb (MNAC, 2011) y editado sus actas (MNAC\/UPF, 2013), tambi\u00e9n ha escrito la monograf\u00eda \u00abLa lluita contra la moneda falsa a la Catalunya de Felip II (1598-1621)\u00bb (Ajuntament de Barcelona, 2011) que ha traducido al castellano, revisado y ampliado (Ausa, 2012).<\/p>\n<p>Ha participado, en relaci\u00f3n a la medalla, en la exposici\u00f3n \u00abLa medalla modernista\u00bb (MNAC, 2001) y ha estudiado sobre la f\u00e1brica de medallas Ausi\u00f3 de Barcelona (\u00abXIV Congreso Nacional de Numism\u00e1tica\u00bb, Casa de la Moneda de Madrid, 2010, p. 449-465). En la actualidad trabaja en el proyecto \u00abHist\u00f2ries met\u00e0l\u00b7liques. Art i poder a la medalla europea\u00bb.  <\/p>\n<p>Elegido acad\u00e9mico correspondiente por Sabadell (Barcelona) de la Reial Acad\u00e8mia Catalana de Belles Arts de Sant Jordi el 18 de diciembre de 2013, aprobando as\u00ed la propuesta en su d\u00eda presentada por los acad\u00e9micos de n\u00famero Leopoldo Gil Nebot, Frederic-Pau Verri\u00e9 Faget, Joan Vila Grau y Andreu Vilas\u00eds Fern\u00e1ndez-Capalleja.<\/p>\n","protected":false},"template":"","rang":[144],"class_list":["post-31326","academic","type-academic","status-publish","hentry","rang-academics-corresponents"],"acf":[],"_links":{"self":[{"href":"https:\/\/www.racba.org\/es\/wp-json\/wp\/v2\/academic\/31326","targetHints":{"allow":["GET"]}}],"collection":[{"href":"https:\/\/www.racba.org\/es\/wp-json\/wp\/v2\/academic"}],"about":[{"href":"https:\/\/www.racba.org\/es\/wp-json\/wp\/v2\/types\/academic"}],"wp:attachment":[{"href":"https:\/\/www.racba.org\/es\/wp-json\/wp\/v2\/media?parent=31326"}],"wp:term":[{"taxonomy":"rang","embeddable":true,"href":"https:\/\/www.racba.org\/es\/wp-json\/wp\/v2\/rang?post=31326"}],"curies":[{"name":"wp","href":"https:\/\/api.w.org\/{rel}","templated":true}]}}