{"id":31330,"date":"2023-12-12T16:52:28","date_gmt":"2023-12-12T15:52:28","guid":{"rendered":"https:\/\/www.racba.org\/academic\/bosch-i-mir-gloria-2\/"},"modified":"2023-12-12T16:52:28","modified_gmt":"2023-12-12T15:52:28","slug":"bosch-i-mir-gloria","status":"publish","type":"academic","link":"https:\/\/www.racba.org\/es\/academic\/bosch-i-mir-gloria\/","title":{"rendered":"Bosch i Mir, Gl\u00f2ria"},"content":{"rendered":"<p>Gerona, 1955.<\/p>\n<p>Licenciada en historia del arte por la Universidad Aut\u00f3noma de Barcelona. Desde el a\u00f1o 2001, directora de los espacios de arte de la Fundaci\u00f3n Vila Casas. Cofundadora y directora de arte en \u00abEspais Centre d&#8217;Art Contemporani\u00bb (Gerona, 1986-1990) y de la publicaci\u00f3n \u00abPapers d&#8217;Art\u00bb (con Carme Ortiz). Coordinadora de las actividades culturales de la Fundaci\u00f3n Caixa de Barcelona, llamada posteriormente Fundaci\u00f3n La Caixa (Gerona, 1987-1993). Directora art\u00edstica de la Galer\u00eda Salvador Riera (Barcelona, 1990-1994). Directora del Museo de Arte de Gerona (1995-2001). Secretaria y ponente del Consejo de Esculturas del Ayuntamiento de Barcelona (2001-2004). Particip\u00f3 en comisiones organizadoras, como el Sal\u00f3n de Oto\u00f1o del Ayuntamiento de Barcelona en 1985 o la 10\u00aa Bienal Mart\u00ednez Guerricabeitia \u00abContra natura\u00bb de la Universidad de Valencia, en 2010.<\/p>\n<p>Dedicada al arte del siglo XX y la relaci\u00f3n con otras disciplinas, como la literatura, la m\u00fasica, el teatro y el cine, entre 1985 y 1986 comparti\u00f3 proyectos para la Fundaci\u00f3n La Caixa -\u00abNits\u00bb (Barcelona, 1985) y \u00abGirona i l&#8217;Onyar\u00bb (Gerona, 1986)- con el compositor Jep Nuix. Ha impartido clases de arte contempor\u00e1neo y museolog\u00eda para m\u00e1sters sobre procesos expositivos y arquitectura ef\u00edmera en la Universidad Polit\u00e9cnica de Catalu\u00f1a. En Brasil, dentro del Festival de Arte de la Ciudad de Porto Alegre, ha impartido cursos interdisciplinares relacionados con el comisariado de exposiciones (\u00abEl carrer desert\u00bb o \u00abQui s\u00f3c jo?\u00bb), ha participado en los simposios \u00abO pensamento visual contemporaneo\u00bb (1995) y \u00abLes arts visuals avui: forma, disforma, hibridisme i mutaci\u00f3\u00bb (2000) y ha generado tanto intercambios de autores como comisariados conjuntos con Claudio Ely.<\/p>\n<p>Desde la museolog\u00eda integra el di\u00e1logo entre las colecciones permanentes hist\u00f3ricas y las obras de los creadores actuales, sin establecer l\u00edneas generacionales o de representatividad, sin diferenciar los lenguajes art\u00edsticos y las disciplinas, con un discurso que plantea preguntas a la obra de arte, reflexiones transversales y participativas, abriendo el museo al exterior y a los diferentes colectivos sociales. Como curadora de exposiciones, siempre ha trabajado el arte contempor\u00e1neo con la recuperaci\u00f3n de autores hist\u00f3ricos, como Georges Kars, Josep M. de Sucre, Joan Pon\u00e7, Carlos Mensa, Bartomeu Massot, Torres Mons\u00f3 y Joaquim Lluci\u00e0. Una recuperaci\u00f3n compartida con Susanna Portell en los libros\/exposiciones \u00abL&#8217;ombra del temps\u00bb (1998) y \u00abQu\u00e8 en sabeu d&#8217;en Faix\u00f3 i d&#8217;en Lluci\u00e0\u00bb (2001), o grandes temas de intercambio cultural, catal\u00e1n e internacional, como \u00abBerl\u00edn, Londres, Par\u00eds, Tossa&#8230; La tranquil\u00b7litat perduda\u00bb, con Susanna Portell (Fundaci\u00f3n Caixa de Girona, Gerona, 2007).<\/p>\n<p>Al margen de las exposiciones interdisciplinares del Museo de Arte -\u00abCegueses\u00bb (1997), \u00abHist\u00f2ries del cor\u00bb (1998), \u00abUna cambra pr\u00f2pia\u00bb (1999), \u00abQui s\u00f3c jo?\u00bb (1999) o \u00abM&#8217;escriur\u00e0s una carta?\u00bb (2000)- o \u00abLlistes d&#8217;espera\u00bb, con Susanna Portell (Fundaci\u00f3n Vila Casas, 2003), un proyecto abierto al mundo sanitario, genera diversas propuestas, como \u00abTokonomas\u00bb, con Joan Hosta; \u00abProjectar el museu\u00bb, o \u00abRelectures\u00bb, una recuperaci\u00f3n del espacio de la c\u00e1rcel para trabajar el fondo a trav\u00e9s de otras miradas externas al mundo del arte. Son fruto de este inter\u00e9s las exposiciones tem\u00e1ticas de \u00abEspais\u00bb (1987-1990); las de Caixa de Barcelona, como \u00abPrudenci Bertrana i la seva \u00e8poca\u00bb (1989), \u00abJoan Badia: la mirada de la ciutat\u00bb (1993); las de la Fundaci\u00f3n La Caixa, como \u00abLes ciutats invisibles\u00bb (1994), el ciclo itinerante \u00abLa lectura com a migraci\u00f3 d&#8217;imatges\u00bb (Fundaci\u00f3n La Caixa, 1998-1999) y, entre otras, \u00abScenario di transito\u00bb  (Fortalesa de Basso, Florencia, 1991), \u00abEl cos maltractat\u00bb (con Ricard Huerta, dentro de \u00abContextos de la Col\u00b7lecci\u00f3 Mart\u00ednez Guerricabeitia\u00bb, 2004) o \u00abKonstruktion\/Destruktion\u00bb (Torres Mons\u00f3 Admetlla, 1986 y 2006).<\/p>\n<p>Como documentalista, colabora con editoriales (Salvat, MRB o Enciclop\u00e8dia Catalana); iniciativas de car\u00e1cter hist\u00f3rico como \u00abSota la Boira\u00bb (1999), \u00ab60&#8217;s versus 80&#8217;s\u00bb (2000); o libros de investigaci\u00f3n, como \u00abAtles paisatg\u00edstic de les terres gironines\u00bb (Gerona, Diputaci\u00f3n de Gerona, 2010), con la parte dedicada a la comarca del \u00abGiron\u00e8s\u00bb y la que comparte con Susanna Portell sobre Tossa de Mar. Tambi\u00e9n con ella, colabora en la publicaci\u00f3n \u00abCarrers de frontera\u00bb (Barcelona, Institut Ramon Llull, 2008). Ha publicado los libros siguientes: \u00abOlga Sacharoff i Otho Lloyd\u00bb, con Susanna Portell (Barcelona, Ayuntamiento de Tossa y Eumo, 1993); \u00abCitando a Calvino\u00bb (Vic, Abril, 1993); \u00abAndr\u00e9 Masson y Georges Bataille\u00bb, con Teresa Grandas (Vic, Eumo, 1994); \u00abJosep Ucl\u00e9s: &#8230;com un cos an\u00f2nim de veus\u00bb (Barcelona, Mediterr\u00e0nia, 2001); \u00abAssumpci\u00f3 Mateu. Un di\u00e0leg de dues veus\u00bb (Barcelona, March, 2005); \u00abLes altres Am\u00e8lies d&#8217;Am\u00e8lia Riera\u00bb (2007); y \u00abHomenatge a Salvador Riera. Breda 2012\u00bb (Breda, Asociaci\u00f3n de Vecinos Vilatans de Breda, 2012), con Andreu Pujol. Desde 1981, colabora en diversas publicaciones: \u00abCanig\u00f3\u00bb (1980-1982), \u00abEl Punt\u00bb (1981-1989), \u00abLa Vanguardia\u00bb (1981-1983), \u00abAvui\u00bb (1981-1985), \u00abArt\u00bb (1984-1990), \u00abArte Omega\u00bb (1985-1995), \u00abMarte\u00bb (1989-1991), \u00abLa Gu\u00eda del Ocio\u00bb (1995-1999), \u00abArt International View\u00bb, \u00abBonart\u00bb y \u00abQuiral Arte\u00bb (2003-2013), adem\u00e1s de formar parte del comit\u00e9 de redacci\u00f3n de la revista cultural \u00abV\u00e8lit\u00bb (con Rosa Reg\u00e0s). De manera puntual, colabora con las publicaciones siguientes: \u00abSerra d&#8217;Or\u00bb, \u00abCimal\u00bb, \u00abNexus\u00bb, \u00abCreaci\u00f3n\u00bb, \u00abRevista de Girona\u00bb, \u00abPres\u00e8ncia\u00bb, \u00abPublic\/Ac\u00f4es\u00bb, \u00abRevista d&#8217;Humanitats TGV\u00bb, \u00abOn Dise\u00f1o\u00bb, \u00abTasc\u00f3\u00bb, \u00abQ\u00fcern\u00bb, \u00abQuaderni dell&#8217;Arte\u00bb, \u00abL\u00e0tex\u00bb, \u00abAnthropos\u00bb, \u00abQuaderns de la Selva\u00bb, \u00abArs Mediterr\u00e0nia\u00bb, \u00abFlash Art\u00bb, \u00abTaller de la Fundaci\u00f3n\/Fundaci\u00f3n MACBA\u00bb, \u00abBonart\u00bb, \u00abQuaderns de la Fundaci\u00f3 Benet\u00bb y \u00abL&#8217;Aven\u00e7\u00bb (con Susanna Portell). Tambi\u00e9n colabora en programas de radio, ha dirigido ciclos de debate y ha realizado presentaciones de libros y conferencias.<\/p>\n<p>Elegida acad\u00e9mica correspondiente de la Reial Acad\u00e8mia Catalana de Belles Arts de Sant Jordi  por Tossa de Mar (Gerona) el 16 de diciembre de 2015, aprobando as\u00ed la propuesta en su d\u00eda presentada por los acad\u00e9micos de n\u00famero se\u00f1ores Llu\u00eds Bassat Coen, Francesc Fontbona de Vallescar, Leopoldo Gil Nebot, Daniel Giralt-Miracle Rodr\u00edguez y Antoni Vila Casas.<\/p>\n","protected":false},"template":"","rang":[144],"class_list":["post-31330","academic","type-academic","status-publish","hentry","rang-academics-corresponents"],"acf":[],"_links":{"self":[{"href":"https:\/\/www.racba.org\/es\/wp-json\/wp\/v2\/academic\/31330","targetHints":{"allow":["GET"]}}],"collection":[{"href":"https:\/\/www.racba.org\/es\/wp-json\/wp\/v2\/academic"}],"about":[{"href":"https:\/\/www.racba.org\/es\/wp-json\/wp\/v2\/types\/academic"}],"wp:attachment":[{"href":"https:\/\/www.racba.org\/es\/wp-json\/wp\/v2\/media?parent=31330"}],"wp:term":[{"taxonomy":"rang","embeddable":true,"href":"https:\/\/www.racba.org\/es\/wp-json\/wp\/v2\/rang?post=31330"}],"curies":[{"name":"wp","href":"https:\/\/api.w.org\/{rel}","templated":true}]}}