{"id":31340,"date":"2023-12-12T16:52:32","date_gmt":"2023-12-12T15:52:32","guid":{"rendered":"https:\/\/www.racba.org\/academic\/dura-ojea-victoria-2\/"},"modified":"2023-12-12T16:52:32","modified_gmt":"2023-12-12T15:52:32","slug":"dura-ojea-victoria","status":"publish","type":"academic","link":"https:\/\/www.racba.org\/es\/academic\/dura-ojea-victoria\/","title":{"rendered":"Dur\u00e1 Ojea, Victoria"},"content":{"rendered":"<p>\u2022 1982. Licenciada en Geograf\u00eda e Historia, en la especialidad de Historia del Arte, por la Universidad Complutense de Madrid.<br \/>\n\u2022 1988-1993. T\u00e9cnica de museo en el departamento de Conservaci\u00f3n y Gabinete de Dibujos del Museo de la Real Academia de Bellas Artes de San Fernando de Madrid, desarrollando tareas de investigaci\u00f3n y documentaci\u00f3n de sus fondos, inventarios y cat\u00e1logos de las obras, especialmente de dibujos; organizaci\u00f3n de exposiciones temporales en las salas de la Academia as\u00ed como en las de otras entidades; atenci\u00f3n a los investigadores; visitas did\u00e1cticas del museo a grupos escolares y asociaciones diversas, y colaboraciones en la revista que publica semestralmente la entidad, con estudios monogr\u00e1ficos sobre sus fondos.<br \/>\n\u2022 1989-1991. Librera en la librer\u00eda Argensola, en la librer\u00eda del Centro de Arte Reina Sof\u00eda y en la del Museo Espa\u00f1ol de Arte Contempor\u00e1neo (Libros Argensola S.A. y Arcuarte S.A.), realizando tareas de control de libros, reposici\u00f3n y atenci\u00f3n al p\u00fablico.<br \/>\n\u2022 1990\/91-1992\/93. Cursos de Doctorado, en el departamento de Historia del Arte Moderno y Contempor\u00e1neo de la Facultad de Geograf\u00eda e Historia de la Universidad Complutense de Madrid.<br \/>\n\u2022 1993-2018. Conservadora de las colecciones de arte del museo de la Reial Acad\u00e8mia Catalana de Belles Arts de Sant Jordi de Barcelona, dando estructura a la colecci\u00f3n y realizando las tareas de catalogaci\u00f3n y conservaci\u00f3n de los fondos art\u00edsticos (pinturas, esculturas, dibujos, estampas y fotograf\u00edas), de la investigaci\u00f3n relacionada con los fondos, de la atenci\u00f3n a los investigadores, de las visitas did\u00e1cticas, del soporte en la catalogaci\u00f3n del archivo documental, de la tutor\u00eda de alumnado en pr\u00e1cticas de la UB, de la UAB y de la Universidad de Salamanca, y de la gesti\u00f3n de todo lo relacionado con la colecci\u00f3n art\u00edstica de la p\u00e1gina web de la instituci\u00f3n (www.racba.org).<br \/>\n\u2022 2019-2020. Ordenaci\u00f3n y sistematizaci\u00f3n de un archivo profesional particular con la elaboraci\u00f3n de una base de datos.<br \/>\n\u2022 Elegida acad\u00e9mica correspondiente por Madrid el 16 de diciembre de 2020, aprobando as\u00ed la propuesta en su d\u00eda presentada por los acad\u00e9micos Bonaventura Bassegoda Hugas, Josep Bracons Clap\u00e9s, Francesc Fontbona de Vallescar y Mireia Freixa Serra.<\/p>\n<p>ACTIVIDADES PROFESIONALES COMPLEMENTARIAS y DE INVESTIGACI\u00d3N<br \/>\n\u2022 2002-2018. Tutorizaci\u00f3n de pr\u00e1cticas del alumnado de tercer curso y de M\u00e1ster de Historia del Arte de la Universitat Aut\u00f2noma de Barcelona.<br \/>\n\u2022 2006. Conferencia sobre tres dibujos de Daniel Urrabieta Vierge. Pieza del mes del Cau Ferrat de Sitges (abril).<br \/>\n\u2022 2007-2018. Colaboraci\u00f3n de manera puntual con el Departamento de Historia del Arte de la Universitat de Barcelona, con clases-conferencias para el alumnado de primer curso y para el del M\u00e1ster de Estudios Avanzados en Historia del Arte.<br \/>\n\u2022 2009. Investigaci\u00f3n y redacci\u00f3n de fichas de 11 pinturas de Josep Arrau, Francesc Dalmases, Antoni Ferran, Claudi Lorenzale, Ramiro Lorenzale, Agust\u00ed Rigalt y an\u00f3nimos del siglo XIX, del Museu d\u2019Hist\u00f2ria de la Ciutat de Barcelona, destinadas a la catalogaci\u00f3n de su fondo pict\u00f3rico.<br \/>\n\u2022 2010-2014. Participaci\u00f3n en el proyecto de investigaci\u00f3n de GRACMON \u201cEl otro siglo XIX\u201d (Departamento de Historia del Arte de la Universitat de Barcelona), dirigido por Mireia Freixa y Carlos Reyero, con elaboraci\u00f3n de la Cronolog\u00eda Llotja. Acontecimientos clave de la historia de la Escuela y la Academia de Bellas Artes de Barcelona, en l\u00ednea [http:\/\/www.ub.edu\/gracmon\/docs\/crono-llotja].<br \/>\n\u2022 2012. Impartici\u00f3n del curso \u201cA l&#8217;entorn de la Llotja, l&#8217;Acad\u00e8mia i l&#8217;art catal\u00e0 del XIX\u201d (3 sesiones) dentro del Bloque de Patrimonio y Pol\u00edticas Culturales del Aula de Extensi\u00f3n Universitaria, adherida a la Facultad de Psicolog\u00eda, Ciencias de la Educaci\u00f3n y del Deporte Blanquerna. Universitat Ramon Llull (A-12. Estudios e investigaci\u00f3n interuniversitaria) (octubre).<br \/>\n\u2022 2012-2018. Directora editorial de la revista cient\u00edfica Butllet\u00ed, de la Reial Acad\u00e8mia Catalana de Belles Arts de Sant Jordi, realizando la selecci\u00f3n del contenido y la asesor\u00eda a los autores de los art\u00edculos sobre el contenido de los mismos, as\u00ed como la maquetaci\u00f3n y la introducci\u00f3n y edici\u00f3n de las im\u00e1genes; unificando los criterios marcados por la normativa de la revista, realizando las correcciones de los textos en catal\u00e1n y en castellano y gestionando la revista en el repositorio RACO.<br \/>\n\u2022 2013. Participaci\u00f3n como ponente en el Curso de Gesti\u00f3n Cultural y Tur\u00edstica de las Casas Singulares, Summer School del LABPATC de la UB, dirigido por Jordi Tresserras (Casa de Manuel Rocamora-Fundaci\u00f3 Rocamora, 20 y 21 de junio).<br \/>\n\u2022 2013. Estudio y redacci\u00f3n de las biograf\u00edas de los pintores Bonaventura Puig Perucho, Joaquim Pursals Forment y Rom\u00e0 Ribera Cirera, y de las cuatro obras de estos autores pertenecientes a la colecci\u00f3n Carmen Thyssen-Bornemisza.<br \/>\n\u2022 2014. Participaci\u00f3n como ponente en las Jornadas de estudio \u201cAcad\u00e8mia i Art. Din\u00e0miques, transfer\u00e8ncies i significaci\u00f3 a l\u2019\u00e8poca moderna i contempor\u00e0nia\u201d, del proyecto de GRACMON de la UB \u201cEl otro siglo XIX\u201d (20-21 de noviembre).<br \/>\n\u2022 2016. Estudio y catalogaci\u00f3n del conjunto de 110 dibujos de paisajes espa\u00f1oles (hoy en el MNAC) y de su autor, Adolphe Delamare (1793-1861) para Palau Antiguitats.<br \/>\n\u2022 2020. Conferencia \u201cLlu\u00eds Rigalt i Farriols: Porta d\u2019entrada al paisatgisme catal\u00e0 modern\u201d, dentro de las jornadas de conferencias \u00abParlem de la nissaga d\u2019artistes Rigalt: pintors i vitrallers\u00bb, Associaci\u00f3 per a l\u2019Estudi del Moble\/Disseny Hub Barcelona (16 y 17 de abril).<\/p>\n<p>EXPOSICIONES<br \/>\n\u2022 1990-1992. Comisariado, junto con el equipo del Gabinete de Dibujos de la Real Academia de Bellas Artes de San Fernando, de la exposici\u00f3n itinerante Los Premios de la Academia, que viaj\u00f3 a Zamora, Palencia, Ponferrada, Le\u00f3n, Valladolid, Oviedo, Murcia, Lugo, La Coru\u00f1a, Vigo y Orense, mostrando una selecci\u00f3n de los Premios de Pintura de la Real Academia de Bellas Artes de San Fernando en el siglo XVIII.<br \/>\n\u2022 1998. Comisariado de la exposici\u00f3n \u00abLlu\u00eds Rigalt i Farriols. Vistes de la Barcelona Antiga\u00bb realizada en la sala de exposiciones de ACESA entre el 26 de noviembre de 1998 y el 8 de enero de 1999, con una selecci\u00f3n de los dibujos de Rigalt que se conservan en la Reial Acad\u00e8mia Catalana de Belles Arts de Sant Jordi.<br \/>\n\u2022 1999-2000. Comisariado de la exposici\u00f3n \u00abReal Academia Catalana de Bellas Artes de Sant Jordi. Exposici\u00f3n Antol\u00f3gica de Pintura\u00bb, que viaj\u00f3 a Pamplona, Vitoria, Bilbao y Madrid.<br \/>\n\u2022 2003. Selecci\u00f3n y catalogaci\u00f3n de las piezas de la exposici\u00f3n \u00abLlu\u00eds Rigalt (1814-1894). L\u2019obra d\u2019un pintor rom\u00e0ntic a Martorell\u00bb, sala Jaume Muxart del Centre Cultural de Martorell (21 de marzo-11 de mayo).<br \/>\n\u2022 2009-2010. Selecci\u00f3n y catalogaci\u00f3n de las obras de la exposici\u00f3n \u00abLlu\u00eds Rigalt i Farriols, 1814-1894. Dibuixos\u00bb, celebrada en Palau Antiguitats (20 de octubre de 2009-15 de enero de 2010).<br \/>\n\u2022 2014. Comisariado de la muestra \u00ab50\u00e8 aniversari del Premi Internacional de Dibuixos Ynglada-Guillot\u00bb, celebrada en el Espai VolArt de la Fundaci\u00f3 Vila Casas de Barcelona (julio).<\/p>\n<p>PUBLICACIONES (selecci\u00f3n)<br \/>\n\u2022 Con Isabel Azc\u00e1rate Lux\u00e1n y Elena Rivera Navarro, \u00abInventario de dibujos correspondientes a pruebas de examen, premios y estudios de la Real Academia de Bellas Artes de San Fernando\u00bb, ACADEMIA, n\u00fam. 66, Madrid, RABASF, 1988.<br \/>\n\u2022 Con Elena Rivera Navarro, \u00abInventario de dibujos de la Real Academia de Bellas Artes de San Fernando (V)\u00bb, ACADEMIA, n\u00fam. 70, Madrid, RABASF, 1990.<br \/>\n\u2022 Con el equipo del Museo de la Real Academia de Bellas Artes de San Fernando, dirigido por Jos\u00e9 M\u00aa Azc\u00e1rate Ristori, Gu\u00eda del Museo de la Real Academia de Bellas Artes de San Fernando. Secci\u00f3n B, Madrid, Comunidad de Madrid, 1991.<br \/>\n\u2022 Con Isabel Azc\u00e1rate, M\u00aa Pilar Fern\u00e1ndez, Elena Rivera y \u00c1ngeles S\u00e1nchez, cat\u00e1logos de la exposici\u00f3n itinerante, Los Premios de la Academia, Zamora, Palencia, Ponferrada, Le\u00f3n y Valladolid, Caja Espa\u00f1a, 1990-91; Oviedo, Caja Asturias, 1991; Murcia, Museo de Bellas Artes, 1991; Lugo, La Coru\u00f1a, Vigo y Orense, Caixa Vigo, 1991-1992.<br \/>\n\u2022 \u00abLos Premios de Pintura del Concurso General de la Real Academia de Bellas Artes de San Fernando. A\u00f1o 1831.\u00bb, Butllet\u00ed de la Reial Acad\u00e8mia Catalana de Belles Arts de Sant Jordi, VII-VIII, Barcelona, RACBASJ, 1993-1994.<br \/>\n\u2022 Con Isabel Azc\u00e1rate, M\u00aa Pilar Fern\u00e1ndez, Elena Rivera y \u00c1ngeles S\u00e1nchez, Historia y Alegor\u00eda: Los concursos de Pintura de la Real Academia de Bellas Artes de San Fernando en el siglo XVIII, Madrid, ed. Celeste, RABASF, 1994.<br \/>\n\u2022 Con Ascensi\u00f3n Ciruelos, \u00abNuevos Datos sobre pinturas y dibujos de la Real Academia de Bellas Artes de San Fernando\u00bb, ACADEMIA, n\u00ba 79, Madrid, RABASF, 1994.<br \/>\n\u2022 Con Francesc Fontbona, \u00abLlu\u00eds Rigalt. El silenci del paisatge\u00bb, en el cat\u00e1logo de la Exposici\u00f3n Cent Anys de Paisatgisme Catal\u00e0, Barcelona, Museu Nacional d\u2019Art de Catalunya, 1994\/Madrid, Fundaci\u00f3n Cultural Mapfre Vida, 1995.<br \/>\n\u2022 Cat\u00e1logo de la exposici\u00f3n Llu\u00eds Rigalt i Farriols. Vistes de la Barcelona Antiga\/Llu\u00eds Rigalt i Farriols Vistas de la Barcelona Antigua, Barcelona, ACESA\/RACBASJ, 1998.<br \/>\n\u2022 \u201cLa di\u00e1spora por Espa\u00f1a de los artistas rom\u00e1nticos catalanes\u201d, dentro de Francesc Fontbona i Manuel Jorba (ed.), El Romanticisme a Catalunya (1820-1874), Barcelona, Generalitat de Catalunya\/ECSA, 1999.<br \/>\n\u2022 Con Francesc Fontbona, Cat\u00e0leg del Museu de la Reial Acad\u00e8mia Catalana de Belles Arts de Sant Jordi. I-Pintura, Barcelona, RACBASJ, 1999 (Premio ACCA de la cr\u00edtica de Arte a las publicaciones del a\u00f1o 2000).<br \/>\n\u2022 Real Academia Catalana de Bellas Artes de Sant Jordi. Exposici\u00f3n Antol\u00f3gica de Pintura, San Sebasti\u00e1n, RACBASJ\/Gobierno de Navarra\/Caja de Ahorros de Navarra\/Caja de Ahorros de Vitoria y \u00c1lava\/Diputaci\u00f3n Foral de Bizkaia\/Real Academia de Bellas Artes de San Fernando, 1999.<br \/>\n\u2022 Con Francesc Fontbona, \u201cCatalans en el m\u00f3n de Steinlen\u201d, dentro del cat\u00e1logo de la exposici\u00f3n Steinlen i l\u2019\u00e8poca del 1900, Barcelona, Institut de Cultura de Barcelona\/Museu Picasso, 2000.<br \/>\n\u2022 \u201cLa pintura mural Modernista\u201d, dentro de El Modernisme, vol II: A l\u2019entorn de l\u2019arquitectura, , Barcelona, L\u2019Isard, 2002.<br \/>\n\u2022 Cat\u00e0leg del Museu de la Reial Academia Catalana de Belles Arts de Sant Jordi. III-Dibuixos de Llu\u00eds Rigalt, Barcelona, RACBASJ, 2002.<br \/>\n\u2022 \u201cSant Joan al desert, una pintura recuperada de Francesc Lacoma i Sans (1784-1812)\u201d, Butllet\u00ed XVIII. Barcelona 2004, Barcelona, RACBASJ, 2005.<br \/>\n\u2022 \u201cDaniel Urrabieta Vierge. Un dibujante espa\u00f1ol en Par\u00eds. La memoria recuperada\u201d, dentro de C. Hernando (dir.), El caso Vierge y su Quijote, Barcelona, Laboratorios Servier, 2005.<br \/>\n\u2022 Biograf\u00edas de Llu\u00eds Rigalt Farriols, Pau Mil\u00e0 Fontanals, Josep Arrau Barba, Manuel Vilar Roca, Antoni Ferran Satayol, Bonaventura Planella, Gabriel Planella, Joaquim Planella, Ramon Planella, Joan Planella y Daniel Urrabieta Vierge, elaboradas durante los a\u00f1os 2004 y 2005, para el Diccionario Biogr\u00e1fico Espa\u00f1ol de la Real Academia de la Historia (2011).<br \/>\n\u2022 \u201cL\u2019\u00e0lbum de dibuixos dedicat a Pau Mil\u00e0 i Fontanals\u201d, Butllet\u00ed XIX. Barcelona 2005, Barcelona, RACBASJ, 2006.<br \/>\n\u2022 Ficha de la Pieza del mes del Cau Ferrat de Sitges sobre tres dibujos de Daniel Urrabieta Vierge (abril 2006).<br \/>\n\u2022 Redacci\u00f3n de las fichas de tres an\u00f3nimos, paisajes al \u00f3leo (n\u00fams. 4, 5 y 6), del cat\u00e1logo de la exposici\u00f3n Del Romanticisme al Modernisme. Col\u00b7lecci\u00f3 de Pintura del Museu Dioces\u00e0 de Barcelona, Barcelona, Museu Dioces\u00e0 de Barcelona, 2006.<br \/>\n\u2022 Llu\u00eds Rigalt i Farriols (1814-1894). Cat\u00e0leg dels fons del Museu Municipal Vicen\u00e7 Ros i L\u2019Enrajolada Casa Museu Santacana, i la Col\u00b7lecci\u00f3 Bult\u00f3, Martorell, Ajuntament de Martorell, 2007.<br \/>\n\u2022 Ficha del cuadro de Modest Teixidor Pla de Palau de Barcelona, en el cat\u00e1logo de la exposici\u00f3n Tesoros de Montserrat, Madrid, BBVA, 2008.<br \/>\n\u2022 \u201cRomanticisme (Llu\u00eds Rigalt i els natzarens)\u201d, art\u00edculo para el Portal de Cultura Catalana de la Generalitat de Catalunya (2008).<br \/>\n\u2022 \u201cEls puristes catalans\u201d, dentro de Artistas Catalans. Pintors. Romanticisme i Realisme en el segle XIX, Barcelona, Nova Catalunya Edicions, 2008.<br \/>\n\u2022 \u201cEls paisatgistes rom\u00e0ntics\u201d, dentro de Artistas Catalans. Pintors. Romanticisme i Realisme en el segle XIX, Barcelona, Nova Catalunya Edicions, 2008.<br \/>\n\u2022 Fichas de las pinturas D\u00e0nae, de Jaume Batlle, y Ganimedes arrabassat per J\u00fapiter en forma d\u2019\u00e0liga, de Francesc Cerd\u00e0, para el cat\u00e1logo de la exposici\u00f3n La fascinaci\u00f3 per Gr\u00e8cia. L\u2019Art a Catalunya als segles XIX-XX, Girona, Museu d\u2019Art de Girona, 2008.<br \/>\n\u2022 Cat\u00e1logo de la exposici\u00f3n Llu\u00eds Rigalt i Farriols, 1814-1894. Dibuixos, Barcelona, Palau Antiguitats, 2009.<br \/>\n\u2022 \u201cLa pintura de flors i de natura morta a la Catalunya dels segles XVIII i XIX\u201d, dentro del cat\u00e1logo de la exposici\u00f3n Inanimat? La natura morta a la col\u00b7lecci\u00f3, Sabadell, Museus Municipals, Ajuntament de Sabadell, 2009.<br \/>\n\u2022 Premi Internacional de Dibuix Ynglada-Guillot. 50\u00e8 aniversari, Barcelona, RACBASJ, 2012.<br \/>\n\u2022 Biograf\u00eda de Manuel Rodr\u00edguez Codol\u00e0, Diccionari d\u2019Historiadors de l\u2019Art Catal\u00e0, en l\u00ednea (2013) [http:\/\/dhac.iec.cat\/dhac_p.asp?id_personal=260], Institut d\u2019Estudis Catalans.<br \/>\n\u2022 Biograf\u00edas de los pintores Emili Bosch Roger, Dom\u00e8nec Carles i Rosich y Casimir Mart\u00ednez Tarras\u00f3, y fichas de tres pinturas de estos autores (2013), para el cat\u00e1logo de la exposici\u00f3n Sisley-Kandinsky-Hopper. Colecci\u00f3n Carmen Thyssen (julio-octubre 2013), en el Espai Carmen Thyssen de Sant Feliu de Gu\u00edxols.<br \/>\n\u2022 Documentaci\u00f3n y redacci\u00f3n de las fichas razonadas de las pinturas Paisatge amb castell, de Llu\u00eds Rigalt (inv. 298), y Paisatge amb figures, an\u00f2nim d&#8217;escola catalana (inv. 253), para el cat\u00e1logo Carme Berg\u00e9s (dir.), La Casa Duran i Sanpere: espais interiors, representaci\u00f3 i vida quotidiana a la Cervera de finals del segle XIX, Cervera, Casa Duran i Sanpere, 2014.<br \/>\n\u2022 Biograf\u00eda de Pau Mil\u00e0 i Fontanals, Diccionari d\u2019Historiadors de l\u2019Art Catal\u00e0, en l\u00ednea (2014) [http:\/\/dhac.iec.cat\/dhac_p.asp?id_personal=302], Institut d\u2019Estudis Catalans.<br \/>\n\u2022 Biograf\u00eda de Leopoldo Soler P\u00e9rez, Diccionari d\u2019Historiadors de l\u2019Art Catal\u00e0, en l\u00ednia (2014) [http:\/\/dhac.iec.cat], Institut d\u2019Estudis Catalans.<br \/>\n\u2022 Fichas biogr\u00e1ficas de los pintores Josep Arrau, Emili Casals, Antoni Casanova, Antoni Ferran, Tom\u00e0s Ferrer Bassas, Mari\u00e0 Fortuny, Claudi Lorenzale, Francisco Mart\u00ednez Salamanca, Pau Mil\u00e0, Bartomeu Rib\u00f3 y Agust\u00ed Rigalt, y 18 fichas de pinturas de tema hist\u00f3rico de estos autores, dentro de Francesc FONTBONA (coord.), Pintura hist\u00f2rica catalana. Art i mem\u00f2ria, Barcelona, Editorial Base, 2015.<br \/>\n\u2022 Con Llu\u00efsa Amen\u00f2s, Santi Barjau y N\u00faria Gil, \u201cAgust\u00ed Rigalt i Cortiella (Barcelona, 1836-1899) i les Arts Aplicades\u201d, Butllet\u00ed XXVIII. Barcelona 2014, Barcelona, RACBASJ, 2015.<br \/>\n\u2022 \u201cCap al reconeixement com a Museu de la Col\u00b7lecci\u00f3 de la Reial Acad\u00e8mia Catalana de Belles Arts de Sant Jordi. Una reivindicaci\u00f3 hist\u00f2rica\u201d, dentro de Irene Gras i Mireia Freixa (coord.), Acad\u00e8mia i Art. Din\u00e0miques, transfer\u00e8ncies i significaci\u00f3 a l\u2019\u00e8poca contempor\u00e0nia (treball del projecte de GRACMON \u201cEl otro siglo XIX\u201d), col\u00b7lecci\u00f3 Singularitats, Barcelona, Universitat de Barcelona, 2016, p. 65-85.<br \/>\n\u2022 Biograf\u00eda del pintor August H\u00e9nault Bassols y ficha de su obra \u00abRetrat de la mare de l\u2019artista\u00bb, dentro de Francesc Fontbona (dir.), Pintura Catalana. El Modernisme, Barcelona, Enciclop\u00e8dia Catalana, 2016.<br \/>\n\u2022 Estudio de las siguientes obras o conjuntos para el Museu Virtual de l&#8217;Art P\u00fablic de Barcelona [http:\/\/w10.bcn.cat\/APPS\/gmocataleg_monum\/CambiaIdiomaAc.do?idioma=ca&#038;pagina=welcome]: Escultures a la Llotja: Text de car\u00e0cter general; Nept\u00fa, de Nicolau Traver, i les nereides d\u2019Antoni Sol\u00e0; els Quatre Continents de Francesc Bover i Manuel Oliver; el Comer\u00e7 i la Ind\u00fastria de Salvador Gurri; Lucr\u00e8cia moribunda de Dami\u00e0 Campeny; escultures del Sal\u00f3 Daurat de Dami\u00e0 Campeny; Lleons i mast\u00ed de Dami\u00e0 Campeny, y els dos relleus de la fa\u00e7ana de la Casa Llotja de l\u2019escultor Bernat Cots i Crospis (2016 y 2017).<br \/>\n\u2022 Estudio y redacci\u00f3n de la ficha de la obra de Francesc Torrescassana i Sellar\u00e9s, Un carrer (1871), del Museu d\u2019Art de Girona (N\u00fam. reg. 250.309) para \u201cUn mes, una obra\u201d de septiembre de 2017, publicado en Museu d\u2019Art de Girona. 2017. 12 mesos\/12 obres, Girona, Museu d\u2019Art de Girona, 2018.<br \/>\n\u2022 \u201cNot\u00edcia del fons Blad\u00f3 de la RACBASJ i del dibuix del projecte original de la Font del Geni Catal\u00e0\u201d, Butllet\u00ed XXXI. Barcelona 2017, Barcelona, RACBASJ, 2018.<br \/>\n\u2022 \u201cLa etapa de madurez del pintor: Vicente Rodes en la Escuela de Nobles Artes y en la Academia Provincial de Bellas Artes de Barcelona (1834-1858)\u201d, y ficha del \u00c0lbum de dibuixos de la Reial Acad\u00e8mia Catalana de Belles Arts de Sant Jordi, para el cat\u00e1logo de la exposici\u00f3n Vicent Rodes, Val\u00e8ncia, Consorci de Museus de la Generalitat Valenciana, 2018.<br \/>\n\u2022 \u201cEls dibuixos de Catalunya d\u2019Adolphe Delamare (1824-1827). Tot un Voyage Pittoresque i Scientifique in\u00e8dit\u201d, dentro de Lourdes Jim\u00e9nez, ed., Liber Amicorum. A Francesc Fontbona, historiador de l\u2019art, Barcelona, Generalitat de Catalunya, 2019.<br \/>\n\u2022 \u201cVicente Rodes Aries. Neocl\u00e1sico y rom\u00e1ntico\u201d, Descubrir el Arte, n\u00ba 246, septiembre 2019.<br \/>\n\u2022 Art\u00edculo sobre Daniel Urrabieta Vierge y sus dibujos del Cau Ferrat, dentro de Museu del Cau Ferrat. Cat\u00e0leg de pintura i obra sobre paper, Consorci del Patrimoni de Sitges, 2020.<br \/>\n\u2022 Art\u00edculo sobre Pere Ferran Icart y sus obras del Cau Ferrat, dentro de Museu del Cau Ferrat. Cat\u00e0leg de pintura i obra sobre paper, Consorci del Patrimoni de Sitges, 2020.<br \/>\n\u2022 \u201cLa Col\u00b7lecci\u00f3 de la Reial Acad\u00e8mia Catalana de Belles Arts de Sant Jordi\u201d, Repertori de Col\u00b7leccionistes i Col\u00b7leccions d\u2019Art i Arqueologia de Catalunya, en l\u00ednea [http:\/\/coleccions.recerca.iec.cat\/2019\/06\/18\/colleccions\/], Institut d\u2019Estudis Catalans, 2020.<br \/>\n\u2022 \u201cLlu\u00eds Rigalt i Farriols: Porta d\u2019entrada al paisatgisme catal\u00e0 modern\u201d, art\u00edculo elaborado a partir de la conferencia impartida dentro de las jornadas \u201cParlem de la nissaga d\u2019artistes Rigalt: pintors i vitrallers\u201d organizadas por la Associaci\u00f3 per a l\u2019Estudi del Moble y el Museu del Disseny de Barcelona (16 y 17 de abril de 2020) (publicaci\u00f3n en l\u00ednea en preparaci\u00f3n).<br \/>\n\u2022 \u201cAclariment d\u2019algunes dades personals i del parentiu de diversos artistes de la nissaga Planella\u201d, dentro de Llibre homenatge a Immaculada Socies (en premsa).<br \/>\n\u2022 \u201cF\u00e8lix Estrada Saladich (Monistrol de Calders, 20 de gener de 1901-Barcelona, 4 d\u2019abril de 1997), col\u00b7leccionista de pintura i escultura contempor\u00e0nies\u201d, Repertori de Col\u00b7leccionistes i Col\u00b7leccions d\u2019Art i Arqueologia de Catalunya, en l\u00ednea, Institut d\u2019Estudis Catalans, 2020 (publicaci\u00f3n en l\u00ednea en preparaci\u00f3n).<\/p>\n","protected":false},"template":"","rang":[144],"class_list":["post-31340","academic","type-academic","status-publish","hentry","rang-academics-corresponents"],"acf":[],"_links":{"self":[{"href":"https:\/\/www.racba.org\/es\/wp-json\/wp\/v2\/academic\/31340","targetHints":{"allow":["GET"]}}],"collection":[{"href":"https:\/\/www.racba.org\/es\/wp-json\/wp\/v2\/academic"}],"about":[{"href":"https:\/\/www.racba.org\/es\/wp-json\/wp\/v2\/types\/academic"}],"wp:attachment":[{"href":"https:\/\/www.racba.org\/es\/wp-json\/wp\/v2\/media?parent=31340"}],"wp:term":[{"taxonomy":"rang","embeddable":true,"href":"https:\/\/www.racba.org\/es\/wp-json\/wp\/v2\/rang?post=31340"}],"curies":[{"name":"wp","href":"https:\/\/api.w.org\/{rel}","templated":true}]}}