{"id":23248,"date":"2023-01-12T23:37:17","date_gmt":"2023-01-12T22:37:17","guid":{"rendered":"http:\/\/novaweb.racba.org\/obra\/copia-de-sagrada-companyia-de-benvenuto-tisi-il-garofalo\/"},"modified":"2023-01-12T23:37:17","modified_gmt":"2023-01-12T22:37:17","slug":"copia-de-sagrada-companyia-de-benvenuto-tisi-il-garofalo","status":"publish","type":"obra","link":"https:\/\/www.racba.org\/es\/obra\/copia-de-sagrada-companyia-de-benvenuto-tisi-il-garofalo\/","title":{"rendered":"C\u00f2pia de Sagrada Companyia de Benvenuto Tisi, Il Garofalo"},"content":{"rendered":"<p>Inscripcions: Al dors, en etiqueta Acad\u00e8mia amb tinta: \u201dN.a. 116\/ N.M. 77\/ Sacra Familia\/ Escuela de Viladomat\u00bb. Al dors del marc etiqueta de la casa \u201dAl Bruch\u00bb.<br \/>\nData ingr\u00e9s: Gener de 1821.<br \/>\nProced\u00e8ncia: Enviada per Antoni Sol\u00e0, mort Planella, des de Roma el 30 de setembre de 1820.<br \/>\nObservacions: No hem localitzat l\u2019original. Aquesta obra, feta a Roma, seria v\u00edctima de diverses confusions; aix\u00ed ja al cat\u00e0leg de 1833 constava com de Ramon Planella, per\u00f2 c\u00f2pia de Rafael. El 1913 l\u2019error es produ\u00ed en l\u2019etiqueta identificativa enganxada al dors del mateix quadre, en qu\u00e8 l\u2019obra \u00e9s confosa amb una Sagrada Fam\u00edlia de l\u2019escola de Viladomat, les mides conegudes de la qual no concorden gens amb les d\u2019aquest quadre, i que Fontanals del Castillo, al seu cat\u00e0leg d\u2019obres de Viladomat -manuscrit publicat per Alcolea [Gil], I, p. 287 i ss.- descriu perfectament i nom\u00e9s diu que t\u00e9 les tres figures cl\u00e0ssiques. D\u2019altra banda, en ser esmentada en la bibliografia m\u00e9s corrent s\u2019hi introdu\u00efren noves confusions: Ossorio y Bernard en la seva obra cl\u00e0ssica d\u00f3na el t\u00edtol correcte de la c\u00f2pia de Garofalo, Sacra Familia y varios santos, pero en ser copiat en diccionaris posteriors (Antonio Elias de Molins: Diccionario biogr\u00e1fico y bibliogr\u00e1fico de escritores y artistas catalanes del siglo XIX, Imp. de Calzada, Barcelona 1889, vol. II, p. 369; o J. F. R\u00e0fols: Diccionario biogr\u00e1fico de artistas de Catalu\u00f1a, Mill\u00e0, Barcelona 1953, vol. II, p. 352) ho converteixen en una Sagrada Fam\u00edlia, d\u2019una banda, i c\u00f2pies de diversos sants de l\u2019altra.<\/p>\n","protected":false},"featured_media":14155,"template":"","ubicacio":[405],"tecnica":[403],"classificacio":[404],"autor":[1926],"class_list":["post-23248","obra","type-obra","status-publish","has-post-thumbnail","hentry","ubicacio-reial-academia-catalana-de-belles-arts-de-sant-jordi","tecnica-oli-sobre-tela","classificacio-pintura","autor-planella-i-parera-ramon"],"acf":[],"_links":{"self":[{"href":"https:\/\/www.racba.org\/es\/wp-json\/wp\/v2\/obra\/23248","targetHints":{"allow":["GET"]}}],"collection":[{"href":"https:\/\/www.racba.org\/es\/wp-json\/wp\/v2\/obra"}],"about":[{"href":"https:\/\/www.racba.org\/es\/wp-json\/wp\/v2\/types\/obra"}],"wp:featuredmedia":[{"embeddable":true,"href":"https:\/\/www.racba.org\/es\/wp-json\/wp\/v2\/media\/14155"}],"wp:attachment":[{"href":"https:\/\/www.racba.org\/es\/wp-json\/wp\/v2\/media?parent=23248"}],"wp:term":[{"taxonomy":"ubicacio","embeddable":true,"href":"https:\/\/www.racba.org\/es\/wp-json\/wp\/v2\/ubicacio?post=23248"},{"taxonomy":"tecnica","embeddable":true,"href":"https:\/\/www.racba.org\/es\/wp-json\/wp\/v2\/tecnica?post=23248"},{"taxonomy":"classificacio","embeddable":true,"href":"https:\/\/www.racba.org\/es\/wp-json\/wp\/v2\/classificacio?post=23248"},{"taxonomy":"autor","embeddable":true,"href":"https:\/\/www.racba.org\/es\/wp-json\/wp\/v2\/autor?post=23248"}],"curies":[{"name":"wp","href":"https:\/\/api.w.org\/{rel}","templated":true}]}}