{"id":23559,"date":"2023-01-12T23:40:32","date_gmt":"2023-01-12T22:40:32","guid":{"rendered":"http:\/\/novaweb.racba.org\/obra\/contrallum\/"},"modified":"2023-01-12T23:40:32","modified_gmt":"2023-01-12T22:40:32","slug":"contrallum","status":"publish","type":"obra","link":"https:\/\/www.racba.org\/es\/obra\/contrallum\/","title":{"rendered":"Contrallum"},"content":{"rendered":"<p>Signatura: \u201cJoN\/LaNDA\u201d (a gouache blanc, a la part inf. esq.)<br \/>\nProced\u00e8ncia: Premi del concurs de dibuix Ynglada-Guillot 2006<br \/>\nData ingr\u00e9s: 4 de juliol de 2006 (data del lliurament del premi)<br \/>\nExposicions: EXPO. YNGLADA-GUILLOT 2006<br \/>\nBibliografia: CAT. YNGLADA-GUILLOT 2006, p. 3 (reprodu\u00eft); \u201cLos dibuixos seleccionados para el XLIV Ynglada-Guillot, en el Espai Volart\u201d, ABC (edici\u00f3 digital), dimecres 5 de juliol de 2006 (reprodu\u00eft); PREMI YNGLADA-GUILLOT 50\u00e8 aniversari 2012, p. 146 i 147 (reprodu\u00eft).<br \/>\nObservacions: No ens consta que l\u2019artista s\u2019hagi presentat a cap altra de les edicions del concurs Ynglada-Guillot. Llicenciat a la Facultat de Belles Arts del Pa\u00eds Basc, el pintor Jon Landa ha desenvolupat el seu estil dins el realisme contemporani. La seva personal interpretaci\u00f3 de la realitat accentua poderosament contrastos i colors, al servei d\u2019enquadraments impactants que semblen parar el temps en un instant, en una imatge que, a la vegada, exist\u00eds ja en la imaginaci\u00f3 de l\u2019artista. Un realisme, per\u00f2, aconseguit amb una pinzellada desfeta, on el predomini de la taca fa desapar\u00e8ixer la precisi\u00f3 de la l\u00ednia. Arquitectura, asfalt, aigua, paisatge i retrat s\u00f3n els blocs tem\u00e0tics en els quals el mateix Landa estructura la seva producci\u00f3. Quan dibuixa, les seves composicions a blanc i negre resulten tan coloristes, tan plenes de llum i contrastos com la seva pintura (web de l\u2019artista: http:\/\/www.jonlanda.com\/).<\/p>\n","protected":false},"featured_media":15564,"template":"","ubicacio":[405],"tecnica":[2208],"classificacio":[408],"autor":[2118],"class_list":["post-23559","obra","type-obra","status-publish","has-post-thumbnail","hentry","ubicacio-reial-academia-catalana-de-belles-arts-de-sant-jordi","tecnica-pigment-negre-i-vernis-sobre-tela","classificacio-dibuix","autor-landa-garcia-uceda-jon"],"acf":[],"_links":{"self":[{"href":"https:\/\/www.racba.org\/es\/wp-json\/wp\/v2\/obra\/23559","targetHints":{"allow":["GET"]}}],"collection":[{"href":"https:\/\/www.racba.org\/es\/wp-json\/wp\/v2\/obra"}],"about":[{"href":"https:\/\/www.racba.org\/es\/wp-json\/wp\/v2\/types\/obra"}],"wp:featuredmedia":[{"embeddable":true,"href":"https:\/\/www.racba.org\/es\/wp-json\/wp\/v2\/media\/15564"}],"wp:attachment":[{"href":"https:\/\/www.racba.org\/es\/wp-json\/wp\/v2\/media?parent=23559"}],"wp:term":[{"taxonomy":"ubicacio","embeddable":true,"href":"https:\/\/www.racba.org\/es\/wp-json\/wp\/v2\/ubicacio?post=23559"},{"taxonomy":"tecnica","embeddable":true,"href":"https:\/\/www.racba.org\/es\/wp-json\/wp\/v2\/tecnica?post=23559"},{"taxonomy":"classificacio","embeddable":true,"href":"https:\/\/www.racba.org\/es\/wp-json\/wp\/v2\/classificacio?post=23559"},{"taxonomy":"autor","embeddable":true,"href":"https:\/\/www.racba.org\/es\/wp-json\/wp\/v2\/autor?post=23559"}],"curies":[{"name":"wp","href":"https:\/\/api.w.org\/{rel}","templated":true}]}}