{"id":24357,"date":"2023-01-12T23:49:20","date_gmt":"2023-01-12T22:49:20","guid":{"rendered":"http:\/\/novaweb.racba.org\/obra\/pan\/"},"modified":"2023-01-12T23:49:20","modified_gmt":"2023-01-12T22:49:20","slug":"pan","status":"publish","type":"obra","link":"https:\/\/www.racba.org\/es\/obra\/pan\/","title":{"rendered":"Pan"},"content":{"rendered":"<p>Signatura: \u201cC. Lorenzale\u201d (a la part inf. dreta).<br \/>\nInscripcions: (en vermell, a l\u2019ang. inf. esq.)\u201c10473\u201d. Al dors: \u201cC. Lorenzale\u201d. Al dors del marc, amb llapis: \u201ctela N\u00ba 70\u201d. Al bastidor, amb pintura negra: \u201c10473\u201d; en etiqueta impresa: \u201cMuseu de Belles Arts\/de Barcelona\u201d i en una altra etiqueta impresa, trencada: \u201c10[&#8230;]3\u201d.<br \/>\nProced\u00e8ncia: Museu de l\u2019antiga Junta de Comer\u00e7.<br \/>\nRestauracions: restaurada pel taller Balaguer i Grau el 1999.<br \/>\nExposicions: Barcelona, Primera Exposici\u00f3n General de Bellas Artes, 1891, n\u00fam. 72; Pamplona-Vitoria-Bilbao-Madrid, RACBASJ. Exposici\u00f3n antol\u00f3gica de pintura, 2000, n\u00fam. 44.<br \/>\nBibliografia: CAT. EXPO. BARCELONA 1891, p. 35; CAT. MUSEO 1926, sala II, n\u00fam. 36, p. 64; BAS GICH 1930 (reprod.); Selva 1953, p. 184, fig. 57; ROMANTICISME 1999, p. 140 (reprod.); CAT. EXPO. ACAD\u00c8MIA 2000, n\u00fam. 44, p. 130 i 131 (reprod.).<br \/>\nCAT\u00c0LEG 1847, n\u00fam. 252; INVENTARI 1851, n\u00fam. 252; CAT\u00c0LEGS 1866, 1867 i c. 1872, n\u00fam. 293; CAT\u00c0LEG 1999, p. 236 i 281 (reprod.).<br \/>\nFotografia: A-281.<br \/>\nObservacions: segons Josep Masriera i Manovens Lorenzale va n\u00e9ixer a Barcelona el 8 de desembre de 1814 i mor\u00ed el 31 de mar\u00e7 de 1889 (Josep MASRIERA Y MANOVENS, \u201cEn el C\u00edrculo\u201d (sobre homenatge a Claudi Lorenzale), La Vanguardia, 14 de maig de 1889). Estigu\u00e9 dipositada al Museu Provincial de Barcelona el 1902, d\u2019on pass\u00e0 als Museus d\u2019Art de Barcelona el 1906, amb el n\u00famero d\u2019inventari 10473. Fou retornada l\u2019onze de gener de 1965.<\/p>\n","protected":false},"featured_media":19372,"template":"","ubicacio":[405],"tecnica":[403],"classificacio":[404],"autor":[1769],"class_list":["post-24357","obra","type-obra","status-publish","has-post-thumbnail","hentry","ubicacio-reial-academia-catalana-de-belles-arts-de-sant-jordi","tecnica-oli-sobre-tela","classificacio-pintura","autor-lorenzale-i-sugranes-claudi"],"acf":[],"_links":{"self":[{"href":"https:\/\/www.racba.org\/es\/wp-json\/wp\/v2\/obra\/24357","targetHints":{"allow":["GET"]}}],"collection":[{"href":"https:\/\/www.racba.org\/es\/wp-json\/wp\/v2\/obra"}],"about":[{"href":"https:\/\/www.racba.org\/es\/wp-json\/wp\/v2\/types\/obra"}],"wp:featuredmedia":[{"embeddable":true,"href":"https:\/\/www.racba.org\/es\/wp-json\/wp\/v2\/media\/19372"}],"wp:attachment":[{"href":"https:\/\/www.racba.org\/es\/wp-json\/wp\/v2\/media?parent=24357"}],"wp:term":[{"taxonomy":"ubicacio","embeddable":true,"href":"https:\/\/www.racba.org\/es\/wp-json\/wp\/v2\/ubicacio?post=24357"},{"taxonomy":"tecnica","embeddable":true,"href":"https:\/\/www.racba.org\/es\/wp-json\/wp\/v2\/tecnica?post=24357"},{"taxonomy":"classificacio","embeddable":true,"href":"https:\/\/www.racba.org\/es\/wp-json\/wp\/v2\/classificacio?post=24357"},{"taxonomy":"autor","embeddable":true,"href":"https:\/\/www.racba.org\/es\/wp-json\/wp\/v2\/autor?post=24357"}],"curies":[{"name":"wp","href":"https:\/\/api.w.org\/{rel}","templated":true}]}}