{"id":24790,"date":"2023-01-12T23:54:35","date_gmt":"2023-01-12T22:54:35","guid":{"rendered":"http:\/\/novaweb.racba.org\/obra\/el-rei-ferran-vii-protegint-les-belles-arts-lagricultura-i-el-coneixement-cientific-presentats-per-la-junta-de-comerc\/"},"modified":"2023-01-12T23:54:35","modified_gmt":"2023-01-12T22:54:35","slug":"el-rei-ferran-vii-protegint-les-belles-arts-lagricultura-i-el-coneixement-cientific-presentats-per-la-junta-de-comerc","status":"publish","type":"obra","link":"https:\/\/www.racba.org\/es\/obra\/el-rei-ferran-vii-protegint-les-belles-arts-lagricultura-i-el-coneixement-cientific-presentats-per-la-junta-de-comerc\/","title":{"rendered":"El rei Ferran VII protegint les belles arts, l\u2019agricultura i el coneixement cient\u00edfic presentats per la Junta de Comer\u00e7"},"content":{"rendered":"<p>Inscripcions: Al dors, etiqueta de l\u2019exposici\u00f3 \u201cUn siglo olvidado&#8230;\u201d, com a an\u00f2nim i com a Tema de Barcelona.<br \/>\nProced\u00e8ncia: Museu de l\u2019antiga Junta de Comer\u00e7. Premi lliurat a l\u2019autor el 1825.<br \/>\nExposicions: Barcelona, Un Siglo Olvidado de  Pintura Catalana (1750-1850), 1951, n\u00fam. 112 (com a an\u00f2nim).<br \/>\nObservacions: aquesta pintura obtingu\u00e9 una medalla de tercera classe al concurs de premis general convocat per la Junta de Comer\u00e7 de Barcelona l\u2019any 1824. L\u2019autor mostra el rei que acull sota la seva protecci\u00f3 les diferent activitats educatives i de foment econ\u00f2mic engegades per la Junta de Comer\u00e7 de Barcelona cinquanta anys abans. L\u2019entitat es personificada per la figura femenina que, com una matrona i portant el caduceu a la m\u00e0 \u2013s\u00edmbol del comer\u00e7\u2013, presenta al monarca les belles arts \u2013dona agenollada en primer terme i al terra els s\u00edmbols de l\u2019arquitectura, l\u2019escultura i la pintura\u2013, l\u2019agricultura \u2013jove agenollat amb una aixada\u2013, i un anci\u00e0 que porta un llibre i que podr\u00edem identificar amb el saber cient\u00edfic. L\u2019an\u00e0lisi iconogr\u00e0fic dels personatges ens ha fet variar lleugerament el t\u00edtol donat a l\u2019obra el 1825 (El rei Ferran VII protegint l\u2019agricultura, la ind\u00fastria i el comer\u00e7 presentats per la Junta de Comer\u00e7), encara que el missatge que pretenia donar l\u2019autor continua sent el mateix. El paisatge fosc del fons, on s\u2019insinua la sortida d\u2019un arc de Sant Mart\u00ed, voldria indicar com Ferran VII ve a treure de la foscor amb la seva protecci\u00f3 el progr\u00e9s del Principat. Crida l\u2019atenci\u00f3 el personatge que forma part del s\u00e8quit del monarca i mira directament a l\u2019espectador, que b\u00e9 podria ser el germ\u00e0 del rei, Carles Maria Isidre de Borb\u00f3. Es troba en dip\u00f2sit a l\u2019Escola d\u2019Arts i Oficis de Barcelona. Modernament va ser objecte d\u2019una agressi\u00f3 en qu\u00e8 feren una incisi\u00f3 a la part dreta, i posteriorment va ser restaurada.<\/p>\n","protected":false},"featured_media":20957,"template":"","ubicacio":[1646],"tecnica":[403],"classificacio":[404],"autor":[1789],"class_list":["post-24790","obra","type-obra","status-publish","has-post-thumbnail","hentry","ubicacio-escola-superior-de-disseny-i-art-llotja","tecnica-oli-sobre-tela","classificacio-pintura","autor-martinez-salamanca-y-costa-francisco"],"acf":[],"_links":{"self":[{"href":"https:\/\/www.racba.org\/es\/wp-json\/wp\/v2\/obra\/24790","targetHints":{"allow":["GET"]}}],"collection":[{"href":"https:\/\/www.racba.org\/es\/wp-json\/wp\/v2\/obra"}],"about":[{"href":"https:\/\/www.racba.org\/es\/wp-json\/wp\/v2\/types\/obra"}],"wp:featuredmedia":[{"embeddable":true,"href":"https:\/\/www.racba.org\/es\/wp-json\/wp\/v2\/media\/20957"}],"wp:attachment":[{"href":"https:\/\/www.racba.org\/es\/wp-json\/wp\/v2\/media?parent=24790"}],"wp:term":[{"taxonomy":"ubicacio","embeddable":true,"href":"https:\/\/www.racba.org\/es\/wp-json\/wp\/v2\/ubicacio?post=24790"},{"taxonomy":"tecnica","embeddable":true,"href":"https:\/\/www.racba.org\/es\/wp-json\/wp\/v2\/tecnica?post=24790"},{"taxonomy":"classificacio","embeddable":true,"href":"https:\/\/www.racba.org\/es\/wp-json\/wp\/v2\/classificacio?post=24790"},{"taxonomy":"autor","embeddable":true,"href":"https:\/\/www.racba.org\/es\/wp-json\/wp\/v2\/autor?post=24790"}],"curies":[{"name":"wp","href":"https:\/\/api.w.org\/{rel}","templated":true}]}}