{"id":37392,"date":"2026-03-16T13:37:08","date_gmt":"2026-03-16T12:37:08","guid":{"rendered":"https:\/\/www.racba.org\/?post_type=obra&#038;p=37392"},"modified":"2026-03-16T13:37:12","modified_gmt":"2026-03-16T12:37:12","slug":"diploma-de-nomenament-de-vicent-rodes-com-a-academic-supernumerari-per-la-pintura-de-lacademia-de-nobles-i-belles-artes-de-sant-carles-de-valencia","status":"publish","type":"obra","link":"https:\/\/www.racba.org\/es\/obra\/diploma-de-nomenament-de-vicent-rodes-com-a-academic-supernumerari-per-la-pintura-de-lacademia-de-nobles-i-belles-artes-de-sant-carles-de-valencia\/","title":{"rendered":"Diploma de nomenament de Vicent Rodes com a acad\u00e8mic supernumerari per la pintura de l\u2019Acad\u00e8mia de Nobles i Belles Artes de Sant Carles de Val\u00e8ncia"},"content":{"rendered":"\n<div class=\"wp-block-group is-vertical is-layout-flex wp-container-core-group-is-layout-8cf370e7 wp-block-group-is-layout-flex\">\n<div class=\"wp-block-group is-vertical is-layout-flex wp-container-core-group-is-layout-8cf370e7 wp-block-group-is-layout-flex\">\n<p><strong>Inventari general: <\/strong>11047 G<\/p>\n\n\n\n<p><strong>Proced\u00e8ncia: <\/strong>Donaci\u00f3 d\u2019Enric Oliv\u00e9 i Serret, acad\u00e8mic corresponent per Tarragona, i de la seva esposa Sra. Maria Rosa Elias Arcalis.<\/p>\n\n\n\n<p><strong>Data d\u2019ingr\u00e9s: <\/strong>17 de novembre de 2025.<\/p>\n\n\n\n<p><strong>Inscripcions: <\/strong>Algunes es troben gravades a la planxa i, d\u2019altres, escrites a m\u00e0 a tinta \u00abEL PRESIDENTE Y REAL ACAD\u00c9MIA DE SAN CARLOS. | Por quanto en la persona de <em><u>Dn. Vicente Rodes<\/u>. <\/em>[escrit a m\u00e0 amb tinta de color s\u00e8pia] concurren las cualidades | que requieren nuestros Estatutos para ser Acad\u00e9mico: por tanto usando de las facultades que por el REY | NUESTRO SE\u00d1OR nos estan concedidas, le creamos <em><u>Academico Supernumerario por<\/u> <u>la<\/u> <u>Pintura.<\/u> <\/em>[escrit a m\u00e0 amb tinta de color s\u00e8pia] y decla- | ramos que como tal debe gozar, dentro y fuera de la Acad\u00e9mia, de los honores, privilegios y prerrogativas concedides | por S.M \u00e1 los de su classe. Y para que conste mandamos expedir el presente, firmado por nosotros, sellado con | el sello de la Acad\u00e9mia y referenciado por el Secretario de \u00e9lla. En Valencia \u00e1 <em><u>6<\/u> <\/em>[escrit a m\u00e0 amb tinta de color s\u00e8pia] de <em><u>Julio<\/u> <\/em>[escrit a m\u00e0 amb tinta de color s\u00e8pia] del a\u00f1o <em><u>1817<\/u> <\/em>[escrit a m\u00e0 amb tinta de color s\u00e8pia]\u00bb. A sota del text, les signatures \u00abXavier Elias [?]\u00bb | \u00abNicolas Ma\u00f1es\u00bb | \u00abJoaq.n Atoval . Puchalt [?]\u00bb | \u00abVic.te Maria de Vexoana [?] | Secret.\u00ba\u00bb | \u00abLu\u00eds Antonio Planes D. G\u00bb.<\/p>\n\n\n\n<p>Gravat a la planxa, formant part de la composici\u00f3n \u00abIII\u00bb. A sota de la superf\u00edcie estampada, tamb\u00e9 gravat a la planxa, \u00abD.n Vicente Lopez Director de la misma Real Acad\u00e9mia lo invent\u00f3 y lo dibux\u00f3.\u00bb | \u00abD.n Fran.co Jordan Acad\u00e9mico de merito de la misma lo g\u00ba.\u00bb.<\/p>\n\n\n\n<p><strong>Estat de conservaci\u00f3: <\/strong>Regular. El paper presenta \u00f2xid, est\u00e0 trencat a la cantonada inferior esquerra i t\u00e9 estrips al marges inferior que han estat tractats amb cinta adhesiva al revers dels suport.<\/p>\n\n\n\n<p><strong>Observacions: <\/strong>\u00c9s el diploma de nomenament, l\u2019any 1817, de Vicent Rodes com a acad\u00e8mic supernumerari per pintura a la Reial Acad\u00e8mia de Belles Arts de Sant Carles, de la ciutat de Val\u00e8ncia. El t\u00edtol va ser dissenyat cap a l\u2019any 1801 per Vicente L\u00f3pez Porta\u00f1a (Val\u00e8ncia, 1772 \u2013 Madrid, 1850), artista relacionat amb l\u2019Acad\u00e8mia de Sant Carles de Val\u00e8ncia, i gravat, en aquest cas, per Francisco Jordan, acad\u00e8mic de m\u00e8rit de la mateixa. Inicialment, el disseny hauria estat concebut com a model de diploma de l\u2019Acad\u00e8mia valenciana i, probablement, va ser ajustat amb variacions per a altres institucions. Com \u00e9s el cas de l\u2019Acad\u00e8mia de Sant Llu\u00eds que, hipot\u00e8ticament, t\u00e9 gravat el n\u00fam. \u00abIV\u00bb, mentre que l\u2019Acad\u00e8mia de Sant Carles t\u00e9 el \u00abIII\u00bb. Aquest fet tamb\u00e9 s\u2019evidencia a l\u2019escut que figura a la part superior central, que en comptes del de Val\u00e8ncia figura el de la Corona de Castella amb el tois\u00f3 vorejant l\u2019estendard sobre el qual es representa de manera alterna un lle\u00f3 i un castell units al centre per l\u2019emblema de les tres flors de lis o de lliri, caracter\u00edstic de l\u2019her\u00e0ldica francesa \u2014i adoptat pels Borbons a Espanya\u2014, s\u00edmbol de puresa i poder. A la composici\u00f3 preparat\u00f2ria dibuixada, pintada a m\u00e0 per V. L\u00f3pez i conservada a la Biblioteca Nacional d\u2019Espanya, a sota de l\u2019escut de Castella, es representa un ratpenat amb les ales esteses, s\u00edmbol de la ciutat de Val\u00e8ncia; un element que no s\u2019ha trobat en els t\u00edtols ingressats a la RACBASJ atorgats a V. Rodes, ni tan sols en aquells corresponents a l\u2019Acad\u00e8mia de Belles Arts de Val\u00e8ncia com \u00e9s el cas.<\/p>\n\n\n\n<p>Al dibuix de l\u2019estampa es fa una al\u00b7legoria de les belles arts \u2014la pintura, l\u2019escultura i l\u2019arquitectura\u2014, personificada en tres dones, i del riu T\u00faria, en aquest cas, representat per home gran, barbut i nu estirat a terra. Tots els personatges porten els seus corresponents atributs.<\/p>\n\n\n\n<p><strong>Bibliografia<\/strong>:<\/p>\n\n\n\n<p>\u00b7 BAS MART\u00cdN, Nicol\u00e1s (s. d.). \u00abFrancisco Jordan\u00bb. A: <em>Biografias <\/em>[en l\u00ednia]. Historia Hisp\u00e0nica. <a href=\"https:\/\/historia-hispanica.rah.es\/biografias\/25027-francisco-jordan\">https:\/\/historia-hispanica.rah.es\/biografias\/25027-francisco-jordan<\/a> [Consulta: 01-12-2025].<\/p>\n\n\n\n<p>\u00b7 D\u00cdEZ GARC\u00cdA, Jos\u00e9 Luis (s. d.). \u00abVicente L\u00f3pez Porta\u00f1a\u00bb. A: <em>Biografias <\/em>[en l\u00ednia]. Historia Hisp\u00e0nica. <a href=\"https:\/\/historia-hispanica.rah.es\/biografias\/26432-vicente-lopez-porta\">https:\/\/historia-hispanica.rah.es\/biografias\/26432-vicente-lopez-porta<\/a> [Consulta: 01-12-2025].<\/p>\n\n\n\n<p>\u00b7 \u00ab[Modelo para el t\u00edtulo de la Real Academia de San Carlos de Valencia]\u00bb (2025). A: <em>BNE Digital <\/em>[en l\u00ednia]<em>. <\/em>Madrid: Biblioteca Nacional d\u2019Espanya. <a href=\"https:\/\/datos.bne.es\/edicion\/a4363842.html\">https:\/\/datos.bne.es\/edicion\/a4363842.html<\/a> i <a href=\"https:\/\/bnedigital.bne.es\/bd\/card?oid=0000136186&amp;site=bdh\">https:\/\/bnedigital.bne.es\/bd\/ card?oid=0000136186&amp;site=bdh<\/a> [Consulta: 24-12-2025].<\/p>\n<\/div>\n<\/div>\n","protected":false},"featured_media":37394,"template":"","ubicacio":[405],"tecnica":[2894,3029],"classificacio":[1653],"autor":[3033,1931],"class_list":["post-37392","obra","type-obra","status-publish","has-post-thumbnail","hentry","ubicacio-reial-academia-catalana-de-belles-arts-de-sant-jordi","tecnica-aiguafort","tecnica-gravat-calcografic-sobre-paper","classificacio-estampa","autor-jordan-francisco","autor-lopez-portana-vicente"],"acf":[],"_links":{"self":[{"href":"https:\/\/www.racba.org\/es\/wp-json\/wp\/v2\/obra\/37392","targetHints":{"allow":["GET"]}}],"collection":[{"href":"https:\/\/www.racba.org\/es\/wp-json\/wp\/v2\/obra"}],"about":[{"href":"https:\/\/www.racba.org\/es\/wp-json\/wp\/v2\/types\/obra"}],"wp:featuredmedia":[{"embeddable":true,"href":"https:\/\/www.racba.org\/es\/wp-json\/wp\/v2\/media\/37394"}],"wp:attachment":[{"href":"https:\/\/www.racba.org\/es\/wp-json\/wp\/v2\/media?parent=37392"}],"wp:term":[{"taxonomy":"ubicacio","embeddable":true,"href":"https:\/\/www.racba.org\/es\/wp-json\/wp\/v2\/ubicacio?post=37392"},{"taxonomy":"tecnica","embeddable":true,"href":"https:\/\/www.racba.org\/es\/wp-json\/wp\/v2\/tecnica?post=37392"},{"taxonomy":"classificacio","embeddable":true,"href":"https:\/\/www.racba.org\/es\/wp-json\/wp\/v2\/classificacio?post=37392"},{"taxonomy":"autor","embeddable":true,"href":"https:\/\/www.racba.org\/es\/wp-json\/wp\/v2\/autor?post=37392"}],"curies":[{"name":"wp","href":"https:\/\/api.w.org\/{rel}","templated":true}]}}